{"id":114,"date":"2020-10-28T16:36:03","date_gmt":"2020-10-28T16:36:03","guid":{"rendered":"https:\/\/aridane.org\/ciudad\/?page_id=114"},"modified":"2023-07-13T12:11:20","modified_gmt":"2023-07-13T12:11:20","slug":"barrios","status":"publish","type":"page","link":"https:\/\/www.aridane.org\/city\/municipio\/barrios\/","title":{"rendered":"Barrios"},"content":{"rendered":"<section class=\"wpb-content-wrapper\"><p>[vc_row css_animation=\u00bb\u00bb row_type=\u00bbrow\u00bb use_row_as_full_screen_section=\u00bbno\u00bb type=\u00bbgrid\u00bb angled_section=\u00bbno\u00bb text_align=\u00bbleft\u00bb background_image_as_pattern=\u00bbwithout_pattern\u00bb z_index=\u00bb\u00bb][vc_column][vc_row_inner row_type=\u00bbrow\u00bb type=\u00bbfull_width\u00bb text_align=\u00bbleft\u00bb css_animation=\u00bb\u00bb][vc_column_inner][vc_empty_space height=\u00bb100px\u00bb][vc_column_text]<\/p>\n<h2 style=\"text-align: center;\">Barrios<\/h2>\n<p>[\/vc_column_text][vc_empty_space height=\u00bb50px\u00bb][\/vc_column_inner][\/vc_row_inner][\/vc_column][\/vc_row][vc_row css_animation=\u00bb\u00bb row_type=\u00bbrow\u00bb use_row_as_full_screen_section=\u00bbno\u00bb type=\u00bbgrid\u00bb angled_section=\u00bbno\u00bb text_align=\u00bbleft\u00bb background_image_as_pattern=\u00bbwithout_pattern\u00bb z_index=\u00bb\u00bb][vc_column][vc_row_inner row_type=\u00bbrow\u00bb type=\u00bbgrid\u00bb text_align=\u00bbleft\u00bb css_animation=\u00bb\u00bb][vc_column_inner width=\u00bb2\/3&#8243;][vc_empty_space height=\u00bb20px\u00bb][vc_single_image image=\u00bb1906&#8243; img_size=\u00bbfull\u00bb alignment=\u00bbcenter\u00bb qode_css_animation=\u00bb\u00bb][\/vc_column_inner][vc_column_inner width=\u00bb1\/3&#8243;][vc_empty_space][vc_column_text]<\/p>\n<h3><strong>Argual<\/strong><\/h3>\n<p>[\/vc_column_text][vc_empty_space][vc_column_text]<\/p>\n<p style=\"text-align: justify;\">Argual es uno de los barrios que conforman nuestro municipio. Limita al norte con Tazacorte, concretamente, el Barranco de las Angustias marca el l\u00edmite municipal. Entre las principales celebraciones, destacan las fiestas patronales en honor a San Pedro Ap\u00f3stol (finales de junio y principios de julio) y las del Cristo de Argual (14 de septiembre).<\/p>\n<p style=\"text-align: justify;\">Estas son tierras que un d\u00eda produjeron refinada ca\u00f1a de az\u00facar y ahora plataneras. Cuna de hombres curtidos por el esfuerzo y el \u201cgeito\u201d \u2013voz portuguesa, igual a ma\u00f1a\u2013 de elevar agua, ayudados por \u00fatil agrario llamado calabazo. Con esta herramienta, a modo de gran cuchar\u00f3n \u2013ahora de lata\u2013 los fornidos brazos sedientos de los campesinos elevaron millones de litros de agua para llevar la fertilidad a tierras y yermas.<\/p>\n<p style=\"text-align: justify;\">En esta localidad podemos disfrutar de la plaza de Argual, el descanso de los vecinos del lugar, bajo la sombra de laureles de india sembrados en 1932. No se olvida hacer menci\u00f3n a otros lugares de inter\u00e9s en el barrio, como el Centro Socio Cultural, los Lavaderos P\u00fablicos, el Llano de Argual o de San Pedro o la casa V\u00e9lez de Ontanilla.<\/p>\n<p>[\/vc_column_text][\/vc_column_inner][\/vc_row_inner][vc_empty_space height=\u00bb50px\u00bb][\/vc_column][\/vc_row][vc_row css_animation=\u00bb\u00bb row_type=\u00bbrow\u00bb use_row_as_full_screen_section=\u00bbno\u00bb type=\u00bbgrid\u00bb angled_section=\u00bbno\u00bb text_align=\u00bbleft\u00bb background_image_as_pattern=\u00bbwithout_pattern\u00bb z_index=\u00bb\u00bb][vc_column][vc_row_inner row_type=\u00bbrow\u00bb type=\u00bbgrid\u00bb text_align=\u00bbleft\u00bb css_animation=\u00bb\u00bb][vc_column_inner width=\u00bb1\/3&#8243;][vc_empty_space][vc_column_text]<\/p>\n<h3><strong>El Remo<\/strong><\/h3>\n<p>[\/vc_column_text][vc_empty_space][vc_column_text]<\/p>\n<p style=\"text-align: justify;\">El Remo es un barrio costero del sur del municipio de Los Llanos de Aridane, en la isla de La Palma, constituyendo el n\u00facleo poblacional m\u00e1s meridional de dicho municipio. En 2008 ten\u00eda una poblaci\u00f3n de 178 habitantes, y en 2010 201 habitantes.<\/p>\n<p>&nbsp;<\/p>\n<p style=\"text-align: justify;\">Comenz\u00f3 su poblamiento en la d\u00e9cada de los a\u00f1os sesenta, cuando varias familias de escasos recursos, ante la falta de viviendas, instalaron chabolas en dicho lugar, donde exist\u00eda una charca para el curtido de chochos. Se termin\u00f3 convirtiendo en un n\u00facleo primero pesquero y posteriormente de veraneo de familias del valle de Aridane.<\/p>\n<p>[\/vc_column_text][\/vc_column_inner][vc_column_inner width=\u00bb2\/3&#8243;][vc_empty_space height=\u00bb20px\u00bb][vc_single_image image=\u00bb2360&#8243; img_size=\u00bbfull\u00bb alignment=\u00bbcenter\u00bb qode_css_animation=\u00bb\u00bb][\/vc_column_inner][\/vc_row_inner][vc_empty_space height=\u00bb50px\u00bb][\/vc_column][\/vc_row][vc_row css_animation=\u00bb\u00bb row_type=\u00bbrow\u00bb use_row_as_full_screen_section=\u00bbno\u00bb type=\u00bbgrid\u00bb angled_section=\u00bbno\u00bb text_align=\u00bbleft\u00bb background_image_as_pattern=\u00bbwithout_pattern\u00bb z_index=\u00bb\u00bb][vc_column][vc_row_inner row_type=\u00bbrow\u00bb type=\u00bbgrid\u00bb text_align=\u00bbleft\u00bb css_animation=\u00bb\u00bb][vc_column_inner width=\u00bb2\/3&#8243;][vc_empty_space height=\u00bb20px\u00bb][vc_single_image image=\u00bb1818&#8243; img_size=\u00bbfull\u00bb alignment=\u00bbcenter\u00bb qode_css_animation=\u00bb\u00bb][\/vc_column_inner][vc_column_inner width=\u00bb1\/3&#8243;][vc_empty_space][vc_column_text]<\/p>\n<h3><strong>La Bombilla<\/strong><\/h3>\n<p>[\/vc_column_text][vc_empty_space][vc_column_text]<\/p>\n<p style=\"text-align: justify;\">Faltan datos<\/p>\n<p>[\/vc_column_text][\/vc_column_inner][\/vc_row_inner][vc_empty_space height=\u00bb50px\u00bb][\/vc_column][\/vc_row][vc_row css_animation=\u00bb\u00bb row_type=\u00bbrow\u00bb use_row_as_full_screen_section=\u00bbno\u00bb type=\u00bbgrid\u00bb angled_section=\u00bbno\u00bb text_align=\u00bbleft\u00bb background_image_as_pattern=\u00bbwithout_pattern\u00bb z_index=\u00bb\u00bb][vc_column][vc_row_inner row_type=\u00bbrow\u00bb type=\u00bbgrid\u00bb text_align=\u00bbleft\u00bb css_animation=\u00bb\u00bb][vc_column_inner width=\u00bb1\/3&#8243;][vc_empty_space][vc_column_text]<\/p>\n<h3><strong>La Laguna<\/strong><\/h3>\n<p>[\/vc_column_text][vc_empty_space][vc_column_text]<\/p>\n<p style=\"text-align: justify;\">La Laguna, conocida hasta hace pocos a\u00f1os tambi\u00e9n como Tajuya de abajo, es otro de los barrios de Los Llanos de Aridane. Aqu\u00ed se encuentra la sociedad de instrucci\u00f3n y recreo Velia, fundada en 1932 por un grupo de hombres y mujeres, con el fin de fomentar entre los laguneros la cultura. Tanto fue as\u00ed que la denominaci\u00f3n de la sociedad lleva el nombre de una de las protagonistas de una obra de teatro que se represent\u00f3, con gran \u00e9xito, en este lugar con esos a\u00f1os y de la que se desconoce su autor\u00eda, aunque todo apunta que fue escrita por un autor local. Despu\u00e9s de la Guerra Civil las mujeres que pertenec\u00edan como \u201csocias fundadoras\u201d a esta sociedad se les retir\u00f3 su condici\u00f3n, en aplicaci\u00f3n de la legislatura franquista.<\/p>\n<p>[\/vc_column_text][\/vc_column_inner][vc_column_inner width=\u00bb2\/3&#8243;][vc_empty_space height=\u00bb20px\u00bb][vc_single_image image=\u00bb1858&#8243; img_size=\u00bbfull\u00bb alignment=\u00bbcenter\u00bb qode_css_animation=\u00bb\u00bb][\/vc_column_inner][\/vc_row_inner][vc_empty_space height=\u00bb50px\u00bb][\/vc_column][\/vc_row][vc_row css_animation=\u00bb\u00bb row_type=\u00bbrow\u00bb use_row_as_full_screen_section=\u00bbno\u00bb type=\u00bbgrid\u00bb angled_section=\u00bbno\u00bb text_align=\u00bbleft\u00bb background_image_as_pattern=\u00bbwithout_pattern\u00bb z_index=\u00bb\u00bb][vc_column][vc_row_inner row_type=\u00bbrow\u00bb type=\u00bbgrid\u00bb text_align=\u00bbleft\u00bb css_animation=\u00bb\u00bb][vc_column_inner width=\u00bb2\/3&#8243;][vc_empty_space height=\u00bb20px\u00bb][vc_single_image image=\u00bb1890&#8243; img_size=\u00bbfull\u00bb alignment=\u00bbcenter\u00bb qode_css_animation=\u00bb\u00bb][\/vc_column_inner][vc_column_inner width=\u00bb1\/3&#8243;][vc_empty_space][vc_column_text]<\/p>\n<h3><strong>Las Manchas<\/strong><\/h3>\n<p>[\/vc_column_text][vc_empty_space][vc_column_text]<\/p>\n<p style=\"text-align: justify;\">Las Manchas es un barrio que pertenece a los municipios de El Paso y Los Llanos de Aridane. Es una zona de inter\u00e9s hist\u00f3rico y geogr\u00e1fico, en especial por el territorio volc\u00e1nico en el que se encuentra, siendo un foco tur\u00edstico y cultural de los dos municipios. A finales del siglo xv, dicha zona formaba parte de los cantones abor\u00edgenes de Tihuya y Tamanca.<\/p>\n<p>[\/vc_column_text][\/vc_column_inner][\/vc_row_inner][vc_empty_space height=\u00bb50px\u00bb][\/vc_column][\/vc_row][vc_row css_animation=\u00bb\u00bb row_type=\u00bbrow\u00bb use_row_as_full_screen_section=\u00bbno\u00bb type=\u00bbgrid\u00bb angled_section=\u00bbno\u00bb text_align=\u00bbleft\u00bb background_image_as_pattern=\u00bbwithout_pattern\u00bb z_index=\u00bb\u00bb][vc_column][vc_row_inner row_type=\u00bbrow\u00bb type=\u00bbgrid\u00bb text_align=\u00bbleft\u00bb css_animation=\u00bb\u00bb][vc_column_inner width=\u00bb1\/3&#8243;][vc_empty_space][vc_column_text]<\/p>\n<h3><strong>Los Barros<\/strong><\/h3>\n<p>[\/vc_column_text][vc_empty_space][vc_column_text][\/vc_column_text][\/vc_column_inner][vc_column_inner width=\u00bb2\/3&#8243;][vc_empty_space height=\u00bb20px\u00bb][vc_single_image image=\u00bb2356&#8243; img_size=\u00bbfull\u00bb alignment=\u00bbcenter\u00bb qode_css_animation=\u00bb\u00bb][\/vc_column_inner][\/vc_row_inner][vc_empty_space height=\u00bb50px\u00bb][\/vc_column][\/vc_row][vc_row css_animation=\u00bb\u00bb row_type=\u00bbrow\u00bb use_row_as_full_screen_section=\u00bbno\u00bb type=\u00bbgrid\u00bb angled_section=\u00bbno\u00bb text_align=\u00bbleft\u00bb background_image_as_pattern=\u00bbwithout_pattern\u00bb z_index=\u00bb\u00bb][vc_column][vc_row_inner row_type=\u00bbrow\u00bb type=\u00bbgrid\u00bb text_align=\u00bbleft\u00bb css_animation=\u00bb\u00bb][vc_column_inner width=\u00bb2\/3&#8243;][vc_empty_space height=\u00bb20px\u00bb][vc_single_image image=\u00bb1855&#8243; img_size=\u00bbfull\u00bb alignment=\u00bbcenter\u00bb qode_css_animation=\u00bb\u00bb][\/vc_column_inner][vc_column_inner width=\u00bb1\/3&#8243;][vc_empty_space][vc_column_text]<\/p>\n<h3><strong>Los Llanos<\/strong><\/h3>\n<p>[\/vc_column_text][vc_empty_space][vc_column_text]<\/p>\n<p style=\"text-align: justify;\">Est\u00e1 situado en el oeste de la isla de La Palma, en el valle de Aridane, en la vertiente de sotavento y de solana de la isla, lo que constituye una ubicaci\u00f3n muy favorable, adem\u00e1s de que la parte oeste de la isla est\u00e1 bastante bien regada y tiene menores pendientes que en las zonas restantes, y de ah\u00ed el nombre de la ciudad. Los Llanos de Aridane es con 20.551 habitantes el municipio m\u00e1s poblado de La Palma, superando en este respecto a Santa Cruz de La Palma, la capital de la isla.<\/p>\n<p>[\/vc_column_text][\/vc_column_inner][\/vc_row_inner][vc_empty_space height=\u00bb50px\u00bb][\/vc_column][\/vc_row]<\/p>\n<\/section>","protected":false},"excerpt":{"rendered":"<p>[vc_row css_animation=\u00bb\u00bb row_type=\u00bbrow\u00bb use_row_as_full_screen_section=\u00bbno\u00bb type=\u00bbgrid\u00bb angled_section=\u00bbno\u00bb text_align=\u00bbleft\u00bb background_image_as_pattern=\u00bbwithout_pattern\u00bb z_index=\u00bb\u00bb][vc_column][vc_row_inner row_type=\u00bbrow\u00bb type=\u00bbfull_width\u00bb text_align=\u00bbleft\u00bb css_animation=\u00bb\u00bb][vc_column_inner][vc_empty_space height=\u00bb100px\u00bb][vc_column_text] Barrios [\/vc_column_text][vc_empty_space height=\u00bb50px\u00bb][\/vc_column_inner][\/vc_row_inner][\/vc_column][\/vc_row][vc_row css_animation=\u00bb\u00bb row_type=\u00bbrow\u00bb use_row_as_full_screen_section=\u00bbno\u00bb type=\u00bbgrid\u00bb angled_section=\u00bbno\u00bb text_align=\u00bbleft\u00bb background_image_as_pattern=\u00bbwithout_pattern\u00bb z_index=\u00bb\u00bb][vc_column][vc_row_inner row_type=\u00bbrow\u00bb type=\u00bbgrid\u00bb text_align=\u00bbleft\u00bb css_animation=\u00bb\u00bb][vc_column_inner width=\u00bb2\/3&#8243;][vc_empty_space height=\u00bb20px\u00bb][vc_single_image image=\u00bb1906&#8243; img_size=\u00bbfull\u00bb alignment=\u00bbcenter\u00bb qode_css_animation=\u00bb\u00bb][\/vc_column_inner][vc_column_inner width=\u00bb1\/3&#8243;][vc_empty_space][vc_column_text] Argual [\/vc_column_text][vc_empty_space][vc_column_text] Argual es uno de los barrios que&#8230;<\/p>\n","protected":false},"author":1,"featured_media":0,"parent":185,"menu_order":0,"comment_status":"closed","ping_status":"closed","template":"full_width.php","meta":{"footnotes":""},"class_list":["post-114","page","type-page","status-publish","hentry"],"yoast_head":"<!-- This site is optimized with the Yoast SEO plugin v22.7 - https:\/\/yoast.com\/wordpress\/plugins\/seo\/ -->\n<title>Barrios - Ayuntamiento de Los Llanos de Aridane<\/title>\n<meta name=\"robots\" content=\"index, follow, max-snippet:-1, max-image-preview:large, max-video-preview:-1\" \/>\n<link rel=\"canonical\" href=\"https:\/\/www.aridane.org\/city\/municipio\/barrios\/\" \/>\n<meta property=\"og:locale\" content=\"es_ES\" \/>\n<meta property=\"og:type\" content=\"article\" \/>\n<meta property=\"og:title\" content=\"Barrios - Ayuntamiento de Los Llanos de Aridane\" \/>\n<meta property=\"og:description\" content=\"[vc_row css_animation=\u00bb\u00bb row_type=\u00bbrow\u00bb use_row_as_full_screen_section=\u00bbno\u00bb type=\u00bbgrid\u00bb angled_section=\u00bbno\u00bb text_align=\u00bbleft\u00bb background_image_as_pattern=\u00bbwithout_pattern\u00bb z_index=\u00bb\u00bb][vc_column][vc_row_inner row_type=\u00bbrow\u00bb type=\u00bbfull_width\u00bb text_align=\u00bbleft\u00bb css_animation=\u00bb\u00bb][vc_column_inner][vc_empty_space height=\u00bb100px\u00bb][vc_column_text] Barrios [\/vc_column_text][vc_empty_space height=\u00bb50px\u00bb][\/vc_column_inner][\/vc_row_inner][\/vc_column][\/vc_row][vc_row css_animation=\u00bb\u00bb row_type=\u00bbrow\u00bb use_row_as_full_screen_section=\u00bbno\u00bb type=\u00bbgrid\u00bb angled_section=\u00bbno\u00bb text_align=\u00bbleft\u00bb background_image_as_pattern=\u00bbwithout_pattern\u00bb z_index=\u00bb\u00bb][vc_column][vc_row_inner row_type=\u00bbrow\u00bb type=\u00bbgrid\u00bb text_align=\u00bbleft\u00bb css_animation=\u00bb\u00bb][vc_column_inner width=\u00bb2\/3&#8243;][vc_empty_space height=\u00bb20px\u00bb][vc_single_image image=\u00bb1906&#8243; img_size=\u00bbfull\u00bb alignment=\u00bbcenter\u00bb qode_css_animation=\u00bb\u00bb][\/vc_column_inner][vc_column_inner width=\u00bb1\/3&#8243;][vc_empty_space][vc_column_text] Argual [\/vc_column_text][vc_empty_space][vc_column_text] Argual es uno de los barrios que...\" \/>\n<meta property=\"og:url\" content=\"https:\/\/www.aridane.org\/city\/municipio\/barrios\/\" \/>\n<meta property=\"og:site_name\" content=\"Ayuntamiento de Los Llanos de Aridane\" \/>\n<meta property=\"article:modified_time\" content=\"2023-07-13T12:11:20+00:00\" \/>\n<meta name=\"twitter:card\" content=\"summary_large_image\" \/>\n<meta name=\"twitter:label1\" content=\"Tiempo de lectura\" \/>\n\t<meta name=\"twitter:data1\" content=\"4 minutos\" \/>\n<script type=\"application\/ld+json\" class=\"yoast-schema-graph\">{\"@context\":\"https:\/\/schema.org\",\"@graph\":[{\"@type\":\"WebPage\",\"@id\":\"https:\/\/www.aridane.org\/city\/municipio\/barrios\/\",\"url\":\"https:\/\/www.aridane.org\/city\/municipio\/barrios\/\",\"name\":\"Barrios - Ayuntamiento de Los Llanos de Aridane\",\"isPartOf\":{\"@id\":\"https:\/\/www.aridane.org\/city\/#website\"},\"datePublished\":\"2020-10-28T16:36:03+00:00\",\"dateModified\":\"2023-07-13T12:11:20+00:00\",\"breadcrumb\":{\"@id\":\"https:\/\/www.aridane.org\/city\/municipio\/barrios\/#breadcrumb\"},\"inLanguage\":\"es\",\"potentialAction\":[{\"@type\":\"ReadAction\",\"target\":[\"https:\/\/www.aridane.org\/city\/municipio\/barrios\/\"]}]},{\"@type\":\"BreadcrumbList\",\"@id\":\"https:\/\/www.aridane.org\/city\/municipio\/barrios\/#breadcrumb\",\"itemListElement\":[{\"@type\":\"ListItem\",\"position\":1,\"name\":\"Portada\",\"item\":\"https:\/\/www.aridane.org\/city\/\"},{\"@type\":\"ListItem\",\"position\":2,\"name\":\"Municipio\",\"item\":\"https:\/\/www.aridane.org\/city\/municipio\/\"},{\"@type\":\"ListItem\",\"position\":3,\"name\":\"Barrios\"}]},{\"@type\":\"WebSite\",\"@id\":\"https:\/\/www.aridane.org\/city\/#website\",\"url\":\"https:\/\/www.aridane.org\/city\/\",\"name\":\"Ayuntamiento de Los Llanos de Aridane\",\"description\":\"\",\"potentialAction\":[{\"@type\":\"SearchAction\",\"target\":{\"@type\":\"EntryPoint\",\"urlTemplate\":\"https:\/\/www.aridane.org\/city\/?s={search_term_string}\"},\"query-input\":\"required name=search_term_string\"}],\"inLanguage\":\"es\"}]}<\/script>\n<!-- \/ Yoast SEO plugin. -->","yoast_head_json":{"title":"Barrios - Ayuntamiento de Los Llanos de Aridane","robots":{"index":"index","follow":"follow","max-snippet":"max-snippet:-1","max-image-preview":"max-image-preview:large","max-video-preview":"max-video-preview:-1"},"canonical":"https:\/\/www.aridane.org\/city\/municipio\/barrios\/","og_locale":"es_ES","og_type":"article","og_title":"Barrios - Ayuntamiento de Los Llanos de Aridane","og_description":"[vc_row css_animation=\u00bb\u00bb row_type=\u00bbrow\u00bb use_row_as_full_screen_section=\u00bbno\u00bb type=\u00bbgrid\u00bb angled_section=\u00bbno\u00bb text_align=\u00bbleft\u00bb background_image_as_pattern=\u00bbwithout_pattern\u00bb z_index=\u00bb\u00bb][vc_column][vc_row_inner row_type=\u00bbrow\u00bb type=\u00bbfull_width\u00bb text_align=\u00bbleft\u00bb css_animation=\u00bb\u00bb][vc_column_inner][vc_empty_space height=\u00bb100px\u00bb][vc_column_text] Barrios [\/vc_column_text][vc_empty_space height=\u00bb50px\u00bb][\/vc_column_inner][\/vc_row_inner][\/vc_column][\/vc_row][vc_row css_animation=\u00bb\u00bb row_type=\u00bbrow\u00bb use_row_as_full_screen_section=\u00bbno\u00bb type=\u00bbgrid\u00bb angled_section=\u00bbno\u00bb text_align=\u00bbleft\u00bb background_image_as_pattern=\u00bbwithout_pattern\u00bb z_index=\u00bb\u00bb][vc_column][vc_row_inner row_type=\u00bbrow\u00bb type=\u00bbgrid\u00bb text_align=\u00bbleft\u00bb css_animation=\u00bb\u00bb][vc_column_inner width=\u00bb2\/3&#8243;][vc_empty_space height=\u00bb20px\u00bb][vc_single_image image=\u00bb1906&#8243; img_size=\u00bbfull\u00bb alignment=\u00bbcenter\u00bb qode_css_animation=\u00bb\u00bb][\/vc_column_inner][vc_column_inner width=\u00bb1\/3&#8243;][vc_empty_space][vc_column_text] Argual [\/vc_column_text][vc_empty_space][vc_column_text] Argual es uno de los barrios que...","og_url":"https:\/\/www.aridane.org\/city\/municipio\/barrios\/","og_site_name":"Ayuntamiento de Los Llanos de Aridane","article_modified_time":"2023-07-13T12:11:20+00:00","twitter_card":"summary_large_image","twitter_misc":{"Tiempo de lectura":"4 minutos"},"schema":{"@context":"https:\/\/schema.org","@graph":[{"@type":"WebPage","@id":"https:\/\/www.aridane.org\/city\/municipio\/barrios\/","url":"https:\/\/www.aridane.org\/city\/municipio\/barrios\/","name":"Barrios - Ayuntamiento de Los Llanos de Aridane","isPartOf":{"@id":"https:\/\/www.aridane.org\/city\/#website"},"datePublished":"2020-10-28T16:36:03+00:00","dateModified":"2023-07-13T12:11:20+00:00","breadcrumb":{"@id":"https:\/\/www.aridane.org\/city\/municipio\/barrios\/#breadcrumb"},"inLanguage":"es","potentialAction":[{"@type":"ReadAction","target":["https:\/\/www.aridane.org\/city\/municipio\/barrios\/"]}]},{"@type":"BreadcrumbList","@id":"https:\/\/www.aridane.org\/city\/municipio\/barrios\/#breadcrumb","itemListElement":[{"@type":"ListItem","position":1,"name":"Portada","item":"https:\/\/www.aridane.org\/city\/"},{"@type":"ListItem","position":2,"name":"Municipio","item":"https:\/\/www.aridane.org\/city\/municipio\/"},{"@type":"ListItem","position":3,"name":"Barrios"}]},{"@type":"WebSite","@id":"https:\/\/www.aridane.org\/city\/#website","url":"https:\/\/www.aridane.org\/city\/","name":"Ayuntamiento de Los Llanos de Aridane","description":"","potentialAction":[{"@type":"SearchAction","target":{"@type":"EntryPoint","urlTemplate":"https:\/\/www.aridane.org\/city\/?s={search_term_string}"},"query-input":"required name=search_term_string"}],"inLanguage":"es"}]}},"_links":{"self":[{"href":"https:\/\/www.aridane.org\/city\/wp-json\/wp\/v2\/pages\/114","targetHints":{"allow":["GET"]}}],"collection":[{"href":"https:\/\/www.aridane.org\/city\/wp-json\/wp\/v2\/pages"}],"about":[{"href":"https:\/\/www.aridane.org\/city\/wp-json\/wp\/v2\/types\/page"}],"author":[{"embeddable":true,"href":"https:\/\/www.aridane.org\/city\/wp-json\/wp\/v2\/users\/1"}],"replies":[{"embeddable":true,"href":"https:\/\/www.aridane.org\/city\/wp-json\/wp\/v2\/comments?post=114"}],"version-history":[{"count":26,"href":"https:\/\/www.aridane.org\/city\/wp-json\/wp\/v2\/pages\/114\/revisions"}],"predecessor-version":[{"id":2361,"href":"https:\/\/www.aridane.org\/city\/wp-json\/wp\/v2\/pages\/114\/revisions\/2361"}],"up":[{"embeddable":true,"href":"https:\/\/www.aridane.org\/city\/wp-json\/wp\/v2\/pages\/185"}],"wp:attachment":[{"href":"https:\/\/www.aridane.org\/city\/wp-json\/wp\/v2\/media?parent=114"}],"curies":[{"name":"wp","href":"https:\/\/api.w.org\/{rel}","templated":true}]}}