{"id":128,"date":"2020-10-31T11:34:47","date_gmt":"2020-10-31T11:34:47","guid":{"rendered":"https:\/\/aridane.org\/ciudad\/?page_id=128"},"modified":"2025-06-16T13:27:25","modified_gmt":"2025-06-16T13:27:25","slug":"servicios-sociales","status":"publish","type":"page","link":"https:\/\/www.aridane.org\/city\/servicios-sociales\/","title":{"rendered":"Servicios Sociales"},"content":{"rendered":"<section class=\"wpb-content-wrapper\"><p>[vc_row css_animation=\u00bb\u00bb row_type=\u00bbrow\u00bb use_row_as_full_screen_section=\u00bbno\u00bb type=\u00bbfull_width\u00bb angled_section=\u00bbno\u00bb text_align=\u00bbcenter\u00bb background_image_as_pattern=\u00bbwithout_pattern\u00bb z_index=\u00bb\u00bb background_image=\u00bb1764&#8243;][vc_column][vc_row_inner row_type=\u00bbrow\u00bb type=\u00bbfull_width\u00bb text_align=\u00bbcenter\u00bb css_animation=\u00bb\u00bb][vc_column_inner][vc_empty_space height=\u00bb100px\u00bb][vc_column_text]<\/p>\n<h1 style=\"text-align: center;\"><span style=\"color: #ffffff;\">Servicios Sociales<\/span><\/h1>\n<p>[\/vc_column_text][vc_empty_space height=\u00bb15px\u00bb][vc_column_text]<\/p>\n<p style=\"text-align: center;\"><span style=\"color: #ffffff;\">Con\u00f3celos<\/span><\/p>\n<p>[\/vc_column_text][vc_empty_space height=\u00bb100px\u00bb][\/vc_column_inner][\/vc_row_inner][\/vc_column][\/vc_row][vc_row css_animation=\u00bb\u00bb row_type=\u00bbrow\u00bb use_row_as_full_screen_section=\u00bbno\u00bb type=\u00bbfull_width\u00bb angled_section=\u00bbno\u00bb text_align=\u00bbleft\u00bb background_image_as_pattern=\u00bbwithout_pattern\u00bb][vc_column][vc_row_inner row_type=\u00bbrow\u00bb type=\u00bbgrid\u00bb text_align=\u00bbleft\u00bb css_animation=\u00bb\u00bb][vc_column_inner][vc_empty_space height=\u00bb40px\u00bb][vc_column_text]<\/p>\n<h3>Servicios Sociales Comunitarios o de Base:<\/h3>\n<p>[\/vc_column_text][\/vc_column_inner][\/vc_row_inner][vc_row_inner row_type=\u00bbrow\u00bb type=\u00bbgrid\u00bb text_align=\u00bbleft\u00bb css_animation=\u00bb\u00bb][vc_column_inner][vc_empty_space height=\u00bb20px\u00bb][vc_column_text]<\/p>\n<p style=\"text-align: justify;\">Los Servicios Sociales Comunitarios o de Base suponen la puerta de entrada a los diferentes servicios y prestaciones. Est\u00e1 compuesto por profesionales del Trabajo Social, Psic\u00f3logos\/as, jurista y auxiliares administrativos.<\/p>\n<p>&nbsp;<\/p>\n<p style=\"text-align: justify;\"><img loading=\"lazy\" decoding=\"async\" class=\"alignnone wp-image-2240\" src=\"https:\/\/www.aridane.org\/city\/wp-content\/uploads\/2023\/07\/viber-150x150.png\" alt=\"\" width=\"15\" height=\"15\" srcset=\"https:\/\/www.aridane.org\/city\/wp-content\/uploads\/2023\/07\/viber-150x150.png 150w, https:\/\/www.aridane.org\/city\/wp-content\/uploads\/2023\/07\/viber-300x300.png 300w, https:\/\/www.aridane.org\/city\/wp-content\/uploads\/2023\/07\/viber-500x512.png 500w, https:\/\/www.aridane.org\/city\/wp-content\/uploads\/2023\/07\/viber.png 512w\" sizes=\"auto, (max-width: 15px) 100vw, 15px\" \/> <strong><a href=\"tel:+34922460576\">669541011<\/a><\/strong><\/p>\n<p>[\/vc_column_text][vc_empty_space height=\u00bb20px\u00bb][\/vc_column_inner][\/vc_row_inner][\/vc_column][\/vc_row][vc_row css_animation=\u00bb\u00bb row_type=\u00bbrow\u00bb use_row_as_full_screen_section=\u00bbno\u00bb type=\u00bbfull_width\u00bb angled_section=\u00bbno\u00bb text_align=\u00bbleft\u00bb background_image_as_pattern=\u00bbwithout_pattern\u00bb css=\u00bb.vc_custom_1606751675727{background-color: #f8f8f8 !important;}\u00bb z_index=\u00bb\u00bb][vc_column][vc_row_inner row_type=\u00bbrow\u00bb type=\u00bbgrid\u00bb text_align=\u00bbleft\u00bb css_animation=\u00bb\u00bb][vc_column_inner][vc_empty_space height=\u00bb40px\u00bb][vc_column_text]<\/p>\n<h3>Equipo de Menores y Familia<\/h3>\n<p>[\/vc_column_text][\/vc_column_inner][\/vc_row_inner][vc_row_inner row_type=\u00bbrow\u00bb type=\u00bbgrid\u00bb text_align=\u00bbleft\u00bb css_animation=\u00bb\u00bb][vc_column_inner][vc_empty_space height=\u00bb20px\u00bb][vc_column_text]<\/p>\n<p style=\"text-align: justify;\">El Equipo Municipal especializado de Atenci\u00f3n al Menor y La Familia\u00a0 pertenecientes al Departamento\u00a0 de Servicios Sociales del Ayuntamiento de Los Llanos de Aridane , responden\u00a0 al desarrollo de las competencias municipales que integran las funciones de informaci\u00f3n, promoci\u00f3n, detecci\u00f3n, prevenci\u00f3n e integraci\u00f3n socio-familiar de los menores, en los t\u00e9rminos previstos en la Ley 1\/97, al objeto de promover la protecci\u00f3n, atenci\u00f3n y tratamiento de los menores del municipio con necesidad de especial protecci\u00f3n.<\/p>\n<p>&nbsp;<\/p>\n<p style=\"text-align: justify;\"><img loading=\"lazy\" decoding=\"async\" class=\"alignnone wp-image-2240\" src=\"https:\/\/www.aridane.org\/city\/wp-content\/uploads\/2023\/07\/viber-150x150.png\" alt=\"\" width=\"15\" height=\"15\" srcset=\"https:\/\/www.aridane.org\/city\/wp-content\/uploads\/2023\/07\/viber-150x150.png 150w, https:\/\/www.aridane.org\/city\/wp-content\/uploads\/2023\/07\/viber-300x300.png 300w, https:\/\/www.aridane.org\/city\/wp-content\/uploads\/2023\/07\/viber-500x512.png 500w, https:\/\/www.aridane.org\/city\/wp-content\/uploads\/2023\/07\/viber.png 512w\" sizes=\"auto, (max-width: 15px) 100vw, 15px\" \/> <strong><a href=\"tel:+34922460576\">680419261<\/a><\/strong><\/p>\n<p>[\/vc_column_text][vc_empty_space height=\u00bb20px\u00bb][\/vc_column_inner][\/vc_row_inner][\/vc_column][\/vc_row][vc_row css_animation=\u00bb\u00bb row_type=\u00bbrow\u00bb use_row_as_full_screen_section=\u00bbno\u00bb type=\u00bbfull_width\u00bb angled_section=\u00bbno\u00bb text_align=\u00bbleft\u00bb background_image_as_pattern=\u00bbwithout_pattern\u00bb][vc_column][vc_row_inner row_type=\u00bbrow\u00bb type=\u00bbgrid\u00bb text_align=\u00bbleft\u00bb css_animation=\u00bb\u00bb][vc_column_inner][vc_empty_space height=\u00bb40px\u00bb][vc_column_text]<\/p>\n<h3>Servicio de D\u00eda de Menores<\/h3>\n<p>[\/vc_column_text][\/vc_column_inner][\/vc_row_inner][vc_row_inner row_type=\u00bbrow\u00bb type=\u00bbgrid\u00bb text_align=\u00bbleft\u00bb css_animation=\u00bb\u00bb][vc_column_inner][vc_empty_space height=\u00bb20px\u00bb][vc_column_text]<\/p>\n<p style=\"text-align: justify;\">La actividad del servicio va destinada a ofrecer herramientas que permitan la inclusi\u00f3n, adem\u00e1s de ofrecer a las familias opciones de conciliaci\u00f3n para mejorar la actividad laboral.<\/p>\n<p>&nbsp;<\/p>\n<p style=\"text-align: justify;\">Este servicio lo prestan una educadora y una trabajadora social, quienes est\u00e1n en estrecha coordinaci\u00f3n con el equipo t\u00e9cnico de menores municipal, as\u00ed como con los distintos centros educativos.<\/p>\n<p>&nbsp;<\/p>\n<p style=\"text-align: justify;\">El Servicio de D\u00eda de Menores, del Excelent\u00edsimo Ayuntamiento de Los Llanos de Aridane, ubicado en el Edificio de Usos M\u00faltiples, actualmente atiende entre 26 y 30 menores con edades comprendidas entre los 5 y los 14 a\u00f1os, y funciona en horario de tarde.<\/p>\n<p>&nbsp;<\/p>\n<p style=\"text-align: justify;\"><img loading=\"lazy\" decoding=\"async\" class=\"alignnone wp-image-2240\" src=\"https:\/\/www.aridane.org\/city\/wp-content\/uploads\/2023\/07\/viber-150x150.png\" alt=\"\" width=\"15\" height=\"15\" srcset=\"https:\/\/www.aridane.org\/city\/wp-content\/uploads\/2023\/07\/viber-150x150.png 150w, https:\/\/www.aridane.org\/city\/wp-content\/uploads\/2023\/07\/viber-300x300.png 300w, https:\/\/www.aridane.org\/city\/wp-content\/uploads\/2023\/07\/viber-500x512.png 500w, https:\/\/www.aridane.org\/city\/wp-content\/uploads\/2023\/07\/viber.png 512w\" sizes=\"auto, (max-width: 15px) 100vw, 15px\" \/> <a href=\"tel:+34922402209\"><strong>680419261<\/strong><\/a><\/p>\n<p>[\/vc_column_text][vc_empty_space height=\u00bb20px\u00bb][\/vc_column_inner][\/vc_row_inner][\/vc_column][\/vc_row][vc_row css_animation=\u00bb\u00bb row_type=\u00bbrow\u00bb use_row_as_full_screen_section=\u00bbno\u00bb type=\u00bbfull_width\u00bb angled_section=\u00bbno\u00bb text_align=\u00bbleft\u00bb background_image_as_pattern=\u00bbwithout_pattern\u00bb css=\u00bb.vc_custom_1606751689250{background-color: #f8f8f8 !important;}\u00bb z_index=\u00bb\u00bb][vc_column][vc_row_inner row_type=\u00bbrow\u00bb type=\u00bbgrid\u00bb text_align=\u00bbleft\u00bb css_animation=\u00bb\u00bb][vc_column_inner][vc_empty_space height=\u00bb40px\u00bb][vc_column_text]<\/p>\n<h3>Prestaci\u00f3n Canaria de Inserci\u00f3n<\/h3>\n<p>[\/vc_column_text][\/vc_column_inner][\/vc_row_inner][vc_row_inner row_type=\u00bbrow\u00bb type=\u00bbgrid\u00bb text_align=\u00bbleft\u00bb css_animation=\u00bb\u00bb][vc_column_inner][vc_empty_space height=\u00bb20px\u00bb][vc_column_text]<\/p>\n<p style=\"text-align: justify;\">Prestaci\u00f3n que se orienta a conseguir la inserci\u00f3n social, econ\u00f3mica y laboral de aquel sector de la poblaci\u00f3n en situaci\u00f3n de exclusi\u00f3n social o en riesgo de estarlo.<\/p>\n<p>&nbsp;<\/p>\n<p style=\"text-align: justify;\"><img loading=\"lazy\" decoding=\"async\" class=\"alignnone wp-image-2240\" src=\"https:\/\/www.aridane.org\/city\/wp-content\/uploads\/2023\/07\/viber-150x150.png\" alt=\"\" width=\"15\" height=\"15\" srcset=\"https:\/\/www.aridane.org\/city\/wp-content\/uploads\/2023\/07\/viber-150x150.png 150w, https:\/\/www.aridane.org\/city\/wp-content\/uploads\/2023\/07\/viber-300x300.png 300w, https:\/\/www.aridane.org\/city\/wp-content\/uploads\/2023\/07\/viber-500x512.png 500w, https:\/\/www.aridane.org\/city\/wp-content\/uploads\/2023\/07\/viber.png 512w\" sizes=\"auto, (max-width: 15px) 100vw, 15px\" \/> <strong><a href=\"tel:+34922460575\">630204381 <\/a><\/strong><\/p>\n<p><img loading=\"lazy\" decoding=\"async\" class=\"alignnone wp-image-2240\" src=\"https:\/\/www.aridane.org\/city\/wp-content\/uploads\/2023\/07\/viber-150x150.png\" alt=\"\" width=\"15\" height=\"15\" srcset=\"https:\/\/www.aridane.org\/city\/wp-content\/uploads\/2023\/07\/viber-150x150.png 150w, https:\/\/www.aridane.org\/city\/wp-content\/uploads\/2023\/07\/viber-300x300.png 300w, https:\/\/www.aridane.org\/city\/wp-content\/uploads\/2023\/07\/viber-500x512.png 500w, https:\/\/www.aridane.org\/city\/wp-content\/uploads\/2023\/07\/viber.png 512w\" sizes=\"auto, (max-width: 15px) 100vw, 15px\" \/> <strong><a href=\"tel:+34922460575\">649522068<\/a><\/strong>[\/vc_column_text][vc_empty_space height=\u00bb20px\u00bb][\/vc_column_inner][\/vc_row_inner][\/vc_column][\/vc_row][vc_row css_animation=\u00bb\u00bb row_type=\u00bbrow\u00bb use_row_as_full_screen_section=\u00bbno\u00bb type=\u00bbfull_width\u00bb angled_section=\u00bbno\u00bb text_align=\u00bbleft\u00bb background_image_as_pattern=\u00bbwithout_pattern\u00bb][vc_column][vc_row_inner row_type=\u00bbrow\u00bb type=\u00bbgrid\u00bb text_align=\u00bbleft\u00bb css_animation=\u00bb\u00bb][vc_column_inner][vc_empty_space height=\u00bb40px\u00bb][vc_column_text]<\/p>\n<h3>Centro de D\u00eda<\/h3>\n<p>[\/vc_column_text][\/vc_column_inner][\/vc_row_inner][vc_row_inner row_type=\u00bbrow\u00bb type=\u00bbgrid\u00bb text_align=\u00bbleft\u00bb css_animation=\u00bb\u00bb][vc_column_inner][vc_empty_space height=\u00bb20px\u00bb][vc_column_text]<\/p>\n<p style=\"text-align: justify;\">Presta servicio sociosanitario integral a 30 usuarios\/as en convenio con Cabildo y funciona en horario diurno, contando con servicio de fisioterapia, actividades socioculturales, psic\u00f3logo, y puntualmente con podolog\u00eda y peluquer\u00eda.<\/p>\n<p>&nbsp;<\/p>\n<p style=\"text-align: justify;\"><img loading=\"lazy\" decoding=\"async\" class=\"alignnone wp-image-2240\" src=\"https:\/\/www.aridane.org\/city\/wp-content\/uploads\/2023\/07\/viber-150x150.png\" alt=\"\" width=\"15\" height=\"15\" srcset=\"https:\/\/www.aridane.org\/city\/wp-content\/uploads\/2023\/07\/viber-150x150.png 150w, https:\/\/www.aridane.org\/city\/wp-content\/uploads\/2023\/07\/viber-300x300.png 300w, https:\/\/www.aridane.org\/city\/wp-content\/uploads\/2023\/07\/viber-500x512.png 500w, https:\/\/www.aridane.org\/city\/wp-content\/uploads\/2023\/07\/viber.png 512w\" sizes=\"auto, (max-width: 15px) 100vw, 15px\" \/>\u00a0<a href=\"tel:+34922401126\"> <strong>922 40 11 26<\/strong><\/a><\/p>\n<p>[\/vc_column_text][vc_empty_space height=\u00bb20px\u00bb][\/vc_column_inner][\/vc_row_inner][\/vc_column][\/vc_row][vc_row css_animation=\u00bb\u00bb row_type=\u00bbrow\u00bb use_row_as_full_screen_section=\u00bbno\u00bb type=\u00bbfull_width\u00bb angled_section=\u00bbno\u00bb text_align=\u00bbleft\u00bb background_image_as_pattern=\u00bbwithout_pattern\u00bb css=\u00bb.vc_custom_1606751689250{background-color: #f8f8f8 !important;}\u00bb z_index=\u00bb\u00bb][vc_column][vc_row_inner row_type=\u00bbrow\u00bb type=\u00bbgrid\u00bb text_align=\u00bbleft\u00bb css_animation=\u00bb\u00bb][vc_column_inner][vc_empty_space height=\u00bb40px\u00bb][vc_column_text]<\/p>\n<h3>Servicio de Ayuda a Domicilio<\/h3>\n<p>[\/vc_column_text][\/vc_column_inner][\/vc_row_inner][vc_row_inner row_type=\u00bbrow\u00bb type=\u00bbgrid\u00bb text_align=\u00bbleft\u00bb css_animation=\u00bb\u00bb][vc_column_inner][vc_empty_space height=\u00bb20px\u00bb][vc_column_text]<\/p>\n<p style=\"text-align: justify;\">El servicio, entre otras cosas, presta apoyo al aseo, mantenimiento del hogar, supervisi\u00f3n de alimentaci\u00f3n, medicaci\u00f3n y aquellas tareas que se puedan considerar oportunas para lograr el m\u00e1ximo de autonom\u00eda posible del colectivo asistido.<\/p>\n<p>&nbsp;<\/p>\n<p style=\"text-align: justify;\"><strong><img loading=\"lazy\" decoding=\"async\" class=\"alignnone wp-image-2240\" src=\"https:\/\/www.aridane.org\/city\/wp-content\/uploads\/2023\/07\/viber-150x150.png\" alt=\"\" width=\"15\" height=\"15\" srcset=\"https:\/\/www.aridane.org\/city\/wp-content\/uploads\/2023\/07\/viber-150x150.png 150w, https:\/\/www.aridane.org\/city\/wp-content\/uploads\/2023\/07\/viber-300x300.png 300w, https:\/\/www.aridane.org\/city\/wp-content\/uploads\/2023\/07\/viber-500x512.png 500w, https:\/\/www.aridane.org\/city\/wp-content\/uploads\/2023\/07\/viber.png 512w\" sizes=\"auto, (max-width: 15px) 100vw, 15px\" \/> <a href=\"tel:+34922401126\">922 40 11 26<\/a><\/strong><\/p>\n<p>[\/vc_column_text][vc_empty_space height=\u00bb20px\u00bb][\/vc_column_inner][\/vc_row_inner][\/vc_column][\/vc_row][vc_row css_animation=\u00bb\u00bb row_type=\u00bbrow\u00bb use_row_as_full_screen_section=\u00bbno\u00bb type=\u00bbfull_width\u00bb angled_section=\u00bbno\u00bb text_align=\u00bbleft\u00bb background_image_as_pattern=\u00bbwithout_pattern\u00bb][vc_column][vc_row_inner row_type=\u00bbrow\u00bb type=\u00bbgrid\u00bb text_align=\u00bbleft\u00bb css_animation=\u00bb\u00bb][vc_column_inner][vc_empty_space height=\u00bb40px\u00bb][vc_column_text]<\/p>\n<h3>Escuela Infantil Municipal Nina Lola Albelo<\/h3>\n<p>[\/vc_column_text][\/vc_column_inner][\/vc_row_inner][vc_row_inner row_type=\u00bbrow\u00bb type=\u00bbgrid\u00bb text_align=\u00bbleft\u00bb css_animation=\u00bb\u00bb][vc_column_inner][vc_empty_space height=\u00bb20px\u00bb][vc_column_text]La Escuela Infantil Nina Lola est\u00e1 autorizada por la Consejer\u00eda de Educaci\u00f3n e imparte el Primer Ciclo de Educaci\u00f3n infantil.<\/p>\n<p>&nbsp;<\/p>\n<p>El trabajo coordinado del equipo educativo se basa en los siguientes principios:<\/p>\n<p>&nbsp;<\/p>\n<p>&#8211; Globalizaci\u00f3n,\u00a0 principio vivencial, l\u00fadico y de actividad, aprendizaje significativo, aprendizaje cooperativo, disciplina positiva, inclusi\u00f3n, interrelaci\u00f3n familia-escuela, trabajo en equipo de los profesionales y aprendizaje cooperativo.<\/p>\n<p>&nbsp;<\/p>\n<p>Numerosas actividades y proyectos y un servicio educativo de calidad hacen que nuestra escuela infantil\u00a0 sea un centro muy demandado por los padres y madres.<\/p>\n<p>&nbsp;<\/p>\n<p><strong>\u00a0Tel\u00e9fono:\u00a0 <img loading=\"lazy\" decoding=\"async\" class=\"alignnone wp-image-2240\" src=\"https:\/\/www.aridane.org\/city\/wp-content\/uploads\/2023\/07\/viber-150x150.png\" alt=\"\" width=\"15\" height=\"15\" srcset=\"https:\/\/www.aridane.org\/city\/wp-content\/uploads\/2023\/07\/viber-150x150.png 150w, https:\/\/www.aridane.org\/city\/wp-content\/uploads\/2023\/07\/viber-300x300.png 300w, https:\/\/www.aridane.org\/city\/wp-content\/uploads\/2023\/07\/viber-500x512.png 500w, https:\/\/www.aridane.org\/city\/wp-content\/uploads\/2023\/07\/viber.png 512w\" sizes=\"auto, (max-width: 15px) 100vw, 15px\" \/> <a href=\"tel:+34690606342\">690 60 63 42<\/a><\/strong><\/p>\n<p>&nbsp;<\/p>\n<p>Para m\u00e1s informaci\u00f3n acceda a <a href=\"https:\/\/www.facebook.com\/Escuela-Infantil-Nina-Lola-Albelo-155428964946089\/\" target=\"_blank\" rel=\"noopener noreferrer\">Escuela Infantil Nina Lola Albelo<\/a>.[\/vc_column_text][vc_empty_space height=\u00bb20px\u00bb][\/vc_column_inner][\/vc_row_inner][vc_empty_space height=\u00bb40px\u00bb][\/vc_column][\/vc_row][vc_row css_animation=\u00bb\u00bb row_type=\u00bbrow\u00bb use_row_as_full_screen_section=\u00bbno\u00bb type=\u00bbfull_width\u00bb angled_section=\u00bbno\u00bb text_align=\u00bbcenter\u00bb background_image_as_pattern=\u00bbwithout_pattern\u00bb z_index=\u00bb\u00bb][vc_column][vc_single_image image=\u00bb2840&#8243; img_size=\u00bblarge\u00bb alignment=\u00bbcenter\u00bb onclick=\u00bbcustom_link\u00bb img_link_target=\u00bb_blank\u00bb qode_css_animation=\u00bb\u00bb link=\u00bbhttps:\/\/www.aridane.org\/city\/pdf\/Cartel_Servicios_Sociales.pdf\u00bb title=\u00bbM\u00e1s informaci\u00f3n\u00bb][vc_empty_space][\/vc_column][\/vc_row]<\/p>\n<\/section>","protected":false},"excerpt":{"rendered":"<p>[vc_row css_animation=\u00bb\u00bb row_type=\u00bbrow\u00bb use_row_as_full_screen_section=\u00bbno\u00bb type=\u00bbfull_width\u00bb angled_section=\u00bbno\u00bb text_align=\u00bbcenter\u00bb background_image_as_pattern=\u00bbwithout_pattern\u00bb z_index=\u00bb\u00bb background_image=\u00bb1764&#8243;][vc_column][vc_row_inner row_type=\u00bbrow\u00bb type=\u00bbfull_width\u00bb text_align=\u00bbcenter\u00bb css_animation=\u00bb\u00bb][vc_column_inner][vc_empty_space height=\u00bb100px\u00bb][vc_column_text] Servicios Sociales [\/vc_column_text][vc_empty_space height=\u00bb15px\u00bb][vc_column_text] Con\u00f3celos [\/vc_column_text][vc_empty_space height=\u00bb100px\u00bb][\/vc_column_inner][\/vc_row_inner][\/vc_column][\/vc_row][vc_row css_animation=\u00bb\u00bb row_type=\u00bbrow\u00bb use_row_as_full_screen_section=\u00bbno\u00bb type=\u00bbfull_width\u00bb angled_section=\u00bbno\u00bb text_align=\u00bbleft\u00bb background_image_as_pattern=\u00bbwithout_pattern\u00bb][vc_column][vc_row_inner row_type=\u00bbrow\u00bb type=\u00bbgrid\u00bb text_align=\u00bbleft\u00bb css_animation=\u00bb\u00bb][vc_column_inner][vc_empty_space height=\u00bb40px\u00bb][vc_column_text] Servicios Sociales Comunitarios o de Base: [\/vc_column_text][\/vc_column_inner][\/vc_row_inner][vc_row_inner row_type=\u00bbrow\u00bb type=\u00bbgrid\u00bb text_align=\u00bbleft\u00bb css_animation=\u00bb\u00bb][vc_column_inner][vc_empty_space&#8230;<\/p>\n","protected":false},"author":1,"featured_media":0,"parent":0,"menu_order":0,"comment_status":"closed","ping_status":"closed","template":"full_width.php","meta":{"footnotes":""},"class_list":["post-128","page","type-page","status-publish","hentry"],"yoast_head":"<!-- This site is optimized with the Yoast SEO plugin v22.7 - https:\/\/yoast.com\/wordpress\/plugins\/seo\/ -->\n<title>Servicios Sociales - Ayuntamiento de Los Llanos de Aridane<\/title>\n<meta name=\"robots\" content=\"index, follow, max-snippet:-1, max-image-preview:large, max-video-preview:-1\" \/>\n<link rel=\"canonical\" href=\"https:\/\/www.aridane.org\/city\/servicios-sociales\/\" \/>\n<meta property=\"og:locale\" content=\"es_ES\" \/>\n<meta property=\"og:type\" content=\"article\" \/>\n<meta property=\"og:title\" content=\"Servicios Sociales - Ayuntamiento de Los Llanos de Aridane\" \/>\n<meta property=\"og:description\" content=\"[vc_row css_animation=\u00bb\u00bb row_type=\u00bbrow\u00bb use_row_as_full_screen_section=\u00bbno\u00bb type=\u00bbfull_width\u00bb angled_section=\u00bbno\u00bb text_align=\u00bbcenter\u00bb background_image_as_pattern=\u00bbwithout_pattern\u00bb z_index=\u00bb\u00bb background_image=\u00bb1764&#8243;][vc_column][vc_row_inner row_type=\u00bbrow\u00bb type=\u00bbfull_width\u00bb text_align=\u00bbcenter\u00bb css_animation=\u00bb\u00bb][vc_column_inner][vc_empty_space height=\u00bb100px\u00bb][vc_column_text] Servicios Sociales [\/vc_column_text][vc_empty_space height=\u00bb15px\u00bb][vc_column_text] Con\u00f3celos [\/vc_column_text][vc_empty_space height=\u00bb100px\u00bb][\/vc_column_inner][\/vc_row_inner][\/vc_column][\/vc_row][vc_row css_animation=\u00bb\u00bb row_type=\u00bbrow\u00bb use_row_as_full_screen_section=\u00bbno\u00bb type=\u00bbfull_width\u00bb angled_section=\u00bbno\u00bb text_align=\u00bbleft\u00bb background_image_as_pattern=\u00bbwithout_pattern\u00bb][vc_column][vc_row_inner row_type=\u00bbrow\u00bb type=\u00bbgrid\u00bb text_align=\u00bbleft\u00bb css_animation=\u00bb\u00bb][vc_column_inner][vc_empty_space height=\u00bb40px\u00bb][vc_column_text] Servicios Sociales Comunitarios o de Base: [\/vc_column_text][\/vc_column_inner][\/vc_row_inner][vc_row_inner row_type=\u00bbrow\u00bb type=\u00bbgrid\u00bb text_align=\u00bbleft\u00bb css_animation=\u00bb\u00bb][vc_column_inner][vc_empty_space...\" \/>\n<meta property=\"og:url\" content=\"https:\/\/www.aridane.org\/city\/servicios-sociales\/\" \/>\n<meta property=\"og:site_name\" content=\"Ayuntamiento de Los Llanos de Aridane\" \/>\n<meta property=\"article:modified_time\" content=\"2025-06-16T13:27:25+00:00\" \/>\n<meta property=\"og:image\" content=\"https:\/\/www.aridane.org\/city\/wp-content\/uploads\/2023\/07\/viber-150x150.png\" \/>\n<meta name=\"twitter:card\" content=\"summary_large_image\" \/>\n<meta name=\"twitter:label1\" content=\"Tiempo de lectura\" \/>\n\t<meta name=\"twitter:data1\" content=\"5 minutos\" \/>\n<script type=\"application\/ld+json\" class=\"yoast-schema-graph\">{\"@context\":\"https:\/\/schema.org\",\"@graph\":[{\"@type\":\"WebPage\",\"@id\":\"https:\/\/www.aridane.org\/city\/servicios-sociales\/\",\"url\":\"https:\/\/www.aridane.org\/city\/servicios-sociales\/\",\"name\":\"Servicios Sociales - Ayuntamiento de Los Llanos de Aridane\",\"isPartOf\":{\"@id\":\"https:\/\/www.aridane.org\/city\/#website\"},\"primaryImageOfPage\":{\"@id\":\"https:\/\/www.aridane.org\/city\/servicios-sociales\/#primaryimage\"},\"image\":{\"@id\":\"https:\/\/www.aridane.org\/city\/servicios-sociales\/#primaryimage\"},\"thumbnailUrl\":\"https:\/\/www.aridane.org\/city\/wp-content\/uploads\/2023\/07\/viber-150x150.png\",\"datePublished\":\"2020-10-31T11:34:47+00:00\",\"dateModified\":\"2025-06-16T13:27:25+00:00\",\"breadcrumb\":{\"@id\":\"https:\/\/www.aridane.org\/city\/servicios-sociales\/#breadcrumb\"},\"inLanguage\":\"es\",\"potentialAction\":[{\"@type\":\"ReadAction\",\"target\":[\"https:\/\/www.aridane.org\/city\/servicios-sociales\/\"]}]},{\"@type\":\"ImageObject\",\"inLanguage\":\"es\",\"@id\":\"https:\/\/www.aridane.org\/city\/servicios-sociales\/#primaryimage\",\"url\":\"https:\/\/www.aridane.org\/city\/wp-content\/uploads\/2023\/07\/viber.png\",\"contentUrl\":\"https:\/\/www.aridane.org\/city\/wp-content\/uploads\/2023\/07\/viber.png\",\"width\":512,\"height\":512},{\"@type\":\"BreadcrumbList\",\"@id\":\"https:\/\/www.aridane.org\/city\/servicios-sociales\/#breadcrumb\",\"itemListElement\":[{\"@type\":\"ListItem\",\"position\":1,\"name\":\"Portada\",\"item\":\"https:\/\/www.aridane.org\/city\/\"},{\"@type\":\"ListItem\",\"position\":2,\"name\":\"Servicios Sociales\"}]},{\"@type\":\"WebSite\",\"@id\":\"https:\/\/www.aridane.org\/city\/#website\",\"url\":\"https:\/\/www.aridane.org\/city\/\",\"name\":\"Ayuntamiento de Los Llanos de Aridane\",\"description\":\"\",\"potentialAction\":[{\"@type\":\"SearchAction\",\"target\":{\"@type\":\"EntryPoint\",\"urlTemplate\":\"https:\/\/www.aridane.org\/city\/?s={search_term_string}\"},\"query-input\":\"required name=search_term_string\"}],\"inLanguage\":\"es\"}]}<\/script>\n<!-- \/ Yoast SEO plugin. -->","yoast_head_json":{"title":"Servicios Sociales - Ayuntamiento de Los Llanos de Aridane","robots":{"index":"index","follow":"follow","max-snippet":"max-snippet:-1","max-image-preview":"max-image-preview:large","max-video-preview":"max-video-preview:-1"},"canonical":"https:\/\/www.aridane.org\/city\/servicios-sociales\/","og_locale":"es_ES","og_type":"article","og_title":"Servicios Sociales - Ayuntamiento de Los Llanos de Aridane","og_description":"[vc_row css_animation=\u00bb\u00bb row_type=\u00bbrow\u00bb use_row_as_full_screen_section=\u00bbno\u00bb type=\u00bbfull_width\u00bb angled_section=\u00bbno\u00bb text_align=\u00bbcenter\u00bb background_image_as_pattern=\u00bbwithout_pattern\u00bb z_index=\u00bb\u00bb background_image=\u00bb1764&#8243;][vc_column][vc_row_inner row_type=\u00bbrow\u00bb type=\u00bbfull_width\u00bb text_align=\u00bbcenter\u00bb css_animation=\u00bb\u00bb][vc_column_inner][vc_empty_space height=\u00bb100px\u00bb][vc_column_text] Servicios Sociales [\/vc_column_text][vc_empty_space height=\u00bb15px\u00bb][vc_column_text] Con\u00f3celos [\/vc_column_text][vc_empty_space height=\u00bb100px\u00bb][\/vc_column_inner][\/vc_row_inner][\/vc_column][\/vc_row][vc_row css_animation=\u00bb\u00bb row_type=\u00bbrow\u00bb use_row_as_full_screen_section=\u00bbno\u00bb type=\u00bbfull_width\u00bb angled_section=\u00bbno\u00bb text_align=\u00bbleft\u00bb background_image_as_pattern=\u00bbwithout_pattern\u00bb][vc_column][vc_row_inner row_type=\u00bbrow\u00bb type=\u00bbgrid\u00bb text_align=\u00bbleft\u00bb css_animation=\u00bb\u00bb][vc_column_inner][vc_empty_space height=\u00bb40px\u00bb][vc_column_text] Servicios Sociales Comunitarios o de Base: [\/vc_column_text][\/vc_column_inner][\/vc_row_inner][vc_row_inner row_type=\u00bbrow\u00bb type=\u00bbgrid\u00bb text_align=\u00bbleft\u00bb css_animation=\u00bb\u00bb][vc_column_inner][vc_empty_space...","og_url":"https:\/\/www.aridane.org\/city\/servicios-sociales\/","og_site_name":"Ayuntamiento de Los Llanos de Aridane","article_modified_time":"2025-06-16T13:27:25+00:00","og_image":[{"url":"https:\/\/www.aridane.org\/city\/wp-content\/uploads\/2023\/07\/viber-150x150.png"}],"twitter_card":"summary_large_image","twitter_misc":{"Tiempo de lectura":"5 minutos"},"schema":{"@context":"https:\/\/schema.org","@graph":[{"@type":"WebPage","@id":"https:\/\/www.aridane.org\/city\/servicios-sociales\/","url":"https:\/\/www.aridane.org\/city\/servicios-sociales\/","name":"Servicios Sociales - Ayuntamiento de Los Llanos de Aridane","isPartOf":{"@id":"https:\/\/www.aridane.org\/city\/#website"},"primaryImageOfPage":{"@id":"https:\/\/www.aridane.org\/city\/servicios-sociales\/#primaryimage"},"image":{"@id":"https:\/\/www.aridane.org\/city\/servicios-sociales\/#primaryimage"},"thumbnailUrl":"https:\/\/www.aridane.org\/city\/wp-content\/uploads\/2023\/07\/viber-150x150.png","datePublished":"2020-10-31T11:34:47+00:00","dateModified":"2025-06-16T13:27:25+00:00","breadcrumb":{"@id":"https:\/\/www.aridane.org\/city\/servicios-sociales\/#breadcrumb"},"inLanguage":"es","potentialAction":[{"@type":"ReadAction","target":["https:\/\/www.aridane.org\/city\/servicios-sociales\/"]}]},{"@type":"ImageObject","inLanguage":"es","@id":"https:\/\/www.aridane.org\/city\/servicios-sociales\/#primaryimage","url":"https:\/\/www.aridane.org\/city\/wp-content\/uploads\/2023\/07\/viber.png","contentUrl":"https:\/\/www.aridane.org\/city\/wp-content\/uploads\/2023\/07\/viber.png","width":512,"height":512},{"@type":"BreadcrumbList","@id":"https:\/\/www.aridane.org\/city\/servicios-sociales\/#breadcrumb","itemListElement":[{"@type":"ListItem","position":1,"name":"Portada","item":"https:\/\/www.aridane.org\/city\/"},{"@type":"ListItem","position":2,"name":"Servicios Sociales"}]},{"@type":"WebSite","@id":"https:\/\/www.aridane.org\/city\/#website","url":"https:\/\/www.aridane.org\/city\/","name":"Ayuntamiento de Los Llanos de Aridane","description":"","potentialAction":[{"@type":"SearchAction","target":{"@type":"EntryPoint","urlTemplate":"https:\/\/www.aridane.org\/city\/?s={search_term_string}"},"query-input":"required name=search_term_string"}],"inLanguage":"es"}]}},"_links":{"self":[{"href":"https:\/\/www.aridane.org\/city\/wp-json\/wp\/v2\/pages\/128","targetHints":{"allow":["GET"]}}],"collection":[{"href":"https:\/\/www.aridane.org\/city\/wp-json\/wp\/v2\/pages"}],"about":[{"href":"https:\/\/www.aridane.org\/city\/wp-json\/wp\/v2\/types\/page"}],"author":[{"embeddable":true,"href":"https:\/\/www.aridane.org\/city\/wp-json\/wp\/v2\/users\/1"}],"replies":[{"embeddable":true,"href":"https:\/\/www.aridane.org\/city\/wp-json\/wp\/v2\/comments?post=128"}],"version-history":[{"count":10,"href":"https:\/\/www.aridane.org\/city\/wp-json\/wp\/v2\/pages\/128\/revisions"}],"predecessor-version":[{"id":4286,"href":"https:\/\/www.aridane.org\/city\/wp-json\/wp\/v2\/pages\/128\/revisions\/4286"}],"wp:attachment":[{"href":"https:\/\/www.aridane.org\/city\/wp-json\/wp\/v2\/media?parent=128"}],"curies":[{"name":"wp","href":"https:\/\/api.w.org\/{rel}","templated":true}]}}