{"id":19,"date":"2020-04-10T12:12:14","date_gmt":"2020-04-10T11:12:14","guid":{"rendered":"https:\/\/aridane.org\/ciudad\/?page_id=19"},"modified":"2026-03-12T13:59:02","modified_gmt":"2026-03-12T13:59:02","slug":"inicio","status":"publish","type":"page","link":"https:\/\/www.aridane.org\/city\/","title":{"rendered":"Inicio"},"content":{"rendered":"<section class=\"wpb-content-wrapper\"><p>[vc_row css_animation=\u00bb\u00bb row_type=\u00bbrow\u00bb use_row_as_full_screen_section=\u00bbno\u00bb type=\u00bbfull_width\u00bb angled_section=\u00bbno\u00bb text_align=\u00bbleft\u00bb background_image_as_pattern=\u00bbwithout_pattern\u00bb z_index=\u00bb\u00bb][vc_column][vc_single_image image=\u00bb5024&#8243; img_size=\u00bbfull\u00bb alignment=\u00bbcenter\u00bb onclick=\u00bbcustom_link\u00bb img_link_target=\u00bb_blank\u00bb qode_css_animation=\u00bb\u00bb qode_hover_animation=\u00bbzoom_in\u00bb link=\u00bbhttps:\/\/drive.google.com\/drive\/folders\/1MlwHJf5NJCUy7MPDKoM8K9EMwWhi0qH6?usp=drive_link\u00bb css=\u00bb.vc_custom_1771857182442{margin-bottom: 10px !important;}\u00bb][vc_single_image image=\u00bb4604&#8243; img_size=\u00bbfull\u00bb alignment=\u00bbcenter\u00bb onclick=\u00bbcustom_link\u00bb img_link_target=\u00bb_blank\u00bb qode_css_animation=\u00bb\u00bb qode_hover_animation=\u00bbzoom_in\u00bb link=\u00bbhttps:\/\/experience.arcgis.com\/experience\/c225e3e68dba40fc86084bd8ef805990&#8243; css=\u00bb.vc_custom_1769436726130{margin-bottom: 10px !important;}\u00bb el_class=\u00bbrecuperacion-vias\u00bb][vc_row_inner row_type=\u00bbrow\u00bb type=\u00bbgrid\u00bb text_align=\u00bbleft\u00bb css_animation=\u00bb\u00bb][vc_column_inner width=\u00bb1\/3&#8243;][vc_empty_space height=\u00bb20px\u00bb]<div class=\"qode-banner qode-banner-va-center\"><a class=\"qode-banner-link\" href=\"https:\/\/aridane.org\/city\/contacto\/\" target=\"_self\"><\/a><div class=\"qode-banner-image\"><img decoding=\"async\" itemprop=\"image\" src=\"https:\/\/www.aridane.org\/city\/wp-content\/uploads\/2023\/06\/web_aridane_directorio.jpg\" alt=\"\" \/><\/div><div class=\"qode-banner-content\"><div class=\"qode-banner-content-inner\"><div class=\"qode-banner-text-holder\">\n<h3 style=\"text-align: center;\">Directorio<\/h3>\n<p style=\"text-align: center;\">Contacta con el \u00e1rea que necesites.<\/p>\n<\/div><\/div><\/div><\/div>[vc_empty_space height=\u00bb20px\u00bb][\/vc_column_inner][vc_column_inner width=\u00bb1\/3&#8243;][vc_empty_space height=\u00bb20px\u00bb]<div class=\"qode-banner qode-banner-va-center\"><a class=\"qode-banner-link\" href=\"https:\/\/portaltransparencia.aridane.org\/\" target=\"_blank\"><\/a><div class=\"qode-banner-image\"><img decoding=\"async\" itemprop=\"image\" src=\"https:\/\/www.aridane.org\/city\/wp-content\/uploads\/2023\/06\/transparencia.jpg\" alt=\"\" \/><\/div><div class=\"qode-banner-content\"><div class=\"qode-banner-content-inner\"><div class=\"qode-banner-text-holder\">\n<h3 style=\"text-align: center;\">Transparencia<\/h3>\n<p style=\"text-align: center;\">Toda la informaci\u00f3n p\u00fablica.<\/p>\n<\/div><\/div><\/div><\/div>[vc_empty_space height=\u00bb20px\u00bb][\/vc_column_inner][vc_column_inner width=\u00bb1\/3&#8243;][vc_empty_space height=\u00bb20px\u00bb]<div class=\"qode-banner qode-banner-va-center\"><a class=\"qode-banner-link\" href=\"https:\/\/eadmin.aridane.org\/\" target=\"_self\"><\/a><div class=\"qode-banner-image\"><img decoding=\"async\" itemprop=\"image\" src=\"https:\/\/www.aridane.org\/city\/wp-content\/uploads\/2023\/06\/sede_electronica.jpg\" alt=\"\" \/><\/div><div class=\"qode-banner-content\"><div class=\"qode-banner-content-inner\"><div class=\"qode-banner-text-holder\">\n<h3 style=\"text-align: center;\">Sede Electr\u00f3nica<\/h3>\n<p style=\"text-align: center;\">Realiza tr\u00e1mites y gestiones.<\/p>\n<\/div><\/div><\/div><\/div>[vc_empty_space height=\u00bb20px\u00bb][\/vc_column_inner][\/vc_row_inner][vc_row_inner row_type=\u00bbrow\u00bb type=\u00bbgrid\u00bb text_align=\u00bbleft\u00bb css_animation=\u00bb\u00bb][vc_column_inner width=\u00bb1\/3&#8243;][vc_empty_space height=\u00bb20px\u00bb]<div class=\"qode-banner qode-banner-va-center\"><a class=\"qode-banner-link\" href=\"https:\/\/tributosllanosdearidane.eadministracion.es\/\" target=\"_self\"><\/a><div class=\"qode-banner-image\"><img decoding=\"async\" itemprop=\"image\" src=\"https:\/\/www.aridane.org\/city\/wp-content\/uploads\/2023\/06\/contribucion.jpg\" alt=\"\" \/><\/div><div class=\"qode-banner-content\"><div class=\"qode-banner-content-inner\"><div class=\"qode-banner-text-holder\">\n<h3 style=\"text-align: center;\">Contribuci\u00f3n<\/h3>\n<p style=\"text-align: center;\">Pago telem\u00e1tico de liquidaciones y tributos.<\/p>\n<\/div><\/div><\/div><\/div>[vc_empty_space height=\u00bb20px\u00bb][\/vc_column_inner][vc_column_inner width=\u00bb1\/3&#8243;][vc_empty_space height=\u00bb20px\u00bb]<div class=\"qode-banner qode-banner-va-center\"><a class=\"qode-banner-link\" href=\"https:\/\/aridane.org\/city\/municipio\/barrios\/\" target=\"_self\"><\/a><div class=\"qode-banner-image\"><img decoding=\"async\" itemprop=\"image\" src=\"https:\/\/www.aridane.org\/city\/wp-content\/uploads\/2023\/06\/municipio.jpg\" alt=\"\" \/><\/div><div class=\"qode-banner-content\"><div class=\"qode-banner-content-inner\"><div class=\"qode-banner-text-holder\">\n<h3 style=\"text-align: center;\">Municipio<\/h3>\n<p style=\"text-align: center;\">Aridane, por mucho m\u00e1s.<\/p>\n<\/div><\/div><\/div><\/div>[vc_empty_space height=\u00bb20px\u00bb][\/vc_column_inner][vc_column_inner width=\u00bb1\/3&#8243;][vc_empty_space height=\u00bb20px\u00bb]<div class=\"qode-banner qode-banner-va-center\"><a class=\"qode-banner-link\" href=\"https:\/\/aridane.org\/city\/municipio\/playas\/\" target=\"_self\"><\/a><div class=\"qode-banner-image\"><img decoding=\"async\" itemprop=\"image\" src=\"https:\/\/www.aridane.org\/city\/wp-content\/uploads\/2023\/06\/playas.jpg\" alt=\"\" \/><\/div><div class=\"qode-banner-content\"><div class=\"qode-banner-content-inner\"><div class=\"qode-banner-text-holder\">\n<h3 style=\"text-align: center;\">Playas<\/h3>\n<p style=\"text-align: center;\">Informaci\u00f3n climatol\u00f3gica<\/p>\n<\/div><\/div><\/div><\/div>[vc_empty_space height=\u00bb20px\u00bb][\/vc_column_inner][\/vc_row_inner][vc_row_inner row_type=\u00bbrow\u00bb type=\u00bbgrid\u00bb text_align=\u00bbleft\u00bb css_animation=\u00bb\u00bb][vc_column_inner width=\u00bb1\/3&#8243;][vc_empty_space height=\u00bb20px\u00bb]<div class=\"qode-banner qode-banner-va-center\"><a class=\"qode-banner-link\" href=\"https:\/\/www.facebook.com\/culturalosllanos\/?locale=es_ES\" target=\"_blank\"><\/a><div class=\"qode-banner-image\"><img decoding=\"async\" itemprop=\"image\" src=\"https:\/\/www.aridane.org\/city\/wp-content\/uploads\/2023\/07\/logo_cultura_los_llanos-1.jpg\" alt=\"\" \/><\/div><div class=\"qode-banner-content\"><div class=\"qode-banner-content-inner\"><div class=\"qode-banner-text-holder\"><\/div><\/div><\/div><\/div>[vc_empty_space height=\u00bb20px\u00bb][\/vc_column_inner][vc_column_inner width=\u00bb1\/3&#8243;][vc_empty_space height=\u00bb20px\u00bb]<div class=\"qode-banner qode-banner-va-center\"><a class=\"qode-banner-link\" href=\"https:\/\/www.facebook.com\/archivo.losllanos\/?locale=es_ES\" target=\"_blank\"><\/a><div class=\"qode-banner-image\"><img decoding=\"async\" itemprop=\"image\" src=\"https:\/\/www.aridane.org\/city\/wp-content\/uploads\/2023\/07\/archivo_municipal-1.jpg\" alt=\"\" \/><\/div><div class=\"qode-banner-content\"><div class=\"qode-banner-content-inner\"><div class=\"qode-banner-text-holder\">\n<h3 style=\"text-align: center;\">Archivo Municipal<\/h3>\n<p style=\"text-align: center;\">Los Llanos de Aridane<\/p>\n<\/div><\/div><\/div><\/div>[vc_empty_space height=\u00bb20px\u00bb][\/vc_column_inner][vc_column_inner width=\u00bb1\/3&#8243;][vc_empty_space height=\u00bb20px\u00bb]<div class=\"qode-banner qode-banner-va-center\"><a class=\"qode-banner-link\" href=\"https:\/\/www.facebook.com\/elcemfac\/?locale=es_ES\" target=\"_blank\"><\/a><div class=\"qode-banner-image\"><img decoding=\"async\" itemprop=\"image\" src=\"https:\/\/www.aridane.org\/city\/wp-content\/uploads\/2023\/07\/cemfac_portada-3.jpg\" alt=\"\" \/><\/div><div class=\"qode-banner-content\"><div class=\"qode-banner-content-inner\"><div class=\"qode-banner-text-holder\">\n<h3 style=\"text-align: center;\">CEMFAC<\/h3>\n<p style=\"text-align: center;\">La Ciudad en el Museo<\/p>\n<\/div><\/div><\/div><\/div>[vc_empty_space height=\u00bb20px\u00bb][\/vc_column_inner][\/vc_row_inner][vc_empty_space height=\u00bb33px\u00bb][\/vc_column][\/vc_row][vc_row css_animation=\u00bb\u00bb row_type=\u00bbrow\u00bb use_row_as_full_screen_section=\u00bbno\u00bb type=\u00bbfull_width\u00bb angled_section=\u00bbno\u00bb text_align=\u00bbleft\u00bb background_image_as_pattern=\u00bbwithout_pattern\u00bb z_index=\u00bb\u00bb][vc_column offset=\u00bbvc_hidden-lg vc_hidden-md vc_hidden-sm vc_hidden-xs\u00bb][vc_empty_space height=\u00bb20px\u00bb][vc_column_text css=\u00bb.vc_custom_1711443609096{padding-top: 25px !important;padding-bottom: 25px !important;background-color: #578fbf !important;}\u00bb]<\/p>\n<h2 class=\"page-title\" style=\"text-align: center;\"><span style=\"color: #ffffff;\"><a style=\"color: #ffffff;\" href=\"https:\/\/eadmin.aridane.org\/publico\/edictos\/2024000066\" target=\"_blank\" rel=\"noopener\"><span id=\"ctl00_ctl00_MainContentPlaceHolder_PageTitleContentPlaceHolder_tituloLabel\">PROPUESTA PROVISIONAL SUBVENCIONES DESTINADAS A ASOCIACIACIONES SIN \u00c1NIMO DE LUCRO 2023<\/span><\/a><\/span><\/h2>\n<p>[\/vc_column_text][vc_empty_space height=\u00bb20px\u00bb][\/vc_column][\/vc_row][vc_row css_animation=\u00bb\u00bb row_type=\u00bbrow\u00bb use_row_as_full_screen_section=\u00bbno\u00bb type=\u00bbfull_width\u00bb angled_section=\u00bbno\u00bb text_align=\u00bbcenter\u00bb background_image_as_pattern=\u00bbwithout_pattern\u00bb background_image=\u00bb72&#8243; background_animation=\u00bbnone\u00bb][vc_column][vc_empty_space height=\u00bb50px\u00bb][vc_row_inner row_type=\u00bbrow\u00bb type=\u00bbgrid\u00bb text_align=\u00bbleft\u00bb css_animation=\u00bb\u00bb use_row_as_full_screen_section_slide=\u00bbno\u00bb][vc_column_inner][vc_column_text]<\/p>\n<h2>Conoce la actualidad de tu municipio.<\/h2>\n<p>[\/vc_column_text][vc_empty_space height=\u00bb20px\u00bb][vc_column_text]Informaci\u00f3n, comunicados, eventos e informaci\u00f3n relevante y de inter\u00e9s.[\/vc_column_text][vc_empty_space height=\u00bb40px\u00bb][\/vc_column_inner][\/vc_row_inner][vc_row_inner row_type=\u00bbrow\u00bb type=\u00bbgrid\u00bb text_align=\u00bbcenter\u00bb css_animation=\u00bb\u00bb use_row_as_full_screen_section_slide=\u00bbno\u00bb][vc_column_inner]\n<div class='latest_post_holder boxes three_columns three_rows' >\n    <ul>\n    \n        <li class=\"clearfix\">\n            <div class=\"boxes_image\">\n                                <a itemprop=\"url\" href=\"https:\/\/www.aridane.org\/city\/2026\/04\/28\/los-llanos-de-aridane-celebra-la-xv-feria-insular-del-vino-con-mas-bodegas-gastronomia-y-ambiente\/\"><img loading=\"lazy\" decoding=\"async\" width=\"539\" height=\"303\" src=\"https:\/\/www.aridane.org\/city\/wp-content\/uploads\/2026\/04\/Fivipal1-539x303.jpeg\" class=\"attachment-latest_post_boxes size-latest_post_boxes wp-post-image\" alt=\"\" \/><\/a>\n            <\/div>\n            <div class=\"latest_post\"  >\n                <div class=\"latest_post_text\">\n                    <div class=\"latest_post_inner\">\n                        <div class=\"latest_post_text_inner\">\n                            <h3 itemprop=\"name\" class=\"latest_post_title entry_title\"><a itemprop=\"url\" href=\"https:\/\/www.aridane.org\/city\/2026\/04\/28\/los-llanos-de-aridane-celebra-la-xv-feria-insular-del-vino-con-mas-bodegas-gastronomia-y-ambiente\/\">Los Llanos de Aridane celebra la XV Feria Insular del Vino con m\u00e1s bodegas, gastronom\u00eda y ambiente<\/a><\/h3>\n                            <p class=\"excerpt\">La programaci\u00f3n combina vino, gastronom\u00eda y dinamizaci\u00f3n cultural, con m\u00fasica en directo, catas de vino y un taller de pintura...<\/p>\n                            <span class=\"post_infos\">\n                                                                    <span class=\"date_hour_holder\">\n                                        <span itemprop=\"dateCreated\" class=\"date entry_date updated\">28 abril, 2026 <meta itemprop=\"interactionCount\" content=\"UserComments: 0\"\/><\/span>\n                                    <\/span>\n                                                                                                \n                                \n                                                            <\/span>\n                        <\/div>\n                    <\/div>\n                <\/div>\n            <\/div>\n        <\/li>\n    \n        <li class=\"clearfix\">\n            <div class=\"boxes_image\">\n                                <a itemprop=\"url\" href=\"https:\/\/www.aridane.org\/city\/2026\/04\/21\/el-ayuntamiento-de-los-llanos-de-aridane-abre-el-concurso-del-cartel-de-la-patrona-2026\/\"><img loading=\"lazy\" decoding=\"async\" width=\"539\" height=\"303\" src=\"https:\/\/www.aridane.org\/city\/wp-content\/uploads\/2026\/04\/Alvaro-Pages-539x303.jpeg\" class=\"attachment-latest_post_boxes size-latest_post_boxes wp-post-image\" alt=\"\" \/><\/a>\n            <\/div>\n            <div class=\"latest_post\"  >\n                <div class=\"latest_post_text\">\n                    <div class=\"latest_post_inner\">\n                        <div class=\"latest_post_text_inner\">\n                            <h3 itemprop=\"name\" class=\"latest_post_title entry_title\"><a itemprop=\"url\" href=\"https:\/\/www.aridane.org\/city\/2026\/04\/21\/el-ayuntamiento-de-los-llanos-de-aridane-abre-el-concurso-del-cartel-de-la-patrona-2026\/\">El Ayuntamiento de Los Llanos de Aridane abre el concurso del cartel de La Patrona 2026<\/a><\/h3>\n                            <p class=\"excerpt\">Las bases completas del concurso est\u00e1n disponibles en la sede electr\u00f3nica del Ayuntamiento...<\/p>\n                            <span class=\"post_infos\">\n                                                                    <span class=\"date_hour_holder\">\n                                        <span itemprop=\"dateCreated\" class=\"date entry_date updated\">21 abril, 2026 <meta itemprop=\"interactionCount\" content=\"UserComments: 0\"\/><\/span>\n                                    <\/span>\n                                                                                                \n                                \n                                                            <\/span>\n                        <\/div>\n                    <\/div>\n                <\/div>\n            <\/div>\n        <\/li>\n    \n        <li class=\"clearfix\">\n            <div class=\"boxes_image\">\n                                <a itemprop=\"url\" href=\"https:\/\/www.aridane.org\/city\/2026\/04\/16\/el-ayuntamiento-de-los-llanos-refuerza-la-seguridad-de-sus-calles-y-ordena-el-espacio-publico\/\"><img loading=\"lazy\" decoding=\"async\" width=\"539\" height=\"303\" src=\"https:\/\/www.aridane.org\/city\/wp-content\/uploads\/2026\/04\/Aparcamientos-1-539x303.jpeg\" class=\"attachment-latest_post_boxes size-latest_post_boxes wp-post-image\" alt=\"\" \/><\/a>\n            <\/div>\n            <div class=\"latest_post\"  >\n                <div class=\"latest_post_text\">\n                    <div class=\"latest_post_inner\">\n                        <div class=\"latest_post_text_inner\">\n                            <h3 itemprop=\"name\" class=\"latest_post_title entry_title\"><a itemprop=\"url\" href=\"https:\/\/www.aridane.org\/city\/2026\/04\/16\/el-ayuntamiento-de-los-llanos-refuerza-la-seguridad-de-sus-calles-y-ordena-el-espacio-publico\/\">El Ayuntamiento de Los Llanos refuerza la seguridad de sus calles y ordena el espacio p\u00fablico<\/a><\/h3>\n                            <p class=\"excerpt\">Se crean tres plazas para Servicios Sociales y una para ambulancia junto al campo de f\u00fatbol y la piscina municipal, adem\u00e1s de reordenar la estaci\u00f3n de guaguas...<\/p>\n                            <span class=\"post_infos\">\n                                                                    <span class=\"date_hour_holder\">\n                                        <span itemprop=\"dateCreated\" class=\"date entry_date updated\">16 abril, 2026 <meta itemprop=\"interactionCount\" content=\"UserComments: 0\"\/><\/span>\n                                    <\/span>\n                                                                                                \n                                \n                                                            <\/span>\n                        <\/div>\n                    <\/div>\n                <\/div>\n            <\/div>\n        <\/li>\n    \n        <li class=\"clearfix\">\n            <div class=\"boxes_image\">\n                                <a itemprop=\"url\" href=\"https:\/\/www.aridane.org\/city\/2026\/04\/14\/neon-run-spain-convierte-este-fin-de-semana-a-los-llanos-de-aridane-en-el-epicentro-regional-del-running\/\"><img loading=\"lazy\" decoding=\"async\" width=\"539\" height=\"303\" src=\"https:\/\/www.aridane.org\/city\/wp-content\/uploads\/2023\/04\/neon_party_1-539x303.jpg\" class=\"attachment-latest_post_boxes size-latest_post_boxes wp-post-image\" alt=\"\" srcset=\"https:\/\/www.aridane.org\/city\/wp-content\/uploads\/2023\/04\/neon_party_1-539x303.jpg 539w, https:\/\/www.aridane.org\/city\/wp-content\/uploads\/2023\/04\/neon_party_1-300x169.jpg 300w, https:\/\/www.aridane.org\/city\/wp-content\/uploads\/2023\/04\/neon_party_1-620x349.jpg 620w, https:\/\/www.aridane.org\/city\/wp-content\/uploads\/2023\/04\/neon_party_1-768x432.jpg 768w, https:\/\/www.aridane.org\/city\/wp-content\/uploads\/2023\/04\/neon_party_1-700x394.jpg 700w, https:\/\/www.aridane.org\/city\/wp-content\/uploads\/2023\/04\/neon_party_1.jpg 1200w\" sizes=\"auto, (max-width: 539px) 100vw, 539px\" \/><\/a>\n            <\/div>\n            <div class=\"latest_post\"  >\n                <div class=\"latest_post_text\">\n                    <div class=\"latest_post_inner\">\n                        <div class=\"latest_post_text_inner\">\n                            <h3 itemprop=\"name\" class=\"latest_post_title entry_title\"><a itemprop=\"url\" href=\"https:\/\/www.aridane.org\/city\/2026\/04\/14\/neon-run-spain-convierte-este-fin-de-semana-a-los-llanos-de-aridane-en-el-epicentro-regional-del-running\/\">Neon Run Spain convierte este fin de semana a Los Llanos de Aridane en el epicentro regional del running<\/a><\/h3>\n                            <p class=\"excerpt\">La nueva edici\u00f3n llega con una programaci\u00f3n que incluye actividades para todas las edades...<\/p>\n                            <span class=\"post_infos\">\n                                                                    <span class=\"date_hour_holder\">\n                                        <span itemprop=\"dateCreated\" class=\"date entry_date updated\">14 abril, 2026 <meta itemprop=\"interactionCount\" content=\"UserComments: 0\"\/><\/span>\n                                    <\/span>\n                                                                                                \n                                \n                                                            <\/span>\n                        <\/div>\n                    <\/div>\n                <\/div>\n            <\/div>\n        <\/li>\n    \n        <li class=\"clearfix\">\n            <div class=\"boxes_image\">\n                                <a itemprop=\"url\" href=\"https:\/\/www.aridane.org\/city\/2026\/04\/13\/el-ayuntamiento-de-los-llanos-de-aridane-presenta-la-escuela-feminista-un-espacio-de-formacion-en-igualdad\/\"><img loading=\"lazy\" decoding=\"async\" width=\"539\" height=\"303\" src=\"https:\/\/www.aridane.org\/city\/wp-content\/uploads\/2026\/04\/NP-Escuela-Feminista-539x303.jpeg\" class=\"attachment-latest_post_boxes size-latest_post_boxes wp-post-image\" alt=\"\" \/><\/a>\n            <\/div>\n            <div class=\"latest_post\"  >\n                <div class=\"latest_post_text\">\n                    <div class=\"latest_post_inner\">\n                        <div class=\"latest_post_text_inner\">\n                            <h3 itemprop=\"name\" class=\"latest_post_title entry_title\"><a itemprop=\"url\" href=\"https:\/\/www.aridane.org\/city\/2026\/04\/13\/el-ayuntamiento-de-los-llanos-de-aridane-presenta-la-escuela-feminista-un-espacio-de-formacion-en-igualdad\/\">El Ayuntamiento de Los Llanos de Aridane presenta la Escuela Feminista, un espacio de formaci\u00f3n en igualdad<\/a><\/h3>\n                            <p class=\"excerpt\">El programa incluye actividades culturales, encuentros de debate y participaci\u00f3n ciudadana a lo largo de todo el a\u00f1o...<\/p>\n                            <span class=\"post_infos\">\n                                                                    <span class=\"date_hour_holder\">\n                                        <span itemprop=\"dateCreated\" class=\"date entry_date updated\">13 abril, 2026 <meta itemprop=\"interactionCount\" content=\"UserComments: 0\"\/><\/span>\n                                    <\/span>\n                                                                                                \n                                \n                                                            <\/span>\n                        <\/div>\n                    <\/div>\n                <\/div>\n            <\/div>\n        <\/li>\n    \n        <li class=\"clearfix\">\n            <div class=\"boxes_image\">\n                                <a itemprop=\"url\" href=\"https:\/\/www.aridane.org\/city\/2026\/04\/10\/el-ayuntamiento-de-los-llanos-destaca-la-oferta-sus-institutos-como-motor-para-la-reconstruccion-y-el-empleo-en-el-valle\/\"><img loading=\"lazy\" decoding=\"async\" width=\"539\" height=\"303\" src=\"https:\/\/www.aridane.org\/city\/wp-content\/uploads\/2026\/04\/Perez-Pulido-539x303.jpeg\" class=\"attachment-latest_post_boxes size-latest_post_boxes wp-post-image\" alt=\"\" \/><\/a>\n            <\/div>\n            <div class=\"latest_post\"  >\n                <div class=\"latest_post_text\">\n                    <div class=\"latest_post_inner\">\n                        <div class=\"latest_post_text_inner\">\n                            <h3 itemprop=\"name\" class=\"latest_post_title entry_title\"><a itemprop=\"url\" href=\"https:\/\/www.aridane.org\/city\/2026\/04\/10\/el-ayuntamiento-de-los-llanos-destaca-la-oferta-sus-institutos-como-motor-para-la-reconstruccion-y-el-empleo-en-el-valle\/\">El Ayuntamiento de Los Llanos destaca la oferta sus institutos como motor para la reconstrucci\u00f3n y el empleo en el Valle<\/a><\/h3>\n                            <p class=\"excerpt\">La apuesta formativa del municipio refuerza la necesidad de contar con un Centro Integrado de Formaci\u00f3n Profesional...<\/p>\n                            <span class=\"post_infos\">\n                                                                    <span class=\"date_hour_holder\">\n                                        <span itemprop=\"dateCreated\" class=\"date entry_date updated\">10 abril, 2026 <meta itemprop=\"interactionCount\" content=\"UserComments: 0\"\/><\/span>\n                                    <\/span>\n                                                                                                \n                                \n                                                            <\/span>\n                        <\/div>\n                    <\/div>\n                <\/div>\n            <\/div>\n        <\/li>\n    \n        <li class=\"clearfix\">\n            <div class=\"boxes_image\">\n                                <a itemprop=\"url\" href=\"https:\/\/www.aridane.org\/city\/2026\/04\/08\/sembramos-para-ti-la-nueva-campana-del-ayuntamiento-de-los-llanos-para-dinamizar-el-mercadillo-del-agricultor\/\"><img loading=\"lazy\" decoding=\"async\" width=\"539\" height=\"303\" src=\"https:\/\/www.aridane.org\/city\/wp-content\/uploads\/2024\/04\/Mercadillo-Agricultor-Los-Llanos-539x303.jpg\" class=\"attachment-latest_post_boxes size-latest_post_boxes wp-post-image\" alt=\"\" \/><\/a>\n            <\/div>\n            <div class=\"latest_post\"  >\n                <div class=\"latest_post_text\">\n                    <div class=\"latest_post_inner\">\n                        <div class=\"latest_post_text_inner\">\n                            <h3 itemprop=\"name\" class=\"latest_post_title entry_title\"><a itemprop=\"url\" href=\"https:\/\/www.aridane.org\/city\/2026\/04\/08\/sembramos-para-ti-la-nueva-campana-del-ayuntamiento-de-los-llanos-para-dinamizar-el-mercadillo-del-agricultor\/\">\u2018Sembramos para ti\u2019: La nueva campa\u00f1a del Ayuntamiento de Los Llanos para dinamizar el Mercadillo del Agricultor<\/a><\/h3>\n                            <p class=\"excerpt\">La campa\u00f1a, que comienza este domingo, 12 de abril, establece que por cada 5 euros de compra se participa en el sorteo mensual de una caja de productos locales...<\/p>\n                            <span class=\"post_infos\">\n                                                                    <span class=\"date_hour_holder\">\n                                        <span itemprop=\"dateCreated\" class=\"date entry_date updated\">08 abril, 2026 <meta itemprop=\"interactionCount\" content=\"UserComments: 0\"\/><\/span>\n                                    <\/span>\n                                                                                                \n                                \n                                                            <\/span>\n                        <\/div>\n                    <\/div>\n                <\/div>\n            <\/div>\n        <\/li>\n    \n        <li class=\"clearfix\">\n            <div class=\"boxes_image\">\n                                <a itemprop=\"url\" href=\"https:\/\/www.aridane.org\/city\/2026\/04\/07\/el-ayuntamiento-atiende-una-demanda-vecinal-con-una-nueva-parada-de-guaguas-hacia-puerto-naos\/\"><img loading=\"lazy\" decoding=\"async\" width=\"539\" height=\"303\" src=\"https:\/\/www.aridane.org\/city\/wp-content\/uploads\/2026\/04\/Parada-de-guaguas-539x303.jpeg\" class=\"attachment-latest_post_boxes size-latest_post_boxes wp-post-image\" alt=\"\" \/><\/a>\n            <\/div>\n            <div class=\"latest_post\"  >\n                <div class=\"latest_post_text\">\n                    <div class=\"latest_post_inner\">\n                        <div class=\"latest_post_text_inner\">\n                            <h3 itemprop=\"name\" class=\"latest_post_title entry_title\"><a itemprop=\"url\" href=\"https:\/\/www.aridane.org\/city\/2026\/04\/07\/el-ayuntamiento-atiende-una-demanda-vecinal-con-una-nueva-parada-de-guaguas-hacia-puerto-naos\/\">El Ayuntamiento atiende una demanda vecinal con una nueva parada de guaguas hacia Puerto Naos<\/a><\/h3>\n                            <p class=\"excerpt\">Por la v\u00eda circula la l\u00ednea 24 y es ruta habitual de transporte escolar, lo que refuerza la necesidad de una parada segura...<\/p>\n                            <span class=\"post_infos\">\n                                                                    <span class=\"date_hour_holder\">\n                                        <span itemprop=\"dateCreated\" class=\"date entry_date updated\">07 abril, 2026 <meta itemprop=\"interactionCount\" content=\"UserComments: 0\"\/><\/span>\n                                    <\/span>\n                                                                                                \n                                \n                                                            <\/span>\n                        <\/div>\n                    <\/div>\n                <\/div>\n            <\/div>\n        <\/li>\n    \n        <li class=\"clearfix\">\n            <div class=\"boxes_image\">\n                                <a itemprop=\"url\" href=\"https:\/\/www.aridane.org\/city\/2026\/04\/07\/el-ayuntamiento-de-los-llanos-de-aridane-apuesta-por-la-literatura-juvenil-con-el-regreso-de-festilij-aridane\/\"><img loading=\"lazy\" decoding=\"async\" width=\"539\" height=\"303\" src=\"https:\/\/www.aridane.org\/city\/wp-content\/uploads\/2026\/04\/NP-Festilij-2026-e1776408876730-539x303.jpeg\" class=\"attachment-latest_post_boxes size-latest_post_boxes wp-post-image\" alt=\"\" \/><\/a>\n            <\/div>\n            <div class=\"latest_post\"  >\n                <div class=\"latest_post_text\">\n                    <div class=\"latest_post_inner\">\n                        <div class=\"latest_post_text_inner\">\n                            <h3 itemprop=\"name\" class=\"latest_post_title entry_title\"><a itemprop=\"url\" href=\"https:\/\/www.aridane.org\/city\/2026\/04\/07\/el-ayuntamiento-de-los-llanos-de-aridane-apuesta-por-la-literatura-juvenil-con-el-regreso-de-festilij-aridane\/\">El Ayuntamiento de Los Llanos de Aridane apuesta por la literatura juvenil con el regreso de FestiLIJ Aridane\u00a0\u00a0<\/a><\/h3>\n                            <p class=\"excerpt\">Un total de 17 autores participar\u00e1n en esta edici\u00f3n que tendr\u00e1 lugar del 9 al 12 de abril en la Casa de la Cultura\u00a0...<\/p>\n                            <span class=\"post_infos\">\n                                                                    <span class=\"date_hour_holder\">\n                                        <span itemprop=\"dateCreated\" class=\"date entry_date updated\">07 abril, 2026 <meta itemprop=\"interactionCount\" content=\"UserComments: 0\"\/><\/span>\n                                    <\/span>\n                                                                                                \n                                \n                                                            <\/span>\n                        <\/div>\n                    <\/div>\n                <\/div>\n            <\/div>\n        <\/li>\n        <\/ul>\n<\/div>[vc_empty_space height=\u00bb20px\u00bb]<a  itemprop=\"url\" href=\"https:\/\/aridane.org\/city\/noticias\/\" target=\"_self\"  class=\"qbutton  medium enlarge\" style=\"\">Accede a todas las noticias<\/a>[\/vc_column_inner][\/vc_row_inner][vc_empty_space height=\u00bb50px\u00bb][\/vc_column][\/vc_row][vc_row css_animation=\u00bb\u00bb row_type=\u00bbrow\u00bb use_row_as_full_screen_section=\u00bbno\u00bb type=\u00bbfull_width\u00bb angled_section=\u00bbno\u00bb text_align=\u00bbleft\u00bb background_image_as_pattern=\u00bbwithout_pattern\u00bb z_index=\u00bb\u00bb anchor=\u00bbvotacion-carnaval-2027&#8243; el_id=\u00bbvotacion-carnaval-2027&#8243;][vc_column][vc_column_text el_id=\u00bbvotacion-carnaval-2026&#8243;][\/vc_column_text][vc_empty_space][vc_column_text]<img loading=\"lazy\" decoding=\"async\" class=\" wp-image-5032 aligncenter\" src=\"https:\/\/www.aridane.org\/city\/wp-content\/uploads\/2026\/03\/votacion-c-carnaval-2027-300x200.jpeg\" alt=\"\" width=\"411\" height=\"274\" srcset=\"https:\/\/www.aridane.org\/city\/wp-content\/uploads\/2026\/03\/votacion-c-carnaval-2027-300x200.jpeg 300w, https:\/\/www.aridane.org\/city\/wp-content\/uploads\/2026\/03\/votacion-c-carnaval-2027-620x413.jpeg 620w, https:\/\/www.aridane.org\/city\/wp-content\/uploads\/2026\/03\/votacion-c-carnaval-2027-768x512.jpeg 768w, https:\/\/www.aridane.org\/city\/wp-content\/uploads\/2026\/03\/votacion-c-carnaval-2027-700x467.jpeg 700w, https:\/\/www.aridane.org\/city\/wp-content\/uploads\/2026\/03\/votacion-c-carnaval-2027.jpeg 1536w\" sizes=\"auto, (max-width: 411px) 100vw, 411px\" \/><\/p>\n<p>&nbsp;<\/p>\n<p>&nbsp;<\/p>\n<div class='bootstrap-yop yop-poll-mc'>\n\t\t\t\t\t\t\t<div class=\"basic-yop-poll-container\" style=\"background-color:#ffffff; border:1px; border-style:solid; border-color:#000000; border-radius:0px; padding:10px 10px;\" data-id=\"5\" data-temp=\"basic\" data-skin=\"minimal\" data-cscheme=\"black\" data-cap=\"0\" data-access=\"guest\" data-tid=\"\" data-uid=\"d4fbefcb4189cac6852c4184db7954ed\" data-pid=\"5089\" data-resdet=\"votes-number,percentages\" data-show-results-to=\"guest\" data-show-results-moment=\"after-end-date\" data-show-results-only=\"true\" data-show-message=\"true\" data-show-results-as=\"bar\" data-sort-results-by=\"number-of-votes\" data-sort-results-rule=\"desc\"data-is-ended=\"1\" data-gdpr=\"no\" data-gdpr-sol=\"consent\" data-css=\".basic-yop-poll-container[data-uid] .basic-vote { text-align: center; }\" data-counter=\"0\" data-load-with=\"1\" data-notification-section=\"top\"><div class=\"row\"><div class=\"col-md-12\"><div class=\"basic-inner\"><div class=\"basic-message \" style=\"border-left: 10px solid #008000; padding: 0px 10px;\" data-error=\"#ff0000\" data-success=\"#008000\"><p class=\"basic-message-text\" style=\"color:#000000; font-size:14px; font-weight:normal;\">Esta encuesta ya no acepta votos.<\/p><\/div><div class=\"basic-overlay hide\"><div class=\"basic-vote-options\"><\/div><div class=\"basic-preloader\"><div class=\"basic-windows8\"><div class=\"basic-wBall basic-wBall_1\"><div class=\"basic-wInnerBall\"><\/div><\/div><div class=\"basic-wBall basic-wBall_2\"><div class=\"basic-wInnerBall\"><\/div><\/div><div class=\"basic-wBall basic-wBall_3\"><div class=\"basic-wInnerBall\"><\/div><\/div><div class=\"basic-wBall basic-wBall_4\"><div class=\"basic-wInnerBall\"><\/div><\/div><div class=\"basic-wBall basic-wBall_5\"><div class=\"basic-wInnerBall\"><\/div><\/div><\/div><\/div><\/div><form class=\"basic-form\"><input type=\"hidden\" name=\"_token\" value=\"125b1ec685\" autocomplete=\"off\"><div class=\"basic-elements\"><div class=\"basic-element basic-question basic-question-text-vertical\" data-id=\"5\" data-uid=\"f254b3e5cdddf7c31136f2d48a66ab04\" data-type=\"question\" data-question-type=\"text\" data-allow-multiple=\"no\" data-min=\"1\" data-max=\"1\" data-display=\"vertical\" data-colnum=\"\" data-display-others=\"no\" data-others-color=\"\" data-others=\"\"><div class=\"basic-question-title\"><h5 style=\"color:#000000; font-size:14px; font-weight:normal; text-align:center;\">Elige entre las diferentes tem\u00e1ticas<\/h5><\/div><ul class=\"basic-answers\"><li class=\"basic-answer\" style=\"padding:0px 0px;\" data-id=\"25\" data-type=\"text\" data-vn=\"307\" data-color=\"#000000\" data-make-link=\"no\" data-link=\"\"><div class=\"basic-answer-content basic-text-vertical\"><label for=\"answer[25]\" class=\"basic-answer-label\"><input type=\"radio\" id=\"answer[25]\" name=\"answer[5]\" value=\"25\"  autocomplete=\"off\"><span class=\"basic-text\" style=\"color: #000000; font-size: 14px; font-weight: normal;\">EL CIRCO<\/span><\/label><\/div><\/li><li class=\"basic-answer\" style=\"padding:0px 0px;\" data-id=\"27\" data-type=\"text\" data-vn=\"190\" data-color=\"#000000\" data-make-link=\"no\" data-link=\"\"><div class=\"basic-answer-content basic-text-vertical\"><label for=\"answer[27]\" class=\"basic-answer-label\"><input type=\"radio\" id=\"answer[27]\" name=\"answer[5]\" value=\"27\"  autocomplete=\"off\"><span class=\"basic-text\" style=\"color: #000000; font-size: 14px; font-weight: normal;\">ANTIGUO EGIPTO<\/span><\/label><\/div><\/li><li class=\"basic-answer\" style=\"padding:0px 0px;\" data-id=\"24\" data-type=\"text\" data-vn=\"119\" data-color=\"#000000\" data-make-link=\"no\" data-link=\"\"><div class=\"basic-answer-content basic-text-vertical\"><label for=\"answer[24]\" class=\"basic-answer-label\"><input type=\"radio\" id=\"answer[24]\" name=\"answer[5]\" value=\"24\"  autocomplete=\"off\"><span class=\"basic-text\" style=\"color: #000000; font-size: 14px; font-weight: normal;\">VENEZUELA<\/span><\/label><\/div><\/li><li class=\"basic-answer\" style=\"padding:0px 0px;\" data-id=\"26\" data-type=\"text\" data-vn=\"97\" data-color=\"#000000\" data-make-link=\"no\" data-link=\"\"><div class=\"basic-answer-content basic-text-vertical\"><label for=\"answer[26]\" class=\"basic-answer-label\"><input type=\"radio\" id=\"answer[26]\" name=\"answer[5]\" value=\"26\"  autocomplete=\"off\"><span class=\"basic-text\" style=\"color: #000000; font-size: 14px; font-weight: normal;\">CIVILIZACIONES ANTIGUAS<\/span><\/label><\/div><\/li><\/ul><\/div><div class=\"clearfix\"><\/div><\/div><div class=\"basic-vote\"><a href=\"#\" class=\"button basic-vote-button\" role=\"button\" style=\"background:#ffffff; border:1px; border-style: solid; border-color:#000000; border-radius:0px; padding:5px 10px; color:#000000; font-size:14px; font-weight:normal;\">Env\u00eda tu voto<\/a><\/div><\/form><\/div><\/div><\/div><\/div>\n\t\t\t\t\t\t<\/div>[\/vc_column_text][vc_empty_space][vc_empty_space][vc_row_inner row_type=\u00bbrow\u00bb type=\u00bbgrid\u00bb text_align=\u00bbleft\u00bb css_animation=\u00bb\u00bb][vc_column_inner width=\u00bb1\/2&#8243;][vc_single_image image=\u00bb1787&#8243; img_size=\u00bbfull\u00bb alignment=\u00bbcenter\u00bb qode_css_animation=\u00bb\u00bb][vc_empty_space height=\u00bb15px\u00bb][vc_separator type=\u00bbnormal\u00bb][\/vc_column_inner][vc_column_inner width=\u00bb1\/2&#8243;][vc_column_text]<\/p>\n<h2 style=\"text-align: left;\">Tu Ayuntamiento, m\u00e1s cerca.<\/h2>\n<p>[\/vc_column_text][vc_empty_space height=\u00bb15px\u00bb][vc_column_text]<\/p>\n<p style=\"text-align: justify;\">El Ayuntamiento de Los Llanos de Aridane te da la bienvenida y te ofrece mediante este portal web la informaci\u00f3n que permitir\u00e1 ponerte en contacto con los servicios y tr\u00e1mites de las distintas \u00e1reas. Ofrecemos un modelo de atenci\u00f3n a la ciudadan\u00eda que persigue adem\u00e1s de la eficacia, facilitar la cercan\u00eda y tambi\u00e9n la participaci\u00f3n.<\/p>\n<p>[\/vc_column_text][vc_empty_space height=\u00bb15px\u00bb][vc_column_text]<\/p>\n<p style=\"text-align: justify;\">Accede a un amplio abanico de posibilidades informativas que te introducir\u00e1n en aquellos aspectos de la ciudad que destacan por su relevancia, su historia, sus actividades culturales y festivas, sus equipamientos, las noticias municipales y todo aquello que debas conocer estar\u00e1 a tu alcance y con la m\u00e1xima transparencia.<\/p>\n<p>[\/vc_column_text][vc_empty_space height=\u00bb15px\u00bb][vc_column_text]<\/p>\n<p style=\"text-align: justify;\">Con este proyecto, damos un paso m\u00e1s a la cercan\u00eda de esta instituci\u00f3n con sus ciudadanos, ofreciendo un espacio de informaci\u00f3n y di\u00e1logo directo. Te invitamos a navegar por este portal web, que es tan nuestro como tuyo. Consulta la agenda, disfruta de la ciudad o accede a la sede electr\u00f3nica. Todo a tu alcance con un solo clic. \u00a1Bienvenido\/a!<\/p>\n<p>[\/vc_column_text][vc_empty_space height=\u00bb15px\u00bb][vc_single_image image=\u00bb4476&#8243; img_size=\u00bbmedium\u00bb alignment=\u00bbcenter\u00bb qode_css_animation=\u00bb\u00bb][vc_empty_space height=\u00bb10px\u00bb][vc_column_text]<\/p>\n<p style=\"text-align: center;\"><em>#losllanoslapalmaviva<\/em><\/p>\n<p>[\/vc_column_text][\/vc_column_inner][\/vc_row_inner][vc_empty_space height=\u00bb50px\u00bb][vc_row_inner row_type=\u00bbrow\u00bb type=\u00bbfull_width\u00bb text_align=\u00bbleft\u00bb css_animation=\u00bb\u00bb][vc_column_inner width=\u00bb1\/2&#8243;][qode_content_slider enable_drag=\u00bbyes\u00bb][\/qode_content_slider][\/vc_column_inner][vc_column_inner width=\u00bb1\/2&#8243;][qode_content_slider][\/qode_content_slider][\/vc_column_inner][\/vc_row_inner][\/vc_column][\/vc_row][vc_row css_animation=\u00bb\u00bb row_type=\u00bbrow\u00bb use_row_as_full_screen_section=\u00bbno\u00bb type=\u00bbfull_width\u00bb angled_section=\u00bbno\u00bb text_align=\u00bbleft\u00bb background_image_as_pattern=\u00bbwithout_pattern\u00bb z_index=\u00bb\u00bb background_image=\u00bb63&#8243;][vc_column offset=\u00bbvc_hidden-lg vc_hidden-md vc_hidden-sm vc_hidden-xs\u00bb][vc_empty_space height=\u00bb50px\u00bb][vc_row_inner row_type=\u00bbrow\u00bb type=\u00bbgrid\u00bb text_align=\u00bbleft\u00bb css_animation=\u00bb\u00bb][vc_column_inner width=\u00bb1\/2&#8243;][vc_column_text]<\/p>\n<h6>NO ES UN CAPRICHO, ES UNA VIDA.<\/h6>\n<p>[\/vc_column_text][vc_empty_space height=\u00bb15px\u00bb][vc_column_text]<\/p>\n<h2>Animales sin hogar. Ay\u00fadalos en Leales.org<\/h2>\n<p>[\/vc_column_text][vc_empty_space height=\u00bb30px\u00bb][vc_column_text]<\/p>\n<h5>Red Canaria de Animales sin Hogar.<\/h5>\n<p>[\/vc_column_text][vc_empty_space height=\u00bb15px\u00bb][vc_column_text]<\/p>\n<p style=\"text-align: justify;\">\u00bfHas perdido a tu mascota o necesitas ponerla en adopci\u00f3n? Rellena\u00a0el formulario en <strong><a href=\"https:\/\/leales.org\/item\/new\" target=\"_blank\" rel=\"noopener noreferrer\">Leales.org\/publicar <\/a><\/strong>y salva una vida. El abandono nunca ha sido una opci\u00f3n.<\/p>\n<p>[\/vc_column_text][vc_empty_space height=\u00bb15px\u00bb]<a  itemprop=\"url\" href=\"https:\/\/leales.org\/item\/new\" target=\"_self\"  class=\"qbutton  medium default\" style=\"\">Accede a Leales<\/a>[\/vc_column_inner][vc_column_inner width=\u00bb1\/2&#8243;][\/vc_column_inner][\/vc_row_inner][vc_empty_space height=\u00bb50px\u00bb][vc_row_inner row_type=\u00bbrow\u00bb type=\u00bbgrid\u00bb text_align=\u00bbleft\u00bb css_animation=\u00bb\u00bb][vc_column_inner][vc_empty_space height=\u00bb50px\u00bb][\/vc_column_inner][\/vc_row_inner][\/vc_column][\/vc_row][vc_row css_animation=\u00bb\u00bb row_type=\u00bbrow\u00bb use_row_as_full_screen_section=\u00bbno\u00bb type=\u00bbfull_width\u00bb angled_section=\u00bbno\u00bb text_align=\u00bbleft\u00bb background_image_as_pattern=\u00bbwithout_pattern\u00bb][vc_column][vc_row_inner row_type=\u00bbrow\u00bb type=\u00bbfull_width\u00bb text_align=\u00bbleft\u00bb css_animation=\u00bb\u00bb][vc_column_inner width=\u00bb1\/2&#8243; offset=\u00bbvc_hidden-sm vc_hidden-xs\u00bb][vc_empty_space][vc_column_text]<\/p>\n<h5>Webcam \u201cLOS LLANOS DE ARIDANE &#8211; Casco urbano\u00bb<\/h5>\n<p>[\/vc_column_text][vc_empty_space][vc_raw_html]JTNDcCUyMHN0eWxlJTNEJTIydGV4dC1hbGlnbiUzQSUyMGNlbnRlciUzQiUyMiUzRSUwQSUzQ2lmcmFtZSUyMGxvYWRpbmclM0QlMjJsYXp5JTIyJTIwc3JjJTNEJTIyaHR0cHMlM0ElMkYlMkZ3d3cuc2t5bGluZXdlYmNhbXMuY29tJTJGd2ViY2FtJTJGZXNwYW5hJTJGY2FuYXJpYXMlMkZzYW50YS1jcnV6LWRlLXRlbmVyaWZlJTJGbG9zLWxsYW5vcy1kZS1hcmlkYW5lLWxhLXBhbG1hLmh0bWwlM0Z3JTNENDMzOCUyMiUyMHdpZHRoJTNEJTIyNTAwJTIyJTIwaGVpZ2h0JTNEJTIyMzAwJTIyJTIwZnJhbWVib3JkZXIlM0QlMjIwJTIyJTIwc2Nyb2xsaW5nJTNEJTIybm8lMjIlMjBtYXJnaW53aWR0aCUzRCUyMjAlMjIlMjBtYXJnaW5oZWlnaHQlM0QlMjIwJTIyJTIwYWxsb3clM0RhdXRvcGxheSUyMGFsbG93ZnVsbHNjcmVlbiUyMHdlYmtpdGFsbG93ZnVsbHNjcmVlbiUyMG1vemFsbG93ZnVsbHNjcmVlbiUyMG9hbGxvd2Z1bGxzY3JlZW4lMjBtc2FsbG93ZnVsbHNjcmVlbiUzRSUzQyUyRmlmcmFtZSUzRSUwQSUzQyUyRnAlM0U=[\/vc_raw_html][\/vc_column_inner][vc_column_inner width=\u00bb1\/2&#8243; offset=\u00bbvc_hidden-sm vc_hidden-xs\u00bb][vc_empty_space][vc_column_text]<\/p>\n<h5>Webcam \u201cLOS LLANOS DE ARIDANE &#8211; Castillo de La Virgen 360&#8243;<\/h5>\n<p>[\/vc_column_text][vc_empty_space][vc_raw_html]JTNDcCUyMHN0eWxlJTNEJTIydGV4dC1hbGlnbiUzQSUyMGNlbnRlciUzQiUyMiUzRSUwQSUzQ2lmcmFtZSUyMGxvYWRpbmclM0QlMjJsYXp5JTIyJTIwc3JjJTNEJTIyaHR0cHMlM0ElMkYlMkZ3d3cuc2t5bGluZXdlYmNhbXMuY29tJTJGd2ViY2FtJTJGZXNwYW5hJTJGY2FuYXJpYXMlMkZzYW50YS1jcnV6LWRlLXRlbmVyaWZlJTJGbG9zLWxsYW5vcy1kZS1hcmlkYW5lLmh0bWwlM0Z3JTNENDMzNyUyMiUyMHdpZHRoJTNEJTIyNTAwJTIyJTIwaGVpZ2h0JTNEJTIyMzAwJTIyJTIwZnJhbWVib3JkZXIlM0QlMjIwJTIyJTIwc2Nyb2xsaW5nJTNEJTIybm8lMjIlMjBtYXJnaW53aWR0aCUzRCUyMjAlMjIlMjBtYXJnaW5oZWlnaHQlM0QlMjIwJTIyJTIwYWxsb3clM0RhdXRvcGxheSUyMGFsbG93ZnVsbHNjcmVlbiUyMHdlYmtpdGFsbG93ZnVsbHNjcmVlbiUyMG1vemFsbG93ZnVsbHNjcmVlbiUyMG9hbGxvd2Z1bGxzY3JlZW4lMjBtc2FsbG93ZnVsbHNjcmVlbiUzRSUzQyUyRmlmcmFtZSUzRSUwQSUzQyUyRnAlM0U=[\/vc_raw_html][\/vc_column_inner][\/vc_row_inner][\/vc_column][\/vc_row][vc_row css_animation=\u00bb\u00bb row_type=\u00bbrow\u00bb use_row_as_full_screen_section=\u00bbno\u00bb type=\u00bbfull_width\u00bb angled_section=\u00bbno\u00bb text_align=\u00bbleft\u00bb background_image_as_pattern=\u00bbwithout_pattern\u00bb z_index=\u00bb\u00bb][vc_column width=\u00bb2\/3&#8243;][vc_empty_space height=\u00bb50px\u00bb][vc_single_image image=\u00bb2754&#8243; img_size=\u00bbfull\u00bb onclick=\u00bbcustom_link\u00bb img_link_target=\u00bb_blank\u00bb qode_css_animation=\u00bb\u00bb link=\u00bbhttps:\/\/volcan.lapalma.es\/pages\/visor\u00bb][\/vc_column][vc_column width=\u00bb1\/3&#8243; css=\u00bb.vc_custom_1695718683709{padding-top: 60px !important;padding-bottom: 50px !important;padding-left: 20px !important;}\u00bb][vc_empty_space height=\u00bb50px\u00bb]<a  itemprop=\"url\" href=\"https:\/\/volcan.lapalma.es\/pages\/visor\" target=\"_blank\"  class=\"qbutton  medium enlarge\" style=\"\">Actividad S\u00edsmica<i class=\"qode_icon_font_awesome fa fa-arrow-circle-o-right qode_button_icon_element\" style=\"color: #dd3333;\" ><\/i><\/a>[\/vc_column][\/vc_row][vc_row css_animation=\u00bb\u00bb row_type=\u00bbrow\u00bb use_row_as_full_screen_section=\u00bbno\u00bb type=\u00bbfull_width\u00bb angled_section=\u00bbno\u00bb text_align=\u00bbleft\u00bb background_image_as_pattern=\u00bbwithout_pattern\u00bb z_index=\u00bb\u00bb][vc_column][vc_row_inner row_type=\u00bbrow\u00bb type=\u00bbfull_width\u00bb text_align=\u00bbleft\u00bb css_animation=\u00bb\u00bb][vc_column_inner][vc_empty_space height=\u00bb50px\u00bb][vc_column_text]<\/p>\n<h2 style=\"text-align: center;\">M\u00e1s informaci\u00f3n<\/h2>\n<p>[\/vc_column_text][vc_empty_space height=\u00bb20px\u00bb][\/vc_column_inner][\/vc_row_inner][vc_row_inner row_type=\u00bbrow\u00bb type=\u00bbgrid\u00bb text_align=\u00bbleft\u00bb css_animation=\u00bb\u00bb][vc_column_inner width=\u00bb1\/4&#8243;][vc_empty_space height=\u00bb20px\u00bb]<div class=\"qode-banner qode-banner-va-center\"><a class=\"qode-banner-link\" href=\"https:\/\/guiaempresasaridane.com\/\" target=\"_blank\"><\/a><div class=\"qode-banner-image\"><img decoding=\"async\" itemprop=\"image\" src=\"https:\/\/www.aridane.org\/city\/wp-content\/uploads\/2023\/06\/fondo_empresas-1-scaled.jpg\" alt=\"\" \/><\/div><div class=\"qode-banner-content\"><div class=\"qode-banner-content-inner\"><div class=\"qode-banner-text-holder\">\n<h3 style=\"text-align: center;\">Gu\u00eda de Empresas<\/h3>\n<p style=\"text-align: center;\">Consultar<\/p>\n<\/div><\/div><\/div><\/div>[vc_empty_space height=\u00bb20px\u00bb][\/vc_column_inner][vc_column_inner width=\u00bb1\/4&#8243;][vc_empty_space height=\u00bb20px\u00bb]<div class=\"qode-banner qode-banner-va-center\"><a class=\"qode-banner-link\" href=\"https:\/\/aridane.org\/city\/municipio\/promocion-deportiva\/\" target=\"_self\"><\/a><div class=\"qode-banner-image\"><img decoding=\"async\" itemprop=\"image\" src=\"https:\/\/www.aridane.org\/city\/wp-content\/uploads\/2023\/06\/llanotesa_1.png\" alt=\"\" \/><\/div><div class=\"qode-banner-content\"><div class=\"qode-banner-content-inner\"><div class=\"qode-banner-text-holder\">\n<h3 style=\"text-align: center;\">Promoci\u00f3n Deportiva<\/h3>\n<p style=\"text-align: center;\">Todos los deportes<\/p>\n<\/div><\/div><\/div><\/div>[vc_empty_space height=\u00bb20px\u00bb][\/vc_column_inner][vc_column_inner width=\u00bb1\/4&#8243;][vc_empty_space height=\u00bb20px\u00bb]<div class=\"qode-banner qode-banner-va-center\"><a class=\"qode-banner-link\" href=\"https:\/\/aridane.org\/city\/servicios-sociales\/\" target=\"_self\"><\/a><div class=\"qode-banner-image\"><img decoding=\"async\" itemprop=\"image\" src=\"https:\/\/www.aridane.org\/city\/wp-content\/uploads\/2023\/06\/webslide.jpg\" alt=\"\" \/><\/div><div class=\"qode-banner-content\"><div class=\"qode-banner-content-inner\"><div class=\"qode-banner-text-holder\">\n<h3 style=\"text-align: center;\">Servicios Sociales<\/h3>\n<p style=\"text-align: center;\">Con\u00f3celos<\/p>\n<\/div><\/div><\/div><\/div>[vc_empty_space height=\u00bb20px\u00bb][\/vc_column_inner][vc_column_inner width=\u00bb1\/4&#8243;][vc_empty_space height=\u00bb20px\u00bb]<div class=\"qode-banner qode-banner-va-center\"><a class=\"qode-banner-link\" href=\"https:\/\/www.lapalmasmartisland.es\/\" target=\"_blank\"><\/a><div class=\"qode-banner-image\"><img decoding=\"async\" itemprop=\"image\" src=\"https:\/\/www.aridane.org\/city\/wp-content\/uploads\/2023\/09\/lapalmasmartisland-1.jpg\" alt=\"\" \/><\/div><div class=\"qode-banner-content\"><div class=\"qode-banner-content-inner\"><div class=\"qode-banner-text-holder\"><\/div><\/div><\/div><\/div>[vc_empty_space height=\u00bb20px\u00bb][\/vc_column_inner][\/vc_row_inner][vc_empty_space height=\u00bb50px\u00bb][\/vc_column][\/vc_row][vc_row css_animation=\u00bb\u00bb row_type=\u00bbrow\u00bb use_row_as_full_screen_section=\u00bbno\u00bb type=\u00bbfull_width\u00bb angled_section=\u00bbno\u00bb text_align=\u00bbleft\u00bb background_image_as_pattern=\u00bbwithout_pattern\u00bb][vc_column][\/vc_column][\/vc_row]<\/p>\n<\/section>","protected":false},"excerpt":{"rendered":"<p>[vc_row css_animation=\u00bb\u00bb row_type=\u00bbrow\u00bb use_row_as_full_screen_section=\u00bbno\u00bb type=\u00bbfull_width\u00bb angled_section=\u00bbno\u00bb text_align=\u00bbleft\u00bb background_image_as_pattern=\u00bbwithout_pattern\u00bb z_index=\u00bb\u00bb][vc_column][vc_single_image image=\u00bb5024&#8243; img_size=\u00bbfull\u00bb alignment=\u00bbcenter\u00bb onclick=\u00bbcustom_link\u00bb img_link_target=\u00bb_blank\u00bb qode_css_animation=\u00bb\u00bb qode_hover_animation=\u00bbzoom_in\u00bb link=\u00bbhttps:\/\/drive.google.com\/drive\/folders\/1MlwHJf5NJCUy7MPDKoM8K9EMwWhi0qH6?usp=drive_link\u00bb css=\u00bb.vc_custom_1771857182442{margin-bottom: 10px !important;}\u00bb][vc_single_image image=\u00bb4604&#8243; img_size=\u00bbfull\u00bb alignment=\u00bbcenter\u00bb onclick=\u00bbcustom_link\u00bb img_link_target=\u00bb_blank\u00bb qode_css_animation=\u00bb\u00bb qode_hover_animation=\u00bbzoom_in\u00bb link=\u00bbhttps:\/\/experience.arcgis.com\/experience\/c225e3e68dba40fc86084bd8ef805990&#8243; css=\u00bb.vc_custom_1769436726130{margin-bottom: 10px !important;}\u00bb el_class=\u00bbrecuperacion-vias\u00bb][vc_row_inner row_type=\u00bbrow\u00bb type=\u00bbgrid\u00bb text_align=\u00bbleft\u00bb css_animation=\u00bb\u00bb][vc_column_inner width=\u00bb1\/3&#8243;][vc_empty_space height=\u00bb20px\u00bb][vc_empty_space height=\u00bb20px\u00bb][\/vc_column_inner][vc_column_inner width=\u00bb1\/3&#8243;][vc_empty_space height=\u00bb20px\u00bb][vc_empty_space height=\u00bb20px\u00bb][\/vc_column_inner][vc_column_inner width=\u00bb1\/3&#8243;][vc_empty_space height=\u00bb20px\u00bb][vc_empty_space height=\u00bb20px\u00bb][\/vc_column_inner][\/vc_row_inner][vc_row_inner&#8230;<\/p>\n","protected":false},"author":1,"featured_media":0,"parent":0,"menu_order":0,"comment_status":"closed","ping_status":"closed","template":"","meta":{"footnotes":""},"class_list":["post-19","page","type-page","status-publish","hentry"],"yoast_head":"<!-- This site is optimized with the Yoast SEO plugin v22.7 - https:\/\/yoast.com\/wordpress\/plugins\/seo\/ -->\n<title>Inicio - Ayuntamiento de Los Llanos de Aridane<\/title>\n<meta name=\"description\" content=\"Accede a los servicios y tr\u00e1mites de las distintas \u00e1reas del Ayuntamiento de Los Llanos de Aridane. \u00a1Con\u00f3ce la gesti\u00f3n de tu instituci\u00f3n!\" \/>\n<meta name=\"robots\" content=\"index, follow, max-snippet:-1, max-image-preview:large, max-video-preview:-1\" \/>\n<link rel=\"canonical\" href=\"https:\/\/www.aridane.org\/city\/\" \/>\n<meta property=\"og:locale\" content=\"es_ES\" \/>\n<meta property=\"og:type\" content=\"article\" \/>\n<meta property=\"og:title\" content=\"Inicio - Ayuntamiento de Los Llanos de Aridane\" \/>\n<meta property=\"og:description\" content=\"Accede a los servicios y tr\u00e1mites de las distintas \u00e1reas del Ayuntamiento de Los Llanos de Aridane. \u00a1Con\u00f3ce la gesti\u00f3n de tu instituci\u00f3n!\" \/>\n<meta property=\"og:url\" content=\"https:\/\/www.aridane.org\/city\/\" \/>\n<meta property=\"og:site_name\" content=\"Ayuntamiento de Los Llanos de Aridane\" \/>\n<meta property=\"article:modified_time\" content=\"2026-03-12T13:59:02+00:00\" \/>\n<meta property=\"og:image\" content=\"https:\/\/www.aridane.org\/city\/wp-content\/uploads\/2026\/03\/votacion-c-carnaval-2027-300x200.jpeg\" \/>\n<meta name=\"twitter:card\" content=\"summary_large_image\" \/>\n<meta name=\"twitter:label1\" content=\"Tiempo de lectura\" \/>\n\t<meta name=\"twitter:data1\" content=\"7 minutos\" \/>\n<script type=\"application\/ld+json\" class=\"yoast-schema-graph\">{\"@context\":\"https:\/\/schema.org\",\"@graph\":[{\"@type\":\"WebPage\",\"@id\":\"https:\/\/www.aridane.org\/city\/\",\"url\":\"https:\/\/www.aridane.org\/city\/\",\"name\":\"Inicio - Ayuntamiento de Los Llanos de Aridane\",\"isPartOf\":{\"@id\":\"https:\/\/www.aridane.org\/city\/#website\"},\"primaryImageOfPage\":{\"@id\":\"https:\/\/www.aridane.org\/city\/#primaryimage\"},\"image\":{\"@id\":\"https:\/\/www.aridane.org\/city\/#primaryimage\"},\"thumbnailUrl\":\"https:\/\/www.aridane.org\/city\/wp-content\/uploads\/2026\/03\/votacion-c-carnaval-2027-300x200.jpeg\",\"datePublished\":\"2020-04-10T11:12:14+00:00\",\"dateModified\":\"2026-03-12T13:59:02+00:00\",\"description\":\"Accede a los servicios y tr\u00e1mites de las distintas \u00e1reas del Ayuntamiento de Los Llanos de Aridane. \u00a1Con\u00f3ce la gesti\u00f3n de tu instituci\u00f3n!\",\"breadcrumb\":{\"@id\":\"https:\/\/www.aridane.org\/city\/#breadcrumb\"},\"inLanguage\":\"es\",\"potentialAction\":[{\"@type\":\"ReadAction\",\"target\":[\"https:\/\/www.aridane.org\/city\/\"]}]},{\"@type\":\"ImageObject\",\"inLanguage\":\"es\",\"@id\":\"https:\/\/www.aridane.org\/city\/#primaryimage\",\"url\":\"https:\/\/www.aridane.org\/city\/wp-content\/uploads\/2026\/03\/votacion-c-carnaval-2027.jpeg\",\"contentUrl\":\"https:\/\/www.aridane.org\/city\/wp-content\/uploads\/2026\/03\/votacion-c-carnaval-2027.jpeg\",\"width\":1536,\"height\":1024},{\"@type\":\"BreadcrumbList\",\"@id\":\"https:\/\/www.aridane.org\/city\/#breadcrumb\",\"itemListElement\":[{\"@type\":\"ListItem\",\"position\":1,\"name\":\"Portada\",\"item\":\"https:\/\/www.aridane.org\/city\/\"},{\"@type\":\"ListItem\",\"position\":2,\"name\":\"Inicio\"}]},{\"@type\":\"WebSite\",\"@id\":\"https:\/\/www.aridane.org\/city\/#website\",\"url\":\"https:\/\/www.aridane.org\/city\/\",\"name\":\"Ayuntamiento de Los Llanos de Aridane\",\"description\":\"\",\"potentialAction\":[{\"@type\":\"SearchAction\",\"target\":{\"@type\":\"EntryPoint\",\"urlTemplate\":\"https:\/\/www.aridane.org\/city\/?s={search_term_string}\"},\"query-input\":\"required name=search_term_string\"}],\"inLanguage\":\"es\"}]}<\/script>\n<!-- \/ Yoast SEO plugin. -->","yoast_head_json":{"title":"Inicio - Ayuntamiento de Los Llanos de Aridane","description":"Accede a los servicios y tr\u00e1mites de las distintas \u00e1reas del Ayuntamiento de Los Llanos de Aridane. \u00a1Con\u00f3ce la gesti\u00f3n de tu instituci\u00f3n!","robots":{"index":"index","follow":"follow","max-snippet":"max-snippet:-1","max-image-preview":"max-image-preview:large","max-video-preview":"max-video-preview:-1"},"canonical":"https:\/\/www.aridane.org\/city\/","og_locale":"es_ES","og_type":"article","og_title":"Inicio - Ayuntamiento de Los Llanos de Aridane","og_description":"Accede a los servicios y tr\u00e1mites de las distintas \u00e1reas del Ayuntamiento de Los Llanos de Aridane. \u00a1Con\u00f3ce la gesti\u00f3n de tu instituci\u00f3n!","og_url":"https:\/\/www.aridane.org\/city\/","og_site_name":"Ayuntamiento de Los Llanos de Aridane","article_modified_time":"2026-03-12T13:59:02+00:00","og_image":[{"url":"https:\/\/www.aridane.org\/city\/wp-content\/uploads\/2026\/03\/votacion-c-carnaval-2027-300x200.jpeg"}],"twitter_card":"summary_large_image","twitter_misc":{"Tiempo de lectura":"7 minutos"},"schema":{"@context":"https:\/\/schema.org","@graph":[{"@type":"WebPage","@id":"https:\/\/www.aridane.org\/city\/","url":"https:\/\/www.aridane.org\/city\/","name":"Inicio - Ayuntamiento de Los Llanos de Aridane","isPartOf":{"@id":"https:\/\/www.aridane.org\/city\/#website"},"primaryImageOfPage":{"@id":"https:\/\/www.aridane.org\/city\/#primaryimage"},"image":{"@id":"https:\/\/www.aridane.org\/city\/#primaryimage"},"thumbnailUrl":"https:\/\/www.aridane.org\/city\/wp-content\/uploads\/2026\/03\/votacion-c-carnaval-2027-300x200.jpeg","datePublished":"2020-04-10T11:12:14+00:00","dateModified":"2026-03-12T13:59:02+00:00","description":"Accede a los servicios y tr\u00e1mites de las distintas \u00e1reas del Ayuntamiento de Los Llanos de Aridane. \u00a1Con\u00f3ce la gesti\u00f3n de tu instituci\u00f3n!","breadcrumb":{"@id":"https:\/\/www.aridane.org\/city\/#breadcrumb"},"inLanguage":"es","potentialAction":[{"@type":"ReadAction","target":["https:\/\/www.aridane.org\/city\/"]}]},{"@type":"ImageObject","inLanguage":"es","@id":"https:\/\/www.aridane.org\/city\/#primaryimage","url":"https:\/\/www.aridane.org\/city\/wp-content\/uploads\/2026\/03\/votacion-c-carnaval-2027.jpeg","contentUrl":"https:\/\/www.aridane.org\/city\/wp-content\/uploads\/2026\/03\/votacion-c-carnaval-2027.jpeg","width":1536,"height":1024},{"@type":"BreadcrumbList","@id":"https:\/\/www.aridane.org\/city\/#breadcrumb","itemListElement":[{"@type":"ListItem","position":1,"name":"Portada","item":"https:\/\/www.aridane.org\/city\/"},{"@type":"ListItem","position":2,"name":"Inicio"}]},{"@type":"WebSite","@id":"https:\/\/www.aridane.org\/city\/#website","url":"https:\/\/www.aridane.org\/city\/","name":"Ayuntamiento de Los Llanos de Aridane","description":"","potentialAction":[{"@type":"SearchAction","target":{"@type":"EntryPoint","urlTemplate":"https:\/\/www.aridane.org\/city\/?s={search_term_string}"},"query-input":"required name=search_term_string"}],"inLanguage":"es"}]}},"_links":{"self":[{"href":"https:\/\/www.aridane.org\/city\/wp-json\/wp\/v2\/pages\/19","targetHints":{"allow":["GET"]}}],"collection":[{"href":"https:\/\/www.aridane.org\/city\/wp-json\/wp\/v2\/pages"}],"about":[{"href":"https:\/\/www.aridane.org\/city\/wp-json\/wp\/v2\/types\/page"}],"author":[{"embeddable":true,"href":"https:\/\/www.aridane.org\/city\/wp-json\/wp\/v2\/users\/1"}],"replies":[{"embeddable":true,"href":"https:\/\/www.aridane.org\/city\/wp-json\/wp\/v2\/comments?post=19"}],"version-history":[{"count":107,"href":"https:\/\/www.aridane.org\/city\/wp-json\/wp\/v2\/pages\/19\/revisions"}],"predecessor-version":[{"id":5033,"href":"https:\/\/www.aridane.org\/city\/wp-json\/wp\/v2\/pages\/19\/revisions\/5033"}],"wp:attachment":[{"href":"https:\/\/www.aridane.org\/city\/wp-json\/wp\/v2\/media?parent=19"}],"curies":[{"name":"wp","href":"https:\/\/api.w.org\/{rel}","templated":true}]}}