{"id":23,"date":"2020-04-09T12:12:46","date_gmt":"2020-04-09T11:12:46","guid":{"rendered":"https:\/\/aridane.org\/ciudad\/?page_id=23"},"modified":"2025-07-15T12:13:39","modified_gmt":"2025-07-15T12:13:39","slug":"contacto","status":"publish","type":"page","link":"https:\/\/www.aridane.org\/city\/contacto\/","title":{"rendered":"Contacto"},"content":{"rendered":"<section class=\"wpb-content-wrapper\"><p>[vc_row css_animation=\u00bb\u00bb row_type=\u00bbrow\u00bb use_row_as_full_screen_section=\u00bbno\u00bb type=\u00bbfull_width\u00bb angled_section=\u00bbno\u00bb text_align=\u00bbleft\u00bb background_image_as_pattern=\u00bbwithout_pattern\u00bb z_index=\u00bb\u00bb background_image=\u00bb2069&#8243;][vc_column][vc_row_inner row_type=\u00bbrow\u00bb type=\u00bbfull_width\u00bb text_align=\u00bbleft\u00bb css_animation=\u00bb\u00bb][vc_column_inner][vc_empty_space height=\u00bb100px\u00bb][vc_column_text]<\/p>\n<h1 style=\"text-align: center;\"><span style=\"color: #ffffff;\">Contacto<\/span><\/h1>\n<p>[\/vc_column_text][vc_empty_space height=\u00bb15px\u00bb][vc_column_text]<\/p>\n<p style=\"text-align: center;\"><span style=\"color: #ffffff;\">Estamos para ayudarle.<\/span><\/p>\n<p>[\/vc_column_text][vc_empty_space height=\u00bb100px\u00bb][\/vc_column_inner][\/vc_row_inner][\/vc_column][\/vc_row][vc_row css_animation=\u00bb\u00bb row_type=\u00bbrow\u00bb use_row_as_full_screen_section=\u00bbno\u00bb type=\u00bbgrid\u00bb angled_section=\u00bbno\u00bb text_align=\u00bbleft\u00bb background_image_as_pattern=\u00bbwithout_pattern\u00bb z_index=\u00bb\u00bb background_image=\u00bb378&#8243;][vc_column][vc_row_inner row_type=\u00bbrow\u00bb type=\u00bbfull_width\u00bb text_align=\u00bbleft\u00bb css_animation=\u00bb\u00bb][vc_column_inner width=\u00bb2\/3&#8243;][vc_empty_space height=\u00bb40px\u00bb][vc_column_text]<\/p>\n<h3>Atenci\u00f3n telef\u00f3nica<\/h3>\n<p>[\/vc_column_text][vc_empty_space height=\u00bb20px\u00bb][vc_column_text]<\/p>\n<h2><a href=\"tel:+34922460111\">922 460 111<\/a><\/h2>\n<p>[\/vc_column_text][vc_empty_space height=\u00bb20px\u00bb][vc_column_text]<\/p>\n<table class=\"extension-table\">\n<thead>\n<tr>\n<th class=\"table-header\">Extensi\u00f3n<\/th>\n<th class=\"table-header\">Nombre<\/th>\n<\/tr>\n<\/thead>\n<tbody>\n<tr>\n<td class=\"table-cell bold\">200<\/td>\n<td class=\"table-cell\">Centralita<\/td>\n<\/tr>\n<tr>\n<td class=\"table-cell-2 bold\">201<\/td>\n<td class=\"table-cell-2\">Archivo Municipal<\/td>\n<\/tr>\n<tr>\n<td class=\"table-cell bold\">202 \/ 203 \/ 204 \/ 205<\/td>\n<td class=\"table-cell\">Oficina de registro<\/td>\n<\/tr>\n<tr>\n<td class=\"table-cell-2 bold\">208 \/ 210 \/ 211<\/td>\n<td class=\"table-cell-2\">Recaudaci\u00f3n<\/td>\n<\/tr>\n<tr>\n<td class=\"table-cell bold\">213<\/td>\n<td class=\"table-cell\">Padr\u00f3n de habitantes<\/td>\n<\/tr>\n<tr>\n<td class=\"table-cell-2 bold\">220<\/td>\n<td class=\"table-cell-2\">Intervenci\u00f3n<\/td>\n<\/tr>\n<tr>\n<td class=\"table-cell bold\">226<\/td>\n<td class=\"table-cell\">Catastro<\/td>\n<\/tr>\n<tr>\n<td class=\"table-cell-2 bold\">232<\/td>\n<td class=\"table-cell-2\">Secretar\u00eda<\/td>\n<\/tr>\n<tr>\n<td class=\"table-cell bold\">237<\/td>\n<td class=\"table-cell\">Deportes<\/td>\n<\/tr>\n<tr>\n<td class=\"table-cell-2 bold\">246<\/td>\n<td class=\"table-cell-2\">Fiestas<\/td>\n<\/tr>\n<tr>\n<td class=\"table-cell bold\">251<\/td>\n<td class=\"table-cell\">Alcald\u00eda<\/td>\n<\/tr>\n<tr>\n<td class=\"table-cell-2 bold\">254 \/ 257 \/ 263 \/ 264<\/td>\n<td class=\"table-cell-2\">Recursos Humanos<\/td>\n<\/tr>\n<tr>\n<td class=\"table-cell bold\">260 \/ 261<\/td>\n<td class=\"table-cell\">Desarrollo Local<\/td>\n<\/tr>\n<tr>\n<td class=\"table-cell-2 bold\">270<\/td>\n<td class=\"table-cell-2\">Urbanismo<\/td>\n<\/tr>\n<tr>\n<td class=\"table-cell bold\">273<\/td>\n<td class=\"table-cell\">Infraestructuras<\/td>\n<\/tr>\n<tr>\n<td class=\"table-cell-2 bold\">279<\/td>\n<td class=\"table-cell-2\">Cultura<\/td>\n<\/tr>\n<tr>\n<td class=\"table-cell bold\">282<\/td>\n<td class=\"table-cell\">Juventud<\/td>\n<\/tr>\n<tr>\n<td class=\"table-cell-2 bold\">284<\/td>\n<td class=\"table-cell-2\">Biblioteca<\/td>\n<\/tr>\n<tr>\n<td class=\"table-cell bold\">285<\/td>\n<td class=\"table-cell\">Turismo<\/td>\n<\/tr>\n<tr>\n<td class=\"table-cell-2 bold\">2004 \/ 2002<\/td>\n<td class=\"table-cell-2\">Servicios Sociales<\/td>\n<\/tr>\n<tr>\n<td class=\"table-cell bold\">3014<\/td>\n<td class=\"table-cell\">Menores<\/td>\n<\/tr>\n<tr>\n<td class=\"table-cell-2 bold\">501<\/td>\n<td class=\"table-cell-2\">Museo del Vino<\/td>\n<\/tr>\n<tr>\n<td class=\"table-cell bold\">701<\/td>\n<td class=\"table-cell\">Servicio de d\u00eda de menores<\/td>\n<\/tr>\n<tr>\n<td class=\"table-cell-2 bold\">702<\/td>\n<td class=\"table-cell-2\">Banco de alimentos<\/td>\n<\/tr>\n<tr>\n<td class=\"table-cell bold\">101<\/td>\n<td class=\"table-cell\">Polic\u00eda local<\/td>\n<\/tr>\n<tr>\n<td class=\"table-cell-2 bold\">801<\/td>\n<td class=\"table-cell-2\">Protecci\u00f3n Civil<\/td>\n<\/tr>\n<tr>\n<td class=\"table-cell bold\">117<\/td>\n<td class=\"table-cell\">Oficina de Consumo<\/td>\n<\/tr>\n<tr>\n<td class=\"table-cell-2 bold\">602<\/td>\n<td class=\"table-cell-2\">Escuela Infantil<\/td>\n<\/tr>\n<\/tbody>\n<\/table>\n<p>[\/vc_column_text][vc_empty_space height=\u00bb20px\u00bb][\/vc_column_inner][vc_column_inner width=\u00bb1\/3&#8243;][vc_empty_space height=\u00bb40px\u00bb][vc_column_text]<\/p>\n<h3>Tr\u00e1mites electr\u00f3nicos m\u00e1s frecuentes<\/h3>\n<p>[\/vc_column_text][vc_empty_space height=\u00bb20px\u00bb][vc_column_text]<\/p>\n<ul>\n<li><a href=\"https:\/\/eadmin.aridane.org\/acceso\/entrada?ReturnUrl=%2fprivate%2feconomica%2fre%2fpago%2fPagoDeTributos.aspx\" target=\"_blank\" rel=\"noopener noreferrer\">Pago de tributos.<\/a><\/li>\n<li><a href=\"https:\/\/eadmin.aridane.org\/acceso\/entrada?ReturnUrl=%2fcarpeta%2fhabitantes%2fcertificados\" target=\"_blank\" rel=\"noopener noreferrer\">Solicitud de certificado de viaje.<\/a><\/li>\n<li><a href=\"https:\/\/eadmin.aridane.org\/publico\/procedimiento\/W_PH06\" target=\"_blank\" rel=\"noopener noreferrer\">Solicitud de certificado de empadronamiento.<\/a><\/li>\n<\/ul>\n<p>[\/vc_column_text][vc_empty_space height=\u00bb20px\u00bb]<a  itemprop=\"url\" href=\"https:\/\/eadmin.aridane.org\/\" target=\"_blank\" data-hover-border-color='#0a0a0a' data-hover-color='#ffffff' class=\"qbutton  medium center enlarge\" style=\"color: #000000; border-color: #0a0a0a; \">Ir a la Sede Electr\u00f3nica<\/a>[vc_empty_space height=\u00bb20px\u00bb][vc_column_text]<\/p>\n<h2>Contacto eventos<\/h2>\n<p><a href=\"mailto:protocolo@aridane.org\"><i class=\"fas fa-envelope\"><\/i> protocolo@aridane.org<\/a>[\/vc_column_text][vc_empty_space height=\u00bb20px\u00bb][vc_separator type=\u00bbnormal\u00bb][vc_column_text]<\/p>\n<div style=\"text-align: center;\">\n<h2 style=\"font-weight: bold; font-size: 18px; margin: 0px; text-align: left;\">HORARIO DE ATENCI\u00d3N<\/h2>\n<p style=\"margin: 0px; text-align: left;\"><strong>RECAUDACI\u00d3N<\/strong><\/p>\n<p style=\"margin-bottom: 1em; text-align: left;\">LUNES A VIERNES 08:00 a 14:00<\/p>\n<p style=\"text-align: left;\">\n<\/div>\n<h4 style=\"text-align: left;\"><strong>\u2022\u00a0JUNIO\u2013SEPTIEMBRE<\/strong><\/h4>\n<blockquote>\n<p style=\"text-align: left;\"><em>LUNES A VIERNES<\/em><br \/>\n8:30\u201313:00<\/p>\n<\/blockquote>\n<p>&nbsp;<\/p>\n<h4 style=\"text-align: left;\"><strong>\u2022\u00a0DICIEMBRE<\/strong><\/h4>\n<blockquote>\n<p style=\"text-align: left;\"><em>LUNES A JUEVES<\/em><br \/>\n8:00\u201314:00 Y 17:00\u201319:00<\/p>\n<\/blockquote>\n<p>[\/vc_column_text][vc_separator type=\u00bbnormal\u00bb][\/vc_column_inner][\/vc_row_inner][vc_row_inner row_type=\u00bbrow\u00bb type=\u00bbfull_width\u00bb text_align=\u00bbleft\u00bb css_animation=\u00bb\u00bb][vc_column_inner width=\u00bb2\/3&#8243;][vc_empty_space height=\u00bb20px\u00bb][vc_column_text]<\/p>\n<h3>Rellena el formulario<\/h3>\n<p>[\/vc_column_text][vc_empty_space height=\u00bb20px\u00bb]\n<div class=\"wpcf7 no-js\" id=\"wpcf7-f2151-o1\" lang=\"es-ES\" dir=\"ltr\" data-wpcf7-id=\"2151\">\n<div class=\"screen-reader-response\"><p role=\"status\" aria-live=\"polite\" aria-atomic=\"true\"><\/p> <ul><\/ul><\/div>\n<form action=\"\/city\/wp-json\/wp\/v2\/pages\/23#wpcf7-f2151-o1\" method=\"post\" class=\"wpcf7-form init cf7_custom_style_1\" aria-label=\"Formulario de contacto\" novalidate=\"novalidate\" data-status=\"init\">\n<fieldset class=\"hidden-fields-container\"><input type=\"hidden\" name=\"_wpcf7\" value=\"2151\" \/><input type=\"hidden\" name=\"_wpcf7_version\" value=\"6.1\" \/><input type=\"hidden\" name=\"_wpcf7_locale\" value=\"es_ES\" \/><input type=\"hidden\" name=\"_wpcf7_unit_tag\" value=\"wpcf7-f2151-o1\" \/><input type=\"hidden\" name=\"_wpcf7_container_post\" value=\"0\" \/><input type=\"hidden\" name=\"_wpcf7_posted_data_hash\" value=\"\" \/>\n<\/fieldset>\n<p><label> Nombre (Requerido)<br \/>\n<span class=\"wpcf7-form-control-wrap\" data-name=\"your-name\"><input size=\"40\" maxlength=\"400\" class=\"wpcf7-form-control wpcf7-text wpcf7-validates-as-required\" autocomplete=\"name\" aria-required=\"true\" aria-invalid=\"false\" value=\"\" type=\"text\" name=\"your-name\" \/><\/span> <\/label>\n<\/p>\n<p><label> Email (Requerido)<br \/>\n<span class=\"wpcf7-form-control-wrap\" data-name=\"your-email\"><input size=\"40\" maxlength=\"400\" class=\"wpcf7-form-control wpcf7-email wpcf7-validates-as-required wpcf7-text wpcf7-validates-as-email\" autocomplete=\"email\" aria-required=\"true\" aria-invalid=\"false\" value=\"\" type=\"email\" name=\"your-email\" \/><\/span> <\/label>\n<\/p>\n<p><label> Asunto (Requerido)<br \/>\n<span class=\"wpcf7-form-control-wrap\" data-name=\"your-subject\"><input size=\"40\" maxlength=\"400\" class=\"wpcf7-form-control wpcf7-text wpcf7-validates-as-required\" aria-required=\"true\" aria-invalid=\"false\" value=\"\" type=\"text\" name=\"your-subject\" \/><\/span> <\/label>\n<\/p>\n<p><label> Mensaje<br \/>\n<span class=\"wpcf7-form-control-wrap\" data-name=\"your-message\"><textarea cols=\"40\" rows=\"10\" maxlength=\"2000\" class=\"wpcf7-form-control wpcf7-textarea\" aria-invalid=\"false\" name=\"your-message\"><\/textarea><\/span> <\/label>\n<\/p>\n<p><span class=\"wpcf7-form-control-wrap\" data-name=\"acceptance_as_validation\"><span class=\"wpcf7-form-control wpcf7-acceptance\"><span class=\"wpcf7-list-item\"><label><input type=\"checkbox\" name=\"acceptance_as_validation\" value=\"1\" aria-invalid=\"false\" \/><span class=\"wpcf7-list-item-label\">Acepto la <a href=\" https:\/\/aridane.org\/city\/politica-privacidad\/\/\"target=\"_self\">Pol\u00edtica de Privacidad <\/a><\/span><\/label><\/span><\/span><\/span>\n<\/p>\n<p><input class=\"wpcf7-form-control wpcf7-submit has-spinner\" type=\"submit\" value=\"Enviar\" \/>\n<\/p><div class=\"wpcf7-response-output\" aria-hidden=\"true\"><\/div>\n<\/form>\n<\/div>\n[vc_empty_space height=\u00bb20px\u00bb][\/vc_column_inner][vc_column_inner width=\u00bb1\/3&#8243;][vc_empty_space height=\u00bb20px\u00bb][vc_column_text]<\/p>\n<h3>Direcci\u00f3n<\/h3>\n<p>[\/vc_column_text][vc_empty_space height=\u00bb20px\u00bb][vc_column_text]Plaza de Espa\u00f1a \u00b7 S\/N<\/p>\n<p>38760 \u00b7 Los Llanos de Aridane<\/p>\n<p>Islas Canarias \u00b7 Espa\u00f1a<\/p>\n<p>informacion@aridane.org<\/p>\n<p><a href=\"tel:+34922460111\">(+34) 922 460 111<\/a>[\/vc_column_text][vc_empty_space height=\u00bb20px\u00bb][vc_column_text]<\/p>\n<h3>Redes Sociales<\/h3>\n<p>[\/vc_column_text][vc_empty_space height=\u00bb20px\u00bb]<span class='q_social_icon_holder square_social' data-color=#ffffff data-hover-background-color=#1877f2 data-hover-color=#ffffff><a itemprop='url' href='https:\/\/www.facebook.com\/AyuntamientoLlanosAridane' target='_blank'><span class='fa-stack fa-lg' style='background-color: #b5b5b5;'><i class=\"qode_icon_font_awesome fa fa-facebook \" style=\"color: #ffffff;\" ><\/i><\/span><\/a><\/span><span class='q_social_icon_holder square_social' data-color=#ffffff data-hover-background-color=#1da1f2 data-hover-color=#ffffff><a itemprop='url' href='https:\/\/twitter.com\/aridane_org' target='_blank'><span class='fa-stack fa-lg' style='background-color: #b5b5b5;'><i class=\"qode_icon_font_awesome fa fa-twitter \" style=\"color: #ffffff;\" ><\/i><\/span><\/a><\/span><span class='q_social_icon_holder square_social' data-color=#ffffff data-hover-background-color=#e1306c data-hover-color=#ffffff><a itemprop='url' href='https:\/\/www.instagram.com\/ayuntamientolosllanosdearidane\/' target='_blank'><span class='fa-stack fa-lg' style='background-color: #b5b5b5;'><i class=\"qode_icon_font_awesome fa fa-instagram \" style=\"color: #ffffff;\" ><\/i><\/span><\/a><\/span>[vc_empty_space height=\u00bb20px\u00bb][\/vc_column_inner][\/vc_row_inner][\/vc_column][\/vc_row][vc_row css_animation=\u00bb\u00bb row_type=\u00bbrow\u00bb use_row_as_full_screen_section=\u00bbno\u00bb type=\u00bbfull_width\u00bb angled_section=\u00bbno\u00bb text_align=\u00bbleft\u00bb background_image_as_pattern=\u00bbwithout_pattern\u00bb][vc_column][vc_gmaps link=\u00bb#E-8_JTNDaWZyYW1lJTIwc3JjJTNEJTIyaHR0cHMlM0ElMkYlMkZ3d3cuZ29vZ2xlLmNvbSUyRm1hcHMlMkZlbWJlZCUzRnBiJTNEJTIxMW0xOCUyMTFtMTIlMjExbTMlMjExZDM1MDEuMDM1NTUzNzY2OTg2NiUyMTJkLTE3LjkxNTQwMDQ4NDg1NDg3NCUyMTNkMjguNjU4NjU0MDg5NjQ4ODclMjEybTMlMjExZjAlMjEyZjAlMjEzZjAlMjEzbTIlMjExaTEwMjQlMjEyaTc2OCUyMTRmMTMuMSUyMTNtMyUyMTFtMiUyMTFzMHhjNmJmM2RhYTZjNzg0ZTklMjUzQTB4ZjZjNzVmYTI4OTc3NDc4MiUyMTJzQXl1bnRhbWllbnRvJTI1MjBEZSUyNTIwTG9zJTI1MjBMbGFub3MlMjUyMERlJTI1MjBBcmlkYW5lJTIxNWUwJTIxM20yJTIxMXNlcyUyMTJzZXMlMjE0djE2MDM3MTc5MjM4ODglMjE1bTIlMjExc2VzJTIxMnNlcyUyMiUyMHdpZHRoJTNEJTIyNjAwJTIyJTIwaGVpZ2h0JTNEJTIyNDUwJTIyJTIwZnJhbWVib3JkZXIlM0QlMjIwJTIyJTIwc3R5bGUlM0QlMjJib3JkZXIlM0EwJTNCJTIyJTIwYWxsb3dmdWxsc2NyZWVuJTNEJTIyJTIyJTIwYXJpYS1oaWRkZW4lM0QlMjJmYWxzZSUyMiUyMHRhYmluZGV4JTNEJTIyMCUyMiUzRSUzQyUyRmlmcmFtZSUzRQ==\u00bb][\/vc_column][\/vc_row]<\/p>\n<\/section>","protected":false},"excerpt":{"rendered":"<p>[vc_row css_animation=\u00bb\u00bb row_type=\u00bbrow\u00bb use_row_as_full_screen_section=\u00bbno\u00bb type=\u00bbfull_width\u00bb angled_section=\u00bbno\u00bb text_align=\u00bbleft\u00bb background_image_as_pattern=\u00bbwithout_pattern\u00bb z_index=\u00bb\u00bb background_image=\u00bb2069&#8243;][vc_column][vc_row_inner row_type=\u00bbrow\u00bb type=\u00bbfull_width\u00bb text_align=\u00bbleft\u00bb css_animation=\u00bb\u00bb][vc_column_inner][vc_empty_space height=\u00bb100px\u00bb][vc_column_text] Contacto [\/vc_column_text][vc_empty_space height=\u00bb15px\u00bb][vc_column_text] Estamos para ayudarle. [\/vc_column_text][vc_empty_space height=\u00bb100px\u00bb][\/vc_column_inner][\/vc_row_inner][\/vc_column][\/vc_row][vc_row css_animation=\u00bb\u00bb row_type=\u00bbrow\u00bb use_row_as_full_screen_section=\u00bbno\u00bb type=\u00bbgrid\u00bb angled_section=\u00bbno\u00bb text_align=\u00bbleft\u00bb background_image_as_pattern=\u00bbwithout_pattern\u00bb z_index=\u00bb\u00bb background_image=\u00bb378&#8243;][vc_column][vc_row_inner row_type=\u00bbrow\u00bb type=\u00bbfull_width\u00bb text_align=\u00bbleft\u00bb css_animation=\u00bb\u00bb][vc_column_inner width=\u00bb2\/3&#8243;][vc_empty_space height=\u00bb40px\u00bb][vc_column_text] Atenci\u00f3n telef\u00f3nica [\/vc_column_text][vc_empty_space height=\u00bb20px\u00bb][vc_column_text] 922 460 111&#8230;<\/p>\n","protected":false},"author":1,"featured_media":0,"parent":0,"menu_order":0,"comment_status":"closed","ping_status":"closed","template":"full_width.php","meta":{"_acf_changed":false,"footnotes":""},"class_list":["post-23","page","type-page","status-publish","hentry"],"acf":[],"yoast_head":"<!-- This site is optimized with the Yoast SEO plugin v22.7 - https:\/\/yoast.com\/wordpress\/plugins\/seo\/ -->\n<title>Contacto - Ayuntamiento de Los Llanos de Aridane<\/title>\n<meta name=\"robots\" content=\"index, follow, max-snippet:-1, max-image-preview:large, max-video-preview:-1\" \/>\n<link rel=\"canonical\" href=\"https:\/\/www.aridane.org\/city\/contacto\/\" \/>\n<meta property=\"og:locale\" content=\"es_ES\" \/>\n<meta property=\"og:type\" content=\"article\" \/>\n<meta property=\"og:title\" content=\"Contacto - Ayuntamiento de Los Llanos de Aridane\" \/>\n<meta property=\"og:description\" content=\"[vc_row css_animation=\u00bb\u00bb row_type=\u00bbrow\u00bb use_row_as_full_screen_section=\u00bbno\u00bb type=\u00bbfull_width\u00bb angled_section=\u00bbno\u00bb text_align=\u00bbleft\u00bb background_image_as_pattern=\u00bbwithout_pattern\u00bb z_index=\u00bb\u00bb background_image=\u00bb2069&#8243;][vc_column][vc_row_inner row_type=\u00bbrow\u00bb type=\u00bbfull_width\u00bb text_align=\u00bbleft\u00bb css_animation=\u00bb\u00bb][vc_column_inner][vc_empty_space height=\u00bb100px\u00bb][vc_column_text] Contacto [\/vc_column_text][vc_empty_space height=\u00bb15px\u00bb][vc_column_text] Estamos para ayudarle. [\/vc_column_text][vc_empty_space height=\u00bb100px\u00bb][\/vc_column_inner][\/vc_row_inner][\/vc_column][\/vc_row][vc_row css_animation=\u00bb\u00bb row_type=\u00bbrow\u00bb use_row_as_full_screen_section=\u00bbno\u00bb type=\u00bbgrid\u00bb angled_section=\u00bbno\u00bb text_align=\u00bbleft\u00bb background_image_as_pattern=\u00bbwithout_pattern\u00bb z_index=\u00bb\u00bb background_image=\u00bb378&#8243;][vc_column][vc_row_inner row_type=\u00bbrow\u00bb type=\u00bbfull_width\u00bb text_align=\u00bbleft\u00bb css_animation=\u00bb\u00bb][vc_column_inner width=\u00bb2\/3&#8243;][vc_empty_space height=\u00bb40px\u00bb][vc_column_text] Atenci\u00f3n telef\u00f3nica [\/vc_column_text][vc_empty_space height=\u00bb20px\u00bb][vc_column_text] 922 460 111...\" \/>\n<meta property=\"og:url\" content=\"https:\/\/www.aridane.org\/city\/contacto\/\" \/>\n<meta property=\"og:site_name\" content=\"Ayuntamiento de Los Llanos de Aridane\" \/>\n<meta property=\"article:modified_time\" content=\"2025-07-15T12:13:39+00:00\" \/>\n<meta name=\"twitter:card\" content=\"summary_large_image\" \/>\n<meta name=\"twitter:label1\" content=\"Tiempo de lectura\" \/>\n\t<meta name=\"twitter:data1\" content=\"2 minutos\" \/>\n<script type=\"application\/ld+json\" class=\"yoast-schema-graph\">{\"@context\":\"https:\/\/schema.org\",\"@graph\":[{\"@type\":\"WebPage\",\"@id\":\"https:\/\/www.aridane.org\/city\/contacto\/\",\"url\":\"https:\/\/www.aridane.org\/city\/contacto\/\",\"name\":\"Contacto - Ayuntamiento de Los Llanos de Aridane\",\"isPartOf\":{\"@id\":\"https:\/\/www.aridane.org\/city\/#website\"},\"datePublished\":\"2020-04-09T11:12:46+00:00\",\"dateModified\":\"2025-07-15T12:13:39+00:00\",\"breadcrumb\":{\"@id\":\"https:\/\/www.aridane.org\/city\/contacto\/#breadcrumb\"},\"inLanguage\":\"es\",\"potentialAction\":[{\"@type\":\"ReadAction\",\"target\":[\"https:\/\/www.aridane.org\/city\/contacto\/\"]}]},{\"@type\":\"BreadcrumbList\",\"@id\":\"https:\/\/www.aridane.org\/city\/contacto\/#breadcrumb\",\"itemListElement\":[{\"@type\":\"ListItem\",\"position\":1,\"name\":\"Portada\",\"item\":\"https:\/\/www.aridane.org\/city\/\"},{\"@type\":\"ListItem\",\"position\":2,\"name\":\"Contacto\"}]},{\"@type\":\"WebSite\",\"@id\":\"https:\/\/www.aridane.org\/city\/#website\",\"url\":\"https:\/\/www.aridane.org\/city\/\",\"name\":\"Ayuntamiento de Los Llanos de Aridane\",\"description\":\"\",\"potentialAction\":[{\"@type\":\"SearchAction\",\"target\":{\"@type\":\"EntryPoint\",\"urlTemplate\":\"https:\/\/www.aridane.org\/city\/?s={search_term_string}\"},\"query-input\":\"required name=search_term_string\"}],\"inLanguage\":\"es\"}]}<\/script>\n<!-- \/ Yoast SEO plugin. -->","yoast_head_json":{"title":"Contacto - Ayuntamiento de Los Llanos de Aridane","robots":{"index":"index","follow":"follow","max-snippet":"max-snippet:-1","max-image-preview":"max-image-preview:large","max-video-preview":"max-video-preview:-1"},"canonical":"https:\/\/www.aridane.org\/city\/contacto\/","og_locale":"es_ES","og_type":"article","og_title":"Contacto - Ayuntamiento de Los Llanos de Aridane","og_description":"[vc_row css_animation=\u00bb\u00bb row_type=\u00bbrow\u00bb use_row_as_full_screen_section=\u00bbno\u00bb type=\u00bbfull_width\u00bb angled_section=\u00bbno\u00bb text_align=\u00bbleft\u00bb background_image_as_pattern=\u00bbwithout_pattern\u00bb z_index=\u00bb\u00bb background_image=\u00bb2069&#8243;][vc_column][vc_row_inner row_type=\u00bbrow\u00bb type=\u00bbfull_width\u00bb text_align=\u00bbleft\u00bb css_animation=\u00bb\u00bb][vc_column_inner][vc_empty_space height=\u00bb100px\u00bb][vc_column_text] Contacto [\/vc_column_text][vc_empty_space height=\u00bb15px\u00bb][vc_column_text] Estamos para ayudarle. [\/vc_column_text][vc_empty_space height=\u00bb100px\u00bb][\/vc_column_inner][\/vc_row_inner][\/vc_column][\/vc_row][vc_row css_animation=\u00bb\u00bb row_type=\u00bbrow\u00bb use_row_as_full_screen_section=\u00bbno\u00bb type=\u00bbgrid\u00bb angled_section=\u00bbno\u00bb text_align=\u00bbleft\u00bb background_image_as_pattern=\u00bbwithout_pattern\u00bb z_index=\u00bb\u00bb background_image=\u00bb378&#8243;][vc_column][vc_row_inner row_type=\u00bbrow\u00bb type=\u00bbfull_width\u00bb text_align=\u00bbleft\u00bb css_animation=\u00bb\u00bb][vc_column_inner width=\u00bb2\/3&#8243;][vc_empty_space height=\u00bb40px\u00bb][vc_column_text] Atenci\u00f3n telef\u00f3nica [\/vc_column_text][vc_empty_space height=\u00bb20px\u00bb][vc_column_text] 922 460 111...","og_url":"https:\/\/www.aridane.org\/city\/contacto\/","og_site_name":"Ayuntamiento de Los Llanos de Aridane","article_modified_time":"2025-07-15T12:13:39+00:00","twitter_card":"summary_large_image","twitter_misc":{"Tiempo de lectura":"2 minutos"},"schema":{"@context":"https:\/\/schema.org","@graph":[{"@type":"WebPage","@id":"https:\/\/www.aridane.org\/city\/contacto\/","url":"https:\/\/www.aridane.org\/city\/contacto\/","name":"Contacto - Ayuntamiento de Los Llanos de Aridane","isPartOf":{"@id":"https:\/\/www.aridane.org\/city\/#website"},"datePublished":"2020-04-09T11:12:46+00:00","dateModified":"2025-07-15T12:13:39+00:00","breadcrumb":{"@id":"https:\/\/www.aridane.org\/city\/contacto\/#breadcrumb"},"inLanguage":"es","potentialAction":[{"@type":"ReadAction","target":["https:\/\/www.aridane.org\/city\/contacto\/"]}]},{"@type":"BreadcrumbList","@id":"https:\/\/www.aridane.org\/city\/contacto\/#breadcrumb","itemListElement":[{"@type":"ListItem","position":1,"name":"Portada","item":"https:\/\/www.aridane.org\/city\/"},{"@type":"ListItem","position":2,"name":"Contacto"}]},{"@type":"WebSite","@id":"https:\/\/www.aridane.org\/city\/#website","url":"https:\/\/www.aridane.org\/city\/","name":"Ayuntamiento de Los Llanos de Aridane","description":"","potentialAction":[{"@type":"SearchAction","target":{"@type":"EntryPoint","urlTemplate":"https:\/\/www.aridane.org\/city\/?s={search_term_string}"},"query-input":"required name=search_term_string"}],"inLanguage":"es"}]}},"_links":{"self":[{"href":"https:\/\/www.aridane.org\/city\/wp-json\/wp\/v2\/pages\/23","targetHints":{"allow":["GET"]}}],"collection":[{"href":"https:\/\/www.aridane.org\/city\/wp-json\/wp\/v2\/pages"}],"about":[{"href":"https:\/\/www.aridane.org\/city\/wp-json\/wp\/v2\/types\/page"}],"author":[{"embeddable":true,"href":"https:\/\/www.aridane.org\/city\/wp-json\/wp\/v2\/users\/1"}],"replies":[{"embeddable":true,"href":"https:\/\/www.aridane.org\/city\/wp-json\/wp\/v2\/comments?post=23"}],"version-history":[{"count":58,"href":"https:\/\/www.aridane.org\/city\/wp-json\/wp\/v2\/pages\/23\/revisions"}],"predecessor-version":[{"id":4547,"href":"https:\/\/www.aridane.org\/city\/wp-json\/wp\/v2\/pages\/23\/revisions\/4547"}],"wp:attachment":[{"href":"https:\/\/www.aridane.org\/city\/wp-json\/wp\/v2\/media?parent=23"}],"curies":[{"name":"wp","href":"https:\/\/api.w.org\/{rel}","templated":true}]}}