{"id":272,"date":"2020-11-29T21:56:37","date_gmt":"2020-11-29T21:56:37","guid":{"rendered":"https:\/\/aridane.org\/ciudad\/?page_id=272"},"modified":"2020-11-29T21:56:37","modified_gmt":"2020-11-29T21:56:37","slug":"telefonos","status":"publish","type":"page","link":"https:\/\/www.aridane.org\/city\/telefonos\/","title":{"rendered":"Tel\u00e9fonos"},"content":{"rendered":"<section class=\"wpb-content-wrapper\"><p>[vc_row css_animation=\u00bb\u00bb row_type=\u00bbrow\u00bb use_row_as_full_screen_section=\u00bbno\u00bb type=\u00bbfull_width\u00bb angled_section=\u00bbno\u00bb text_align=\u00bbcenter\u00bb background_image_as_pattern=\u00bbwithout_pattern\u00bb z_index=\u00bb\u00bb background_image=\u00bb275&#8243;][vc_column][vc_row_inner row_type=\u00bbrow\u00bb type=\u00bbgrid\u00bb text_align=\u00bbleft\u00bb css_animation=\u00bb\u00bb][vc_column_inner][vc_empty_space height=\u00bb100px\u00bb][vc_column_text]<\/p>\n<h1 style=\"text-align: center;\"><span style=\"color: #ffffff;\">Tel\u00e9fonos de inter\u00e9s<\/span><\/h1>\n<p>[\/vc_column_text][vc_empty_space height=\u00bb15px\u00bb][vc_column_text]<\/p>\n<p style=\"text-align: center;\"><span style=\"color: #ffffff;\">Servicios, seguridad, accesibilidad.<\/span><\/p>\n<p>[\/vc_column_text][vc_empty_space height=\u00bb100px\u00bb][\/vc_column_inner][\/vc_row_inner][\/vc_column][\/vc_row][vc_row css_animation=\u00bb\u00bb row_type=\u00bbrow\u00bb use_row_as_full_screen_section=\u00bbno\u00bb type=\u00bbfull_width\u00bb angled_section=\u00bbno\u00bb text_align=\u00bbleft\u00bb background_image_as_pattern=\u00bbwithout_pattern\u00bb][vc_column][vc_row_inner row_type=\u00bbrow\u00bb type=\u00bbgrid\u00bb text_align=\u00bbleft\u00bb css_animation=\u00bb\u00bb][vc_column_inner][vc_empty_space height=\u00bb20px\u00bb][vc_column_text]<\/p>\n<h3>Centros Educativos<\/h3>\n<p>[\/vc_column_text][\/vc_column_inner][\/vc_row_inner][vc_row_inner row_type=\u00bbrow\u00bb type=\u00bbgrid\u00bb text_align=\u00bbleft\u00bb css_animation=\u00bb\u00bb][vc_column_inner width=\u00bb1\/3&#8243;][vc_empty_space height=\u00bb20px\u00bb][vc_column_text]<strong>CEIP Puerto de Naos<\/strong><br \/>\n<em>922 408 281<\/em><\/p>\n<p>&nbsp;<\/p>\n<p><strong>CEIP Todoque<\/strong><br \/>\n<em>922 401 742<\/em><\/p>\n<p>&nbsp;<\/p>\n<p><strong>CEIP Los Campitos<\/strong><br \/>\n<em>922 463 861<\/em><\/p>\n<p>&nbsp;<\/p>\n<p><strong>CEIP La Laguna<\/strong><br \/>\n<em>922 463 185<\/em><\/p>\n<p>&nbsp;<\/p>\n<p><strong>CEIP Las Manchas<\/strong><br \/>\n<em>922 494 084<\/em>[\/vc_column_text][vc_empty_space height=\u00bb20px\u00bb][\/vc_column_inner][vc_column_inner width=\u00bb1\/3&#8243;][vc_empty_space height=\u00bb20px\u00bb][vc_column_text]<strong>CEIP Mayantigo<\/strong><br \/>\n<em>922 462 201<\/em><\/p>\n<p>&nbsp;<\/p>\n<p><strong>CEIPS Sagrada Familia<\/strong><br \/>\n<em>922 460 984<\/em><\/p>\n<p>&nbsp;<\/p>\n<p><strong>CEIP El Roque <\/strong><br \/>\n<em>922 401 464<\/em><\/p>\n<p>&nbsp;<\/p>\n<p><strong>CEIP Mariela C\u00e1ceres P\u00e9rez <\/strong><br \/>\n<em>922 462 717<\/em><\/p>\n<p>&nbsp;<\/p>\n<p><strong>Residencia Jarra Canaria<\/strong><br \/>\n<em>922 463 255<\/em>[\/vc_column_text][vc_empty_space height=\u00bb20px\u00bb][\/vc_column_inner][vc_column_inner width=\u00bb1\/3&#8243;][vc_empty_space height=\u00bb20px\u00bb][vc_column_text]<strong>IES Eusebio Barreto Lorenzo <\/strong><br \/>\n<em>922 460 897<\/em><\/p>\n<p>&nbsp;<\/p>\n<p><strong>IES Jose Mar\u00eda P\u00e9rez Pulido<\/strong><br \/>\n<em>922 461 100<\/em><\/p>\n<p>&nbsp;<\/p>\n<p><strong>Escuela de Idiomas <\/strong><br \/>\n<em>922 402 111<\/em><\/p>\n<p>&nbsp;<\/p>\n<p><strong>Escuela de Capacitaci\u00f3n Agraria<\/strong><br \/>\n<em>922 403 023<\/em><\/p>\n<p>&nbsp;<\/p>\n<p><strong>UNED (Casa Massieu)<\/strong><br \/>\n<em>922 462 230<\/em>[\/vc_column_text][vc_empty_space height=\u00bb20px\u00bb][\/vc_column_inner][\/vc_row_inner][\/vc_column][\/vc_row][vc_row css_animation=\u00bb\u00bb row_type=\u00bbrow\u00bb use_row_as_full_screen_section=\u00bbno\u00bb type=\u00bbfull_width\u00bb angled_section=\u00bbno\u00bb text_align=\u00bbleft\u00bb background_image_as_pattern=\u00bbwithout_pattern\u00bb css=\u00bb.vc_custom_1606751675727{background-color: #f8f8f8 !important;}\u00bb z_index=\u00bb\u00bb][vc_column][vc_row_inner row_type=\u00bbrow\u00bb type=\u00bbgrid\u00bb text_align=\u00bbleft\u00bb css_animation=\u00bb\u00bb][vc_column_inner width=\u00bb1\/3&#8243;][vc_empty_space height=\u00bb20px\u00bb][vc_column_text]<\/p>\n<h3>Farmacias del municipio<\/h3>\n<p>[\/vc_column_text][\/vc_column_inner][vc_column_inner width=\u00bb1\/3&#8243;][\/vc_column_inner][vc_column_inner width=\u00bb1\/3&#8243;][\/vc_column_inner][\/vc_row_inner][vc_row_inner row_type=\u00bbrow\u00bb type=\u00bbgrid\u00bb text_align=\u00bbleft\u00bb css_animation=\u00bb\u00bb][vc_column_inner width=\u00bb1\/3&#8243;][vc_empty_space height=\u00bb20px\u00bb][vc_column_text]<\/p>\n<p style=\"text-align: left;\"><strong>Lcda. M\u00aa Francisca Guadarrama Garc\u00eda<br \/>\n<\/strong>Ctra. Puerto Naos 336. Todoque.<br \/>\n<em>922 46 22 90<\/em><\/p>\n<p>&nbsp;<\/p>\n<p><strong>Lcdo. Juan Jos\u00e9 Padr\u00f3n Gonz\u00e1lez<br \/>\n<\/strong><strong>Lcda. Ana M. Padr\u00f3n Zapata<br \/>\n<\/strong>Avda. Carlos Fco. Lzo. Navarro 6.<br \/>\n<em>922 462 487<\/em><\/p>\n<p>&nbsp;<\/p>\n<p><strong>Lcdo. Antonio Miguel Concepci\u00f3n Acosta<br \/>\n<\/strong>C\/ Jos\u00e9 Guzm\u00e1n P\u00e9rez 9. Puerto Naos.<br \/>\n<em>922 408 207<\/em>[\/vc_column_text][vc_empty_space height=\u00bb20px\u00bb][\/vc_column_inner][vc_column_inner width=\u00bb1\/3&#8243;][vc_empty_space height=\u00bb20px\u00bb][vc_column_text]<strong>Lcdo. Esteban Cirilo Brito Ramos<br \/>\n<\/strong>Ctra. Puerto Naos 339. La Laguna.<br \/>\n<em>922 463 247<\/em><\/p>\n<p>&nbsp;<\/p>\n<p><strong>Lcda. Margarita Delgado Lorenzo<br \/>\n<\/strong>C\/ Real 11.<br \/>\n<em>922 461 552<\/em><\/p>\n<p>&nbsp;<\/p>\n<p><strong>Lcdo. Ignacio Manuel Rodr\u00edguez Rodr\u00edguez<br \/>\n<\/strong>C\/ Dr. Fleming 13.<br \/>\n922 460 238[\/vc_column_text][vc_empty_space height=\u00bb20px\u00bb][\/vc_column_inner][vc_column_inner width=\u00bb1\/3&#8243;][vc_empty_space height=\u00bb20px\u00bb][vc_column_text]<strong>Lcdo. Esteban Cirilo Brito Ramos. Laboratorio<br \/>\n<\/strong>C\/ Dr. Fleming 31.<br \/>\n<em>922 463 447<\/em><\/p>\n<p>&nbsp;<\/p>\n<p><strong>Lcdo. Jos\u00e9 \u00c1ngel P\u00e9rez Padr\u00f3n<br \/>\n<\/strong>Avda. Venezuela 11.<br \/>\n<em>922 460 957<\/em><\/p>\n<p>&nbsp;<\/p>\n<p><strong>Lcdo. Antonio Policarpo Vi\u00f1a Lorenzo<br \/>\n<\/strong>C\/ Manuel de Falla 16.<br \/>\n<em>922 461 105<\/em>[\/vc_column_text][vc_empty_space height=\u00bb20px\u00bb][\/vc_column_inner][\/vc_row_inner][\/vc_column][\/vc_row][vc_row css_animation=\u00bb\u00bb row_type=\u00bbrow\u00bb use_row_as_full_screen_section=\u00bbno\u00bb type=\u00bbfull_width\u00bb angled_section=\u00bbno\u00bb text_align=\u00bbleft\u00bb background_image_as_pattern=\u00bbwithout_pattern\u00bb][vc_column][vc_row_inner row_type=\u00bbrow\u00bb type=\u00bbgrid\u00bb text_align=\u00bbleft\u00bb css_animation=\u00bb\u00bb][vc_column_inner width=\u00bb1\/3&#8243;][vc_empty_space height=\u00bb20px\u00bb][vc_column_text]<\/p>\n<h3>Centros de Salud<\/h3>\n<p>[\/vc_column_text][\/vc_column_inner][vc_column_inner width=\u00bb1\/3&#8243;][vc_empty_space height=\u00bb20px\u00bb][vc_column_text]<\/p>\n<h3>Emergencia Sanitaria<\/h3>\n<p>[\/vc_column_text][\/vc_column_inner][vc_column_inner width=\u00bb1\/3&#8243;][vc_empty_space height=\u00bb20px\u00bb][vc_column_text]<\/p>\n<h3>Seguridad Ciudadana<\/h3>\n<p>[\/vc_column_text][\/vc_column_inner][\/vc_row_inner][vc_row_inner row_type=\u00bbrow\u00bb type=\u00bbgrid\u00bb text_align=\u00bbleft\u00bb css_animation=\u00bb\u00bb][vc_column_inner width=\u00bb1\/3&#8243;][vc_empty_space height=\u00bb20px\u00bb][vc_column_text]<strong>Centro de Salud Los Llanos de Aridane<\/strong><br \/>\n<em>922 403 070<\/em><\/p>\n<p>&nbsp;<\/p>\n<p><strong>Ambulatorio de Todoque<\/strong><br \/>\n<em>922 460 519<\/em><\/p>\n<p>&nbsp;<\/p>\n<p><strong>Hospital General de La Palma<\/strong><br \/>\n<em>922 185 000<\/em>[\/vc_column_text][vc_empty_space height=\u00bb20px\u00bb][\/vc_column_inner][vc_column_inner width=\u00bb1\/3&#8243;][vc_empty_space height=\u00bb20px\u00bb][vc_column_text]<strong>Emergencias<\/strong><br \/>\n<em>112<\/em><\/p>\n<p>&nbsp;<\/p>\n<p><strong>Ambulancia<\/strong><br \/>\n<em>061<\/em>[\/vc_column_text][vc_empty_space height=\u00bb20px\u00bb][\/vc_column_inner][vc_column_inner width=\u00bb1\/3&#8243;][vc_empty_space height=\u00bb20px\u00bb][vc_column_text]<\/p>\n<p style=\"text-align: left;\"><strong>Guardia Civil<br \/>\n<\/strong><em>922 460 990<\/em><\/p>\n<p>&nbsp;<\/p>\n<p><strong>Polic\u00eda Local<br \/>\n<\/strong><em>922 402 041<\/em><\/p>\n<p>&nbsp;<\/p>\n<p><strong>Bomberos<br \/>\n<\/strong><em>922 401 620<\/em>[\/vc_column_text][vc_empty_space height=\u00bb20px\u00bb][\/vc_column_inner][\/vc_row_inner][\/vc_column][\/vc_row][vc_row css_animation=\u00bb\u00bb row_type=\u00bbrow\u00bb use_row_as_full_screen_section=\u00bbno\u00bb type=\u00bbfull_width\u00bb angled_section=\u00bbno\u00bb text_align=\u00bbleft\u00bb background_image_as_pattern=\u00bbwithout_pattern\u00bb css=\u00bb.vc_custom_1606751689250{background-color: #f8f8f8 !important;}\u00bb z_index=\u00bb\u00bb][vc_column][vc_row_inner row_type=\u00bbrow\u00bb type=\u00bbgrid\u00bb text_align=\u00bbleft\u00bb css_animation=\u00bb\u00bb][vc_column_inner width=\u00bb1\/3&#8243;][vc_empty_space height=\u00bb20px\u00bb][vc_column_text]<\/p>\n<h3>Organismos Oficiales<\/h3>\n<p>[\/vc_column_text][\/vc_column_inner][vc_column_inner width=\u00bb1\/3&#8243;][\/vc_column_inner][vc_column_inner width=\u00bb1\/3&#8243;][\/vc_column_inner][\/vc_row_inner][vc_row_inner row_type=\u00bbrow\u00bb type=\u00bbgrid\u00bb text_align=\u00bbleft\u00bb css_animation=\u00bb\u00bb][vc_column_inner width=\u00bb1\/3&#8243;][vc_empty_space height=\u00bb20px\u00bb][vc_column_text]<strong>Ayuntamiento de Los Llanos de Aridane<br \/>\n<\/strong><em>922 460 111<\/em><\/p>\n<p>&nbsp;<\/p>\n<p><strong>Cabildo Insular de La Palma<br \/>\nCentralita<br \/>\n<\/strong><em>922 423 100<\/em><\/p>\n<p>&nbsp;<\/p>\n<p><strong>Cabildo Insular de La Palma<br \/>\nCasa Massieu<br \/>\n<\/strong><em>922 401 899<\/em><\/p>\n<p>&nbsp;<\/p>\n<p><strong>INEM<br \/>\n<\/strong><em>922 403 220<\/em><\/p>\n<p>[\/vc_column_text][vc_empty_space height=\u00bb20px\u00bb][\/vc_column_inner][vc_column_inner width=\u00bb1\/3&#8243;][vc_empty_space height=\u00bb20px\u00bb][vc_column_text]<strong>Correos y Tel\u00e9grafos<br \/>\n<\/strong><em>922 460 956<\/em><\/p>\n<p>&nbsp;<\/p>\n<p><strong>Juzgados Los Llanos de Aridane<br \/>\nJuzgado N\u00ba 1<br \/>\n<\/strong><em>922 403 700<\/em><\/p>\n<p>&nbsp;<\/p>\n<p><strong>Juzgado N\u00ba 2<br \/>\n<\/strong><em>922 403 715<\/em>[\/vc_column_text][vc_empty_space height=\u00bb20px\u00bb][\/vc_column_inner][vc_column_inner width=\u00bb1\/3&#8243;][\/vc_column_inner][\/vc_row_inner][\/vc_column][\/vc_row][vc_row css_animation=\u00bb\u00bb row_type=\u00bbrow\u00bb use_row_as_full_screen_section=\u00bbno\u00bb type=\u00bbfull_width\u00bb angled_section=\u00bbno\u00bb text_align=\u00bbleft\u00bb background_image_as_pattern=\u00bbwithout_pattern\u00bb][vc_column][vc_row_inner row_type=\u00bbrow\u00bb type=\u00bbgrid\u00bb text_align=\u00bbleft\u00bb css_animation=\u00bb\u00bb][vc_column_inner width=\u00bb1\/3&#8243;][vc_empty_space height=\u00bb20px\u00bb][vc_column_text]<\/p>\n<h3>Transportes<\/h3>\n<p>[\/vc_column_text][\/vc_column_inner][vc_column_inner width=\u00bb1\/3&#8243;][\/vc_column_inner][vc_column_inner width=\u00bb1\/3&#8243;][\/vc_column_inner][\/vc_row_inner][vc_row_inner row_type=\u00bbrow\u00bb type=\u00bbgrid\u00bb text_align=\u00bbleft\u00bb css_animation=\u00bb\u00bb][vc_column_inner width=\u00bb1\/3&#8243;][vc_empty_space height=\u00bb20px\u00bb][vc_column_text]<strong>TILP \u00b7 Estaci\u00f3n de Guaguas<\/strong><br \/>\n<em>922 460 241<\/em><\/p>\n<p>&nbsp;<\/p>\n<p><strong>Estaci\u00f3n de Taxis<br \/>\nC\/ Dr. Fleming (Centro)<br \/>\n<\/strong><em>922 462 740<\/em><\/p>\n<p>&nbsp;<\/p>\n<p><strong>Puerto Naos<\/strong><br \/>\n<em>628 676 110<\/em><\/p>\n<p>&nbsp;<\/p>\n<p><strong>Todoque<\/strong><br \/>\n<em>618 381 222<\/em>[\/vc_column_text][vc_empty_space height=\u00bb20px\u00bb][\/vc_column_inner][vc_column_inner width=\u00bb1\/3&#8243;][vc_empty_space height=\u00bb20px\u00bb][vc_column_text]<strong>Aeropuerto de La Palma<\/strong><br \/>\n<em>922 426 100<\/em><\/p>\n<p>&nbsp;<\/p>\n<p><strong>Puerto de S\/c de La Palma<\/strong><br \/>\n<em>922 412 121<\/em>[\/vc_column_text][vc_empty_space height=\u00bb20px\u00bb][\/vc_column_inner][vc_column_inner width=\u00bb1\/3&#8243;][\/vc_column_inner][\/vc_row_inner][\/vc_column][\/vc_row]<\/p>\n<\/section>","protected":false},"excerpt":{"rendered":"<p>[vc_row css_animation=\u00bb\u00bb row_type=\u00bbrow\u00bb use_row_as_full_screen_section=\u00bbno\u00bb type=\u00bbfull_width\u00bb angled_section=\u00bbno\u00bb text_align=\u00bbcenter\u00bb background_image_as_pattern=\u00bbwithout_pattern\u00bb z_index=\u00bb\u00bb background_image=\u00bb275&#8243;][vc_column][vc_row_inner row_type=\u00bbrow\u00bb type=\u00bbgrid\u00bb text_align=\u00bbleft\u00bb css_animation=\u00bb\u00bb][vc_column_inner][vc_empty_space height=\u00bb100px\u00bb][vc_column_text] Tel\u00e9fonos de inter\u00e9s [\/vc_column_text][vc_empty_space height=\u00bb15px\u00bb][vc_column_text] Servicios, seguridad, accesibilidad. [\/vc_column_text][vc_empty_space height=\u00bb100px\u00bb][\/vc_column_inner][\/vc_row_inner][\/vc_column][\/vc_row][vc_row css_animation=\u00bb\u00bb row_type=\u00bbrow\u00bb use_row_as_full_screen_section=\u00bbno\u00bb type=\u00bbfull_width\u00bb angled_section=\u00bbno\u00bb text_align=\u00bbleft\u00bb background_image_as_pattern=\u00bbwithout_pattern\u00bb][vc_column][vc_row_inner row_type=\u00bbrow\u00bb type=\u00bbgrid\u00bb text_align=\u00bbleft\u00bb css_animation=\u00bb\u00bb][vc_column_inner][vc_empty_space height=\u00bb20px\u00bb][vc_column_text] Centros Educativos [\/vc_column_text][\/vc_column_inner][\/vc_row_inner][vc_row_inner row_type=\u00bbrow\u00bb type=\u00bbgrid\u00bb text_align=\u00bbleft\u00bb css_animation=\u00bb\u00bb][vc_column_inner width=\u00bb1\/3&#8243;][vc_empty_space&#8230;<\/p>\n","protected":false},"author":1,"featured_media":0,"parent":0,"menu_order":0,"comment_status":"closed","ping_status":"closed","template":"full_width.php","meta":{"footnotes":""},"class_list":["post-272","page","type-page","status-publish","hentry"],"yoast_head":"<!-- This site is optimized with the Yoast SEO plugin v22.7 - https:\/\/yoast.com\/wordpress\/plugins\/seo\/ -->\n<title>Tel\u00e9fonos - Ayuntamiento de Los Llanos de Aridane<\/title>\n<meta name=\"robots\" content=\"index, follow, max-snippet:-1, max-image-preview:large, max-video-preview:-1\" \/>\n<link rel=\"canonical\" href=\"https:\/\/www.aridane.org\/city\/telefonos\/\" \/>\n<meta property=\"og:locale\" content=\"es_ES\" \/>\n<meta property=\"og:type\" content=\"article\" \/>\n<meta property=\"og:title\" content=\"Tel\u00e9fonos - Ayuntamiento de Los Llanos de Aridane\" \/>\n<meta property=\"og:description\" content=\"[vc_row css_animation=\u00bb\u00bb row_type=\u00bbrow\u00bb use_row_as_full_screen_section=\u00bbno\u00bb type=\u00bbfull_width\u00bb angled_section=\u00bbno\u00bb text_align=\u00bbcenter\u00bb background_image_as_pattern=\u00bbwithout_pattern\u00bb z_index=\u00bb\u00bb background_image=\u00bb275&#8243;][vc_column][vc_row_inner row_type=\u00bbrow\u00bb type=\u00bbgrid\u00bb text_align=\u00bbleft\u00bb css_animation=\u00bb\u00bb][vc_column_inner][vc_empty_space height=\u00bb100px\u00bb][vc_column_text] Tel\u00e9fonos de inter\u00e9s [\/vc_column_text][vc_empty_space height=\u00bb15px\u00bb][vc_column_text] Servicios, seguridad, accesibilidad. [\/vc_column_text][vc_empty_space height=\u00bb100px\u00bb][\/vc_column_inner][\/vc_row_inner][\/vc_column][\/vc_row][vc_row css_animation=\u00bb\u00bb row_type=\u00bbrow\u00bb use_row_as_full_screen_section=\u00bbno\u00bb type=\u00bbfull_width\u00bb angled_section=\u00bbno\u00bb text_align=\u00bbleft\u00bb background_image_as_pattern=\u00bbwithout_pattern\u00bb][vc_column][vc_row_inner row_type=\u00bbrow\u00bb type=\u00bbgrid\u00bb text_align=\u00bbleft\u00bb css_animation=\u00bb\u00bb][vc_column_inner][vc_empty_space height=\u00bb20px\u00bb][vc_column_text] Centros Educativos [\/vc_column_text][\/vc_column_inner][\/vc_row_inner][vc_row_inner row_type=\u00bbrow\u00bb type=\u00bbgrid\u00bb text_align=\u00bbleft\u00bb css_animation=\u00bb\u00bb][vc_column_inner width=\u00bb1\/3&#8243;][vc_empty_space...\" \/>\n<meta property=\"og:url\" content=\"https:\/\/www.aridane.org\/city\/telefonos\/\" \/>\n<meta property=\"og:site_name\" content=\"Ayuntamiento de Los Llanos de Aridane\" \/>\n<meta name=\"twitter:card\" content=\"summary_large_image\" \/>\n<meta name=\"twitter:label1\" content=\"Tiempo de lectura\" \/>\n\t<meta name=\"twitter:data1\" content=\"6 minutos\" \/>\n<script type=\"application\/ld+json\" class=\"yoast-schema-graph\">{\"@context\":\"https:\/\/schema.org\",\"@graph\":[{\"@type\":\"WebPage\",\"@id\":\"https:\/\/www.aridane.org\/city\/telefonos\/\",\"url\":\"https:\/\/www.aridane.org\/city\/telefonos\/\",\"name\":\"Tel\u00e9fonos - Ayuntamiento de Los Llanos de Aridane\",\"isPartOf\":{\"@id\":\"https:\/\/www.aridane.org\/city\/#website\"},\"datePublished\":\"2020-11-29T21:56:37+00:00\",\"dateModified\":\"2020-11-29T21:56:37+00:00\",\"breadcrumb\":{\"@id\":\"https:\/\/www.aridane.org\/city\/telefonos\/#breadcrumb\"},\"inLanguage\":\"es\",\"potentialAction\":[{\"@type\":\"ReadAction\",\"target\":[\"https:\/\/www.aridane.org\/city\/telefonos\/\"]}]},{\"@type\":\"BreadcrumbList\",\"@id\":\"https:\/\/www.aridane.org\/city\/telefonos\/#breadcrumb\",\"itemListElement\":[{\"@type\":\"ListItem\",\"position\":1,\"name\":\"Portada\",\"item\":\"https:\/\/www.aridane.org\/city\/\"},{\"@type\":\"ListItem\",\"position\":2,\"name\":\"Tel\u00e9fonos\"}]},{\"@type\":\"WebSite\",\"@id\":\"https:\/\/www.aridane.org\/city\/#website\",\"url\":\"https:\/\/www.aridane.org\/city\/\",\"name\":\"Ayuntamiento de Los Llanos de Aridane\",\"description\":\"\",\"potentialAction\":[{\"@type\":\"SearchAction\",\"target\":{\"@type\":\"EntryPoint\",\"urlTemplate\":\"https:\/\/www.aridane.org\/city\/?s={search_term_string}\"},\"query-input\":\"required name=search_term_string\"}],\"inLanguage\":\"es\"}]}<\/script>\n<!-- \/ Yoast SEO plugin. -->","yoast_head_json":{"title":"Tel\u00e9fonos - Ayuntamiento de Los Llanos de Aridane","robots":{"index":"index","follow":"follow","max-snippet":"max-snippet:-1","max-image-preview":"max-image-preview:large","max-video-preview":"max-video-preview:-1"},"canonical":"https:\/\/www.aridane.org\/city\/telefonos\/","og_locale":"es_ES","og_type":"article","og_title":"Tel\u00e9fonos - Ayuntamiento de Los Llanos de Aridane","og_description":"[vc_row css_animation=\u00bb\u00bb row_type=\u00bbrow\u00bb use_row_as_full_screen_section=\u00bbno\u00bb type=\u00bbfull_width\u00bb angled_section=\u00bbno\u00bb text_align=\u00bbcenter\u00bb background_image_as_pattern=\u00bbwithout_pattern\u00bb z_index=\u00bb\u00bb background_image=\u00bb275&#8243;][vc_column][vc_row_inner row_type=\u00bbrow\u00bb type=\u00bbgrid\u00bb text_align=\u00bbleft\u00bb css_animation=\u00bb\u00bb][vc_column_inner][vc_empty_space height=\u00bb100px\u00bb][vc_column_text] Tel\u00e9fonos de inter\u00e9s [\/vc_column_text][vc_empty_space height=\u00bb15px\u00bb][vc_column_text] Servicios, seguridad, accesibilidad. [\/vc_column_text][vc_empty_space height=\u00bb100px\u00bb][\/vc_column_inner][\/vc_row_inner][\/vc_column][\/vc_row][vc_row css_animation=\u00bb\u00bb row_type=\u00bbrow\u00bb use_row_as_full_screen_section=\u00bbno\u00bb type=\u00bbfull_width\u00bb angled_section=\u00bbno\u00bb text_align=\u00bbleft\u00bb background_image_as_pattern=\u00bbwithout_pattern\u00bb][vc_column][vc_row_inner row_type=\u00bbrow\u00bb type=\u00bbgrid\u00bb text_align=\u00bbleft\u00bb css_animation=\u00bb\u00bb][vc_column_inner][vc_empty_space height=\u00bb20px\u00bb][vc_column_text] Centros Educativos [\/vc_column_text][\/vc_column_inner][\/vc_row_inner][vc_row_inner row_type=\u00bbrow\u00bb type=\u00bbgrid\u00bb text_align=\u00bbleft\u00bb css_animation=\u00bb\u00bb][vc_column_inner width=\u00bb1\/3&#8243;][vc_empty_space...","og_url":"https:\/\/www.aridane.org\/city\/telefonos\/","og_site_name":"Ayuntamiento de Los Llanos de Aridane","twitter_card":"summary_large_image","twitter_misc":{"Tiempo de lectura":"6 minutos"},"schema":{"@context":"https:\/\/schema.org","@graph":[{"@type":"WebPage","@id":"https:\/\/www.aridane.org\/city\/telefonos\/","url":"https:\/\/www.aridane.org\/city\/telefonos\/","name":"Tel\u00e9fonos - Ayuntamiento de Los Llanos de Aridane","isPartOf":{"@id":"https:\/\/www.aridane.org\/city\/#website"},"datePublished":"2020-11-29T21:56:37+00:00","dateModified":"2020-11-29T21:56:37+00:00","breadcrumb":{"@id":"https:\/\/www.aridane.org\/city\/telefonos\/#breadcrumb"},"inLanguage":"es","potentialAction":[{"@type":"ReadAction","target":["https:\/\/www.aridane.org\/city\/telefonos\/"]}]},{"@type":"BreadcrumbList","@id":"https:\/\/www.aridane.org\/city\/telefonos\/#breadcrumb","itemListElement":[{"@type":"ListItem","position":1,"name":"Portada","item":"https:\/\/www.aridane.org\/city\/"},{"@type":"ListItem","position":2,"name":"Tel\u00e9fonos"}]},{"@type":"WebSite","@id":"https:\/\/www.aridane.org\/city\/#website","url":"https:\/\/www.aridane.org\/city\/","name":"Ayuntamiento de Los Llanos de Aridane","description":"","potentialAction":[{"@type":"SearchAction","target":{"@type":"EntryPoint","urlTemplate":"https:\/\/www.aridane.org\/city\/?s={search_term_string}"},"query-input":"required name=search_term_string"}],"inLanguage":"es"}]}},"_links":{"self":[{"href":"https:\/\/www.aridane.org\/city\/wp-json\/wp\/v2\/pages\/272","targetHints":{"allow":["GET"]}}],"collection":[{"href":"https:\/\/www.aridane.org\/city\/wp-json\/wp\/v2\/pages"}],"about":[{"href":"https:\/\/www.aridane.org\/city\/wp-json\/wp\/v2\/types\/page"}],"author":[{"embeddable":true,"href":"https:\/\/www.aridane.org\/city\/wp-json\/wp\/v2\/users\/1"}],"replies":[{"embeddable":true,"href":"https:\/\/www.aridane.org\/city\/wp-json\/wp\/v2\/comments?post=272"}],"version-history":[{"count":0,"href":"https:\/\/www.aridane.org\/city\/wp-json\/wp\/v2\/pages\/272\/revisions"}],"wp:attachment":[{"href":"https:\/\/www.aridane.org\/city\/wp-json\/wp\/v2\/media?parent=272"}],"curies":[{"name":"wp","href":"https:\/\/api.w.org\/{rel}","templated":true}]}}