{"id":3575,"date":"2024-03-18T11:45:08","date_gmt":"2024-03-18T11:45:08","guid":{"rendered":"https:\/\/www.aridane.org\/city\/?page_id=3575"},"modified":"2024-03-18T12:17:02","modified_gmt":"2024-03-18T12:17:02","slug":"mujer-destacada-2024","status":"publish","type":"page","link":"https:\/\/www.aridane.org\/city\/concejalia-de-igualdad\/mujer-destacada\/mujer-destacada-2024\/","title":{"rendered":"Mujer Destacada 2024"},"content":{"rendered":"<section class=\"wpb-content-wrapper\"><p>[vc_row css_animation=\u00bb\u00bb row_type=\u00bbrow\u00bb use_row_as_full_screen_section=\u00bbno\u00bb type=\u00bbfull_width\u00bb angled_section=\u00bbno\u00bb text_align=\u00bbleft\u00bb background_image_as_pattern=\u00bbwithout_pattern\u00bb z_index=\u00bb\u00bb][vc_column][vc_empty_space height=\u00bb20px\u00bb][vc_column_text]<\/p>\n<h1><span style=\"color: #333399;\">Mujer Destacada 2024<\/span><\/h1>\n<p>[\/vc_column_text][vc_empty_space height=\u00bb20px\u00bb][vc_single_image image=\u00bb3580&#8243; img_size=\u00bbfull\u00bb qode_css_animation=\u00bb\u00bb][vc_column_text]<\/p>\n<h4><span style=\"color: #333399;\"><strong>Rosa Mar\u00eda Rodr\u00edguez Hern\u00e1ndez<\/strong><\/span><\/h4>\n<p>[\/vc_column_text][vc_empty_space][vc_column_text]<\/p>\n<h3><strong>Premios y Distinciones Honor\u00edficas:<\/strong><\/h3>\n<p>[\/vc_column_text][vc_empty_space height=\u00bb20px\u00bb][vc_column_text]<\/p>\n<h3><strong>Mujer Destacada: <\/strong><span style=\"color: #333399;\"><strong>Rosa Mar\u00eda Rodr\u00edguez Hern\u00e1ndez<\/strong><\/span><\/h3>\n<p>[\/vc_column_text][vc_empty_space height=\u00bb20px\u00bb][vc_video link=\u00bbhttps:\/\/youtu.be\/V_IW-n4V3qw?si=85mPCEB2nnwPrm0D\u00bb][vc_empty_space height=\u00bb20px\u00bb][vc_row_inner row_type=\u00bbrow\u00bb type=\u00bbfull_width\u00bb text_align=\u00bbleft\u00bb css_animation=\u00bb\u00bb][vc_column_inner width=\u00bb1\/2&#8243;][vc_column_text]<\/p>\n<h4><strong>Proyecto Educativo: IES Eusebio Barreto Lorenzo y IES Jos\u00e9 Mar\u00eda P\u00e9rez Pulido<\/strong><\/h4>\n<p>[\/vc_column_text][vc_empty_space height=\u00bb20px\u00bb][vc_video link=\u00bbhttps:\/\/youtu.be\/3nIBPc29r8s?si=3NGOO_48-VxlK1ja\u00bb][vc_empty_space height=\u00bb20px\u00bb][\/vc_column_inner][vc_column_inner width=\u00bb1\/2&#8243;][vc_column_text]<\/p>\n<h4><strong>Entidad Social: Asociaci\u00f3n de Familias y Personas con problemas de salud mental<\/strong><\/h4>\n<p>[\/vc_column_text][vc_empty_space height=\u00bb20px\u00bb][vc_video link=\u00bbhttps:\/\/youtu.be\/JkcbQu6hEEM?si=IZq5gnaJdp5G7_Wh\u00bb][vc_empty_space height=\u00bb20px\u00bb][\/vc_column_inner][\/vc_row_inner][vc_row_inner row_type=\u00bbrow\u00bb type=\u00bbfull_width\u00bb text_align=\u00bbleft\u00bb css_animation=\u00bb\u00bb][vc_column_inner width=\u00bb1\/2&#8243;][vc_column_text]<\/p>\n<h4><strong>Mujeres de Aridane 2024<\/strong><\/h4>\n<p>[\/vc_column_text][vc_empty_space height=\u00bb20px\u00bb][vc_video link=\u00bbhttps:\/\/youtu.be\/8Ebtgw0Zw1o?si=DuH6Y6hKBXagJ99C\u00bb][vc_empty_space height=\u00bb20px\u00bb][\/vc_column_inner][vc_column_inner width=\u00bb1\/2&#8243;][vc_column_text]<\/p>\n<h4><strong>Nominadas Mujer Destacada:<\/strong><\/h4>\n<p>[\/vc_column_text][vc_empty_space height=\u00bb20px\u00bb][vc_video link=\u00bbhttps:\/\/youtu.be\/3Fl8Cxc9WzQ?si=PZEIGcF4NfcJGMu4&#8243;][vc_empty_space height=\u00bb20px\u00bb][\/vc_column_inner][\/vc_row_inner][vc_empty_space][vc_column_text]<\/p>\n<h4><strong>Resumen Gala 2024<\/strong><\/h4>\n<p>[\/vc_column_text][vc_video link=\u00bbhttps:\/\/youtu.be\/eKP9OCoyCqw\u00bb][vc_empty_space][vc_row_inner row_type=\u00bbrow\u00bb type=\u00bbfull_width\u00bb text_align=\u00bbleft\u00bb css_animation=\u00bb\u00bb][vc_column_inner width=\u00bb1\/3&#8243;][vc_column_text css=\u00bb.vc_custom_1710764219697{padding-top: 30px !important;padding-bottom: 30px !important;background-color: #6b4091 !important;border-radius: 10px !important;}\u00bb]<\/p>\n<h1 style=\"text-align: center;\"><a href=\"https:\/\/www.aridane.org\/city\/concejalia-de-igualdad\/mujer-destacada\/mujer-destacada-2023\/\"><span style=\"color: #ffffff;\">2023<\/span><\/a><\/h1>\n<p>[\/vc_column_text][vc_empty_space height=\u00bb20px\u00bb][\/vc_column_inner][vc_column_inner width=\u00bb1\/3&#8243;][vc_column_text css=\u00bb.vc_custom_1707219615538{padding-top: 30px !important;padding-bottom: 30px !important;background-color: #6b4091 !important;border-radius: 10px !important;}\u00bb]<\/p>\n<h1 style=\"text-align: center;\"><a href=\"https:\/\/www.aridane.org\/city\/concejalia-de-igualdad\/mujer-destacada\/mujer-destacada-2022-21\/\"><span style=\"color: #ffffff;\">2022-21<\/span><\/a><\/h1>\n<p>[\/vc_column_text][vc_empty_space height=\u00bb20px\u00bb][\/vc_column_inner][vc_column_inner width=\u00bb1\/3&#8243;][vc_column_text css=\u00bb.vc_custom_1707219634193{padding-top: 30px !important;padding-bottom: 30px !important;background-color: #6b4091 !important;border-radius: 10px !important;}\u00bb]<\/p>\n<h1 style=\"text-align: center;\"><a href=\"https:\/\/www.aridane.org\/city\/concejalia-de-igualdad\/mujer-destacada\/mujer-destacada-2020\/\"><span style=\"color: #ffffff;\">2020<\/span><\/a><\/h1>\n<p>[\/vc_column_text][vc_empty_space height=\u00bb20px\u00bb][\/vc_column_inner][\/vc_row_inner][vc_empty_space height=\u00bb20px\u00bb][vc_row_inner row_type=\u00bbrow\u00bb use_as_box=\u00bbuse_row_as_box\u00bb type=\u00bbgrid\u00bb text_align=\u00bbcenter\u00bb css_animation=\u00bb\u00bb][vc_column_inner width=\u00bb1\/2&#8243;][vc_column_text css=\u00bb.vc_custom_1707219661666{padding-top: 30px !important;padding-bottom: 30px !important;background-color: #6b4091 !important;border-radius: 10px !important;}\u00bb]<\/p>\n<h1 style=\"text-align: center;\"><a href=\"https:\/\/www.aridane.org\/city\/concejalia-de-igualdad\/mujer-destacada\/mujer-destacada-2019\/\"><span style=\"color: #ffffff;\">2019<\/span><\/a><\/h1>\n<p>[\/vc_column_text][vc_empty_space height=\u00bb20px\u00bb][\/vc_column_inner][vc_column_inner width=\u00bb1\/2&#8243;][vc_column_text css=\u00bb.vc_custom_1707219680937{padding-top: 30px !important;padding-bottom: 30px !important;background-color: #6b4091 !important;border-radius: 10px !important;}\u00bb]<\/p>\n<h1 style=\"text-align: center;\"><a href=\"https:\/\/www.aridane.org\/city\/concejalia-de-igualdad\/mujer-destacada\/mujer-destacada-2018\/\"><span style=\"color: #ffffff;\">2018<\/span><\/a><\/h1>\n<p>[\/vc_column_text][vc_empty_space height=\u00bb20px\u00bb][\/vc_column_inner][\/vc_row_inner][vc_empty_space][\/vc_column][\/vc_row][vc_row css_animation=\u00bb\u00bb row_type=\u00bbrow\u00bb use_row_as_full_screen_section=\u00bbno\u00bb type=\u00bbfull_width\u00bb angled_section=\u00bbno\u00bb text_align=\u00bbleft\u00bb background_image_as_pattern=\u00bbwithout_pattern\u00bb][vc_column width=\u00bb1\/3&#8243;][vc_single_image image=\u00bb3310&#8243; alignment=\u00bbcenter\u00bb qode_css_animation=\u00bb\u00bb][vc_empty_space height=\u00bb20px\u00bb][\/vc_column][vc_column width=\u00bb1\/3&#8243;][vc_single_image image=\u00bb3122&#8243; img_size=\u00bbfull\u00bb alignment=\u00bbcenter\u00bb qode_css_animation=\u00bb\u00bb][vc_empty_space height=\u00bb20px\u00bb][\/vc_column][vc_column width=\u00bb1\/3&#8243;][vc_single_image image=\u00bb3311&#8243; alignment=\u00bbcenter\u00bb qode_css_animation=\u00bb\u00bb][vc_empty_space height=\u00bb20px\u00bb][\/vc_column][\/vc_row][vc_row css_animation=\u00bb\u00bb row_type=\u00bbrow\u00bb use_row_as_full_screen_section=\u00bbno\u00bb type=\u00bbfull_width\u00bb angled_section=\u00bbno\u00bb text_align=\u00bbleft\u00bb background_image_as_pattern=\u00bbwithout_pattern\u00bb][vc_column][vc_empty_space][\/vc_column][\/vc_row]<\/p>\n<\/section>","protected":false},"excerpt":{"rendered":"<p>[vc_row css_animation=\u00bb\u00bb row_type=\u00bbrow\u00bb use_row_as_full_screen_section=\u00bbno\u00bb type=\u00bbfull_width\u00bb angled_section=\u00bbno\u00bb text_align=\u00bbleft\u00bb background_image_as_pattern=\u00bbwithout_pattern\u00bb z_index=\u00bb\u00bb][vc_column][vc_empty_space height=\u00bb20px\u00bb][vc_column_text] Mujer Destacada 2024 [\/vc_column_text][vc_empty_space height=\u00bb20px\u00bb][vc_single_image image=\u00bb3580&#8243; img_size=\u00bbfull\u00bb qode_css_animation=\u00bb\u00bb][vc_column_text] Rosa Mar\u00eda Rodr\u00edguez Hern\u00e1ndez [\/vc_column_text][vc_empty_space][vc_column_text] Premios y Distinciones Honor\u00edficas: [\/vc_column_text][vc_empty_space height=\u00bb20px\u00bb][vc_column_text] Mujer Destacada: Rosa Mar\u00eda Rodr\u00edguez Hern\u00e1ndez [\/vc_column_text][vc_empty_space height=\u00bb20px\u00bb][vc_video link=\u00bbhttps:\/\/youtu.be\/V_IW-n4V3qw?si=85mPCEB2nnwPrm0D\u00bb][vc_empty_space height=\u00bb20px\u00bb][vc_row_inner row_type=\u00bbrow\u00bb type=\u00bbfull_width\u00bb text_align=\u00bbleft\u00bb css_animation=\u00bb\u00bb][vc_column_inner width=\u00bb1\/2&#8243;][vc_column_text] Proyecto&#8230;<\/p>\n","protected":false},"author":2,"featured_media":0,"parent":3136,"menu_order":0,"comment_status":"closed","ping_status":"closed","template":"","meta":{"footnotes":""},"class_list":["post-3575","page","type-page","status-publish","hentry"],"yoast_head":"<!-- This site is optimized with the Yoast SEO plugin v22.7 - https:\/\/yoast.com\/wordpress\/plugins\/seo\/ -->\n<title>Mujer Destacada 2024 - Ayuntamiento de Los Llanos de Aridane<\/title>\n<meta name=\"robots\" content=\"index, follow, max-snippet:-1, max-image-preview:large, max-video-preview:-1\" \/>\n<link rel=\"canonical\" href=\"https:\/\/www.aridane.org\/city\/concejalia-de-igualdad\/mujer-destacada\/mujer-destacada-2024\/\" \/>\n<meta property=\"og:locale\" content=\"es_ES\" \/>\n<meta property=\"og:type\" content=\"article\" \/>\n<meta property=\"og:title\" content=\"Mujer Destacada 2024 - Ayuntamiento de Los Llanos de Aridane\" \/>\n<meta property=\"og:description\" content=\"[vc_row css_animation=\u00bb\u00bb row_type=\u00bbrow\u00bb use_row_as_full_screen_section=\u00bbno\u00bb type=\u00bbfull_width\u00bb angled_section=\u00bbno\u00bb text_align=\u00bbleft\u00bb background_image_as_pattern=\u00bbwithout_pattern\u00bb z_index=\u00bb\u00bb][vc_column][vc_empty_space height=\u00bb20px\u00bb][vc_column_text] Mujer Destacada 2024 [\/vc_column_text][vc_empty_space height=\u00bb20px\u00bb][vc_single_image image=\u00bb3580&#8243; img_size=\u00bbfull\u00bb qode_css_animation=\u00bb\u00bb][vc_column_text] Rosa Mar\u00eda Rodr\u00edguez Hern\u00e1ndez [\/vc_column_text][vc_empty_space][vc_column_text] Premios y Distinciones Honor\u00edficas: [\/vc_column_text][vc_empty_space height=\u00bb20px\u00bb][vc_column_text] Mujer Destacada: Rosa Mar\u00eda Rodr\u00edguez Hern\u00e1ndez [\/vc_column_text][vc_empty_space height=\u00bb20px\u00bb][vc_video link=\u00bbhttps:\/\/youtu.be\/V_IW-n4V3qw?si=85mPCEB2nnwPrm0D\u00bb][vc_empty_space height=\u00bb20px\u00bb][vc_row_inner row_type=\u00bbrow\u00bb type=\u00bbfull_width\u00bb text_align=\u00bbleft\u00bb css_animation=\u00bb\u00bb][vc_column_inner width=\u00bb1\/2&#8243;][vc_column_text] Proyecto...\" \/>\n<meta property=\"og:url\" content=\"https:\/\/www.aridane.org\/city\/concejalia-de-igualdad\/mujer-destacada\/mujer-destacada-2024\/\" \/>\n<meta property=\"og:site_name\" content=\"Ayuntamiento de Los Llanos de Aridane\" \/>\n<meta property=\"article:modified_time\" content=\"2024-03-18T12:17:02+00:00\" \/>\n<meta name=\"twitter:card\" content=\"summary_large_image\" \/>\n<meta name=\"twitter:label1\" content=\"Tiempo de lectura\" \/>\n\t<meta name=\"twitter:data1\" content=\"2 minutos\" \/>\n<script type=\"application\/ld+json\" class=\"yoast-schema-graph\">{\"@context\":\"https:\/\/schema.org\",\"@graph\":[{\"@type\":\"WebPage\",\"@id\":\"https:\/\/www.aridane.org\/city\/concejalia-de-igualdad\/mujer-destacada\/mujer-destacada-2024\/\",\"url\":\"https:\/\/www.aridane.org\/city\/concejalia-de-igualdad\/mujer-destacada\/mujer-destacada-2024\/\",\"name\":\"Mujer Destacada 2024 - Ayuntamiento de Los Llanos de Aridane\",\"isPartOf\":{\"@id\":\"https:\/\/www.aridane.org\/city\/#website\"},\"datePublished\":\"2024-03-18T11:45:08+00:00\",\"dateModified\":\"2024-03-18T12:17:02+00:00\",\"breadcrumb\":{\"@id\":\"https:\/\/www.aridane.org\/city\/concejalia-de-igualdad\/mujer-destacada\/mujer-destacada-2024\/#breadcrumb\"},\"inLanguage\":\"es\",\"potentialAction\":[{\"@type\":\"ReadAction\",\"target\":[\"https:\/\/www.aridane.org\/city\/concejalia-de-igualdad\/mujer-destacada\/mujer-destacada-2024\/\"]}]},{\"@type\":\"BreadcrumbList\",\"@id\":\"https:\/\/www.aridane.org\/city\/concejalia-de-igualdad\/mujer-destacada\/mujer-destacada-2024\/#breadcrumb\",\"itemListElement\":[{\"@type\":\"ListItem\",\"position\":1,\"name\":\"Portada\",\"item\":\"https:\/\/www.aridane.org\/city\/\"},{\"@type\":\"ListItem\",\"position\":2,\"name\":\"Concejal\u00eda de Igualdad\",\"item\":\"https:\/\/www.aridane.org\/city\/concejalia-de-igualdad\/\"},{\"@type\":\"ListItem\",\"position\":3,\"name\":\"Mujer Destacada\",\"item\":\"https:\/\/www.aridane.org\/city\/concejalia-de-igualdad\/mujer-destacada\/\"},{\"@type\":\"ListItem\",\"position\":4,\"name\":\"Mujer Destacada 2024\"}]},{\"@type\":\"WebSite\",\"@id\":\"https:\/\/www.aridane.org\/city\/#website\",\"url\":\"https:\/\/www.aridane.org\/city\/\",\"name\":\"Ayuntamiento de Los Llanos de Aridane\",\"description\":\"\",\"potentialAction\":[{\"@type\":\"SearchAction\",\"target\":{\"@type\":\"EntryPoint\",\"urlTemplate\":\"https:\/\/www.aridane.org\/city\/?s={search_term_string}\"},\"query-input\":\"required name=search_term_string\"}],\"inLanguage\":\"es\"}]}<\/script>\n<!-- \/ Yoast SEO plugin. -->","yoast_head_json":{"title":"Mujer Destacada 2024 - Ayuntamiento de Los Llanos de Aridane","robots":{"index":"index","follow":"follow","max-snippet":"max-snippet:-1","max-image-preview":"max-image-preview:large","max-video-preview":"max-video-preview:-1"},"canonical":"https:\/\/www.aridane.org\/city\/concejalia-de-igualdad\/mujer-destacada\/mujer-destacada-2024\/","og_locale":"es_ES","og_type":"article","og_title":"Mujer Destacada 2024 - Ayuntamiento de Los Llanos de Aridane","og_description":"[vc_row css_animation=\u00bb\u00bb row_type=\u00bbrow\u00bb use_row_as_full_screen_section=\u00bbno\u00bb type=\u00bbfull_width\u00bb angled_section=\u00bbno\u00bb text_align=\u00bbleft\u00bb background_image_as_pattern=\u00bbwithout_pattern\u00bb z_index=\u00bb\u00bb][vc_column][vc_empty_space height=\u00bb20px\u00bb][vc_column_text] Mujer Destacada 2024 [\/vc_column_text][vc_empty_space height=\u00bb20px\u00bb][vc_single_image image=\u00bb3580&#8243; img_size=\u00bbfull\u00bb qode_css_animation=\u00bb\u00bb][vc_column_text] Rosa Mar\u00eda Rodr\u00edguez Hern\u00e1ndez [\/vc_column_text][vc_empty_space][vc_column_text] Premios y Distinciones Honor\u00edficas: [\/vc_column_text][vc_empty_space height=\u00bb20px\u00bb][vc_column_text] Mujer Destacada: Rosa Mar\u00eda Rodr\u00edguez Hern\u00e1ndez [\/vc_column_text][vc_empty_space height=\u00bb20px\u00bb][vc_video link=\u00bbhttps:\/\/youtu.be\/V_IW-n4V3qw?si=85mPCEB2nnwPrm0D\u00bb][vc_empty_space height=\u00bb20px\u00bb][vc_row_inner row_type=\u00bbrow\u00bb type=\u00bbfull_width\u00bb text_align=\u00bbleft\u00bb css_animation=\u00bb\u00bb][vc_column_inner width=\u00bb1\/2&#8243;][vc_column_text] Proyecto...","og_url":"https:\/\/www.aridane.org\/city\/concejalia-de-igualdad\/mujer-destacada\/mujer-destacada-2024\/","og_site_name":"Ayuntamiento de Los Llanos de Aridane","article_modified_time":"2024-03-18T12:17:02+00:00","twitter_card":"summary_large_image","twitter_misc":{"Tiempo de lectura":"2 minutos"},"schema":{"@context":"https:\/\/schema.org","@graph":[{"@type":"WebPage","@id":"https:\/\/www.aridane.org\/city\/concejalia-de-igualdad\/mujer-destacada\/mujer-destacada-2024\/","url":"https:\/\/www.aridane.org\/city\/concejalia-de-igualdad\/mujer-destacada\/mujer-destacada-2024\/","name":"Mujer Destacada 2024 - Ayuntamiento de Los Llanos de Aridane","isPartOf":{"@id":"https:\/\/www.aridane.org\/city\/#website"},"datePublished":"2024-03-18T11:45:08+00:00","dateModified":"2024-03-18T12:17:02+00:00","breadcrumb":{"@id":"https:\/\/www.aridane.org\/city\/concejalia-de-igualdad\/mujer-destacada\/mujer-destacada-2024\/#breadcrumb"},"inLanguage":"es","potentialAction":[{"@type":"ReadAction","target":["https:\/\/www.aridane.org\/city\/concejalia-de-igualdad\/mujer-destacada\/mujer-destacada-2024\/"]}]},{"@type":"BreadcrumbList","@id":"https:\/\/www.aridane.org\/city\/concejalia-de-igualdad\/mujer-destacada\/mujer-destacada-2024\/#breadcrumb","itemListElement":[{"@type":"ListItem","position":1,"name":"Portada","item":"https:\/\/www.aridane.org\/city\/"},{"@type":"ListItem","position":2,"name":"Concejal\u00eda de Igualdad","item":"https:\/\/www.aridane.org\/city\/concejalia-de-igualdad\/"},{"@type":"ListItem","position":3,"name":"Mujer Destacada","item":"https:\/\/www.aridane.org\/city\/concejalia-de-igualdad\/mujer-destacada\/"},{"@type":"ListItem","position":4,"name":"Mujer Destacada 2024"}]},{"@type":"WebSite","@id":"https:\/\/www.aridane.org\/city\/#website","url":"https:\/\/www.aridane.org\/city\/","name":"Ayuntamiento de Los Llanos de Aridane","description":"","potentialAction":[{"@type":"SearchAction","target":{"@type":"EntryPoint","urlTemplate":"https:\/\/www.aridane.org\/city\/?s={search_term_string}"},"query-input":"required name=search_term_string"}],"inLanguage":"es"}]}},"_links":{"self":[{"href":"https:\/\/www.aridane.org\/city\/wp-json\/wp\/v2\/pages\/3575","targetHints":{"allow":["GET"]}}],"collection":[{"href":"https:\/\/www.aridane.org\/city\/wp-json\/wp\/v2\/pages"}],"about":[{"href":"https:\/\/www.aridane.org\/city\/wp-json\/wp\/v2\/types\/page"}],"author":[{"embeddable":true,"href":"https:\/\/www.aridane.org\/city\/wp-json\/wp\/v2\/users\/2"}],"replies":[{"embeddable":true,"href":"https:\/\/www.aridane.org\/city\/wp-json\/wp\/v2\/comments?post=3575"}],"version-history":[{"count":10,"href":"https:\/\/www.aridane.org\/city\/wp-json\/wp\/v2\/pages\/3575\/revisions"}],"predecessor-version":[{"id":3586,"href":"https:\/\/www.aridane.org\/city\/wp-json\/wp\/v2\/pages\/3575\/revisions\/3586"}],"up":[{"embeddable":true,"href":"https:\/\/www.aridane.org\/city\/wp-json\/wp\/v2\/pages\/3136"}],"wp:attachment":[{"href":"https:\/\/www.aridane.org\/city\/wp-json\/wp\/v2\/media?parent=3575"}],"curies":[{"name":"wp","href":"https:\/\/api.w.org\/{rel}","templated":true}]}}