{"id":813,"date":"2021-05-27T15:55:24","date_gmt":"2021-05-27T14:55:24","guid":{"rendered":"https:\/\/aridane.org\/ciudad\/?page_id=813"},"modified":"2023-07-12T09:18:51","modified_gmt":"2023-07-12T09:18:51","slug":"noticias","status":"publish","type":"page","link":"https:\/\/www.aridane.org\/city\/noticias\/","title":{"rendered":"Noticias"},"content":{"rendered":"<section class=\"wpb-content-wrapper\"><p>[vc_row css_animation=\u00bb\u00bb row_type=\u00bbrow\u00bb use_row_as_full_screen_section=\u00bbno\u00bb type=\u00bbgrid\u00bb angled_section=\u00bbno\u00bb text_align=\u00bbleft\u00bb background_image_as_pattern=\u00bbwithout_pattern\u00bb z_index=\u00bb\u00bb][vc_column][vc_empty_space height=\u00bb40px\u00bb][vc_column_text]<\/p>\n<h3>Conoce la actualidad de tu municipio.<\/h3>\n<p>[\/vc_column_text][vc_empty_space height=\u00bb20px\u00bb][vc_column_text]<\/p>\n<h5>Informaci\u00f3n, comunicados, eventos e informaci\u00f3n relevante y de inter\u00e9s.<\/h5>\n<p>[\/vc_column_text][vc_empty_space height=\u00bb20px\u00bb]<div class='latest_post_two_holder three_columns'><ul><li class=\"clearfix\"><div class=\"latest_post_two_image\"><a itemprop=\"url\" href=\"https:\/\/www.aridane.org\/city\/2026\/04\/16\/el-ayuntamiento-de-los-llanos-refuerza-la-seguridad-de-sus-calles-y-ordena-el-espacio-publico\/\"><img loading=\"lazy\" decoding=\"async\" width=\"800\" height=\"600\" src=\"https:\/\/www.aridane.org\/city\/wp-content\/uploads\/2026\/04\/Aparcamientos-1-800x600.jpeg\" class=\"attachment-portfolio-landscape size-portfolio-landscape wp-post-image\" alt=\"\" \/><\/a><\/div><div class=\"latest_post_two_inner\" ><div class=\"latest_post_two_text\"><h5 itemprop=\"name\" class=\"latest_post_two_title entry_title\"><a itemprop=\"url\" href=\"https:\/\/www.aridane.org\/city\/2026\/04\/16\/el-ayuntamiento-de-los-llanos-refuerza-la-seguridad-de-sus-calles-y-ordena-el-espacio-publico\/\" >El Ayuntamiento de Los Llanos refuerza la seguridad de sus calles y ordena el espacio p\u00fablico<\/a><\/h5><div class=\"separator small left \" ><\/div><p itemprop=\"description\" class=\"latest_post_two_excerpt\" >Se crean tres plazas para Servicios Sociales y una para ambulancia junto al campo de f\u00fatbol y la piscina municipal, adem\u00e1s de reordenar la estaci\u00f3n de guaguas<\/p><\/div><div class=\"latest_post_two_info\" ><div class=\"latest_post_two_info_inner\" ><div class=\"post_info_author\"><img alt='Author Image' src='https:\/\/secure.gravatar.com\/avatar\/1c476992411e4ccf153da63b2b2f5ea0bb4cb1c85f3ceab8512f04325ad5579c?s=30&#038;d=mm&#038;r=g' srcset='https:\/\/secure.gravatar.com\/avatar\/1c476992411e4ccf153da63b2b2f5ea0bb4cb1c85f3ceab8512f04325ad5579c?s=60&#038;d=mm&#038;r=g 2x' class='avatar avatar-30 photo' height='30' width='30' \/><span class=\"post_info_author_name\">Corresponsal<\/span><\/div><div itemprop=\"dateCreated\" class=\"post_info_date entry_date updated\">16 abril, 2026<meta itemprop=\"interactionCount\" content=\"UserComments: <?php echo get_comments_number(qode_get_page_id()); ?>\"\/><\/div><\/div><\/div><\/div><\/li><li class=\"clearfix\"><div class=\"latest_post_two_image\"><a itemprop=\"url\" href=\"https:\/\/www.aridane.org\/city\/2026\/04\/14\/neon-run-spain-convierte-este-fin-de-semana-a-los-llanos-de-aridane-en-el-epicentro-regional-del-running\/\"><img loading=\"lazy\" decoding=\"async\" width=\"800\" height=\"600\" src=\"https:\/\/www.aridane.org\/city\/wp-content\/uploads\/2023\/04\/neon_party_1-800x600.jpg\" class=\"attachment-portfolio-landscape size-portfolio-landscape wp-post-image\" alt=\"\" \/><\/a><\/div><div class=\"latest_post_two_inner\" ><div class=\"latest_post_two_text\"><h5 itemprop=\"name\" class=\"latest_post_two_title entry_title\"><a itemprop=\"url\" href=\"https:\/\/www.aridane.org\/city\/2026\/04\/14\/neon-run-spain-convierte-este-fin-de-semana-a-los-llanos-de-aridane-en-el-epicentro-regional-del-running\/\" >Neon Run Spain convierte este fin de semana a Los Llanos de Aridane en el epicentro regional del running<\/a><\/h5><div class=\"separator small left \" ><\/div><p itemprop=\"description\" class=\"latest_post_two_excerpt\" >La nueva edici\u00f3n llega con una programaci\u00f3n que incluye actividades para todas las edades<\/p><\/div><div class=\"latest_post_two_info\" ><div class=\"latest_post_two_info_inner\" ><div class=\"post_info_author\"><img alt='Author Image' src='https:\/\/secure.gravatar.com\/avatar\/1c476992411e4ccf153da63b2b2f5ea0bb4cb1c85f3ceab8512f04325ad5579c?s=30&#038;d=mm&#038;r=g' srcset='https:\/\/secure.gravatar.com\/avatar\/1c476992411e4ccf153da63b2b2f5ea0bb4cb1c85f3ceab8512f04325ad5579c?s=60&#038;d=mm&#038;r=g 2x' class='avatar avatar-30 photo' height='30' width='30' \/><span class=\"post_info_author_name\">Corresponsal<\/span><\/div><div itemprop=\"dateCreated\" class=\"post_info_date entry_date updated\">14 abril, 2026<meta itemprop=\"interactionCount\" content=\"UserComments: <?php echo get_comments_number(qode_get_page_id()); ?>\"\/><\/div><\/div><\/div><\/div><\/li><li class=\"clearfix\"><div class=\"latest_post_two_image\"><a itemprop=\"url\" href=\"https:\/\/www.aridane.org\/city\/2026\/04\/13\/el-ayuntamiento-de-los-llanos-de-aridane-presenta-la-escuela-feminista-un-espacio-de-formacion-en-igualdad\/\"><img loading=\"lazy\" decoding=\"async\" width=\"800\" height=\"600\" src=\"https:\/\/www.aridane.org\/city\/wp-content\/uploads\/2026\/04\/NP-Escuela-Feminista-800x600.jpeg\" class=\"attachment-portfolio-landscape size-portfolio-landscape wp-post-image\" alt=\"\" srcset=\"https:\/\/www.aridane.org\/city\/wp-content\/uploads\/2026\/04\/NP-Escuela-Feminista-800x600.jpeg 800w, https:\/\/www.aridane.org\/city\/wp-content\/uploads\/2026\/04\/NP-Escuela-Feminista-300x225.jpeg 300w, https:\/\/www.aridane.org\/city\/wp-content\/uploads\/2026\/04\/NP-Escuela-Feminista-620x465.jpeg 620w, https:\/\/www.aridane.org\/city\/wp-content\/uploads\/2026\/04\/NP-Escuela-Feminista-768x576.jpeg 768w, https:\/\/www.aridane.org\/city\/wp-content\/uploads\/2026\/04\/NP-Escuela-Feminista-1536x1152.jpeg 1536w, https:\/\/www.aridane.org\/city\/wp-content\/uploads\/2026\/04\/NP-Escuela-Feminista-700x525.jpeg 700w, https:\/\/www.aridane.org\/city\/wp-content\/uploads\/2026\/04\/NP-Escuela-Feminista.jpeg 1600w\" sizes=\"auto, (max-width: 800px) 100vw, 800px\" \/><\/a><\/div><div class=\"latest_post_two_inner\" ><div class=\"latest_post_two_text\"><h5 itemprop=\"name\" class=\"latest_post_two_title entry_title\"><a itemprop=\"url\" href=\"https:\/\/www.aridane.org\/city\/2026\/04\/13\/el-ayuntamiento-de-los-llanos-de-aridane-presenta-la-escuela-feminista-un-espacio-de-formacion-en-igualdad\/\" >El Ayuntamiento de Los Llanos de Aridane presenta la Escuela Feminista, un espacio de formaci\u00f3n en igualdad<\/a><\/h5><div class=\"separator small left \" ><\/div><p itemprop=\"description\" class=\"latest_post_two_excerpt\" >El programa incluye actividades culturales, encuentros de debate y participaci\u00f3n ciudadana a lo largo de todo el a\u00f1o<\/p><\/div><div class=\"latest_post_two_info\" ><div class=\"latest_post_two_info_inner\" ><div class=\"post_info_author\"><img alt='Author Image' src='https:\/\/secure.gravatar.com\/avatar\/1c476992411e4ccf153da63b2b2f5ea0bb4cb1c85f3ceab8512f04325ad5579c?s=30&#038;d=mm&#038;r=g' srcset='https:\/\/secure.gravatar.com\/avatar\/1c476992411e4ccf153da63b2b2f5ea0bb4cb1c85f3ceab8512f04325ad5579c?s=60&#038;d=mm&#038;r=g 2x' class='avatar avatar-30 photo' height='30' width='30' \/><span class=\"post_info_author_name\">Corresponsal<\/span><\/div><div itemprop=\"dateCreated\" class=\"post_info_date entry_date updated\">13 abril, 2026<meta itemprop=\"interactionCount\" content=\"UserComments: <?php echo get_comments_number(qode_get_page_id()); ?>\"\/><\/div><\/div><\/div><\/div><\/li><li class=\"clearfix\"><div class=\"latest_post_two_image\"><a itemprop=\"url\" href=\"https:\/\/www.aridane.org\/city\/2026\/04\/10\/el-ayuntamiento-de-los-llanos-destaca-la-oferta-sus-institutos-como-motor-para-la-reconstruccion-y-el-empleo-en-el-valle\/\"><img loading=\"lazy\" decoding=\"async\" width=\"800\" height=\"600\" src=\"https:\/\/www.aridane.org\/city\/wp-content\/uploads\/2026\/04\/Perez-Pulido-800x600.jpeg\" class=\"attachment-portfolio-landscape size-portfolio-landscape wp-post-image\" alt=\"\" srcset=\"https:\/\/www.aridane.org\/city\/wp-content\/uploads\/2026\/04\/Perez-Pulido-800x600.jpeg 800w, https:\/\/www.aridane.org\/city\/wp-content\/uploads\/2026\/04\/Perez-Pulido-300x225.jpeg 300w, https:\/\/www.aridane.org\/city\/wp-content\/uploads\/2026\/04\/Perez-Pulido-620x465.jpeg 620w, https:\/\/www.aridane.org\/city\/wp-content\/uploads\/2026\/04\/Perez-Pulido-768x576.jpeg 768w, https:\/\/www.aridane.org\/city\/wp-content\/uploads\/2026\/04\/Perez-Pulido-1536x1152.jpeg 1536w, https:\/\/www.aridane.org\/city\/wp-content\/uploads\/2026\/04\/Perez-Pulido-2048x1536.jpeg 2048w, https:\/\/www.aridane.org\/city\/wp-content\/uploads\/2026\/04\/Perez-Pulido-700x525.jpeg 700w\" sizes=\"auto, (max-width: 800px) 100vw, 800px\" \/><\/a><\/div><div class=\"latest_post_two_inner\" ><div class=\"latest_post_two_text\"><h5 itemprop=\"name\" class=\"latest_post_two_title entry_title\"><a itemprop=\"url\" href=\"https:\/\/www.aridane.org\/city\/2026\/04\/10\/el-ayuntamiento-de-los-llanos-destaca-la-oferta-sus-institutos-como-motor-para-la-reconstruccion-y-el-empleo-en-el-valle\/\" >El Ayuntamiento de Los Llanos destaca la oferta sus institutos como motor para la reconstrucci\u00f3n y el empleo en el Valle<\/a><\/h5><div class=\"separator small left \" ><\/div><p itemprop=\"description\" class=\"latest_post_two_excerpt\" >La apuesta formativa del municipio refuerza la necesidad de contar con un Centro Integrado de Formaci\u00f3n Profesional<\/p><\/div><div class=\"latest_post_two_info\" ><div class=\"latest_post_two_info_inner\" ><div class=\"post_info_author\"><img alt='Author Image' src='https:\/\/secure.gravatar.com\/avatar\/1c476992411e4ccf153da63b2b2f5ea0bb4cb1c85f3ceab8512f04325ad5579c?s=30&#038;d=mm&#038;r=g' srcset='https:\/\/secure.gravatar.com\/avatar\/1c476992411e4ccf153da63b2b2f5ea0bb4cb1c85f3ceab8512f04325ad5579c?s=60&#038;d=mm&#038;r=g 2x' class='avatar avatar-30 photo' height='30' width='30' \/><span class=\"post_info_author_name\">Corresponsal<\/span><\/div><div itemprop=\"dateCreated\" class=\"post_info_date entry_date updated\">10 abril, 2026<meta itemprop=\"interactionCount\" content=\"UserComments: <?php echo get_comments_number(qode_get_page_id()); ?>\"\/><\/div><\/div><\/div><\/div><\/li><li class=\"clearfix\"><div class=\"latest_post_two_image\"><a itemprop=\"url\" href=\"https:\/\/www.aridane.org\/city\/2026\/04\/08\/sembramos-para-ti-la-nueva-campana-del-ayuntamiento-de-los-llanos-para-dinamizar-el-mercadillo-del-agricultor\/\"><img loading=\"lazy\" decoding=\"async\" width=\"800\" height=\"600\" src=\"https:\/\/www.aridane.org\/city\/wp-content\/uploads\/2024\/04\/Mercadillo-Agricultor-Los-Llanos-800x600.jpg\" class=\"attachment-portfolio-landscape size-portfolio-landscape wp-post-image\" alt=\"\" \/><\/a><\/div><div class=\"latest_post_two_inner\" ><div class=\"latest_post_two_text\"><h5 itemprop=\"name\" class=\"latest_post_two_title entry_title\"><a itemprop=\"url\" href=\"https:\/\/www.aridane.org\/city\/2026\/04\/08\/sembramos-para-ti-la-nueva-campana-del-ayuntamiento-de-los-llanos-para-dinamizar-el-mercadillo-del-agricultor\/\" >\u2018Sembramos para ti\u2019: La nueva campa\u00f1a del Ayuntamiento de Los Llanos para dinamizar el Mercadillo del Agricultor<\/a><\/h5><div class=\"separator small left \" ><\/div><p itemprop=\"description\" class=\"latest_post_two_excerpt\" >La campa\u00f1a, que comienza este domingo, 12 de abril, establece que por cada 5 euros de compra se participa en el sorteo mensual de una caja de productos locales<\/p><\/div><div class=\"latest_post_two_info\" ><div class=\"latest_post_two_info_inner\" ><div class=\"post_info_author\"><img alt='Author Image' src='https:\/\/secure.gravatar.com\/avatar\/1c476992411e4ccf153da63b2b2f5ea0bb4cb1c85f3ceab8512f04325ad5579c?s=30&#038;d=mm&#038;r=g' srcset='https:\/\/secure.gravatar.com\/avatar\/1c476992411e4ccf153da63b2b2f5ea0bb4cb1c85f3ceab8512f04325ad5579c?s=60&#038;d=mm&#038;r=g 2x' class='avatar avatar-30 photo' height='30' width='30' \/><span class=\"post_info_author_name\">Corresponsal<\/span><\/div><div itemprop=\"dateCreated\" class=\"post_info_date entry_date updated\">08 abril, 2026<meta itemprop=\"interactionCount\" content=\"UserComments: <?php echo get_comments_number(qode_get_page_id()); ?>\"\/><\/div><\/div><\/div><\/div><\/li><li class=\"clearfix\"><div class=\"latest_post_two_image\"><a itemprop=\"url\" href=\"https:\/\/www.aridane.org\/city\/2026\/04\/07\/el-ayuntamiento-atiende-una-demanda-vecinal-con-una-nueva-parada-de-guaguas-hacia-puerto-naos\/\"><img loading=\"lazy\" decoding=\"async\" width=\"800\" height=\"600\" src=\"https:\/\/www.aridane.org\/city\/wp-content\/uploads\/2026\/04\/Parada-de-guaguas-800x600.jpeg\" class=\"attachment-portfolio-landscape size-portfolio-landscape wp-post-image\" alt=\"\" srcset=\"https:\/\/www.aridane.org\/city\/wp-content\/uploads\/2026\/04\/Parada-de-guaguas-800x600.jpeg 800w, https:\/\/www.aridane.org\/city\/wp-content\/uploads\/2026\/04\/Parada-de-guaguas-300x225.jpeg 300w, https:\/\/www.aridane.org\/city\/wp-content\/uploads\/2026\/04\/Parada-de-guaguas-620x464.jpeg 620w, https:\/\/www.aridane.org\/city\/wp-content\/uploads\/2026\/04\/Parada-de-guaguas-768x575.jpeg 768w, https:\/\/www.aridane.org\/city\/wp-content\/uploads\/2026\/04\/Parada-de-guaguas-1536x1151.jpeg 1536w, https:\/\/www.aridane.org\/city\/wp-content\/uploads\/2026\/04\/Parada-de-guaguas-2048x1534.jpeg 2048w, https:\/\/www.aridane.org\/city\/wp-content\/uploads\/2026\/04\/Parada-de-guaguas-700x524.jpeg 700w\" sizes=\"auto, (max-width: 800px) 100vw, 800px\" \/><\/a><\/div><div class=\"latest_post_two_inner\" ><div class=\"latest_post_two_text\"><h5 itemprop=\"name\" class=\"latest_post_two_title entry_title\"><a itemprop=\"url\" href=\"https:\/\/www.aridane.org\/city\/2026\/04\/07\/el-ayuntamiento-atiende-una-demanda-vecinal-con-una-nueva-parada-de-guaguas-hacia-puerto-naos\/\" >El Ayuntamiento atiende una demanda vecinal con una nueva parada de guaguas hacia Puerto Naos<\/a><\/h5><div class=\"separator small left \" ><\/div><p itemprop=\"description\" class=\"latest_post_two_excerpt\" >Por la v\u00eda circula la l\u00ednea 24 y es ruta habitual de transporte escolar, lo que refuerza la necesidad de una parada segura<\/p><\/div><div class=\"latest_post_two_info\" ><div class=\"latest_post_two_info_inner\" ><div class=\"post_info_author\"><img alt='Author Image' src='https:\/\/secure.gravatar.com\/avatar\/1c476992411e4ccf153da63b2b2f5ea0bb4cb1c85f3ceab8512f04325ad5579c?s=30&#038;d=mm&#038;r=g' srcset='https:\/\/secure.gravatar.com\/avatar\/1c476992411e4ccf153da63b2b2f5ea0bb4cb1c85f3ceab8512f04325ad5579c?s=60&#038;d=mm&#038;r=g 2x' class='avatar avatar-30 photo' height='30' width='30' \/><span class=\"post_info_author_name\">Corresponsal<\/span><\/div><div itemprop=\"dateCreated\" class=\"post_info_date entry_date updated\">07 abril, 2026<meta itemprop=\"interactionCount\" content=\"UserComments: <?php echo get_comments_number(qode_get_page_id()); ?>\"\/><\/div><\/div><\/div><\/div><\/li><li class=\"clearfix\"><div class=\"latest_post_two_image\"><a itemprop=\"url\" href=\"https:\/\/www.aridane.org\/city\/2026\/04\/07\/el-ayuntamiento-de-los-llanos-de-aridane-apuesta-por-la-literatura-juvenil-con-el-regreso-de-festilij-aridane\/\"><img loading=\"lazy\" decoding=\"async\" width=\"800\" height=\"600\" src=\"https:\/\/www.aridane.org\/city\/wp-content\/uploads\/2026\/04\/NP-Festilij-2026-e1776408876730-800x600.jpeg\" class=\"attachment-portfolio-landscape size-portfolio-landscape wp-post-image\" alt=\"\" \/><\/a><\/div><div class=\"latest_post_two_inner\" ><div class=\"latest_post_two_text\"><h5 itemprop=\"name\" class=\"latest_post_two_title entry_title\"><a itemprop=\"url\" href=\"https:\/\/www.aridane.org\/city\/2026\/04\/07\/el-ayuntamiento-de-los-llanos-de-aridane-apuesta-por-la-literatura-juvenil-con-el-regreso-de-festilij-aridane\/\" >El Ayuntamiento de Los Llanos de Aridane apuesta por la literatura juvenil con el regreso de FestiLIJ Aridane\u00a0\u00a0<\/a><\/h5><div class=\"separator small left \" ><\/div><p itemprop=\"description\" class=\"latest_post_two_excerpt\" >Un total de 17 autores participar\u00e1n en esta edici\u00f3n que tendr\u00e1 lugar del 9 al 12 de abril en la Casa de la Cultura\u00a0<\/p><\/div><div class=\"latest_post_two_info\" ><div class=\"latest_post_two_info_inner\" ><div class=\"post_info_author\"><img alt='Author Image' src='https:\/\/secure.gravatar.com\/avatar\/1c476992411e4ccf153da63b2b2f5ea0bb4cb1c85f3ceab8512f04325ad5579c?s=30&#038;d=mm&#038;r=g' srcset='https:\/\/secure.gravatar.com\/avatar\/1c476992411e4ccf153da63b2b2f5ea0bb4cb1c85f3ceab8512f04325ad5579c?s=60&#038;d=mm&#038;r=g 2x' class='avatar avatar-30 photo' height='30' width='30' \/><span class=\"post_info_author_name\">Corresponsal<\/span><\/div><div itemprop=\"dateCreated\" class=\"post_info_date entry_date updated\">07 abril, 2026<meta itemprop=\"interactionCount\" content=\"UserComments: <?php echo get_comments_number(qode_get_page_id()); ?>\"\/><\/div><\/div><\/div><\/div><\/li><li class=\"clearfix\"><div class=\"latest_post_two_image\"><a itemprop=\"url\" href=\"https:\/\/www.aridane.org\/city\/2026\/03\/31\/los-llanos-de-aridane-sera-sede-del-certamen-miss-y-mister-la-palma-taburiente-2026\/\"><img loading=\"lazy\" decoding=\"async\" width=\"800\" height=\"600\" src=\"https:\/\/www.aridane.org\/city\/wp-content\/uploads\/2026\/03\/NP-Miss-y-Mister-La-Palma-2026-800x600.jpeg\" class=\"attachment-portfolio-landscape size-portfolio-landscape wp-post-image\" alt=\"\" srcset=\"https:\/\/www.aridane.org\/city\/wp-content\/uploads\/2026\/03\/NP-Miss-y-Mister-La-Palma-2026-800x600.jpeg 800w, https:\/\/www.aridane.org\/city\/wp-content\/uploads\/2026\/03\/NP-Miss-y-Mister-La-Palma-2026-300x225.jpeg 300w, https:\/\/www.aridane.org\/city\/wp-content\/uploads\/2026\/03\/NP-Miss-y-Mister-La-Palma-2026-620x465.jpeg 620w, https:\/\/www.aridane.org\/city\/wp-content\/uploads\/2026\/03\/NP-Miss-y-Mister-La-Palma-2026-768x576.jpeg 768w, https:\/\/www.aridane.org\/city\/wp-content\/uploads\/2026\/03\/NP-Miss-y-Mister-La-Palma-2026-1536x1152.jpeg 1536w, https:\/\/www.aridane.org\/city\/wp-content\/uploads\/2026\/03\/NP-Miss-y-Mister-La-Palma-2026-2048x1536.jpeg 2048w, https:\/\/www.aridane.org\/city\/wp-content\/uploads\/2026\/03\/NP-Miss-y-Mister-La-Palma-2026-700x525.jpeg 700w\" sizes=\"auto, (max-width: 800px) 100vw, 800px\" \/><\/a><\/div><div class=\"latest_post_two_inner\" ><div class=\"latest_post_two_text\"><h5 itemprop=\"name\" class=\"latest_post_two_title entry_title\"><a itemprop=\"url\" href=\"https:\/\/www.aridane.org\/city\/2026\/03\/31\/los-llanos-de-aridane-sera-sede-del-certamen-miss-y-mister-la-palma-taburiente-2026\/\" >Los Llanos de Aridane ser\u00e1 sede del certamen Miss y Mister La Palma-Taburiente 2026<\/a><\/h5><div class=\"separator small left \" ><\/div><p itemprop=\"description\" class=\"latest_post_two_excerpt\" >La gala de elecci\u00f3n y coronaci\u00f3n tendr\u00e1 lugar en la plaza de Espa\u00f1a el s\u00e1bado, 16 de mayo<\/p><\/div><div class=\"latest_post_two_info\" ><div class=\"latest_post_two_info_inner\" ><div class=\"post_info_author\"><img alt='Author Image' src='https:\/\/secure.gravatar.com\/avatar\/1c476992411e4ccf153da63b2b2f5ea0bb4cb1c85f3ceab8512f04325ad5579c?s=30&#038;d=mm&#038;r=g' srcset='https:\/\/secure.gravatar.com\/avatar\/1c476992411e4ccf153da63b2b2f5ea0bb4cb1c85f3ceab8512f04325ad5579c?s=60&#038;d=mm&#038;r=g 2x' class='avatar avatar-30 photo' height='30' width='30' \/><span class=\"post_info_author_name\">Corresponsal<\/span><\/div><div itemprop=\"dateCreated\" class=\"post_info_date entry_date updated\">31 marzo, 2026<meta itemprop=\"interactionCount\" content=\"UserComments: <?php echo get_comments_number(qode_get_page_id()); ?>\"\/><\/div><\/div><\/div><\/div><\/li><li class=\"clearfix\"><div class=\"latest_post_two_image\"><a itemprop=\"url\" href=\"https:\/\/www.aridane.org\/city\/2026\/03\/27\/el-ayuntamiento-impulsa-el-adoquinado-de-la-calle-velazquez-en-argual\/\"><img loading=\"lazy\" decoding=\"async\" width=\"800\" height=\"600\" src=\"https:\/\/www.aridane.org\/city\/wp-content\/uploads\/2026\/03\/Adoquinado-calle-Velazquez-800x600.jpeg\" class=\"attachment-portfolio-landscape size-portfolio-landscape wp-post-image\" alt=\"\" srcset=\"https:\/\/www.aridane.org\/city\/wp-content\/uploads\/2026\/03\/Adoquinado-calle-Velazquez-800x600.jpeg 800w, https:\/\/www.aridane.org\/city\/wp-content\/uploads\/2026\/03\/Adoquinado-calle-Velazquez-300x225.jpeg 300w, https:\/\/www.aridane.org\/city\/wp-content\/uploads\/2026\/03\/Adoquinado-calle-Velazquez-620x465.jpeg 620w, https:\/\/www.aridane.org\/city\/wp-content\/uploads\/2026\/03\/Adoquinado-calle-Velazquez-768x576.jpeg 768w, https:\/\/www.aridane.org\/city\/wp-content\/uploads\/2026\/03\/Adoquinado-calle-Velazquez-1536x1152.jpeg 1536w, https:\/\/www.aridane.org\/city\/wp-content\/uploads\/2026\/03\/Adoquinado-calle-Velazquez-700x525.jpeg 700w, https:\/\/www.aridane.org\/city\/wp-content\/uploads\/2026\/03\/Adoquinado-calle-Velazquez.jpeg 1600w\" sizes=\"auto, (max-width: 800px) 100vw, 800px\" \/><\/a><\/div><div class=\"latest_post_two_inner\" ><div class=\"latest_post_two_text\"><h5 itemprop=\"name\" class=\"latest_post_two_title entry_title\"><a itemprop=\"url\" href=\"https:\/\/www.aridane.org\/city\/2026\/03\/27\/el-ayuntamiento-impulsa-el-adoquinado-de-la-calle-velazquez-en-argual\/\" >El Ayuntamiento impulsa el adoquinado de la calle Vel\u00e1zquez en Argual<\/a><\/h5><div class=\"separator small left \" ><\/div><p itemprop=\"description\" class=\"latest_post_two_excerpt\" >La actuaci\u00f3n tambi\u00e9n contempla el soterramiento de las redes de saneamiento y de nuevas tecnolog\u00edas, as\u00ed como la renovaci\u00f3n del alumbrado p\u00fablico<\/p><\/div><div class=\"latest_post_two_info\" ><div class=\"latest_post_two_info_inner\" ><div class=\"post_info_author\"><img alt='Author Image' src='https:\/\/secure.gravatar.com\/avatar\/1c476992411e4ccf153da63b2b2f5ea0bb4cb1c85f3ceab8512f04325ad5579c?s=30&#038;d=mm&#038;r=g' srcset='https:\/\/secure.gravatar.com\/avatar\/1c476992411e4ccf153da63b2b2f5ea0bb4cb1c85f3ceab8512f04325ad5579c?s=60&#038;d=mm&#038;r=g 2x' class='avatar avatar-30 photo' height='30' width='30' \/><span class=\"post_info_author_name\">Corresponsal<\/span><\/div><div itemprop=\"dateCreated\" class=\"post_info_date entry_date updated\">27 marzo, 2026<meta itemprop=\"interactionCount\" content=\"UserComments: <?php echo get_comments_number(qode_get_page_id()); ?>\"\/><\/div><\/div><\/div><\/div><\/li><li class=\"clearfix\"><div class=\"latest_post_two_image\"><a itemprop=\"url\" href=\"https:\/\/www.aridane.org\/city\/2026\/03\/26\/el-ayuntamiento-de-los-llanos-de-aridane-respalda-la-semana-santa-como-expresion-cultural-y-sena-de-identidad\/\"><img loading=\"lazy\" decoding=\"async\" width=\"800\" height=\"600\" src=\"https:\/\/www.aridane.org\/city\/wp-content\/uploads\/2026\/03\/Semana-Santa-Mocion-Institucional-800x600.jpeg\" class=\"attachment-portfolio-landscape size-portfolio-landscape wp-post-image\" alt=\"\" srcset=\"https:\/\/www.aridane.org\/city\/wp-content\/uploads\/2026\/03\/Semana-Santa-Mocion-Institucional-800x600.jpeg 800w, https:\/\/www.aridane.org\/city\/wp-content\/uploads\/2026\/03\/Semana-Santa-Mocion-Institucional-300x225.jpeg 300w, https:\/\/www.aridane.org\/city\/wp-content\/uploads\/2026\/03\/Semana-Santa-Mocion-Institucional-620x465.jpeg 620w, https:\/\/www.aridane.org\/city\/wp-content\/uploads\/2026\/03\/Semana-Santa-Mocion-Institucional-768x576.jpeg 768w, https:\/\/www.aridane.org\/city\/wp-content\/uploads\/2026\/03\/Semana-Santa-Mocion-Institucional-1536x1152.jpeg 1536w, https:\/\/www.aridane.org\/city\/wp-content\/uploads\/2026\/03\/Semana-Santa-Mocion-Institucional-2048x1536.jpeg 2048w, https:\/\/www.aridane.org\/city\/wp-content\/uploads\/2026\/03\/Semana-Santa-Mocion-Institucional-700x525.jpeg 700w\" sizes=\"auto, (max-width: 800px) 100vw, 800px\" \/><\/a><\/div><div class=\"latest_post_two_inner\" ><div class=\"latest_post_two_text\"><h5 itemprop=\"name\" class=\"latest_post_two_title entry_title\"><a itemprop=\"url\" href=\"https:\/\/www.aridane.org\/city\/2026\/03\/26\/el-ayuntamiento-de-los-llanos-de-aridane-respalda-la-semana-santa-como-expresion-cultural-y-sena-de-identidad\/\" >El Ayuntamiento de Los Llanos de Aridane respalda la Semana Santa como expresi\u00f3n cultural y se\u00f1a de identidad<\/a><\/h5><div class=\"separator small left \" ><\/div><p itemprop=\"description\" class=\"latest_post_two_excerpt\" >La instituci\u00f3n consolida su compromiso con una tradici\u00f3n que forma parte del legado hist\u00f3rico, cultural y social del municipio<\/p><\/div><div class=\"latest_post_two_info\" ><div class=\"latest_post_two_info_inner\" ><div class=\"post_info_author\"><img alt='Author Image' src='https:\/\/secure.gravatar.com\/avatar\/1c476992411e4ccf153da63b2b2f5ea0bb4cb1c85f3ceab8512f04325ad5579c?s=30&#038;d=mm&#038;r=g' srcset='https:\/\/secure.gravatar.com\/avatar\/1c476992411e4ccf153da63b2b2f5ea0bb4cb1c85f3ceab8512f04325ad5579c?s=60&#038;d=mm&#038;r=g 2x' class='avatar avatar-30 photo' height='30' width='30' \/><span class=\"post_info_author_name\">Corresponsal<\/span><\/div><div itemprop=\"dateCreated\" class=\"post_info_date entry_date updated\">26 marzo, 2026<meta itemprop=\"interactionCount\" content=\"UserComments: <?php echo get_comments_number(qode_get_page_id()); ?>\"\/><\/div><\/div><\/div><\/div><\/li><li class=\"clearfix\"><div class=\"latest_post_two_image\"><a itemprop=\"url\" href=\"https:\/\/www.aridane.org\/city\/2026\/03\/24\/el-ayuntamiento-de-los-llanos-de-aridane-mantiene-activado-el-pemu-ante-la-prevision-de-lluvias-intensas-y-viento\/\"><img loading=\"lazy\" decoding=\"async\" width=\"800\" height=\"600\" src=\"https:\/\/www.aridane.org\/city\/wp-content\/uploads\/2023\/09\/Javier-Llamas-800x600.jpeg\" class=\"attachment-portfolio-landscape size-portfolio-landscape wp-post-image\" alt=\"\" \/><\/a><\/div><div class=\"latest_post_two_inner\" ><div class=\"latest_post_two_text\"><h5 itemprop=\"name\" class=\"latest_post_two_title entry_title\"><a itemprop=\"url\" href=\"https:\/\/www.aridane.org\/city\/2026\/03\/24\/el-ayuntamiento-de-los-llanos-de-aridane-mantiene-activado-el-pemu-ante-la-prevision-de-lluvias-intensas-y-viento\/\" >El Ayuntamiento de Los Llanos de Aridane mantiene activado el PEMU ante la previsi\u00f3n de lluvias intensas y viento<\/a><\/h5><div class=\"separator small left \" ><\/div><p itemprop=\"description\" class=\"latest_post_two_excerpt\" >La actividad municipal deportiva, cultural y extraescolar contin\u00faa suspendida<\/p><\/div><div class=\"latest_post_two_info\" ><div class=\"latest_post_two_info_inner\" ><div class=\"post_info_author\"><img alt='Author Image' src='https:\/\/secure.gravatar.com\/avatar\/1c476992411e4ccf153da63b2b2f5ea0bb4cb1c85f3ceab8512f04325ad5579c?s=30&#038;d=mm&#038;r=g' srcset='https:\/\/secure.gravatar.com\/avatar\/1c476992411e4ccf153da63b2b2f5ea0bb4cb1c85f3ceab8512f04325ad5579c?s=60&#038;d=mm&#038;r=g 2x' class='avatar avatar-30 photo' height='30' width='30' \/><span class=\"post_info_author_name\">Corresponsal<\/span><\/div><div itemprop=\"dateCreated\" class=\"post_info_date entry_date updated\">24 marzo, 2026<meta itemprop=\"interactionCount\" content=\"UserComments: <?php echo get_comments_number(qode_get_page_id()); ?>\"\/><\/div><\/div><\/div><\/div><\/li><li class=\"clearfix\"><div class=\"latest_post_two_image\"><a itemprop=\"url\" href=\"https:\/\/www.aridane.org\/city\/2026\/03\/19\/el-ayuntamiento-de-los-llanos-de-aridane-cierra-sus-instalaciones-y-activa-el-teletrabajo-ante-la-alerta-por-fenomenos-meteorologicos-adversos\/\"><img loading=\"lazy\" decoding=\"async\" width=\"800\" height=\"600\" src=\"https:\/\/www.aridane.org\/city\/wp-content\/uploads\/2024\/10\/Ayuntamiento-de-Los-Llanos-de-Aridane-800x600.png\" class=\"attachment-portfolio-landscape size-portfolio-landscape wp-post-image\" alt=\"\" \/><\/a><\/div><div class=\"latest_post_two_inner\" ><div class=\"latest_post_two_text\"><h5 itemprop=\"name\" class=\"latest_post_two_title entry_title\"><a itemprop=\"url\" href=\"https:\/\/www.aridane.org\/city\/2026\/03\/19\/el-ayuntamiento-de-los-llanos-de-aridane-cierra-sus-instalaciones-y-activa-el-teletrabajo-ante-la-alerta-por-fenomenos-meteorologicos-adversos\/\" >El Ayuntamiento de Los Llanos de Aridane cierra sus instalaciones y activa el teletrabajo ante la alerta por fen\u00f3menos meteorol\u00f3gicos adversos<\/a><\/h5><div class=\"separator small left \" ><\/div><p itemprop=\"description\" class=\"latest_post_two_excerpt\" >La situaci\u00f3n incluye alerta por fen\u00f3menos costeros, lluvias y vientos, as\u00ed como prealerta por riesgo de inundaciones y tormentas<\/p><\/div><div class=\"latest_post_two_info\" ><div class=\"latest_post_two_info_inner\" ><div class=\"post_info_author\"><img alt='Author Image' src='https:\/\/secure.gravatar.com\/avatar\/1c476992411e4ccf153da63b2b2f5ea0bb4cb1c85f3ceab8512f04325ad5579c?s=30&#038;d=mm&#038;r=g' srcset='https:\/\/secure.gravatar.com\/avatar\/1c476992411e4ccf153da63b2b2f5ea0bb4cb1c85f3ceab8512f04325ad5579c?s=60&#038;d=mm&#038;r=g 2x' class='avatar avatar-30 photo' height='30' width='30' \/><span class=\"post_info_author_name\">Corresponsal<\/span><\/div><div itemprop=\"dateCreated\" class=\"post_info_date entry_date updated\">19 marzo, 2026<meta itemprop=\"interactionCount\" content=\"UserComments: <?php echo get_comments_number(qode_get_page_id()); ?>\"\/><\/div><\/div><\/div><\/div><\/li><li class=\"clearfix\"><div class=\"latest_post_two_image\"><a itemprop=\"url\" href=\"https:\/\/www.aridane.org\/city\/2026\/03\/18\/el-ayuntamiento-de-los-llanos-de-aridane-activa-el-pemu-ante-la-alerta-meteorologica\/\"><img loading=\"lazy\" decoding=\"async\" width=\"800\" height=\"600\" src=\"https:\/\/www.aridane.org\/city\/wp-content\/uploads\/2023\/06\/Ayuntamiento-2-800x600.jpg\" class=\"attachment-portfolio-landscape size-portfolio-landscape wp-post-image\" alt=\"\" srcset=\"https:\/\/www.aridane.org\/city\/wp-content\/uploads\/2023\/06\/Ayuntamiento-2-800x600.jpg 800w, https:\/\/www.aridane.org\/city\/wp-content\/uploads\/2023\/06\/Ayuntamiento-2-300x225.jpg 300w, https:\/\/www.aridane.org\/city\/wp-content\/uploads\/2023\/06\/Ayuntamiento-2-768x576.jpg 768w, https:\/\/www.aridane.org\/city\/wp-content\/uploads\/2023\/06\/Ayuntamiento-2-700x525.jpg 700w, https:\/\/www.aridane.org\/city\/wp-content\/uploads\/2023\/06\/Ayuntamiento-2.jpg 1024w\" sizes=\"auto, (max-width: 800px) 100vw, 800px\" \/><\/a><\/div><div class=\"latest_post_two_inner\" ><div class=\"latest_post_two_text\"><h5 itemprop=\"name\" class=\"latest_post_two_title entry_title\"><a itemprop=\"url\" href=\"https:\/\/www.aridane.org\/city\/2026\/03\/18\/el-ayuntamiento-de-los-llanos-de-aridane-activa-el-pemu-ante-la-alerta-meteorologica\/\" >El Ayuntamiento de Los Llanos de Aridane activa el PEMU ante la alerta meteorol\u00f3gica<\/a><\/h5><div class=\"separator small left \" ><\/div><p itemprop=\"description\" class=\"latest_post_two_excerpt\" >Desde ma\u00f1ana jueves se suspende toda la actividad municipal deportiva, cultural y extraescolar El Ayuntamiento de Los Llanos de Aridane activa el Plan de Emergencias Municipal (PEMU) ante la alerta declarada po<\/p><\/div><div class=\"latest_post_two_info\" ><div class=\"latest_post_two_info_inner\" ><div class=\"post_info_author\"><img alt='Author Image' src='https:\/\/secure.gravatar.com\/avatar\/1c476992411e4ccf153da63b2b2f5ea0bb4cb1c85f3ceab8512f04325ad5579c?s=30&#038;d=mm&#038;r=g' srcset='https:\/\/secure.gravatar.com\/avatar\/1c476992411e4ccf153da63b2b2f5ea0bb4cb1c85f3ceab8512f04325ad5579c?s=60&#038;d=mm&#038;r=g 2x' class='avatar avatar-30 photo' height='30' width='30' \/><span class=\"post_info_author_name\">Corresponsal<\/span><\/div><div itemprop=\"dateCreated\" class=\"post_info_date entry_date updated\">18 marzo, 2026<meta itemprop=\"interactionCount\" content=\"UserComments: <?php echo get_comments_number(qode_get_page_id()); ?>\"\/><\/div><\/div><\/div><\/div><\/li><li class=\"clearfix\"><div class=\"latest_post_two_image\"><a itemprop=\"url\" href=\"https:\/\/www.aridane.org\/city\/2026\/03\/13\/el-ayuntamiento-de-los-llanos-de-aridane-impulsa-el-papel-de-la-mujer-en-la-cultura-dj-con-el-el-festival-akelarre\/\"><img loading=\"lazy\" decoding=\"async\" width=\"800\" height=\"600\" src=\"https:\/\/www.aridane.org\/city\/wp-content\/uploads\/2026\/03\/NP-Festival-Akelarre-800x600.jpeg\" class=\"attachment-portfolio-landscape size-portfolio-landscape wp-post-image\" alt=\"\" srcset=\"https:\/\/www.aridane.org\/city\/wp-content\/uploads\/2026\/03\/NP-Festival-Akelarre-800x600.jpeg 800w, https:\/\/www.aridane.org\/city\/wp-content\/uploads\/2026\/03\/NP-Festival-Akelarre-300x225.jpeg 300w, https:\/\/www.aridane.org\/city\/wp-content\/uploads\/2026\/03\/NP-Festival-Akelarre-620x465.jpeg 620w, https:\/\/www.aridane.org\/city\/wp-content\/uploads\/2026\/03\/NP-Festival-Akelarre-768x576.jpeg 768w, https:\/\/www.aridane.org\/city\/wp-content\/uploads\/2026\/03\/NP-Festival-Akelarre-1536x1152.jpeg 1536w, https:\/\/www.aridane.org\/city\/wp-content\/uploads\/2026\/03\/NP-Festival-Akelarre-700x525.jpeg 700w, https:\/\/www.aridane.org\/city\/wp-content\/uploads\/2026\/03\/NP-Festival-Akelarre.jpeg 1600w\" sizes=\"auto, (max-width: 800px) 100vw, 800px\" \/><\/a><\/div><div class=\"latest_post_two_inner\" ><div class=\"latest_post_two_text\"><h5 itemprop=\"name\" class=\"latest_post_two_title entry_title\"><a itemprop=\"url\" href=\"https:\/\/www.aridane.org\/city\/2026\/03\/13\/el-ayuntamiento-de-los-llanos-de-aridane-impulsa-el-papel-de-la-mujer-en-la-cultura-dj-con-el-el-festival-akelarre\/\" >El Ayuntamiento de Los Llanos de Aridane impulsa el papel de la mujer en la cultura DJ con el el Festival Akelarre<\/a><\/h5><div class=\"separator small left \" ><\/div><p itemprop=\"description\" class=\"latest_post_two_excerpt\" >El s\u00e1bado, 21 de marzo tendr\u00e1 lugar el evento \u2018Vinileras de Canarias\u2019 como homenaje a artistas y coleccionistas de vinilos de las islas<\/p><\/div><div class=\"latest_post_two_info\" ><div class=\"latest_post_two_info_inner\" ><div class=\"post_info_author\"><img alt='Author Image' src='https:\/\/secure.gravatar.com\/avatar\/1c476992411e4ccf153da63b2b2f5ea0bb4cb1c85f3ceab8512f04325ad5579c?s=30&#038;d=mm&#038;r=g' srcset='https:\/\/secure.gravatar.com\/avatar\/1c476992411e4ccf153da63b2b2f5ea0bb4cb1c85f3ceab8512f04325ad5579c?s=60&#038;d=mm&#038;r=g 2x' class='avatar avatar-30 photo' height='30' width='30' \/><span class=\"post_info_author_name\">Corresponsal<\/span><\/div><div itemprop=\"dateCreated\" class=\"post_info_date entry_date updated\">13 marzo, 2026<meta itemprop=\"interactionCount\" content=\"UserComments: <?php echo get_comments_number(qode_get_page_id()); ?>\"\/><\/div><\/div><\/div><\/div><\/li><li class=\"clearfix\"><div class=\"latest_post_two_image\"><a itemprop=\"url\" href=\"https:\/\/www.aridane.org\/city\/2026\/03\/12\/el-ayuntamiento-de-los-llanos-de-aridane-organiza-las-primeras-jornadas-de-tanatologia-y-duelo\/\"><img loading=\"lazy\" decoding=\"async\" width=\"800\" height=\"600\" src=\"https:\/\/www.aridane.org\/city\/wp-content\/uploads\/2026\/03\/NP-Jornadas-Tanatologia-800x600.jpeg\" class=\"attachment-portfolio-landscape size-portfolio-landscape wp-post-image\" alt=\"\" srcset=\"https:\/\/www.aridane.org\/city\/wp-content\/uploads\/2026\/03\/NP-Jornadas-Tanatologia-800x600.jpeg 800w, https:\/\/www.aridane.org\/city\/wp-content\/uploads\/2026\/03\/NP-Jornadas-Tanatologia-300x225.jpeg 300w, https:\/\/www.aridane.org\/city\/wp-content\/uploads\/2026\/03\/NP-Jornadas-Tanatologia-620x465.jpeg 620w, https:\/\/www.aridane.org\/city\/wp-content\/uploads\/2026\/03\/NP-Jornadas-Tanatologia-768x576.jpeg 768w, https:\/\/www.aridane.org\/city\/wp-content\/uploads\/2026\/03\/NP-Jornadas-Tanatologia-700x525.jpeg 700w, https:\/\/www.aridane.org\/city\/wp-content\/uploads\/2026\/03\/NP-Jornadas-Tanatologia.jpeg 1359w\" sizes=\"auto, (max-width: 800px) 100vw, 800px\" \/><\/a><\/div><div class=\"latest_post_two_inner\" ><div class=\"latest_post_two_text\"><h5 itemprop=\"name\" class=\"latest_post_two_title entry_title\"><a itemprop=\"url\" href=\"https:\/\/www.aridane.org\/city\/2026\/03\/12\/el-ayuntamiento-de-los-llanos-de-aridane-organiza-las-primeras-jornadas-de-tanatologia-y-duelo\/\" >El Ayuntamiento de Los Llanos de Aridane organiza las primeras Jornadas de Tanatolog\u00eda y Duelo<\/a><\/h5><div class=\"separator small left \" ><\/div><p itemprop=\"description\" class=\"latest_post_two_excerpt\" >Bajo el t\u00edtulo \u2018Vivir el final, acompa\u00f1ar el despu\u00e9s\u2019, la actividad formar\u00e1 a los asistentes en cuidados y acompa\u00f1amiento a personas moribundas<\/p><\/div><div class=\"latest_post_two_info\" ><div class=\"latest_post_two_info_inner\" ><div class=\"post_info_author\"><img alt='Author Image' src='https:\/\/secure.gravatar.com\/avatar\/1c476992411e4ccf153da63b2b2f5ea0bb4cb1c85f3ceab8512f04325ad5579c?s=30&#038;d=mm&#038;r=g' srcset='https:\/\/secure.gravatar.com\/avatar\/1c476992411e4ccf153da63b2b2f5ea0bb4cb1c85f3ceab8512f04325ad5579c?s=60&#038;d=mm&#038;r=g 2x' class='avatar avatar-30 photo' height='30' width='30' \/><span class=\"post_info_author_name\">Corresponsal<\/span><\/div><div itemprop=\"dateCreated\" class=\"post_info_date entry_date updated\">12 marzo, 2026<meta itemprop=\"interactionCount\" content=\"UserComments: <?php echo get_comments_number(qode_get_page_id()); ?>\"\/><\/div><\/div><\/div><\/div><\/li><li class=\"clearfix\"><div class=\"latest_post_two_image\"><a itemprop=\"url\" href=\"https:\/\/www.aridane.org\/city\/2026\/03\/11\/la-semana-santa-de-los-llanos-de-aridane-une-tradicion-devocion-y-cultura\/\"><img loading=\"lazy\" decoding=\"async\" width=\"800\" height=\"600\" src=\"https:\/\/www.aridane.org\/city\/wp-content\/uploads\/2026\/03\/NP-Semana-Santa-2026-800x600.jpeg\" class=\"attachment-portfolio-landscape size-portfolio-landscape wp-post-image\" alt=\"\" srcset=\"https:\/\/www.aridane.org\/city\/wp-content\/uploads\/2026\/03\/NP-Semana-Santa-2026-800x600.jpeg 800w, https:\/\/www.aridane.org\/city\/wp-content\/uploads\/2026\/03\/NP-Semana-Santa-2026-300x225.jpeg 300w, https:\/\/www.aridane.org\/city\/wp-content\/uploads\/2026\/03\/NP-Semana-Santa-2026-620x465.jpeg 620w, https:\/\/www.aridane.org\/city\/wp-content\/uploads\/2026\/03\/NP-Semana-Santa-2026-768x576.jpeg 768w, https:\/\/www.aridane.org\/city\/wp-content\/uploads\/2026\/03\/NP-Semana-Santa-2026-1536x1152.jpeg 1536w, https:\/\/www.aridane.org\/city\/wp-content\/uploads\/2026\/03\/NP-Semana-Santa-2026-700x525.jpeg 700w, https:\/\/www.aridane.org\/city\/wp-content\/uploads\/2026\/03\/NP-Semana-Santa-2026.jpeg 1600w\" sizes=\"auto, (max-width: 800px) 100vw, 800px\" \/><\/a><\/div><div class=\"latest_post_two_inner\" ><div class=\"latest_post_two_text\"><h5 itemprop=\"name\" class=\"latest_post_two_title entry_title\"><a itemprop=\"url\" href=\"https:\/\/www.aridane.org\/city\/2026\/03\/11\/la-semana-santa-de-los-llanos-de-aridane-une-tradicion-devocion-y-cultura\/\" >La Semana Santa de Los Llanos de Aridane une tradici\u00f3n, devoci\u00f3n y cultura<\/a><\/h5><div class=\"separator small left \" ><\/div><p itemprop=\"description\" class=\"latest_post_two_excerpt\" >Dar\u00e1 comienzo el pr\u00f3ximo 21 de marzo, y se extender\u00e1n hasta el 5 de abril<\/p><\/div><div class=\"latest_post_two_info\" ><div class=\"latest_post_two_info_inner\" ><div class=\"post_info_author\"><img alt='Author Image' src='https:\/\/secure.gravatar.com\/avatar\/1c476992411e4ccf153da63b2b2f5ea0bb4cb1c85f3ceab8512f04325ad5579c?s=30&#038;d=mm&#038;r=g' srcset='https:\/\/secure.gravatar.com\/avatar\/1c476992411e4ccf153da63b2b2f5ea0bb4cb1c85f3ceab8512f04325ad5579c?s=60&#038;d=mm&#038;r=g 2x' class='avatar avatar-30 photo' height='30' width='30' \/><span class=\"post_info_author_name\">Corresponsal<\/span><\/div><div itemprop=\"dateCreated\" class=\"post_info_date entry_date updated\">11 marzo, 2026<meta itemprop=\"interactionCount\" content=\"UserComments: <?php echo get_comments_number(qode_get_page_id()); ?>\"\/><\/div><\/div><\/div><\/div><\/li><li class=\"clearfix\"><div class=\"latest_post_two_image\"><a itemprop=\"url\" href=\"https:\/\/www.aridane.org\/city\/2026\/03\/06\/el-ayuntamiento-organiza-el-primer-acuatlon-los-llanos-la-palma-viva\/\"><\/a><\/div><div class=\"latest_post_two_inner\" ><div class=\"latest_post_two_text\"><h5 itemprop=\"name\" class=\"latest_post_two_title entry_title\"><a itemprop=\"url\" href=\"https:\/\/www.aridane.org\/city\/2026\/03\/06\/el-ayuntamiento-organiza-el-primer-acuatlon-los-llanos-la-palma-viva\/\" >El Ayuntamiento organiza el primer Acuatl\u00f3n Los Llanos, La Palma Viva<\/a><\/h5><div class=\"separator small left \" ><\/div><p itemprop=\"description\" class=\"latest_post_two_excerpt\" >Las inscripciones para la prueba permanecer\u00e1n abiertas hasta el pr\u00f3ximo 22 de abril<\/p><\/div><div class=\"latest_post_two_info\" ><div class=\"latest_post_two_info_inner\" ><div class=\"post_info_author\"><img alt='Author Image' src='https:\/\/secure.gravatar.com\/avatar\/1c476992411e4ccf153da63b2b2f5ea0bb4cb1c85f3ceab8512f04325ad5579c?s=30&#038;d=mm&#038;r=g' srcset='https:\/\/secure.gravatar.com\/avatar\/1c476992411e4ccf153da63b2b2f5ea0bb4cb1c85f3ceab8512f04325ad5579c?s=60&#038;d=mm&#038;r=g 2x' class='avatar avatar-30 photo' height='30' width='30' \/><span class=\"post_info_author_name\">Corresponsal<\/span><\/div><div itemprop=\"dateCreated\" class=\"post_info_date entry_date updated\">06 marzo, 2026<meta itemprop=\"interactionCount\" content=\"UserComments: <?php echo get_comments_number(qode_get_page_id()); ?>\"\/><\/div><\/div><\/div><\/div><\/li><li class=\"clearfix\"><div class=\"latest_post_two_image\"><a itemprop=\"url\" href=\"https:\/\/www.aridane.org\/city\/2026\/03\/06\/los-llanos-de-aridane-lanza-la-campana-al-cine-con-papa\/\"><img loading=\"lazy\" decoding=\"async\" width=\"800\" height=\"600\" src=\"https:\/\/www.aridane.org\/city\/wp-content\/uploads\/2026\/03\/Al-cine-con-papa-800x600.jpeg\" class=\"attachment-portfolio-landscape size-portfolio-landscape wp-post-image\" alt=\"\" srcset=\"https:\/\/www.aridane.org\/city\/wp-content\/uploads\/2026\/03\/Al-cine-con-papa-800x600.jpeg 800w, https:\/\/www.aridane.org\/city\/wp-content\/uploads\/2026\/03\/Al-cine-con-papa-300x225.jpeg 300w, https:\/\/www.aridane.org\/city\/wp-content\/uploads\/2026\/03\/Al-cine-con-papa-620x465.jpeg 620w, https:\/\/www.aridane.org\/city\/wp-content\/uploads\/2026\/03\/Al-cine-con-papa-768x576.jpeg 768w, https:\/\/www.aridane.org\/city\/wp-content\/uploads\/2026\/03\/Al-cine-con-papa-1536x1151.jpeg 1536w, https:\/\/www.aridane.org\/city\/wp-content\/uploads\/2026\/03\/Al-cine-con-papa-700x525.jpeg 700w, https:\/\/www.aridane.org\/city\/wp-content\/uploads\/2026\/03\/Al-cine-con-papa.jpeg 1600w\" sizes=\"auto, (max-width: 800px) 100vw, 800px\" \/><\/a><\/div><div class=\"latest_post_two_inner\" ><div class=\"latest_post_two_text\"><h5 itemprop=\"name\" class=\"latest_post_two_title entry_title\"><a itemprop=\"url\" href=\"https:\/\/www.aridane.org\/city\/2026\/03\/06\/los-llanos-de-aridane-lanza-la-campana-al-cine-con-papa\/\" >Los Llanos de Aridane lanza la campa\u00f1a \u2018Al cine con pap\u00e1\u2019<\/a><\/h5><div class=\"separator small left \" ><\/div><p itemprop=\"description\" class=\"latest_post_two_excerpt\" >La iniciativa pretende potenciar el comercio del municipio con motivo del D\u00eda del padre<\/p><\/div><div class=\"latest_post_two_info\" ><div class=\"latest_post_two_info_inner\" ><div class=\"post_info_author\"><img alt='Author Image' src='https:\/\/secure.gravatar.com\/avatar\/1c476992411e4ccf153da63b2b2f5ea0bb4cb1c85f3ceab8512f04325ad5579c?s=30&#038;d=mm&#038;r=g' srcset='https:\/\/secure.gravatar.com\/avatar\/1c476992411e4ccf153da63b2b2f5ea0bb4cb1c85f3ceab8512f04325ad5579c?s=60&#038;d=mm&#038;r=g 2x' class='avatar avatar-30 photo' height='30' width='30' \/><span class=\"post_info_author_name\">Corresponsal<\/span><\/div><div itemprop=\"dateCreated\" class=\"post_info_date entry_date updated\">06 marzo, 2026<meta itemprop=\"interactionCount\" content=\"UserComments: <?php echo get_comments_number(qode_get_page_id()); ?>\"\/><\/div><\/div><\/div><\/div><\/li><li class=\"clearfix\"><div class=\"latest_post_two_image\"><a itemprop=\"url\" href=\"https:\/\/www.aridane.org\/city\/2026\/03\/05\/la-neon-run-de-los-llanos-de-aridane-ocupa-el-90-de-las-plazas-en-su-decima-edicion\/\"><img loading=\"lazy\" decoding=\"async\" width=\"800\" height=\"600\" src=\"https:\/\/www.aridane.org\/city\/wp-content\/uploads\/2026\/03\/NeonRun2-1-800x600.png\" class=\"attachment-portfolio-landscape size-portfolio-landscape wp-post-image\" alt=\"\" \/><\/a><\/div><div class=\"latest_post_two_inner\" ><div class=\"latest_post_two_text\"><h5 itemprop=\"name\" class=\"latest_post_two_title entry_title\"><a itemprop=\"url\" href=\"https:\/\/www.aridane.org\/city\/2026\/03\/05\/la-neon-run-de-los-llanos-de-aridane-ocupa-el-90-de-las-plazas-en-su-decima-edicion\/\" >La Neon Run de Los Llanos de Aridane ocupa el 90% de las plazas en su d\u00e9cima edici\u00f3n<\/a><\/h5><div class=\"separator small left \" ><\/div><p itemprop=\"description\" class=\"latest_post_two_excerpt\" >La prueba incluye recorridos de 5 y 10 kil\u00f3metros, adem\u00e1s de modalidades adaptadas como Neon Kids Run y Neon Run Access<\/p><\/div><div class=\"latest_post_two_info\" ><div class=\"latest_post_two_info_inner\" ><div class=\"post_info_author\"><img alt='Author Image' src='https:\/\/secure.gravatar.com\/avatar\/1c476992411e4ccf153da63b2b2f5ea0bb4cb1c85f3ceab8512f04325ad5579c?s=30&#038;d=mm&#038;r=g' srcset='https:\/\/secure.gravatar.com\/avatar\/1c476992411e4ccf153da63b2b2f5ea0bb4cb1c85f3ceab8512f04325ad5579c?s=60&#038;d=mm&#038;r=g 2x' class='avatar avatar-30 photo' height='30' width='30' \/><span class=\"post_info_author_name\">Corresponsal<\/span><\/div><div itemprop=\"dateCreated\" class=\"post_info_date entry_date updated\">05 marzo, 2026<meta itemprop=\"interactionCount\" content=\"UserComments: <?php echo get_comments_number(qode_get_page_id()); ?>\"\/><\/div><\/div><\/div><\/div><\/li><li class=\"clearfix\"><div class=\"latest_post_two_image\"><a itemprop=\"url\" href=\"https:\/\/www.aridane.org\/city\/2026\/02\/24\/los-llanos-de-aridane-recicla-mas-de-2-200-kilos-de-envases-ligeros-en-carnaval-equivalente-al-peso-de-un-coche\/\"><img loading=\"lazy\" decoding=\"async\" width=\"800\" height=\"600\" src=\"https:\/\/www.aridane.org\/city\/wp-content\/uploads\/2026\/02\/Carnaval-2026-1-800x600.jpeg\" class=\"attachment-portfolio-landscape size-portfolio-landscape wp-post-image\" alt=\"\" \/><\/a><\/div><div class=\"latest_post_two_inner\" ><div class=\"latest_post_two_text\"><h5 itemprop=\"name\" class=\"latest_post_two_title entry_title\"><a itemprop=\"url\" href=\"https:\/\/www.aridane.org\/city\/2026\/02\/24\/los-llanos-de-aridane-recicla-mas-de-2-200-kilos-de-envases-ligeros-en-carnaval-equivalente-al-peso-de-un-coche\/\" >Los Llanos de Aridane recicla m\u00e1s de 2.200 kilos de envases ligeros en Carnaval, equivalente al peso de un coche<\/a><\/h5><div class=\"separator small left \" ><\/div><p itemprop=\"description\" class=\"latest_post_two_excerpt\" >En los d\u00edas de mayor afluencia se activ\u00f3 un dispositivo especial con ampliaci\u00f3n de turnos, incremento de contenedores diferenciados y recogidas extraordinarias<\/p><\/div><div class=\"latest_post_two_info\" ><div class=\"latest_post_two_info_inner\" ><div class=\"post_info_author\"><img alt='Author Image' src='https:\/\/secure.gravatar.com\/avatar\/1c476992411e4ccf153da63b2b2f5ea0bb4cb1c85f3ceab8512f04325ad5579c?s=30&#038;d=mm&#038;r=g' srcset='https:\/\/secure.gravatar.com\/avatar\/1c476992411e4ccf153da63b2b2f5ea0bb4cb1c85f3ceab8512f04325ad5579c?s=60&#038;d=mm&#038;r=g 2x' class='avatar avatar-30 photo' height='30' width='30' \/><span class=\"post_info_author_name\">Corresponsal<\/span><\/div><div itemprop=\"dateCreated\" class=\"post_info_date entry_date updated\">24 febrero, 2026<meta itemprop=\"interactionCount\" content=\"UserComments: <?php echo get_comments_number(qode_get_page_id()); ?>\"\/><\/div><\/div><\/div><\/div><\/li><li class=\"clearfix\"><div class=\"latest_post_two_image\"><a itemprop=\"url\" href=\"https:\/\/www.aridane.org\/city\/2026\/02\/16\/m-clan-protagoniza-el-xx-aniversario-de-contigo-almediodia\/\"><img loading=\"lazy\" decoding=\"async\" width=\"800\" height=\"600\" src=\"https:\/\/www.aridane.org\/city\/wp-content\/uploads\/2026\/02\/260620-MCLAN-800x600.png\" class=\"attachment-portfolio-landscape size-portfolio-landscape wp-post-image\" alt=\"\" \/><\/a><\/div><div class=\"latest_post_two_inner\" ><div class=\"latest_post_two_text\"><h5 itemprop=\"name\" class=\"latest_post_two_title entry_title\"><a itemprop=\"url\" href=\"https:\/\/www.aridane.org\/city\/2026\/02\/16\/m-clan-protagoniza-el-xx-aniversario-de-contigo-almediodia\/\" >M-Clan protagoniza el XX aniversario de Contigo Almediod\u00eda<\/a><\/h5><div class=\"separator small left \" ><\/div><p itemprop=\"description\" class=\"latest_post_two_excerpt\" >La banda ya form\u00f3 parte del XI aniversario del ciclo en 2017, por lo que su regreso adquiere un significado especial<\/p><\/div><div class=\"latest_post_two_info\" ><div class=\"latest_post_two_info_inner\" ><div class=\"post_info_author\"><img alt='Author Image' src='https:\/\/secure.gravatar.com\/avatar\/1c476992411e4ccf153da63b2b2f5ea0bb4cb1c85f3ceab8512f04325ad5579c?s=30&#038;d=mm&#038;r=g' srcset='https:\/\/secure.gravatar.com\/avatar\/1c476992411e4ccf153da63b2b2f5ea0bb4cb1c85f3ceab8512f04325ad5579c?s=60&#038;d=mm&#038;r=g 2x' class='avatar avatar-30 photo' height='30' width='30' \/><span class=\"post_info_author_name\">Corresponsal<\/span><\/div><div itemprop=\"dateCreated\" class=\"post_info_date entry_date updated\">16 febrero, 2026<meta itemprop=\"interactionCount\" content=\"UserComments: <?php echo get_comments_number(qode_get_page_id()); ?>\"\/><\/div><\/div><\/div><\/div><\/li><li class=\"clearfix\"><div class=\"latest_post_two_image\"><a itemprop=\"url\" href=\"https:\/\/www.aridane.org\/city\/2026\/02\/16\/la-gran-polvacera-de-los-llanos-de-aridane-se-consolida-como-cita-clave-del-carnaval-palmero\/\"><img loading=\"lazy\" decoding=\"async\" width=\"800\" height=\"600\" src=\"https:\/\/www.aridane.org\/city\/wp-content\/uploads\/2026\/02\/Polvacera-2026-800x600.jpeg\" class=\"attachment-portfolio-landscape size-portfolio-landscape wp-post-image\" alt=\"\" \/><\/a><\/div><div class=\"latest_post_two_inner\" ><div class=\"latest_post_two_text\"><h5 itemprop=\"name\" class=\"latest_post_two_title entry_title\"><a itemprop=\"url\" href=\"https:\/\/www.aridane.org\/city\/2026\/02\/16\/la-gran-polvacera-de-los-llanos-de-aridane-se-consolida-como-cita-clave-del-carnaval-palmero\/\" >La Gran Polvacera de Los Llanos de Aridane se consolida como cita clave del carnaval palmero<\/a><\/h5><div class=\"separator small left \" ><\/div><p itemprop=\"description\" class=\"latest_post_two_excerpt\" >M\u00e1s de 5.000 personas se dieron cita en la celebraci\u00f3n, seg\u00fan fuentes policiales<\/p><\/div><div class=\"latest_post_two_info\" ><div class=\"latest_post_two_info_inner\" ><div class=\"post_info_author\"><img alt='Author Image' src='https:\/\/secure.gravatar.com\/avatar\/1c476992411e4ccf153da63b2b2f5ea0bb4cb1c85f3ceab8512f04325ad5579c?s=30&#038;d=mm&#038;r=g' srcset='https:\/\/secure.gravatar.com\/avatar\/1c476992411e4ccf153da63b2b2f5ea0bb4cb1c85f3ceab8512f04325ad5579c?s=60&#038;d=mm&#038;r=g 2x' class='avatar avatar-30 photo' height='30' width='30' \/><span class=\"post_info_author_name\">Corresponsal<\/span><\/div><div itemprop=\"dateCreated\" class=\"post_info_date entry_date updated\">16 febrero, 2026<meta itemprop=\"interactionCount\" content=\"UserComments: <?php echo get_comments_number(qode_get_page_id()); ?>\"\/><\/div><\/div><\/div><\/div><\/li><li class=\"clearfix\"><div class=\"latest_post_two_image\"><a itemprop=\"url\" href=\"https:\/\/www.aridane.org\/city\/2026\/02\/12\/el-carnaval-se-baila-a-ritmo-de-porfi-balboa-joseph-fonseca-edwin-rivera-y-nueva-linea\/\"><img loading=\"lazy\" decoding=\"async\" width=\"800\" height=\"600\" src=\"https:\/\/www.aridane.org\/city\/wp-content\/uploads\/2026\/02\/Nueva-Linea-800x600.jpg\" class=\"attachment-portfolio-landscape size-portfolio-landscape wp-post-image\" alt=\"\" \/><\/a><\/div><div class=\"latest_post_two_inner\" ><div class=\"latest_post_two_text\"><h5 itemprop=\"name\" class=\"latest_post_two_title entry_title\"><a itemprop=\"url\" href=\"https:\/\/www.aridane.org\/city\/2026\/02\/12\/el-carnaval-se-baila-a-ritmo-de-porfi-balboa-joseph-fonseca-edwin-rivera-y-nueva-linea\/\" >El Carnaval se baila a ritmo de Porfi Balboa, Joseph Fonseca, Edwin Rivera y Nueva L\u00ednea<\/a><\/h5><div class=\"separator small left \" ><\/div><p itemprop=\"description\" class=\"latest_post_two_excerpt\" >El Carnaval de Los Llanos de Aridane contar\u00e1 con una amplia programaci\u00f3n musical y art\u00edstica para todos los p\u00fablicos\u00a0<\/p><\/div><div class=\"latest_post_two_info\" ><div class=\"latest_post_two_info_inner\" ><div class=\"post_info_author\"><img alt='Author Image' src='https:\/\/secure.gravatar.com\/avatar\/1c476992411e4ccf153da63b2b2f5ea0bb4cb1c85f3ceab8512f04325ad5579c?s=30&#038;d=mm&#038;r=g' srcset='https:\/\/secure.gravatar.com\/avatar\/1c476992411e4ccf153da63b2b2f5ea0bb4cb1c85f3ceab8512f04325ad5579c?s=60&#038;d=mm&#038;r=g 2x' class='avatar avatar-30 photo' height='30' width='30' \/><span class=\"post_info_author_name\">Corresponsal<\/span><\/div><div itemprop=\"dateCreated\" class=\"post_info_date entry_date updated\">12 febrero, 2026<meta itemprop=\"interactionCount\" content=\"UserComments: <?php echo get_comments_number(qode_get_page_id()); ?>\"\/><\/div><\/div><\/div><\/div><\/li><li class=\"clearfix\"><div class=\"latest_post_two_image\"><a itemprop=\"url\" href=\"https:\/\/www.aridane.org\/city\/2026\/02\/12\/javier-llamas-valora-la-visita-del-ministro-torres-a-los-llanos-necesitamos-que-el-estado-no-nos-abandone\/\"><img loading=\"lazy\" decoding=\"async\" width=\"800\" height=\"600\" src=\"https:\/\/www.aridane.org\/city\/wp-content\/uploads\/2026\/02\/Visita-Torres-2-800x600.jpeg\" class=\"attachment-portfolio-landscape size-portfolio-landscape wp-post-image\" alt=\"\" srcset=\"https:\/\/www.aridane.org\/city\/wp-content\/uploads\/2026\/02\/Visita-Torres-2-800x600.jpeg 800w, https:\/\/www.aridane.org\/city\/wp-content\/uploads\/2026\/02\/Visita-Torres-2-300x225.jpeg 300w, https:\/\/www.aridane.org\/city\/wp-content\/uploads\/2026\/02\/Visita-Torres-2-620x465.jpeg 620w, https:\/\/www.aridane.org\/city\/wp-content\/uploads\/2026\/02\/Visita-Torres-2-768x576.jpeg 768w, https:\/\/www.aridane.org\/city\/wp-content\/uploads\/2026\/02\/Visita-Torres-2-1536x1152.jpeg 1536w, https:\/\/www.aridane.org\/city\/wp-content\/uploads\/2026\/02\/Visita-Torres-2-2048x1536.jpeg 2048w, https:\/\/www.aridane.org\/city\/wp-content\/uploads\/2026\/02\/Visita-Torres-2-700x525.jpeg 700w\" sizes=\"auto, (max-width: 800px) 100vw, 800px\" \/><\/a><\/div><div class=\"latest_post_two_inner\" ><div class=\"latest_post_two_text\"><h5 itemprop=\"name\" class=\"latest_post_two_title entry_title\"><a itemprop=\"url\" href=\"https:\/\/www.aridane.org\/city\/2026\/02\/12\/javier-llamas-valora-la-visita-del-ministro-torres-a-los-llanos-necesitamos-que-el-estado-no-nos-abandone\/\" >Javier Llamas valora la visita del ministro Torres a Los Llanos: \u201cNecesitamos que el Estado no nos abandone\u201d<\/a><\/h5><div class=\"separator small left \" ><\/div><p itemprop=\"description\" class=\"latest_post_two_excerpt\" >El alcalde recuerda que el Gobierno de Espa\u00f1a tiene pendiente de abonar 34 millones de euros\u00a0<\/p><\/div><div class=\"latest_post_two_info\" ><div class=\"latest_post_two_info_inner\" ><div class=\"post_info_author\"><img alt='Author Image' src='https:\/\/secure.gravatar.com\/avatar\/1c476992411e4ccf153da63b2b2f5ea0bb4cb1c85f3ceab8512f04325ad5579c?s=30&#038;d=mm&#038;r=g' srcset='https:\/\/secure.gravatar.com\/avatar\/1c476992411e4ccf153da63b2b2f5ea0bb4cb1c85f3ceab8512f04325ad5579c?s=60&#038;d=mm&#038;r=g 2x' class='avatar avatar-30 photo' height='30' width='30' \/><span class=\"post_info_author_name\">Corresponsal<\/span><\/div><div itemprop=\"dateCreated\" class=\"post_info_date entry_date updated\">12 febrero, 2026<meta itemprop=\"interactionCount\" content=\"UserComments: <?php echo get_comments_number(qode_get_page_id()); ?>\"\/><\/div><\/div><\/div><\/div><\/li><li class=\"clearfix\"><div class=\"latest_post_two_image\"><a itemprop=\"url\" href=\"https:\/\/www.aridane.org\/city\/2026\/02\/11\/a-movilizarte-la-iniciativa-del-ayuntamiento-de-los-llanos-para-promover-la-salud-emocional\/\"><img loading=\"lazy\" decoding=\"async\" width=\"800\" height=\"600\" src=\"https:\/\/www.aridane.org\/city\/wp-content\/uploads\/2026\/02\/Proyecto-Arteterapia-800x600.jpeg\" class=\"attachment-portfolio-landscape size-portfolio-landscape wp-post-image\" alt=\"\" srcset=\"https:\/\/www.aridane.org\/city\/wp-content\/uploads\/2026\/02\/Proyecto-Arteterapia-800x600.jpeg 800w, https:\/\/www.aridane.org\/city\/wp-content\/uploads\/2026\/02\/Proyecto-Arteterapia-300x225.jpeg 300w, https:\/\/www.aridane.org\/city\/wp-content\/uploads\/2026\/02\/Proyecto-Arteterapia-620x465.jpeg 620w, https:\/\/www.aridane.org\/city\/wp-content\/uploads\/2026\/02\/Proyecto-Arteterapia-768x576.jpeg 768w, https:\/\/www.aridane.org\/city\/wp-content\/uploads\/2026\/02\/Proyecto-Arteterapia-1536x1152.jpeg 1536w, https:\/\/www.aridane.org\/city\/wp-content\/uploads\/2026\/02\/Proyecto-Arteterapia-2048x1536.jpeg 2048w, https:\/\/www.aridane.org\/city\/wp-content\/uploads\/2026\/02\/Proyecto-Arteterapia-700x525.jpeg 700w\" sizes=\"auto, (max-width: 800px) 100vw, 800px\" \/><\/a><\/div><div class=\"latest_post_two_inner\" ><div class=\"latest_post_two_text\"><h5 itemprop=\"name\" class=\"latest_post_two_title entry_title\"><a itemprop=\"url\" href=\"https:\/\/www.aridane.org\/city\/2026\/02\/11\/a-movilizarte-la-iniciativa-del-ayuntamiento-de-los-llanos-para-promover-la-salud-emocional\/\" >A-MovilizARTE: La iniciativa del Ayuntamiento de Los Llanos para promover la salud emocional<\/a><\/h5><div class=\"separator small left \" ><\/div><p itemprop=\"description\" class=\"latest_post_two_excerpt\" >Este programa lleva dos a\u00f1os apoyando a personas en situaci\u00f3n de vulnerabilidad con acciones preventivas en centros educativos y barrios a trav\u00e9s del arte<\/p><\/div><div class=\"latest_post_two_info\" ><div class=\"latest_post_two_info_inner\" ><div class=\"post_info_author\"><img alt='Author Image' src='https:\/\/secure.gravatar.com\/avatar\/1c476992411e4ccf153da63b2b2f5ea0bb4cb1c85f3ceab8512f04325ad5579c?s=30&#038;d=mm&#038;r=g' srcset='https:\/\/secure.gravatar.com\/avatar\/1c476992411e4ccf153da63b2b2f5ea0bb4cb1c85f3ceab8512f04325ad5579c?s=60&#038;d=mm&#038;r=g 2x' class='avatar avatar-30 photo' height='30' width='30' \/><span class=\"post_info_author_name\">Corresponsal<\/span><\/div><div itemprop=\"dateCreated\" class=\"post_info_date entry_date updated\">11 febrero, 2026<meta itemprop=\"interactionCount\" content=\"UserComments: <?php echo get_comments_number(qode_get_page_id()); ?>\"\/><\/div><\/div><\/div><\/div><\/li><li class=\"clearfix\"><div class=\"latest_post_two_image\"><a itemprop=\"url\" href=\"https:\/\/www.aridane.org\/city\/2026\/02\/10\/ana-perez-martin-gran-dama-del-carnaval-de-los-llanos-de-aridane\/\"><img loading=\"lazy\" decoding=\"async\" width=\"800\" height=\"600\" src=\"https:\/\/www.aridane.org\/city\/wp-content\/uploads\/2026\/02\/Gran-Dama-2026-800x600.jpeg\" class=\"attachment-portfolio-landscape size-portfolio-landscape wp-post-image\" alt=\"\" \/><\/a><\/div><div class=\"latest_post_two_inner\" ><div class=\"latest_post_two_text\"><h5 itemprop=\"name\" class=\"latest_post_two_title entry_title\"><a itemprop=\"url\" href=\"https:\/\/www.aridane.org\/city\/2026\/02\/10\/ana-perez-martin-gran-dama-del-carnaval-de-los-llanos-de-aridane\/\" >Ana P\u00e9rez Mart\u00edn, Gran Dama del Carnaval de Los Llanos de Aridane<\/a><\/h5><div class=\"separator small left \" ><\/div><p itemprop=\"description\" class=\"latest_post_two_excerpt\" >El cuadro de honor lo completaron las damas de honor Mar\u00eda Candelaria Casona Luis y Mary Patr\u00f3n Dom\u00ednguez<\/p><\/div><div class=\"latest_post_two_info\" ><div class=\"latest_post_two_info_inner\" ><div class=\"post_info_author\"><img alt='Author Image' src='https:\/\/secure.gravatar.com\/avatar\/1c476992411e4ccf153da63b2b2f5ea0bb4cb1c85f3ceab8512f04325ad5579c?s=30&#038;d=mm&#038;r=g' srcset='https:\/\/secure.gravatar.com\/avatar\/1c476992411e4ccf153da63b2b2f5ea0bb4cb1c85f3ceab8512f04325ad5579c?s=60&#038;d=mm&#038;r=g 2x' class='avatar avatar-30 photo' height='30' width='30' \/><span class=\"post_info_author_name\">Corresponsal<\/span><\/div><div itemprop=\"dateCreated\" class=\"post_info_date entry_date updated\">10 febrero, 2026<meta itemprop=\"interactionCount\" content=\"UserComments: <?php echo get_comments_number(qode_get_page_id()); ?>\"\/><\/div><\/div><\/div><\/div><\/li><li class=\"clearfix\"><div class=\"latest_post_two_image\"><a itemprop=\"url\" href=\"https:\/\/www.aridane.org\/city\/2026\/02\/09\/el-ayuntamiento-de-los-llanos-de-aridane-activa-una-formula-para-agilizar-la-redaccion-y-direccion-de-proyectos-municipales\/\"><img loading=\"lazy\" decoding=\"async\" width=\"800\" height=\"600\" src=\"https:\/\/www.aridane.org\/city\/wp-content\/uploads\/2026\/02\/Javier-Llamas-y-Pablo-Almeida-800x600.jpeg\" class=\"attachment-portfolio-landscape size-portfolio-landscape wp-post-image\" alt=\"\" srcset=\"https:\/\/www.aridane.org\/city\/wp-content\/uploads\/2026\/02\/Javier-Llamas-y-Pablo-Almeida-800x600.jpeg 800w, https:\/\/www.aridane.org\/city\/wp-content\/uploads\/2026\/02\/Javier-Llamas-y-Pablo-Almeida-300x225.jpeg 300w, https:\/\/www.aridane.org\/city\/wp-content\/uploads\/2026\/02\/Javier-Llamas-y-Pablo-Almeida-620x465.jpeg 620w, https:\/\/www.aridane.org\/city\/wp-content\/uploads\/2026\/02\/Javier-Llamas-y-Pablo-Almeida-768x576.jpeg 768w, https:\/\/www.aridane.org\/city\/wp-content\/uploads\/2026\/02\/Javier-Llamas-y-Pablo-Almeida-1536x1152.jpeg 1536w, https:\/\/www.aridane.org\/city\/wp-content\/uploads\/2026\/02\/Javier-Llamas-y-Pablo-Almeida-700x525.jpeg 700w, https:\/\/www.aridane.org\/city\/wp-content\/uploads\/2026\/02\/Javier-Llamas-y-Pablo-Almeida.jpeg 1600w\" sizes=\"auto, (max-width: 800px) 100vw, 800px\" \/><\/a><\/div><div class=\"latest_post_two_inner\" ><div class=\"latest_post_two_text\"><h5 itemprop=\"name\" class=\"latest_post_two_title entry_title\"><a itemprop=\"url\" href=\"https:\/\/www.aridane.org\/city\/2026\/02\/09\/el-ayuntamiento-de-los-llanos-de-aridane-activa-una-formula-para-agilizar-la-redaccion-y-direccion-de-proyectos-municipales\/\" >El Ayuntamiento de Los Llanos de Aridane activa una f\u00f3rmula para agilizar la redacci\u00f3n y direcci\u00f3n de proyectos municipales<\/a><\/h5><div class=\"separator small left \" ><\/div><p itemprop=\"description\" class=\"latest_post_two_excerpt\" >Se trata de un acuerdo marco con una duraci\u00f3n de dos a\u00f1os y un valor estimado de 750.000 euros que permite contar con profesionales seleccionados para agilizar los encargos<\/p><\/div><div class=\"latest_post_two_info\" ><div class=\"latest_post_two_info_inner\" ><div class=\"post_info_author\"><img alt='Author Image' src='https:\/\/secure.gravatar.com\/avatar\/1c476992411e4ccf153da63b2b2f5ea0bb4cb1c85f3ceab8512f04325ad5579c?s=30&#038;d=mm&#038;r=g' srcset='https:\/\/secure.gravatar.com\/avatar\/1c476992411e4ccf153da63b2b2f5ea0bb4cb1c85f3ceab8512f04325ad5579c?s=60&#038;d=mm&#038;r=g 2x' class='avatar avatar-30 photo' height='30' width='30' \/><span class=\"post_info_author_name\">Corresponsal<\/span><\/div><div itemprop=\"dateCreated\" class=\"post_info_date entry_date updated\">09 febrero, 2026<meta itemprop=\"interactionCount\" content=\"UserComments: <?php echo get_comments_number(qode_get_page_id()); ?>\"\/><\/div><\/div><\/div><\/div><\/li><li class=\"clearfix\"><div class=\"latest_post_two_image\"><a itemprop=\"url\" href=\"https:\/\/www.aridane.org\/city\/2026\/02\/09\/chloe-afonso-fantasia-infantil-del-carnaval-de-los-llanos-de-aridane\/\"><img loading=\"lazy\" decoding=\"async\" width=\"800\" height=\"600\" src=\"https:\/\/www.aridane.org\/city\/wp-content\/uploads\/2026\/02\/Chloe-Afonso-1-800x600.jpeg\" class=\"attachment-portfolio-landscape size-portfolio-landscape wp-post-image\" alt=\"\" \/><\/a><\/div><div class=\"latest_post_two_inner\" ><div class=\"latest_post_two_text\"><h5 itemprop=\"name\" class=\"latest_post_two_title entry_title\"><a itemprop=\"url\" href=\"https:\/\/www.aridane.org\/city\/2026\/02\/09\/chloe-afonso-fantasia-infantil-del-carnaval-de-los-llanos-de-aridane\/\" >Chloe Afonso, Fantas\u00eda Infantil del Carnaval de Los Llanos de Aridane<\/a><\/h5><div class=\"separator small left \" ><\/div><p itemprop=\"description\" class=\"latest_post_two_excerpt\" >Ayl\u00edn Climent Padr\u00f3n, Sof\u00eda Carballo Guerra y Aura Vi\u00f1a Molina completan el cuadro de honor<\/p><\/div><div class=\"latest_post_two_info\" ><div class=\"latest_post_two_info_inner\" ><div class=\"post_info_author\"><img alt='Author Image' src='https:\/\/secure.gravatar.com\/avatar\/1c476992411e4ccf153da63b2b2f5ea0bb4cb1c85f3ceab8512f04325ad5579c?s=30&#038;d=mm&#038;r=g' srcset='https:\/\/secure.gravatar.com\/avatar\/1c476992411e4ccf153da63b2b2f5ea0bb4cb1c85f3ceab8512f04325ad5579c?s=60&#038;d=mm&#038;r=g 2x' class='avatar avatar-30 photo' height='30' width='30' \/><span class=\"post_info_author_name\">Corresponsal<\/span><\/div><div itemprop=\"dateCreated\" class=\"post_info_date entry_date updated\">09 febrero, 2026<meta itemprop=\"interactionCount\" content=\"UserComments: <?php echo get_comments_number(qode_get_page_id()); ?>\"\/><\/div><\/div><\/div><\/div><\/li><li class=\"clearfix\"><div class=\"latest_post_two_image\"><a itemprop=\"url\" href=\"https:\/\/www.aridane.org\/city\/2026\/02\/09\/gabriela-rodriguez-fantasia-adulta-del-carnaval-de-los-llanos-de-aridane\/\"><img loading=\"lazy\" decoding=\"async\" width=\"800\" height=\"600\" src=\"https:\/\/www.aridane.org\/city\/wp-content\/uploads\/2026\/02\/Gabriela-Rodriguez-800x600.jpeg\" class=\"attachment-portfolio-landscape size-portfolio-landscape wp-post-image\" alt=\"\" \/><\/a><\/div><div class=\"latest_post_two_inner\" ><div class=\"latest_post_two_text\"><h5 itemprop=\"name\" class=\"latest_post_two_title entry_title\"><a itemprop=\"url\" href=\"https:\/\/www.aridane.org\/city\/2026\/02\/09\/gabriela-rodriguez-fantasia-adulta-del-carnaval-de-los-llanos-de-aridane\/\" >Gabriela Rodr\u00edguez, Fantas\u00eda Adulta del Carnaval de Los Llanos de Aridane<\/a><\/h5><div class=\"separator small left \" ><\/div><p itemprop=\"description\" class=\"latest_post_two_excerpt\" >Paula P\u00e9rez Lorenzo logra el primer t\u00edtulo de Dama con Taburiente, mientras Cintia Guill\u00e9n Paz obtiene el segundo con Obsesi\u00f3n.<\/p><\/div><div class=\"latest_post_two_info\" ><div class=\"latest_post_two_info_inner\" ><div class=\"post_info_author\"><img alt='Author Image' src='https:\/\/secure.gravatar.com\/avatar\/1c476992411e4ccf153da63b2b2f5ea0bb4cb1c85f3ceab8512f04325ad5579c?s=30&#038;d=mm&#038;r=g' srcset='https:\/\/secure.gravatar.com\/avatar\/1c476992411e4ccf153da63b2b2f5ea0bb4cb1c85f3ceab8512f04325ad5579c?s=60&#038;d=mm&#038;r=g 2x' class='avatar avatar-30 photo' height='30' width='30' \/><span class=\"post_info_author_name\">Corresponsal<\/span><\/div><div itemprop=\"dateCreated\" class=\"post_info_date entry_date updated\">09 febrero, 2026<meta itemprop=\"interactionCount\" content=\"UserComments: <?php echo get_comments_number(qode_get_page_id()); ?>\"\/><\/div><\/div><\/div><\/div><\/li><li class=\"clearfix\"><div class=\"latest_post_two_image\"><a itemprop=\"url\" href=\"https:\/\/www.aridane.org\/city\/2026\/02\/05\/el-carnaval-de-los-cuentos-de-hadas-llena-los-llanos-de-fantasia-y-musica\/\"><img loading=\"lazy\" decoding=\"async\" width=\"800\" height=\"600\" src=\"https:\/\/www.aridane.org\/city\/wp-content\/uploads\/2026\/02\/Carnaval-Los-Llanos-800x600.jpeg\" class=\"attachment-portfolio-landscape size-portfolio-landscape wp-post-image\" alt=\"\" srcset=\"https:\/\/www.aridane.org\/city\/wp-content\/uploads\/2026\/02\/Carnaval-Los-Llanos-800x600.jpeg 800w, https:\/\/www.aridane.org\/city\/wp-content\/uploads\/2026\/02\/Carnaval-Los-Llanos-300x225.jpeg 300w, https:\/\/www.aridane.org\/city\/wp-content\/uploads\/2026\/02\/Carnaval-Los-Llanos-620x465.jpeg 620w, https:\/\/www.aridane.org\/city\/wp-content\/uploads\/2026\/02\/Carnaval-Los-Llanos-768x576.jpeg 768w, https:\/\/www.aridane.org\/city\/wp-content\/uploads\/2026\/02\/Carnaval-Los-Llanos-1536x1152.jpeg 1536w, https:\/\/www.aridane.org\/city\/wp-content\/uploads\/2026\/02\/Carnaval-Los-Llanos-2048x1536.jpeg 2048w, https:\/\/www.aridane.org\/city\/wp-content\/uploads\/2026\/02\/Carnaval-Los-Llanos-700x525.jpeg 700w\" sizes=\"auto, (max-width: 800px) 100vw, 800px\" \/><\/a><\/div><div class=\"latest_post_two_inner\" ><div class=\"latest_post_two_text\"><h5 itemprop=\"name\" class=\"latest_post_two_title entry_title\"><a itemprop=\"url\" href=\"https:\/\/www.aridane.org\/city\/2026\/02\/05\/el-carnaval-de-los-cuentos-de-hadas-llena-los-llanos-de-fantasia-y-musica\/\" >El Carnaval de los Cuentos de Hadas llena Los Llanos de fantas\u00eda y m\u00fasica<\/a><\/h5><div class=\"separator small left \" ><\/div><p itemprop=\"description\" class=\"latest_post_two_excerpt\" >Este fin de semana la plaza Juan Pablo II acoger\u00e1 las galas de Fantas\u00eda Adulta, Infantil y Gran Dama, junto al Festival de Murgas<\/p><\/div><div class=\"latest_post_two_info\" ><div class=\"latest_post_two_info_inner\" ><div class=\"post_info_author\"><img alt='Author Image' src='https:\/\/secure.gravatar.com\/avatar\/1c476992411e4ccf153da63b2b2f5ea0bb4cb1c85f3ceab8512f04325ad5579c?s=30&#038;d=mm&#038;r=g' srcset='https:\/\/secure.gravatar.com\/avatar\/1c476992411e4ccf153da63b2b2f5ea0bb4cb1c85f3ceab8512f04325ad5579c?s=60&#038;d=mm&#038;r=g 2x' class='avatar avatar-30 photo' height='30' width='30' \/><span class=\"post_info_author_name\">Corresponsal<\/span><\/div><div itemprop=\"dateCreated\" class=\"post_info_date entry_date updated\">05 febrero, 2026<meta itemprop=\"interactionCount\" content=\"UserComments: <?php echo get_comments_number(qode_get_page_id()); ?>\"\/><\/div><\/div><\/div><\/div><\/li><li class=\"clearfix\"><div class=\"latest_post_two_image\"><a itemprop=\"url\" href=\"https:\/\/www.aridane.org\/city\/2026\/02\/02\/el-ministerio-del-interior-distingue-a-proteccion-civil-de-los-llanos-de-aridane-por-su-labor-durante-la-dana\/\"><img loading=\"lazy\" decoding=\"async\" width=\"800\" height=\"600\" src=\"https:\/\/www.aridane.org\/city\/wp-content\/uploads\/2026\/02\/Proteccion-Civil-distintivo-800x600.jpeg\" class=\"attachment-portfolio-landscape size-portfolio-landscape wp-post-image\" alt=\"\" \/><\/a><\/div><div class=\"latest_post_two_inner\" ><div class=\"latest_post_two_text\"><h5 itemprop=\"name\" class=\"latest_post_two_title entry_title\"><a itemprop=\"url\" href=\"https:\/\/www.aridane.org\/city\/2026\/02\/02\/el-ministerio-del-interior-distingue-a-proteccion-civil-de-los-llanos-de-aridane-por-su-labor-durante-la-dana\/\" >El Ministerio del Interior distingue a Protecci\u00f3n Civil de Los Llanos de Aridane por su labor durante la DANA<\/a><\/h5><div class=\"separator small left \" ><\/div><p itemprop=\"description\" class=\"latest_post_two_excerpt\" >El alcalde, Javier Llamas, asegura que \u201cProtecci\u00f3n Civil representa un ejemplo permanente de servicio p\u00fablico y solidaridad\u201d<\/p><\/div><div class=\"latest_post_two_info\" ><div class=\"latest_post_two_info_inner\" ><div class=\"post_info_author\"><img alt='Author Image' src='https:\/\/secure.gravatar.com\/avatar\/1c476992411e4ccf153da63b2b2f5ea0bb4cb1c85f3ceab8512f04325ad5579c?s=30&#038;d=mm&#038;r=g' srcset='https:\/\/secure.gravatar.com\/avatar\/1c476992411e4ccf153da63b2b2f5ea0bb4cb1c85f3ceab8512f04325ad5579c?s=60&#038;d=mm&#038;r=g 2x' class='avatar avatar-30 photo' height='30' width='30' \/><span class=\"post_info_author_name\">Corresponsal<\/span><\/div><div itemprop=\"dateCreated\" class=\"post_info_date entry_date updated\">02 febrero, 2026<meta itemprop=\"interactionCount\" content=\"UserComments: <?php echo get_comments_number(qode_get_page_id()); ?>\"\/><\/div><\/div><\/div><\/div><\/li><li class=\"clearfix\"><div class=\"latest_post_two_image\"><a itemprop=\"url\" href=\"https:\/\/www.aridane.org\/city\/2026\/02\/01\/los-llanos-de-aridane-fortalece-su-tejido-social-en-2026-con-un-presupuesto-de-mas-de-28-millones-de-euros\/\"><img loading=\"lazy\" decoding=\"async\" width=\"800\" height=\"600\" src=\"https:\/\/www.aridane.org\/city\/wp-content\/uploads\/2026\/02\/Presupuesto-2026-800x600.jpeg\" class=\"attachment-portfolio-landscape size-portfolio-landscape wp-post-image\" alt=\"\" srcset=\"https:\/\/www.aridane.org\/city\/wp-content\/uploads\/2026\/02\/Presupuesto-2026-800x600.jpeg 800w, https:\/\/www.aridane.org\/city\/wp-content\/uploads\/2026\/02\/Presupuesto-2026-300x225.jpeg 300w, https:\/\/www.aridane.org\/city\/wp-content\/uploads\/2026\/02\/Presupuesto-2026-620x465.jpeg 620w, https:\/\/www.aridane.org\/city\/wp-content\/uploads\/2026\/02\/Presupuesto-2026-768x576.jpeg 768w, https:\/\/www.aridane.org\/city\/wp-content\/uploads\/2026\/02\/Presupuesto-2026-700x525.jpeg 700w, https:\/\/www.aridane.org\/city\/wp-content\/uploads\/2026\/02\/Presupuesto-2026.jpeg 1493w\" sizes=\"auto, (max-width: 800px) 100vw, 800px\" \/><\/a><\/div><div class=\"latest_post_two_inner\" ><div class=\"latest_post_two_text\"><h5 itemprop=\"name\" class=\"latest_post_two_title entry_title\"><a itemprop=\"url\" href=\"https:\/\/www.aridane.org\/city\/2026\/02\/01\/los-llanos-de-aridane-fortalece-su-tejido-social-en-2026-con-un-presupuesto-de-mas-de-28-millones-de-euros\/\" >Los Llanos de Aridane fortalece su tejido social en 2026 con un presupuesto de m\u00e1s de 28 millones de euros<\/a><\/h5><div class=\"separator small left \" ><\/div><p itemprop=\"description\" class=\"latest_post_two_excerpt\" >Desde el Ayuntamiento se mantiene el foco en proyectos clave como la transformaci\u00f3n de Monta\u00f1a Tenisca, el plan de asfaltado o la puesta en marcha de vivienda p\u00fablica<\/p><\/div><div class=\"latest_post_two_info\" ><div class=\"latest_post_two_info_inner\" ><div class=\"post_info_author\"><img alt='Author Image' src='https:\/\/secure.gravatar.com\/avatar\/1c476992411e4ccf153da63b2b2f5ea0bb4cb1c85f3ceab8512f04325ad5579c?s=30&#038;d=mm&#038;r=g' srcset='https:\/\/secure.gravatar.com\/avatar\/1c476992411e4ccf153da63b2b2f5ea0bb4cb1c85f3ceab8512f04325ad5579c?s=60&#038;d=mm&#038;r=g 2x' class='avatar avatar-30 photo' height='30' width='30' \/><span class=\"post_info_author_name\">Corresponsal<\/span><\/div><div itemprop=\"dateCreated\" class=\"post_info_date entry_date updated\">01 febrero, 2026<meta itemprop=\"interactionCount\" content=\"UserComments: <?php echo get_comments_number(qode_get_page_id()); ?>\"\/><\/div><\/div><\/div><\/div><\/li><li class=\"clearfix\"><div class=\"latest_post_two_image\"><a itemprop=\"url\" href=\"https:\/\/www.aridane.org\/city\/2026\/01\/30\/los-llanos-de-aridane-destina-400-000-euros-para-la-construccion-de-vivienda\/\"><img loading=\"lazy\" decoding=\"async\" width=\"800\" height=\"600\" src=\"https:\/\/www.aridane.org\/city\/wp-content\/uploads\/2026\/02\/NP-Ayuda-proyectos-vivienda-800x600.jpeg\" class=\"attachment-portfolio-landscape size-portfolio-landscape wp-post-image\" alt=\"\" srcset=\"https:\/\/www.aridane.org\/city\/wp-content\/uploads\/2026\/02\/NP-Ayuda-proyectos-vivienda-800x600.jpeg 800w, https:\/\/www.aridane.org\/city\/wp-content\/uploads\/2026\/02\/NP-Ayuda-proyectos-vivienda-300x225.jpeg 300w, https:\/\/www.aridane.org\/city\/wp-content\/uploads\/2026\/02\/NP-Ayuda-proyectos-vivienda-620x465.jpeg 620w, https:\/\/www.aridane.org\/city\/wp-content\/uploads\/2026\/02\/NP-Ayuda-proyectos-vivienda-768x576.jpeg 768w, https:\/\/www.aridane.org\/city\/wp-content\/uploads\/2026\/02\/NP-Ayuda-proyectos-vivienda-1536x1152.jpeg 1536w, https:\/\/www.aridane.org\/city\/wp-content\/uploads\/2026\/02\/NP-Ayuda-proyectos-vivienda-700x525.jpeg 700w, https:\/\/www.aridane.org\/city\/wp-content\/uploads\/2026\/02\/NP-Ayuda-proyectos-vivienda.jpeg 1600w\" sizes=\"auto, (max-width: 800px) 100vw, 800px\" \/><\/a><\/div><div class=\"latest_post_two_inner\" ><div class=\"latest_post_two_text\"><h5 itemprop=\"name\" class=\"latest_post_two_title entry_title\"><a itemprop=\"url\" href=\"https:\/\/www.aridane.org\/city\/2026\/01\/30\/los-llanos-de-aridane-destina-400-000-euros-para-la-construccion-de-vivienda\/\" >Los Llanos de Aridane destina 400.000 euros para la construcci\u00f3n de vivienda\u00a0<\/a><\/h5><div class=\"separator small left \" ><\/div><p itemprop=\"description\" class=\"latest_post_two_excerpt\" >Se concede una l\u00ednea de ayudas para sufragar los gastos de redacci\u00f3n de proyectos de personas afectadas por la erupci\u00f3n volc\u00e1nica<\/p><\/div><div class=\"latest_post_two_info\" ><div class=\"latest_post_two_info_inner\" ><div class=\"post_info_author\"><img alt='Author Image' src='https:\/\/secure.gravatar.com\/avatar\/1c476992411e4ccf153da63b2b2f5ea0bb4cb1c85f3ceab8512f04325ad5579c?s=30&#038;d=mm&#038;r=g' srcset='https:\/\/secure.gravatar.com\/avatar\/1c476992411e4ccf153da63b2b2f5ea0bb4cb1c85f3ceab8512f04325ad5579c?s=60&#038;d=mm&#038;r=g 2x' class='avatar avatar-30 photo' height='30' width='30' \/><span class=\"post_info_author_name\">Corresponsal<\/span><\/div><div itemprop=\"dateCreated\" class=\"post_info_date entry_date updated\">30 enero, 2026<meta itemprop=\"interactionCount\" content=\"UserComments: <?php echo get_comments_number(qode_get_page_id()); ?>\"\/><\/div><\/div><\/div><\/div><\/li><li class=\"clearfix\"><div class=\"latest_post_two_image\"><a itemprop=\"url\" href=\"https:\/\/www.aridane.org\/city\/2026\/01\/26\/los-llanos-presenta-su-estrategia-turistica-en-fitur\/\"><img loading=\"lazy\" decoding=\"async\" width=\"800\" height=\"600\" src=\"https:\/\/www.aridane.org\/city\/wp-content\/uploads\/2026\/02\/NP-Los-Llanos-La-Palma-Viva-Fitur-800x600.jpeg\" class=\"attachment-portfolio-landscape size-portfolio-landscape wp-post-image\" alt=\"\" srcset=\"https:\/\/www.aridane.org\/city\/wp-content\/uploads\/2026\/02\/NP-Los-Llanos-La-Palma-Viva-Fitur-800x600.jpeg 800w, https:\/\/www.aridane.org\/city\/wp-content\/uploads\/2026\/02\/NP-Los-Llanos-La-Palma-Viva-Fitur-300x225.jpeg 300w, https:\/\/www.aridane.org\/city\/wp-content\/uploads\/2026\/02\/NP-Los-Llanos-La-Palma-Viva-Fitur-620x465.jpeg 620w, https:\/\/www.aridane.org\/city\/wp-content\/uploads\/2026\/02\/NP-Los-Llanos-La-Palma-Viva-Fitur-768x576.jpeg 768w, https:\/\/www.aridane.org\/city\/wp-content\/uploads\/2026\/02\/NP-Los-Llanos-La-Palma-Viva-Fitur-1536x1152.jpeg 1536w, https:\/\/www.aridane.org\/city\/wp-content\/uploads\/2026\/02\/NP-Los-Llanos-La-Palma-Viva-Fitur-700x525.jpeg 700w, https:\/\/www.aridane.org\/city\/wp-content\/uploads\/2026\/02\/NP-Los-Llanos-La-Palma-Viva-Fitur.jpeg 2048w\" sizes=\"auto, (max-width: 800px) 100vw, 800px\" \/><\/a><\/div><div class=\"latest_post_two_inner\" ><div class=\"latest_post_two_text\"><h5 itemprop=\"name\" class=\"latest_post_two_title entry_title\"><a itemprop=\"url\" href=\"https:\/\/www.aridane.org\/city\/2026\/01\/26\/los-llanos-presenta-su-estrategia-turistica-en-fitur\/\" >Los Llanos presenta su estrategia tur\u00edstica en Fitur<\/a><\/h5><div class=\"separator small left \" ><\/div><p itemprop=\"description\" class=\"latest_post_two_excerpt\" >El Ayuntamiento pone en valor elementos diferenciales como el museo en la calle CEMFAC<\/p><\/div><div class=\"latest_post_two_info\" ><div class=\"latest_post_two_info_inner\" ><div class=\"post_info_author\"><img alt='Author Image' src='https:\/\/secure.gravatar.com\/avatar\/1c476992411e4ccf153da63b2b2f5ea0bb4cb1c85f3ceab8512f04325ad5579c?s=30&#038;d=mm&#038;r=g' srcset='https:\/\/secure.gravatar.com\/avatar\/1c476992411e4ccf153da63b2b2f5ea0bb4cb1c85f3ceab8512f04325ad5579c?s=60&#038;d=mm&#038;r=g 2x' class='avatar avatar-30 photo' height='30' width='30' \/><span class=\"post_info_author_name\">Corresponsal<\/span><\/div><div itemprop=\"dateCreated\" class=\"post_info_date entry_date updated\">26 enero, 2026<meta itemprop=\"interactionCount\" content=\"UserComments: <?php echo get_comments_number(qode_get_page_id()); ?>\"\/><\/div><\/div><\/div><\/div><\/li><li class=\"clearfix\"><div class=\"latest_post_two_image\"><a itemprop=\"url\" href=\"https:\/\/www.aridane.org\/city\/2026\/01\/25\/los-llanos-estrecha-contactos-estrategicos-en-fitur-para-impulsar-inversion-y-comercializacion-turistica\/\"><img loading=\"lazy\" decoding=\"async\" width=\"800\" height=\"600\" src=\"https:\/\/www.aridane.org\/city\/wp-content\/uploads\/2026\/02\/NP-Los-Llanos-inversiones-3-800x600.jpeg\" class=\"attachment-portfolio-landscape size-portfolio-landscape wp-post-image\" alt=\"\" srcset=\"https:\/\/www.aridane.org\/city\/wp-content\/uploads\/2026\/02\/NP-Los-Llanos-inversiones-3-800x600.jpeg 800w, https:\/\/www.aridane.org\/city\/wp-content\/uploads\/2026\/02\/NP-Los-Llanos-inversiones-3-300x225.jpeg 300w, https:\/\/www.aridane.org\/city\/wp-content\/uploads\/2026\/02\/NP-Los-Llanos-inversiones-3-620x465.jpeg 620w, https:\/\/www.aridane.org\/city\/wp-content\/uploads\/2026\/02\/NP-Los-Llanos-inversiones-3-768x576.jpeg 768w, https:\/\/www.aridane.org\/city\/wp-content\/uploads\/2026\/02\/NP-Los-Llanos-inversiones-3-1536x1152.jpeg 1536w, https:\/\/www.aridane.org\/city\/wp-content\/uploads\/2026\/02\/NP-Los-Llanos-inversiones-3-700x525.jpeg 700w, https:\/\/www.aridane.org\/city\/wp-content\/uploads\/2026\/02\/NP-Los-Llanos-inversiones-3.jpeg 1600w\" sizes=\"auto, (max-width: 800px) 100vw, 800px\" \/><\/a><\/div><div class=\"latest_post_two_inner\" ><div class=\"latest_post_two_text\"><h5 itemprop=\"name\" class=\"latest_post_two_title entry_title\"><a itemprop=\"url\" href=\"https:\/\/www.aridane.org\/city\/2026\/01\/25\/los-llanos-estrecha-contactos-estrategicos-en-fitur-para-impulsar-inversion-y-comercializacion-turistica\/\" >Los Llanos estrecha contactos estrat\u00e9gicos en FITUR para impulsar inversi\u00f3n y comercializaci\u00f3n tur\u00edstica<\/a><\/h5><div class=\"separator small left \" ><\/div><p itemprop=\"description\" class=\"latest_post_two_excerpt\" >El Ayuntamiento ha mantenido reuniones con Civitatis y Booking, dos de los principales operadores internacionales en la venta de experiencias, actividades y alojamiento<\/p><\/div><div class=\"latest_post_two_info\" ><div class=\"latest_post_two_info_inner\" ><div class=\"post_info_author\"><img alt='Author Image' src='https:\/\/secure.gravatar.com\/avatar\/1c476992411e4ccf153da63b2b2f5ea0bb4cb1c85f3ceab8512f04325ad5579c?s=30&#038;d=mm&#038;r=g' srcset='https:\/\/secure.gravatar.com\/avatar\/1c476992411e4ccf153da63b2b2f5ea0bb4cb1c85f3ceab8512f04325ad5579c?s=60&#038;d=mm&#038;r=g 2x' class='avatar avatar-30 photo' height='30' width='30' \/><span class=\"post_info_author_name\">Corresponsal<\/span><\/div><div itemprop=\"dateCreated\" class=\"post_info_date entry_date updated\">25 enero, 2026<meta itemprop=\"interactionCount\" content=\"UserComments: <?php echo get_comments_number(qode_get_page_id()); ?>\"\/><\/div><\/div><\/div><\/div><\/li><li class=\"clearfix\"><div class=\"latest_post_two_image\"><a itemprop=\"url\" href=\"https:\/\/www.aridane.org\/city\/2026\/01\/24\/los-llanos-proyecta-en-fitur-su-oferta-turistica-poniendo-su-museo-en-la-calle-como-sena-de-identidad-cultural\/\"><img loading=\"lazy\" decoding=\"async\" width=\"800\" height=\"600\" src=\"https:\/\/www.aridane.org\/city\/wp-content\/uploads\/2026\/02\/Los-Llanos-Fitur-800x600.jpeg\" class=\"attachment-portfolio-landscape size-portfolio-landscape wp-post-image\" alt=\"\" \/><\/a><\/div><div class=\"latest_post_two_inner\" ><div class=\"latest_post_two_text\"><h5 itemprop=\"name\" class=\"latest_post_two_title entry_title\"><a itemprop=\"url\" href=\"https:\/\/www.aridane.org\/city\/2026\/01\/24\/los-llanos-proyecta-en-fitur-su-oferta-turistica-poniendo-su-museo-en-la-calle-como-sena-de-identidad-cultural\/\" >Los Llanos proyecta en FITUR su oferta tur\u00edstica poniendo su museo en la calle como se\u00f1a de identidad cultural<\/a><\/h5><div class=\"separator small left \" ><\/div><p itemprop=\"description\" class=\"latest_post_two_excerpt\" >La presencia del Ayuntamiento en FITUR se enmarca en una agenda profesional dise\u00f1ada para consolidar alianzas y abrir nuevas oportunidades<\/p><\/div><div class=\"latest_post_two_info\" ><div class=\"latest_post_two_info_inner\" ><div class=\"post_info_author\"><img alt='Author Image' src='https:\/\/secure.gravatar.com\/avatar\/1c476992411e4ccf153da63b2b2f5ea0bb4cb1c85f3ceab8512f04325ad5579c?s=30&#038;d=mm&#038;r=g' srcset='https:\/\/secure.gravatar.com\/avatar\/1c476992411e4ccf153da63b2b2f5ea0bb4cb1c85f3ceab8512f04325ad5579c?s=60&#038;d=mm&#038;r=g 2x' class='avatar avatar-30 photo' height='30' width='30' \/><span class=\"post_info_author_name\">Corresponsal<\/span><\/div><div itemprop=\"dateCreated\" class=\"post_info_date entry_date updated\">24 enero, 2026<meta itemprop=\"interactionCount\" content=\"UserComments: <?php echo get_comments_number(qode_get_page_id()); ?>\"\/><\/div><\/div><\/div><\/div><\/li><li class=\"clearfix\"><div class=\"latest_post_two_image\"><a itemprop=\"url\" href=\"https:\/\/www.aridane.org\/city\/2026\/01\/12\/los-llanos-de-aridane-da-luz-verde-a-las-ocho-propuestas-mas-votadas-de-los-presupuestos-participativos\/\"><img loading=\"lazy\" decoding=\"async\" width=\"800\" height=\"600\" src=\"https:\/\/www.aridane.org\/city\/wp-content\/uploads\/2026\/01\/Presupuestos-participativos-2026-800x600.jpeg\" class=\"attachment-portfolio-landscape size-portfolio-landscape wp-post-image\" alt=\"\" srcset=\"https:\/\/www.aridane.org\/city\/wp-content\/uploads\/2026\/01\/Presupuestos-participativos-2026-800x600.jpeg 800w, https:\/\/www.aridane.org\/city\/wp-content\/uploads\/2026\/01\/Presupuestos-participativos-2026-300x225.jpeg 300w, https:\/\/www.aridane.org\/city\/wp-content\/uploads\/2026\/01\/Presupuestos-participativos-2026-620x465.jpeg 620w, https:\/\/www.aridane.org\/city\/wp-content\/uploads\/2026\/01\/Presupuestos-participativos-2026-768x576.jpeg 768w, https:\/\/www.aridane.org\/city\/wp-content\/uploads\/2026\/01\/Presupuestos-participativos-2026-1536x1152.jpeg 1536w, https:\/\/www.aridane.org\/city\/wp-content\/uploads\/2026\/01\/Presupuestos-participativos-2026-700x525.jpeg 700w, https:\/\/www.aridane.org\/city\/wp-content\/uploads\/2026\/01\/Presupuestos-participativos-2026.jpeg 1600w\" sizes=\"auto, (max-width: 800px) 100vw, 800px\" \/><\/a><\/div><div class=\"latest_post_two_inner\" ><div class=\"latest_post_two_text\"><h5 itemprop=\"name\" class=\"latest_post_two_title entry_title\"><a itemprop=\"url\" href=\"https:\/\/www.aridane.org\/city\/2026\/01\/12\/los-llanos-de-aridane-da-luz-verde-a-las-ocho-propuestas-mas-votadas-de-los-presupuestos-participativos\/\" >Los Llanos de Aridane da luz verde a las ocho propuestas m\u00e1s votadas de los Presupuestos Participativos<\/a><\/h5><div class=\"separator small left \" ><\/div><p itemprop=\"description\" class=\"latest_post_two_excerpt\" >Tras un proceso con m\u00e1s de 800 votos, las iniciativas vencedoras recogen mejoras en accesibilidad, espacios p\u00fablicos, infraestructuras, equipamientos y seguridad vial<\/p><\/div><div class=\"latest_post_two_info\" ><div class=\"latest_post_two_info_inner\" ><div class=\"post_info_author\"><img alt='Author Image' src='https:\/\/secure.gravatar.com\/avatar\/1c476992411e4ccf153da63b2b2f5ea0bb4cb1c85f3ceab8512f04325ad5579c?s=30&#038;d=mm&#038;r=g' srcset='https:\/\/secure.gravatar.com\/avatar\/1c476992411e4ccf153da63b2b2f5ea0bb4cb1c85f3ceab8512f04325ad5579c?s=60&#038;d=mm&#038;r=g 2x' class='avatar avatar-30 photo' height='30' width='30' \/><span class=\"post_info_author_name\">Corresponsal<\/span><\/div><div itemprop=\"dateCreated\" class=\"post_info_date entry_date updated\">12 enero, 2026<meta itemprop=\"interactionCount\" content=\"UserComments: <?php echo get_comments_number(qode_get_page_id()); ?>\"\/><\/div><\/div><\/div><\/div><\/li><li class=\"clearfix\"><div class=\"latest_post_two_image\"><a itemprop=\"url\" href=\"https:\/\/www.aridane.org\/city\/2026\/01\/02\/los-llanos-se-convierte-en-el-epicentro-internacional-de-la-poesia-con-el-encuentro-de-la-macaronesia\/\"><img loading=\"lazy\" decoding=\"async\" width=\"800\" height=\"600\" src=\"https:\/\/www.aridane.org\/city\/wp-content\/uploads\/2026\/01\/NP-Festival-Poesia-La-Macaronesia-800x600.jpeg\" class=\"attachment-portfolio-landscape size-portfolio-landscape wp-post-image\" alt=\"Encuentro de La Macaronesia\" \/><\/a><\/div><div class=\"latest_post_two_inner\" ><div class=\"latest_post_two_text\"><h5 itemprop=\"name\" class=\"latest_post_two_title entry_title\"><a itemprop=\"url\" href=\"https:\/\/www.aridane.org\/city\/2026\/01\/02\/los-llanos-se-convierte-en-el-epicentro-internacional-de-la-poesia-con-el-encuentro-de-la-macaronesia\/\" >Los Llanos se convierte en el epicentro internacional de la poes\u00eda con el Encuentro de La Macaronesia<\/a><\/h5><div class=\"separator small left \" ><\/div><p itemprop=\"description\" class=\"latest_post_two_excerpt\" >La octava edici\u00f3n de este festival tendr\u00e1 lugar del 13 al 16 de enero<\/p><\/div><div class=\"latest_post_two_info\" ><div class=\"latest_post_two_info_inner\" ><div class=\"post_info_author\"><img alt='Author Image' src='https:\/\/secure.gravatar.com\/avatar\/1c476992411e4ccf153da63b2b2f5ea0bb4cb1c85f3ceab8512f04325ad5579c?s=30&#038;d=mm&#038;r=g' srcset='https:\/\/secure.gravatar.com\/avatar\/1c476992411e4ccf153da63b2b2f5ea0bb4cb1c85f3ceab8512f04325ad5579c?s=60&#038;d=mm&#038;r=g 2x' class='avatar avatar-30 photo' height='30' width='30' \/><span class=\"post_info_author_name\">Corresponsal<\/span><\/div><div itemprop=\"dateCreated\" class=\"post_info_date entry_date updated\">02 enero, 2026<meta itemprop=\"interactionCount\" content=\"UserComments: <?php echo get_comments_number(qode_get_page_id()); ?>\"\/><\/div><\/div><\/div><\/div><\/li><li class=\"clearfix\"><div class=\"latest_post_two_image\"><a itemprop=\"url\" href=\"https:\/\/www.aridane.org\/city\/2025\/12\/18\/neon-run-abre-las-inscripciones-para-celebrar-su-10o-aniversario-en-los-llanos\/\"><img loading=\"lazy\" decoding=\"async\" width=\"800\" height=\"600\" src=\"https:\/\/www.aridane.org\/city\/wp-content\/uploads\/2025\/12\/NEON-RUN-800x600.jpg\" class=\"attachment-portfolio-landscape size-portfolio-landscape wp-post-image\" alt=\"\" \/><\/a><\/div><div class=\"latest_post_two_inner\" ><div class=\"latest_post_two_text\"><h5 itemprop=\"name\" class=\"latest_post_two_title entry_title\"><a itemprop=\"url\" href=\"https:\/\/www.aridane.org\/city\/2025\/12\/18\/neon-run-abre-las-inscripciones-para-celebrar-su-10o-aniversario-en-los-llanos\/\" >NEON RUN abre las inscripciones para celebrar su 10\u00ba aniversario en Los Llanos<\/a><\/h5><div class=\"separator small left \" ><\/div><p itemprop=\"description\" class=\"latest_post_two_excerpt\" >La prueba cuenta con cuatro modalidades, pensadas para todos los p\u00fablicos y niveles: NEON RUN\u00ae 10 Km, 5 Km, Kids y Access<\/p><\/div><div class=\"latest_post_two_info\" ><div class=\"latest_post_two_info_inner\" ><div class=\"post_info_author\"><img alt='Author Image' src='https:\/\/secure.gravatar.com\/avatar\/1c476992411e4ccf153da63b2b2f5ea0bb4cb1c85f3ceab8512f04325ad5579c?s=30&#038;d=mm&#038;r=g' srcset='https:\/\/secure.gravatar.com\/avatar\/1c476992411e4ccf153da63b2b2f5ea0bb4cb1c85f3ceab8512f04325ad5579c?s=60&#038;d=mm&#038;r=g 2x' class='avatar avatar-30 photo' height='30' width='30' \/><span class=\"post_info_author_name\">Corresponsal<\/span><\/div><div itemprop=\"dateCreated\" class=\"post_info_date entry_date updated\">18 diciembre, 2025<meta itemprop=\"interactionCount\" content=\"UserComments: <?php echo get_comments_number(qode_get_page_id()); ?>\"\/><\/div><\/div><\/div><\/div><\/li><li class=\"clearfix\"><div class=\"latest_post_two_image\"><a itemprop=\"url\" href=\"https:\/\/www.aridane.org\/city\/2025\/12\/17\/los-llanos-de-aridane-recupera-el-belen-viviente-de-montana-tenisca\/\"><img loading=\"lazy\" decoding=\"async\" width=\"800\" height=\"600\" src=\"https:\/\/www.aridane.org\/city\/wp-content\/uploads\/2025\/12\/Belen-Viviente-800x600.jpeg\" class=\"attachment-portfolio-landscape size-portfolio-landscape wp-post-image\" alt=\"\" \/><\/a><\/div><div class=\"latest_post_two_inner\" ><div class=\"latest_post_two_text\"><h5 itemprop=\"name\" class=\"latest_post_two_title entry_title\"><a itemprop=\"url\" href=\"https:\/\/www.aridane.org\/city\/2025\/12\/17\/los-llanos-de-aridane-recupera-el-belen-viviente-de-montana-tenisca\/\" >Los Llanos de Aridane recupera el bel\u00e9n viviente de Monta\u00f1a Tenisca<\/a><\/h5><div class=\"separator small left \" ><\/div><p itemprop=\"description\" class=\"latest_post_two_excerpt\" >El proyecto, dirigido por Rosana Gonz\u00e1lez, cuenta con la implicaci\u00f3n activa del vecindario, la Asociaci\u00f3n de Vecinos de Monta\u00f1a Tenisca y la colaboraci\u00f3n de la Concejal\u00eda de Cultura<\/p><\/div><div class=\"latest_post_two_info\" ><div class=\"latest_post_two_info_inner\" ><div class=\"post_info_author\"><img alt='Author Image' src='https:\/\/secure.gravatar.com\/avatar\/1c476992411e4ccf153da63b2b2f5ea0bb4cb1c85f3ceab8512f04325ad5579c?s=30&#038;d=mm&#038;r=g' srcset='https:\/\/secure.gravatar.com\/avatar\/1c476992411e4ccf153da63b2b2f5ea0bb4cb1c85f3ceab8512f04325ad5579c?s=60&#038;d=mm&#038;r=g 2x' class='avatar avatar-30 photo' height='30' width='30' \/><span class=\"post_info_author_name\">Corresponsal<\/span><\/div><div itemprop=\"dateCreated\" class=\"post_info_date entry_date updated\">17 diciembre, 2025<meta itemprop=\"interactionCount\" content=\"UserComments: <?php echo get_comments_number(qode_get_page_id()); ?>\"\/><\/div><\/div><\/div><\/div><\/li><li class=\"clearfix\"><div class=\"latest_post_two_image\"><a itemprop=\"url\" href=\"https:\/\/www.aridane.org\/city\/2025\/12\/17\/el-ayuntamiento-de-los-llanos-de-aridane-lanza-un-calendario-solidario-sobre-la-vestimenta-tradicional-canaria\/\"><img loading=\"lazy\" decoding=\"async\" width=\"686\" height=\"386\" src=\"https:\/\/www.aridane.org\/city\/wp-content\/uploads\/2025\/12\/hq720.jpg\" class=\"attachment-portfolio-landscape size-portfolio-landscape wp-post-image\" alt=\"\" srcset=\"https:\/\/www.aridane.org\/city\/wp-content\/uploads\/2025\/12\/hq720.jpg 686w, https:\/\/www.aridane.org\/city\/wp-content\/uploads\/2025\/12\/hq720-300x169.jpg 300w, https:\/\/www.aridane.org\/city\/wp-content\/uploads\/2025\/12\/hq720-620x349.jpg 620w, https:\/\/www.aridane.org\/city\/wp-content\/uploads\/2025\/12\/hq720-539x303.jpg 539w\" sizes=\"auto, (max-width: 686px) 100vw, 686px\" \/><\/a><\/div><div class=\"latest_post_two_inner\" ><div class=\"latest_post_two_text\"><h5 itemprop=\"name\" class=\"latest_post_two_title entry_title\"><a itemprop=\"url\" href=\"https:\/\/www.aridane.org\/city\/2025\/12\/17\/el-ayuntamiento-de-los-llanos-de-aridane-lanza-un-calendario-solidario-sobre-la-vestimenta-tradicional-canaria\/\" >El Ayuntamiento de Los Llanos de Aridane lanza un calendario solidario sobre la vestimenta tradicional canaria<\/a><\/h5><div class=\"separator small left \" ><\/div><p itemprop=\"description\" class=\"latest_post_two_excerpt\" >Todo lo recaudado se destinar\u00e1 al alumnado de las Aulas Enclave de La Palma<\/p><\/div><div class=\"latest_post_two_info\" ><div class=\"latest_post_two_info_inner\" ><div class=\"post_info_author\"><img alt='Author Image' src='https:\/\/secure.gravatar.com\/avatar\/1c476992411e4ccf153da63b2b2f5ea0bb4cb1c85f3ceab8512f04325ad5579c?s=30&#038;d=mm&#038;r=g' srcset='https:\/\/secure.gravatar.com\/avatar\/1c476992411e4ccf153da63b2b2f5ea0bb4cb1c85f3ceab8512f04325ad5579c?s=60&#038;d=mm&#038;r=g 2x' class='avatar avatar-30 photo' height='30' width='30' \/><span class=\"post_info_author_name\">Corresponsal<\/span><\/div><div itemprop=\"dateCreated\" class=\"post_info_date entry_date updated\">17 diciembre, 2025<meta itemprop=\"interactionCount\" content=\"UserComments: <?php echo get_comments_number(qode_get_page_id()); ?>\"\/><\/div><\/div><\/div><\/div><\/li><li class=\"clearfix\"><div class=\"latest_post_two_image\"><a itemprop=\"url\" href=\"https:\/\/www.aridane.org\/city\/2025\/12\/16\/papa-noel-recorrera-los-llanos-de-aridane-por-primera-vez-para-empezar-la-navidad\/\"><img loading=\"lazy\" decoding=\"async\" width=\"800\" height=\"600\" src=\"https:\/\/www.aridane.org\/city\/wp-content\/uploads\/2025\/12\/NP-Marcha-Papa-Noel-800x600.jpeg\" class=\"attachment-portfolio-landscape size-portfolio-landscape wp-post-image\" alt=\"\" srcset=\"https:\/\/www.aridane.org\/city\/wp-content\/uploads\/2025\/12\/NP-Marcha-Papa-Noel-800x600.jpeg 800w, https:\/\/www.aridane.org\/city\/wp-content\/uploads\/2025\/12\/NP-Marcha-Papa-Noel-300x225.jpeg 300w, https:\/\/www.aridane.org\/city\/wp-content\/uploads\/2025\/12\/NP-Marcha-Papa-Noel-620x465.jpeg 620w, https:\/\/www.aridane.org\/city\/wp-content\/uploads\/2025\/12\/NP-Marcha-Papa-Noel-768x576.jpeg 768w, https:\/\/www.aridane.org\/city\/wp-content\/uploads\/2025\/12\/NP-Marcha-Papa-Noel-1536x1152.jpeg 1536w, https:\/\/www.aridane.org\/city\/wp-content\/uploads\/2025\/12\/NP-Marcha-Papa-Noel-2048x1536.jpeg 2048w, https:\/\/www.aridane.org\/city\/wp-content\/uploads\/2025\/12\/NP-Marcha-Papa-Noel-700x525.jpeg 700w\" sizes=\"auto, (max-width: 800px) 100vw, 800px\" \/><\/a><\/div><div class=\"latest_post_two_inner\" ><div class=\"latest_post_two_text\"><h5 itemprop=\"name\" class=\"latest_post_two_title entry_title\"><a itemprop=\"url\" href=\"https:\/\/www.aridane.org\/city\/2025\/12\/16\/papa-noel-recorrera-los-llanos-de-aridane-por-primera-vez-para-empezar-la-navidad\/\" >Pap\u00e1 Noel recorrer\u00e1 Los Llanos de Aridane por primera vez para empezar la Navidad<\/a><\/h5><div class=\"separator small left \" ><\/div><p itemprop=\"description\" class=\"latest_post_two_excerpt\" >El evento se celebrar\u00e1 los pr\u00f3ximos 19 y 20 de diciembre, y contar\u00e1 con actividades para todos los p\u00fablicos\u00a0<\/p><\/div><div class=\"latest_post_two_info\" ><div class=\"latest_post_two_info_inner\" ><div class=\"post_info_author\"><img alt='Author Image' src='https:\/\/secure.gravatar.com\/avatar\/1c476992411e4ccf153da63b2b2f5ea0bb4cb1c85f3ceab8512f04325ad5579c?s=30&#038;d=mm&#038;r=g' srcset='https:\/\/secure.gravatar.com\/avatar\/1c476992411e4ccf153da63b2b2f5ea0bb4cb1c85f3ceab8512f04325ad5579c?s=60&#038;d=mm&#038;r=g 2x' class='avatar avatar-30 photo' height='30' width='30' \/><span class=\"post_info_author_name\">Corresponsal<\/span><\/div><div itemprop=\"dateCreated\" class=\"post_info_date entry_date updated\">16 diciembre, 2025<meta itemprop=\"interactionCount\" content=\"UserComments: <?php echo get_comments_number(qode_get_page_id()); ?>\"\/><\/div><\/div><\/div><\/div><\/li><li class=\"clearfix\"><div class=\"latest_post_two_image\"><a itemprop=\"url\" href=\"https:\/\/www.aridane.org\/city\/2025\/12\/15\/el-encuentro-de-caravanas-en-puerto-naos-genera-un-impacto-directo-de-mas-de-25-000-euros\/\"><img loading=\"lazy\" decoding=\"async\" width=\"800\" height=\"600\" src=\"https:\/\/www.aridane.org\/city\/wp-content\/uploads\/2025\/12\/Encuentro-caravanas-2-800x600.jpeg\" class=\"attachment-portfolio-landscape size-portfolio-landscape wp-post-image\" alt=\"\" srcset=\"https:\/\/www.aridane.org\/city\/wp-content\/uploads\/2025\/12\/Encuentro-caravanas-2-800x600.jpeg 800w, https:\/\/www.aridane.org\/city\/wp-content\/uploads\/2025\/12\/Encuentro-caravanas-2-300x225.jpeg 300w, https:\/\/www.aridane.org\/city\/wp-content\/uploads\/2025\/12\/Encuentro-caravanas-2-620x465.jpeg 620w, https:\/\/www.aridane.org\/city\/wp-content\/uploads\/2025\/12\/Encuentro-caravanas-2-768x576.jpeg 768w, https:\/\/www.aridane.org\/city\/wp-content\/uploads\/2025\/12\/Encuentro-caravanas-2-1536x1152.jpeg 1536w, https:\/\/www.aridane.org\/city\/wp-content\/uploads\/2025\/12\/Encuentro-caravanas-2-2048x1536.jpeg 2048w, https:\/\/www.aridane.org\/city\/wp-content\/uploads\/2025\/12\/Encuentro-caravanas-2-700x525.jpeg 700w\" sizes=\"auto, (max-width: 800px) 100vw, 800px\" \/><\/a><\/div><div class=\"latest_post_two_inner\" ><div class=\"latest_post_two_text\"><h5 itemprop=\"name\" class=\"latest_post_two_title entry_title\"><a itemprop=\"url\" href=\"https:\/\/www.aridane.org\/city\/2025\/12\/15\/el-encuentro-de-caravanas-en-puerto-naos-genera-un-impacto-directo-de-mas-de-25-000-euros\/\" >El encuentro de caravanas en Puerto Naos genera un impacto directo de m\u00e1s de 25.000 euros<\/a><\/h5><div class=\"separator small left \" ><\/div><p itemprop=\"description\" class=\"latest_post_two_excerpt\" >\u201cHemos pasado de un barrio totalmente cerrado, a uno donde los vecinos y las vecinas viven su d\u00eda a d\u00eda con normalidad\u201d, sostiene el alcalde, Javier Llamas<\/p><\/div><div class=\"latest_post_two_info\" ><div class=\"latest_post_two_info_inner\" ><div class=\"post_info_author\"><img alt='Author Image' src='https:\/\/secure.gravatar.com\/avatar\/1c476992411e4ccf153da63b2b2f5ea0bb4cb1c85f3ceab8512f04325ad5579c?s=30&#038;d=mm&#038;r=g' srcset='https:\/\/secure.gravatar.com\/avatar\/1c476992411e4ccf153da63b2b2f5ea0bb4cb1c85f3ceab8512f04325ad5579c?s=60&#038;d=mm&#038;r=g 2x' class='avatar avatar-30 photo' height='30' width='30' \/><span class=\"post_info_author_name\">Corresponsal<\/span><\/div><div itemprop=\"dateCreated\" class=\"post_info_date entry_date updated\">15 diciembre, 2025<meta itemprop=\"interactionCount\" content=\"UserComments: <?php echo get_comments_number(qode_get_page_id()); ?>\"\/><\/div><\/div><\/div><\/div><\/li><li class=\"clearfix\"><div class=\"latest_post_two_image\"><a itemprop=\"url\" href=\"https:\/\/www.aridane.org\/city\/2025\/12\/12\/el-ayuntamiento-de-los-llanos-contrata-32-personas-para-reforzar-obras-limpieza-y-servicios-municipales\/\"><img loading=\"lazy\" decoding=\"async\" width=\"800\" height=\"600\" src=\"https:\/\/www.aridane.org\/city\/wp-content\/uploads\/2025\/12\/NP-Plan-de-Empleo-800x600.jpeg\" class=\"attachment-portfolio-landscape size-portfolio-landscape wp-post-image\" alt=\"\" srcset=\"https:\/\/www.aridane.org\/city\/wp-content\/uploads\/2025\/12\/NP-Plan-de-Empleo-800x600.jpeg 800w, https:\/\/www.aridane.org\/city\/wp-content\/uploads\/2025\/12\/NP-Plan-de-Empleo-300x225.jpeg 300w, https:\/\/www.aridane.org\/city\/wp-content\/uploads\/2025\/12\/NP-Plan-de-Empleo-620x465.jpeg 620w, https:\/\/www.aridane.org\/city\/wp-content\/uploads\/2025\/12\/NP-Plan-de-Empleo-768x576.jpeg 768w, https:\/\/www.aridane.org\/city\/wp-content\/uploads\/2025\/12\/NP-Plan-de-Empleo-1536x1152.jpeg 1536w, https:\/\/www.aridane.org\/city\/wp-content\/uploads\/2025\/12\/NP-Plan-de-Empleo-700x525.jpeg 700w, https:\/\/www.aridane.org\/city\/wp-content\/uploads\/2025\/12\/NP-Plan-de-Empleo.jpeg 1600w\" sizes=\"auto, (max-width: 800px) 100vw, 800px\" \/><\/a><\/div><div class=\"latest_post_two_inner\" ><div class=\"latest_post_two_text\"><h5 itemprop=\"name\" class=\"latest_post_two_title entry_title\"><a itemprop=\"url\" href=\"https:\/\/www.aridane.org\/city\/2025\/12\/12\/el-ayuntamiento-de-los-llanos-contrata-32-personas-para-reforzar-obras-limpieza-y-servicios-municipales\/\" >El Ayuntamiento de Los Llanos contrata 32 personas para reforzar obras, limpieza y servicios municipales<\/a><\/h5><div class=\"separator small left \" ><\/div><p itemprop=\"description\" class=\"latest_post_two_excerpt\" >Un nuevo programa centrado la revalorizaci\u00f3n de espacios p\u00fablicos y la mejora de los servicios municipales<\/p><\/div><div class=\"latest_post_two_info\" ><div class=\"latest_post_two_info_inner\" ><div class=\"post_info_author\"><img alt='Author Image' src='https:\/\/secure.gravatar.com\/avatar\/1c476992411e4ccf153da63b2b2f5ea0bb4cb1c85f3ceab8512f04325ad5579c?s=30&#038;d=mm&#038;r=g' srcset='https:\/\/secure.gravatar.com\/avatar\/1c476992411e4ccf153da63b2b2f5ea0bb4cb1c85f3ceab8512f04325ad5579c?s=60&#038;d=mm&#038;r=g 2x' class='avatar avatar-30 photo' height='30' width='30' \/><span class=\"post_info_author_name\">Corresponsal<\/span><\/div><div itemprop=\"dateCreated\" class=\"post_info_date entry_date updated\">12 diciembre, 2025<meta itemprop=\"interactionCount\" content=\"UserComments: <?php echo get_comments_number(qode_get_page_id()); ?>\"\/><\/div><\/div><\/div><\/div><\/li><li class=\"clearfix\"><div class=\"latest_post_two_image\"><a itemprop=\"url\" href=\"https:\/\/www.aridane.org\/city\/2025\/12\/09\/los-llanos-celebra-el-dia-del-municipio-con-un-reconocimiento-a-asociaciones-entidades-sociales-y-voluntariado\/\"><img loading=\"lazy\" decoding=\"async\" width=\"800\" height=\"600\" src=\"https:\/\/www.aridane.org\/city\/wp-content\/uploads\/2025\/12\/Dia-del-Municipio-800x600.jpeg\" class=\"attachment-portfolio-landscape size-portfolio-landscape wp-post-image\" alt=\"\" \/><\/a><\/div><div class=\"latest_post_two_inner\" ><div class=\"latest_post_two_text\"><h5 itemprop=\"name\" class=\"latest_post_two_title entry_title\"><a itemprop=\"url\" href=\"https:\/\/www.aridane.org\/city\/2025\/12\/09\/los-llanos-celebra-el-dia-del-municipio-con-un-reconocimiento-a-asociaciones-entidades-sociales-y-voluntariado\/\" >Los Llanos celebra el D\u00eda del Municipio con un reconocimiento a asociaciones, entidades sociales y voluntariado<\/a><\/h5><div class=\"separator small left \" ><\/div><p itemprop=\"description\" class=\"latest_post_two_excerpt\" >La jornada incluy\u00f3 tambi\u00e9n un reconocimiento especial a Protecci\u00f3n Civil en su d\u00e9cimo aniversario<\/p><\/div><div class=\"latest_post_two_info\" ><div class=\"latest_post_two_info_inner\" ><div class=\"post_info_author\"><img alt='Author Image' src='https:\/\/secure.gravatar.com\/avatar\/1c476992411e4ccf153da63b2b2f5ea0bb4cb1c85f3ceab8512f04325ad5579c?s=30&#038;d=mm&#038;r=g' srcset='https:\/\/secure.gravatar.com\/avatar\/1c476992411e4ccf153da63b2b2f5ea0bb4cb1c85f3ceab8512f04325ad5579c?s=60&#038;d=mm&#038;r=g 2x' class='avatar avatar-30 photo' height='30' width='30' \/><span class=\"post_info_author_name\">Corresponsal<\/span><\/div><div itemprop=\"dateCreated\" class=\"post_info_date entry_date updated\">09 diciembre, 2025<meta itemprop=\"interactionCount\" content=\"UserComments: <?php echo get_comments_number(qode_get_page_id()); ?>\"\/><\/div><\/div><\/div><\/div><\/li><li class=\"clearfix\"><div class=\"latest_post_two_image\"><a itemprop=\"url\" href=\"https:\/\/www.aridane.org\/city\/2025\/12\/01\/el-mercado-navideno-de-los-llanos-de-aridane-viene-con-cuatro-dias-de-comercio-local-musica-y-talleres\/\"><img loading=\"lazy\" decoding=\"async\" width=\"800\" height=\"600\" src=\"https:\/\/www.aridane.org\/city\/wp-content\/uploads\/2025\/12\/NP-Actividades-mercadillo-800x600.jpeg\" class=\"attachment-portfolio-landscape size-portfolio-landscape wp-post-image\" alt=\"\" srcset=\"https:\/\/www.aridane.org\/city\/wp-content\/uploads\/2025\/12\/NP-Actividades-mercadillo-800x600.jpeg 800w, https:\/\/www.aridane.org\/city\/wp-content\/uploads\/2025\/12\/NP-Actividades-mercadillo-300x225.jpeg 300w, https:\/\/www.aridane.org\/city\/wp-content\/uploads\/2025\/12\/NP-Actividades-mercadillo-620x465.jpeg 620w, https:\/\/www.aridane.org\/city\/wp-content\/uploads\/2025\/12\/NP-Actividades-mercadillo-768x576.jpeg 768w, https:\/\/www.aridane.org\/city\/wp-content\/uploads\/2025\/12\/NP-Actividades-mercadillo-1536x1152.jpeg 1536w, https:\/\/www.aridane.org\/city\/wp-content\/uploads\/2025\/12\/NP-Actividades-mercadillo-2048x1536.jpeg 2048w, https:\/\/www.aridane.org\/city\/wp-content\/uploads\/2025\/12\/NP-Actividades-mercadillo-700x525.jpeg 700w\" sizes=\"auto, (max-width: 800px) 100vw, 800px\" \/><\/a><\/div><div class=\"latest_post_two_inner\" ><div class=\"latest_post_two_text\"><h5 itemprop=\"name\" class=\"latest_post_two_title entry_title\"><a itemprop=\"url\" href=\"https:\/\/www.aridane.org\/city\/2025\/12\/01\/el-mercado-navideno-de-los-llanos-de-aridane-viene-con-cuatro-dias-de-comercio-local-musica-y-talleres\/\" >El Mercado Navide\u00f1o de Los Llanos de Aridane viene con cuatro d\u00edas de comercio local, m\u00fasica y talleres<\/a><\/h5><div class=\"separator small left \" ><\/div><p itemprop=\"description\" class=\"latest_post_two_excerpt\" >El evento se celebrar\u00e1 del jueves al domingo en la plaza de Espa\u00f1a<\/p><\/div><div class=\"latest_post_two_info\" ><div class=\"latest_post_two_info_inner\" ><div class=\"post_info_author\"><img alt='Author Image' src='https:\/\/secure.gravatar.com\/avatar\/1c476992411e4ccf153da63b2b2f5ea0bb4cb1c85f3ceab8512f04325ad5579c?s=30&#038;d=mm&#038;r=g' srcset='https:\/\/secure.gravatar.com\/avatar\/1c476992411e4ccf153da63b2b2f5ea0bb4cb1c85f3ceab8512f04325ad5579c?s=60&#038;d=mm&#038;r=g 2x' class='avatar avatar-30 photo' height='30' width='30' \/><span class=\"post_info_author_name\">Corresponsal<\/span><\/div><div itemprop=\"dateCreated\" class=\"post_info_date entry_date updated\">01 diciembre, 2025<meta itemprop=\"interactionCount\" content=\"UserComments: <?php echo get_comments_number(qode_get_page_id()); ?>\"\/><\/div><\/div><\/div><\/div><\/li><li class=\"clearfix\"><div class=\"latest_post_two_image\"><a itemprop=\"url\" href=\"https:\/\/www.aridane.org\/city\/2025\/12\/01\/el-ayuntamiento-refuerza-su-apoyo-a-los-viticultores-de-las-manchas-con-una-subvencion-de-80-000-euros\/\"><img loading=\"lazy\" decoding=\"async\" width=\"800\" height=\"600\" src=\"https:\/\/www.aridane.org\/city\/wp-content\/uploads\/2025\/10\/Javier-y-Macu-800x600.jpeg\" class=\"attachment-portfolio-landscape size-portfolio-landscape wp-post-image\" alt=\"\" srcset=\"https:\/\/www.aridane.org\/city\/wp-content\/uploads\/2025\/10\/Javier-y-Macu-800x600.jpeg 800w, https:\/\/www.aridane.org\/city\/wp-content\/uploads\/2025\/10\/Javier-y-Macu-300x225.jpeg 300w, https:\/\/www.aridane.org\/city\/wp-content\/uploads\/2025\/10\/Javier-y-Macu-620x465.jpeg 620w, https:\/\/www.aridane.org\/city\/wp-content\/uploads\/2025\/10\/Javier-y-Macu-768x576.jpeg 768w, https:\/\/www.aridane.org\/city\/wp-content\/uploads\/2025\/10\/Javier-y-Macu-1536x1151.jpeg 1536w, https:\/\/www.aridane.org\/city\/wp-content\/uploads\/2025\/10\/Javier-y-Macu-2048x1535.jpeg 2048w, https:\/\/www.aridane.org\/city\/wp-content\/uploads\/2025\/10\/Javier-y-Macu-700x525.jpeg 700w\" sizes=\"auto, (max-width: 800px) 100vw, 800px\" \/><\/a><\/div><div class=\"latest_post_two_inner\" ><div class=\"latest_post_two_text\"><h5 itemprop=\"name\" class=\"latest_post_two_title entry_title\"><a itemprop=\"url\" href=\"https:\/\/www.aridane.org\/city\/2025\/12\/01\/el-ayuntamiento-refuerza-su-apoyo-a-los-viticultores-de-las-manchas-con-una-subvencion-de-80-000-euros\/\" >El Ayuntamiento refuerza su apoyo a los viticultores de Las Manchas con una subvenci\u00f3n de 80.000 euros<\/a><\/h5><div class=\"separator small left \" ><\/div><p itemprop=\"description\" class=\"latest_post_two_excerpt\" >Javier Llamas destaca que esta actuaci\u00f3n \u201crepresenta una nueva muestra del compromiso del Ayuntamiento con la reconstrucci\u00f3n integral del municipio\u201d<\/p><\/div><div class=\"latest_post_two_info\" ><div class=\"latest_post_two_info_inner\" ><div class=\"post_info_author\"><img alt='Author Image' src='https:\/\/secure.gravatar.com\/avatar\/1c476992411e4ccf153da63b2b2f5ea0bb4cb1c85f3ceab8512f04325ad5579c?s=30&#038;d=mm&#038;r=g' srcset='https:\/\/secure.gravatar.com\/avatar\/1c476992411e4ccf153da63b2b2f5ea0bb4cb1c85f3ceab8512f04325ad5579c?s=60&#038;d=mm&#038;r=g 2x' class='avatar avatar-30 photo' height='30' width='30' \/><span class=\"post_info_author_name\">Corresponsal<\/span><\/div><div itemprop=\"dateCreated\" class=\"post_info_date entry_date updated\">01 diciembre, 2025<meta itemprop=\"interactionCount\" content=\"UserComments: <?php echo get_comments_number(qode_get_page_id()); ?>\"\/><\/div><\/div><\/div><\/div><\/li><li class=\"clearfix\"><div class=\"latest_post_two_image\"><a itemprop=\"url\" href=\"https:\/\/www.aridane.org\/city\/2025\/12\/01\/los-llanos-de-aridane-abre-del-1-al-10-de-diciembre-la-inscripcion-para-la-feria-de-artesania-de-navidad-2\/\"><img loading=\"lazy\" decoding=\"async\" width=\"800\" height=\"600\" src=\"https:\/\/www.aridane.org\/city\/wp-content\/uploads\/2025\/12\/NP-Feria-de-Artesania-1-800x600.jpeg\" class=\"attachment-portfolio-landscape size-portfolio-landscape wp-post-image\" alt=\"\" \/><\/a><\/div><div class=\"latest_post_two_inner\" ><div class=\"latest_post_two_text\"><h5 itemprop=\"name\" class=\"latest_post_two_title entry_title\"><a itemprop=\"url\" href=\"https:\/\/www.aridane.org\/city\/2025\/12\/01\/los-llanos-de-aridane-abre-del-1-al-10-de-diciembre-la-inscripcion-para-la-feria-de-artesania-de-navidad-2\/\" >Los Llanos de Aridane abre del 1 al 10 de diciembre la inscripci\u00f3n para la Feria de Artesan\u00eda de Navidad<\/a><\/h5><div class=\"separator small left \" ><\/div><p itemprop=\"description\" class=\"latest_post_two_excerpt\" >La feria se desarrolla del 17 al 20 de diciembre en horario de 10:00 a 21:00 horas<\/p><\/div><div class=\"latest_post_two_info\" ><div class=\"latest_post_two_info_inner\" ><div class=\"post_info_author\"><img alt='Author Image' src='https:\/\/secure.gravatar.com\/avatar\/1c476992411e4ccf153da63b2b2f5ea0bb4cb1c85f3ceab8512f04325ad5579c?s=30&#038;d=mm&#038;r=g' srcset='https:\/\/secure.gravatar.com\/avatar\/1c476992411e4ccf153da63b2b2f5ea0bb4cb1c85f3ceab8512f04325ad5579c?s=60&#038;d=mm&#038;r=g 2x' class='avatar avatar-30 photo' height='30' width='30' \/><span class=\"post_info_author_name\">Corresponsal<\/span><\/div><div itemprop=\"dateCreated\" class=\"post_info_date entry_date updated\">01 diciembre, 2025<meta itemprop=\"interactionCount\" content=\"UserComments: <?php echo get_comments_number(qode_get_page_id()); ?>\"\/><\/div><\/div><\/div><\/div><\/li><li class=\"clearfix\"><div class=\"latest_post_two_image\"><a itemprop=\"url\" href=\"https:\/\/www.aridane.org\/city\/2025\/12\/01\/el-ayuntamiento-de-los-llanos-de-aridane-asfalta-el-camino-aniceto-para-dar-acceso-a-40-parcelas\/\"><img loading=\"lazy\" decoding=\"async\" width=\"800\" height=\"600\" src=\"https:\/\/www.aridane.org\/city\/wp-content\/uploads\/2025\/12\/Aniceto-2-800x600.jpeg\" class=\"attachment-portfolio-landscape size-portfolio-landscape wp-post-image\" alt=\"\" srcset=\"https:\/\/www.aridane.org\/city\/wp-content\/uploads\/2025\/12\/Aniceto-2-800x600.jpeg 800w, https:\/\/www.aridane.org\/city\/wp-content\/uploads\/2025\/12\/Aniceto-2-300x225.jpeg 300w, https:\/\/www.aridane.org\/city\/wp-content\/uploads\/2025\/12\/Aniceto-2-620x465.jpeg 620w, https:\/\/www.aridane.org\/city\/wp-content\/uploads\/2025\/12\/Aniceto-2-768x576.jpeg 768w, https:\/\/www.aridane.org\/city\/wp-content\/uploads\/2025\/12\/Aniceto-2-1536x1152.jpeg 1536w, https:\/\/www.aridane.org\/city\/wp-content\/uploads\/2025\/12\/Aniceto-2-700x525.jpeg 700w, https:\/\/www.aridane.org\/city\/wp-content\/uploads\/2025\/12\/Aniceto-2.jpeg 1600w\" sizes=\"auto, (max-width: 800px) 100vw, 800px\" \/><\/a><\/div><div class=\"latest_post_two_inner\" ><div class=\"latest_post_two_text\"><h5 itemprop=\"name\" class=\"latest_post_two_title entry_title\"><a itemprop=\"url\" href=\"https:\/\/www.aridane.org\/city\/2025\/12\/01\/el-ayuntamiento-de-los-llanos-de-aridane-asfalta-el-camino-aniceto-para-dar-acceso-a-40-parcelas\/\" >El Ayuntamiento de Los Llanos de Aridane asfalta el camino Aniceto para dar acceso a 40 parcelas<\/a><\/h5><div class=\"separator small left \" ><\/div><p itemprop=\"description\" class=\"latest_post_two_excerpt\" >Hace una semana, el Ayuntamiento reuni\u00f3 a los vecinos y vecinas para explicarles en detalle el desarrollo de este proyecto<\/p><\/div><div class=\"latest_post_two_info\" ><div class=\"latest_post_two_info_inner\" ><div class=\"post_info_author\"><img alt='Author Image' src='https:\/\/secure.gravatar.com\/avatar\/1c476992411e4ccf153da63b2b2f5ea0bb4cb1c85f3ceab8512f04325ad5579c?s=30&#038;d=mm&#038;r=g' srcset='https:\/\/secure.gravatar.com\/avatar\/1c476992411e4ccf153da63b2b2f5ea0bb4cb1c85f3ceab8512f04325ad5579c?s=60&#038;d=mm&#038;r=g 2x' class='avatar avatar-30 photo' height='30' width='30' \/><span class=\"post_info_author_name\">Corresponsal<\/span><\/div><div itemprop=\"dateCreated\" class=\"post_info_date entry_date updated\">01 diciembre, 2025<meta itemprop=\"interactionCount\" content=\"UserComments: <?php echo get_comments_number(qode_get_page_id()); ?>\"\/><\/div><\/div><\/div><\/div><\/li><li class=\"clearfix\"><div class=\"latest_post_two_image\"><a itemprop=\"url\" href=\"https:\/\/www.aridane.org\/city\/2025\/12\/01\/los-llanos-de-aridane-abre-del-1-al-10-de-diciembre-la-inscripcion-para-la-feria-de-artesania-de-navidad\/\"><img loading=\"lazy\" decoding=\"async\" width=\"800\" height=\"600\" src=\"https:\/\/www.aridane.org\/city\/wp-content\/uploads\/2025\/12\/NP-Feria-de-Artesania-800x600.jpeg\" class=\"attachment-portfolio-landscape size-portfolio-landscape wp-post-image\" alt=\"\" \/><\/a><\/div><div class=\"latest_post_two_inner\" ><div class=\"latest_post_two_text\"><h5 itemprop=\"name\" class=\"latest_post_two_title entry_title\"><a itemprop=\"url\" href=\"https:\/\/www.aridane.org\/city\/2025\/12\/01\/los-llanos-de-aridane-abre-del-1-al-10-de-diciembre-la-inscripcion-para-la-feria-de-artesania-de-navidad\/\" >Los Llanos de Aridane abre del 1 al 10 de diciembre la inscripci\u00f3n para la Feria de Artesan\u00eda de Navidad<\/a><\/h5><div class=\"separator small left \" ><\/div><p itemprop=\"description\" class=\"latest_post_two_excerpt\" >La feria se desarrolla del 17 al 20 de diciembre en horario de 10:00 a 21:00 horas<\/p><\/div><div class=\"latest_post_two_info\" ><div class=\"latest_post_two_info_inner\" ><div class=\"post_info_author\"><img alt='Author Image' src='https:\/\/secure.gravatar.com\/avatar\/1c476992411e4ccf153da63b2b2f5ea0bb4cb1c85f3ceab8512f04325ad5579c?s=30&#038;d=mm&#038;r=g' srcset='https:\/\/secure.gravatar.com\/avatar\/1c476992411e4ccf153da63b2b2f5ea0bb4cb1c85f3ceab8512f04325ad5579c?s=60&#038;d=mm&#038;r=g 2x' class='avatar avatar-30 photo' height='30' width='30' \/><span class=\"post_info_author_name\">Corresponsal<\/span><\/div><div itemprop=\"dateCreated\" class=\"post_info_date entry_date updated\">01 diciembre, 2025<meta itemprop=\"interactionCount\" content=\"UserComments: <?php echo get_comments_number(qode_get_page_id()); ?>\"\/><\/div><\/div><\/div><\/div><\/li><li class=\"clearfix\"><div class=\"latest_post_two_image\"><a itemprop=\"url\" href=\"https:\/\/www.aridane.org\/city\/2025\/12\/01\/los-llanos-de-aridane-relanza-su-campana-solidaria-para-que-ningun-nino-se-quede-sin-regalo-de-navidad\/\"><img loading=\"lazy\" decoding=\"async\" width=\"800\" height=\"600\" src=\"https:\/\/www.aridane.org\/city\/wp-content\/uploads\/2025\/12\/WhatsApp-Image-2025-11-21-at-22.05.34-800x600.jpeg\" class=\"attachment-portfolio-landscape size-portfolio-landscape wp-post-image\" alt=\"\" \/><\/a><\/div><div class=\"latest_post_two_inner\" ><div class=\"latest_post_two_text\"><h5 itemprop=\"name\" class=\"latest_post_two_title entry_title\"><a itemprop=\"url\" href=\"https:\/\/www.aridane.org\/city\/2025\/12\/01\/los-llanos-de-aridane-relanza-su-campana-solidaria-para-que-ningun-nino-se-quede-sin-regalo-de-navidad\/\" >Los Llanos de Aridane relanza su campa\u00f1a solidaria para que ning\u00fan ni\u00f1o se quede sin regalo de Navidad<\/a><\/h5><div class=\"separator small left \" ><\/div><p itemprop=\"description\" class=\"latest_post_two_excerpt\" >El Ayuntamiento anima a la ciudadan\u00eda a convertirse en Rey Mago y hacer realidad los deseos de los m\u00e1s peque\u00f1os del municipio<\/p><\/div><div class=\"latest_post_two_info\" ><div class=\"latest_post_two_info_inner\" ><div class=\"post_info_author\"><img alt='Author Image' src='https:\/\/secure.gravatar.com\/avatar\/1c476992411e4ccf153da63b2b2f5ea0bb4cb1c85f3ceab8512f04325ad5579c?s=30&#038;d=mm&#038;r=g' srcset='https:\/\/secure.gravatar.com\/avatar\/1c476992411e4ccf153da63b2b2f5ea0bb4cb1c85f3ceab8512f04325ad5579c?s=60&#038;d=mm&#038;r=g 2x' class='avatar avatar-30 photo' height='30' width='30' \/><span class=\"post_info_author_name\">Corresponsal<\/span><\/div><div itemprop=\"dateCreated\" class=\"post_info_date entry_date updated\">01 diciembre, 2025<meta itemprop=\"interactionCount\" content=\"UserComments: <?php echo get_comments_number(qode_get_page_id()); ?>\"\/><\/div><\/div><\/div><\/div><\/li><li class=\"clearfix\"><div class=\"latest_post_two_image\"><a itemprop=\"url\" href=\"https:\/\/www.aridane.org\/city\/2025\/11\/29\/los-llanos-de-aridane-encendio-la-navidad-este-viernes-con-el-alumbrado-y-la-inauguracion-del-nacimiento\/\"><img loading=\"lazy\" decoding=\"async\" width=\"800\" height=\"600\" src=\"https:\/\/www.aridane.org\/city\/wp-content\/uploads\/2025\/12\/587817368_18331953757233377_3095742766263195138_n-800x600.jpg\" class=\"attachment-portfolio-landscape size-portfolio-landscape wp-post-image\" alt=\"\" \/><\/a><\/div><div class=\"latest_post_two_inner\" ><div class=\"latest_post_two_text\"><h5 itemprop=\"name\" class=\"latest_post_two_title entry_title\"><a itemprop=\"url\" href=\"https:\/\/www.aridane.org\/city\/2025\/11\/29\/los-llanos-de-aridane-encendio-la-navidad-este-viernes-con-el-alumbrado-y-la-inauguracion-del-nacimiento\/\" >Los Llanos de Aridane encendi\u00f3 la Navidad este viernes con el alumbrado y la inauguraci\u00f3n del Nacimiento<\/a><\/h5><div class=\"separator small left \" ><\/div><p itemprop=\"description\" class=\"latest_post_two_excerpt\" >Adem\u00e1s, este viernes se celebr\u00f3 el D\u00eda Blanco, una jornada que dinamiz\u00f3 las zonas comerciales<\/p><\/div><div class=\"latest_post_two_info\" ><div class=\"latest_post_two_info_inner\" ><div class=\"post_info_author\"><img alt='Author Image' src='https:\/\/secure.gravatar.com\/avatar\/1c476992411e4ccf153da63b2b2f5ea0bb4cb1c85f3ceab8512f04325ad5579c?s=30&#038;d=mm&#038;r=g' srcset='https:\/\/secure.gravatar.com\/avatar\/1c476992411e4ccf153da63b2b2f5ea0bb4cb1c85f3ceab8512f04325ad5579c?s=60&#038;d=mm&#038;r=g 2x' class='avatar avatar-30 photo' height='30' width='30' \/><span class=\"post_info_author_name\">Corresponsal<\/span><\/div><div itemprop=\"dateCreated\" class=\"post_info_date entry_date updated\">29 noviembre, 2025<meta itemprop=\"interactionCount\" content=\"UserComments: <?php echo get_comments_number(qode_get_page_id()); ?>\"\/><\/div><\/div><\/div><\/div><\/li><li class=\"clearfix\"><div class=\"latest_post_two_image\"><a itemprop=\"url\" href=\"https:\/\/www.aridane.org\/city\/2025\/11\/28\/los-llanos-de-aridane-aprueba-una-nueva-ordenanza-para-proteger-a-las-familias-en-situacion-critica\/\"><img loading=\"lazy\" decoding=\"async\" width=\"800\" height=\"600\" src=\"https:\/\/www.aridane.org\/city\/wp-content\/uploads\/2025\/12\/Idaira-Perez-Ordenanza-SSSS-800x600.jpeg\" class=\"attachment-portfolio-landscape size-portfolio-landscape wp-post-image\" alt=\"\" srcset=\"https:\/\/www.aridane.org\/city\/wp-content\/uploads\/2025\/12\/Idaira-Perez-Ordenanza-SSSS-800x600.jpeg 800w, https:\/\/www.aridane.org\/city\/wp-content\/uploads\/2025\/12\/Idaira-Perez-Ordenanza-SSSS-300x225.jpeg 300w, https:\/\/www.aridane.org\/city\/wp-content\/uploads\/2025\/12\/Idaira-Perez-Ordenanza-SSSS-620x465.jpeg 620w, https:\/\/www.aridane.org\/city\/wp-content\/uploads\/2025\/12\/Idaira-Perez-Ordenanza-SSSS-768x576.jpeg 768w, https:\/\/www.aridane.org\/city\/wp-content\/uploads\/2025\/12\/Idaira-Perez-Ordenanza-SSSS-1536x1152.jpeg 1536w, https:\/\/www.aridane.org\/city\/wp-content\/uploads\/2025\/12\/Idaira-Perez-Ordenanza-SSSS-700x525.jpeg 700w, https:\/\/www.aridane.org\/city\/wp-content\/uploads\/2025\/12\/Idaira-Perez-Ordenanza-SSSS.jpeg 1600w\" sizes=\"auto, (max-width: 800px) 100vw, 800px\" \/><\/a><\/div><div class=\"latest_post_two_inner\" ><div class=\"latest_post_two_text\"><h5 itemprop=\"name\" class=\"latest_post_two_title entry_title\"><a itemprop=\"url\" href=\"https:\/\/www.aridane.org\/city\/2025\/11\/28\/los-llanos-de-aridane-aprueba-una-nueva-ordenanza-para-proteger-a-las-familias-en-situacion-critica\/\" >Los Llanos de Aridane aprueba una nueva ordenanza para proteger a las familias en situaci\u00f3n cr\u00edtica<\/a><\/h5><div class=\"separator small left \" ><\/div><p itemprop=\"description\" class=\"latest_post_two_excerpt\" >La ordenanza simplifica y unifica la respuesta en casos urgentes y fija criterios claros para actuar con rapidez y seguridad jur\u00eddica<\/p><\/div><div class=\"latest_post_two_info\" ><div class=\"latest_post_two_info_inner\" ><div class=\"post_info_author\"><img alt='Author Image' src='https:\/\/secure.gravatar.com\/avatar\/1c476992411e4ccf153da63b2b2f5ea0bb4cb1c85f3ceab8512f04325ad5579c?s=30&#038;d=mm&#038;r=g' srcset='https:\/\/secure.gravatar.com\/avatar\/1c476992411e4ccf153da63b2b2f5ea0bb4cb1c85f3ceab8512f04325ad5579c?s=60&#038;d=mm&#038;r=g 2x' class='avatar avatar-30 photo' height='30' width='30' \/><span class=\"post_info_author_name\">Corresponsal<\/span><\/div><div itemprop=\"dateCreated\" class=\"post_info_date entry_date updated\">28 noviembre, 2025<meta itemprop=\"interactionCount\" content=\"UserComments: <?php echo get_comments_number(qode_get_page_id()); ?>\"\/><\/div><\/div><\/div><\/div><\/li><li class=\"clearfix\"><div class=\"latest_post_two_image\"><a itemprop=\"url\" href=\"https:\/\/www.aridane.org\/city\/2025\/11\/25\/el-ayuntamiento-de-los-llanos-de-aridane-renueva-los-carteles-de-una-veintena-de-calles\/\"><img loading=\"lazy\" decoding=\"async\" width=\"800\" height=\"600\" src=\"https:\/\/www.aridane.org\/city\/wp-content\/uploads\/2025\/11\/Carteles-Los-Llanos-4-e1764064479648-800x600.jpeg\" class=\"attachment-portfolio-landscape size-portfolio-landscape wp-post-image\" alt=\"\" \/><\/a><\/div><div class=\"latest_post_two_inner\" ><div class=\"latest_post_two_text\"><h5 itemprop=\"name\" class=\"latest_post_two_title entry_title\"><a itemprop=\"url\" href=\"https:\/\/www.aridane.org\/city\/2025\/11\/25\/el-ayuntamiento-de-los-llanos-de-aridane-renueva-los-carteles-de-una-veintena-de-calles\/\" >El Ayuntamiento de Los Llanos de Aridane renueva los carteles de una veintena de calles<\/a><\/h5><div class=\"separator small left \" ><\/div><p itemprop=\"description\" class=\"latest_post_two_excerpt\" >La corporaci\u00f3n municipal continuar\u00e1 actualizando los carteles de las calles, en colaboraci\u00f3n con los t\u00e9cnicos y la ciudadan\u00eda<\/p><\/div><div class=\"latest_post_two_info\" ><div class=\"latest_post_two_info_inner\" ><div class=\"post_info_author\"><img alt='Author Image' src='https:\/\/secure.gravatar.com\/avatar\/1c476992411e4ccf153da63b2b2f5ea0bb4cb1c85f3ceab8512f04325ad5579c?s=30&#038;d=mm&#038;r=g' srcset='https:\/\/secure.gravatar.com\/avatar\/1c476992411e4ccf153da63b2b2f5ea0bb4cb1c85f3ceab8512f04325ad5579c?s=60&#038;d=mm&#038;r=g 2x' class='avatar avatar-30 photo' height='30' width='30' \/><span class=\"post_info_author_name\">Corresponsal<\/span><\/div><div itemprop=\"dateCreated\" class=\"post_info_date entry_date updated\">25 noviembre, 2025<meta itemprop=\"interactionCount\" content=\"UserComments: <?php echo get_comments_number(qode_get_page_id()); ?>\"\/><\/div><\/div><\/div><\/div><\/li><li class=\"clearfix\"><div class=\"latest_post_two_image\"><a itemprop=\"url\" href=\"https:\/\/www.aridane.org\/city\/2025\/11\/25\/el-ayuntamiento-de-los-llanos-de-aridane-apoyara-a-los-comercios-que-apuesten-por-el-kilometro-cero\/\"><img loading=\"lazy\" decoding=\"async\" width=\"800\" height=\"600\" src=\"https:\/\/www.aridane.org\/city\/wp-content\/uploads\/2025\/11\/Macu-Fernandez-e1764064366268-800x600.jpeg\" class=\"attachment-portfolio-landscape size-portfolio-landscape wp-post-image\" alt=\"\" \/><\/a><\/div><div class=\"latest_post_two_inner\" ><div class=\"latest_post_two_text\"><h5 itemprop=\"name\" class=\"latest_post_two_title entry_title\"><a itemprop=\"url\" href=\"https:\/\/www.aridane.org\/city\/2025\/11\/25\/el-ayuntamiento-de-los-llanos-de-aridane-apoyara-a-los-comercios-que-apuesten-por-el-kilometro-cero\/\" >El Ayuntamiento de Los Llanos de Aridane apoyar\u00e1 a los comercios que apuesten por el kil\u00f3metro cero<\/a><\/h5><div class=\"separator small left \" ><\/div><p itemprop=\"description\" class=\"latest_post_two_excerpt\" >La corporaci\u00f3n lanza una l\u00ednea de subvenciones para los comercios y establecimientos que contribuyen a dinamizar el consumo local<\/p><\/div><div class=\"latest_post_two_info\" ><div class=\"latest_post_two_info_inner\" ><div class=\"post_info_author\"><img alt='Author Image' src='https:\/\/secure.gravatar.com\/avatar\/1c476992411e4ccf153da63b2b2f5ea0bb4cb1c85f3ceab8512f04325ad5579c?s=30&#038;d=mm&#038;r=g' srcset='https:\/\/secure.gravatar.com\/avatar\/1c476992411e4ccf153da63b2b2f5ea0bb4cb1c85f3ceab8512f04325ad5579c?s=60&#038;d=mm&#038;r=g 2x' class='avatar avatar-30 photo' height='30' width='30' \/><span class=\"post_info_author_name\">Corresponsal<\/span><\/div><div itemprop=\"dateCreated\" class=\"post_info_date entry_date updated\">25 noviembre, 2025<meta itemprop=\"interactionCount\" content=\"UserComments: <?php echo get_comments_number(qode_get_page_id()); ?>\"\/><\/div><\/div><\/div><\/div><\/li><li class=\"clearfix\"><div class=\"latest_post_two_image\"><a itemprop=\"url\" href=\"https:\/\/www.aridane.org\/city\/2025\/11\/25\/los-llanos-de-aridane-reconoce-el-talento-de-mas-de-140-entidades-y-atletas-en-la-gala-del-deporte\/\"><img loading=\"lazy\" decoding=\"async\" width=\"800\" height=\"600\" src=\"https:\/\/www.aridane.org\/city\/wp-content\/uploads\/2025\/11\/Gala-del-Deporte-2025-800x600.jpg\" class=\"attachment-portfolio-landscape size-portfolio-landscape wp-post-image\" alt=\"\" \/><\/a><\/div><div class=\"latest_post_two_inner\" ><div class=\"latest_post_two_text\"><h5 itemprop=\"name\" class=\"latest_post_two_title entry_title\"><a itemprop=\"url\" href=\"https:\/\/www.aridane.org\/city\/2025\/11\/25\/los-llanos-de-aridane-reconoce-el-talento-de-mas-de-140-entidades-y-atletas-en-la-gala-del-deporte\/\" >Los Llanos de Aridane reconoce el talento de m\u00e1s de 140 entidades y atletas en la Gala del Deporte<\/a><\/h5><div class=\"separator small left \" ><\/div><p itemprop=\"description\" class=\"latest_post_two_excerpt\" >Los reconocimientos especiales recayeron en el CD Argual y en los deportistas Valeria Hern\u00e1ndez, Gabriela Rodr\u00edguez y Mateo Capote por su destacada trayectoria en 2024<\/p><\/div><div class=\"latest_post_two_info\" ><div class=\"latest_post_two_info_inner\" ><div class=\"post_info_author\"><img alt='Author Image' src='https:\/\/secure.gravatar.com\/avatar\/1c476992411e4ccf153da63b2b2f5ea0bb4cb1c85f3ceab8512f04325ad5579c?s=30&#038;d=mm&#038;r=g' srcset='https:\/\/secure.gravatar.com\/avatar\/1c476992411e4ccf153da63b2b2f5ea0bb4cb1c85f3ceab8512f04325ad5579c?s=60&#038;d=mm&#038;r=g 2x' class='avatar avatar-30 photo' height='30' width='30' \/><span class=\"post_info_author_name\">Corresponsal<\/span><\/div><div itemprop=\"dateCreated\" class=\"post_info_date entry_date updated\">25 noviembre, 2025<meta itemprop=\"interactionCount\" content=\"UserComments: <?php echo get_comments_number(qode_get_page_id()); ?>\"\/><\/div><\/div><\/div><\/div><\/li><li class=\"clearfix\"><div class=\"latest_post_two_image\"><a itemprop=\"url\" href=\"https:\/\/www.aridane.org\/city\/2025\/11\/25\/el-dia-blanco-abre-la-campana-navidena-en-los-llanos-de-aridane-el-28-de-diciembre\/\"><img loading=\"lazy\" decoding=\"async\" width=\"800\" height=\"600\" src=\"https:\/\/www.aridane.org\/city\/wp-content\/uploads\/2025\/11\/Dia-Blanco-800x600.jpeg\" class=\"attachment-portfolio-landscape size-portfolio-landscape wp-post-image\" alt=\"\" srcset=\"https:\/\/www.aridane.org\/city\/wp-content\/uploads\/2025\/11\/Dia-Blanco-800x600.jpeg 800w, https:\/\/www.aridane.org\/city\/wp-content\/uploads\/2025\/11\/Dia-Blanco-300x225.jpeg 300w, https:\/\/www.aridane.org\/city\/wp-content\/uploads\/2025\/11\/Dia-Blanco-620x465.jpeg 620w, https:\/\/www.aridane.org\/city\/wp-content\/uploads\/2025\/11\/Dia-Blanco-768x576.jpeg 768w, https:\/\/www.aridane.org\/city\/wp-content\/uploads\/2025\/11\/Dia-Blanco-1536x1152.jpeg 1536w, https:\/\/www.aridane.org\/city\/wp-content\/uploads\/2025\/11\/Dia-Blanco-700x525.jpeg 700w, https:\/\/www.aridane.org\/city\/wp-content\/uploads\/2025\/11\/Dia-Blanco.jpeg 1600w\" sizes=\"auto, (max-width: 800px) 100vw, 800px\" \/><\/a><\/div><div class=\"latest_post_two_inner\" ><div class=\"latest_post_two_text\"><h5 itemprop=\"name\" class=\"latest_post_two_title entry_title\"><a itemprop=\"url\" href=\"https:\/\/www.aridane.org\/city\/2025\/11\/25\/el-dia-blanco-abre-la-campana-navidena-en-los-llanos-de-aridane-el-28-de-diciembre\/\" >El D\u00eda Blanco abre la campa\u00f1a navide\u00f1a en Los Llanos de Aridane el 28 de noviembre<\/a><\/h5><div class=\"separator small left \" ><\/div><p itemprop=\"description\" class=\"latest_post_two_excerpt\" >Esta iniciativa supone un impulso fundamental para el comercio local a las puertas de la Navidad<\/p><\/div><div class=\"latest_post_two_info\" ><div class=\"latest_post_two_info_inner\" ><div class=\"post_info_author\"><img alt='Author Image' src='https:\/\/secure.gravatar.com\/avatar\/1c476992411e4ccf153da63b2b2f5ea0bb4cb1c85f3ceab8512f04325ad5579c?s=30&#038;d=mm&#038;r=g' srcset='https:\/\/secure.gravatar.com\/avatar\/1c476992411e4ccf153da63b2b2f5ea0bb4cb1c85f3ceab8512f04325ad5579c?s=60&#038;d=mm&#038;r=g 2x' class='avatar avatar-30 photo' height='30' width='30' \/><span class=\"post_info_author_name\">Corresponsal<\/span><\/div><div itemprop=\"dateCreated\" class=\"post_info_date entry_date updated\">25 noviembre, 2025<meta itemprop=\"interactionCount\" content=\"UserComments: <?php echo get_comments_number(qode_get_page_id()); ?>\"\/><\/div><\/div><\/div><\/div><\/li><li class=\"clearfix\"><div class=\"latest_post_two_image\"><a itemprop=\"url\" href=\"https:\/\/www.aridane.org\/city\/2025\/11\/25\/el-ayuntamiento-y-los-comercios-de-los-llanos-acercan-a-la-ciudadania-los-servicios-contra-la-violencia-machista\/\"><img loading=\"lazy\" decoding=\"async\" width=\"800\" height=\"600\" src=\"https:\/\/www.aridane.org\/city\/wp-content\/uploads\/2025\/12\/25N-comercios-1-800x600.jpeg\" class=\"attachment-portfolio-landscape size-portfolio-landscape wp-post-image\" alt=\"\" srcset=\"https:\/\/www.aridane.org\/city\/wp-content\/uploads\/2025\/12\/25N-comercios-1-800x600.jpeg 800w, https:\/\/www.aridane.org\/city\/wp-content\/uploads\/2025\/12\/25N-comercios-1-300x225.jpeg 300w, https:\/\/www.aridane.org\/city\/wp-content\/uploads\/2025\/12\/25N-comercios-1-620x465.jpeg 620w, https:\/\/www.aridane.org\/city\/wp-content\/uploads\/2025\/12\/25N-comercios-1-768x576.jpeg 768w, https:\/\/www.aridane.org\/city\/wp-content\/uploads\/2025\/12\/25N-comercios-1-1536x1152.jpeg 1536w, https:\/\/www.aridane.org\/city\/wp-content\/uploads\/2025\/12\/25N-comercios-1-2048x1536.jpeg 2048w, https:\/\/www.aridane.org\/city\/wp-content\/uploads\/2025\/12\/25N-comercios-1-700x525.jpeg 700w\" sizes=\"auto, (max-width: 800px) 100vw, 800px\" \/><\/a><\/div><div class=\"latest_post_two_inner\" ><div class=\"latest_post_two_text\"><h5 itemprop=\"name\" class=\"latest_post_two_title entry_title\"><a itemprop=\"url\" href=\"https:\/\/www.aridane.org\/city\/2025\/11\/25\/el-ayuntamiento-y-los-comercios-de-los-llanos-acercan-a-la-ciudadania-los-servicios-contra-la-violencia-machista\/\" >El Ayuntamiento y los comercios de Los Llanos acercan a la ciudadan\u00eda los servicios contra la violencia machista<\/a><\/h5><div class=\"separator small left \" ><\/div><p itemprop=\"description\" class=\"latest_post_two_excerpt\" >La acci\u00f3n se realiza de la mano con las asociaciones comerciales ACZA y ZCA<\/p><\/div><div class=\"latest_post_two_info\" ><div class=\"latest_post_two_info_inner\" ><div class=\"post_info_author\"><img alt='Author Image' src='https:\/\/secure.gravatar.com\/avatar\/1c476992411e4ccf153da63b2b2f5ea0bb4cb1c85f3ceab8512f04325ad5579c?s=30&#038;d=mm&#038;r=g' srcset='https:\/\/secure.gravatar.com\/avatar\/1c476992411e4ccf153da63b2b2f5ea0bb4cb1c85f3ceab8512f04325ad5579c?s=60&#038;d=mm&#038;r=g 2x' class='avatar avatar-30 photo' height='30' width='30' \/><span class=\"post_info_author_name\">Corresponsal<\/span><\/div><div itemprop=\"dateCreated\" class=\"post_info_date entry_date updated\">25 noviembre, 2025<meta itemprop=\"interactionCount\" content=\"UserComments: <?php echo get_comments_number(qode_get_page_id()); ?>\"\/><\/div><\/div><\/div><\/div><\/li><li class=\"clearfix\"><div class=\"latest_post_two_image\"><a itemprop=\"url\" href=\"https:\/\/www.aridane.org\/city\/2025\/11\/19\/los-llanos-de-aridane-da-continuidad-al-plan-de-asfaltado-con-una-decena-de-nuevos-proyectos\/\"><img loading=\"lazy\" decoding=\"async\" width=\"800\" height=\"600\" src=\"https:\/\/www.aridane.org\/city\/wp-content\/uploads\/2025\/11\/Javier-y-Tamara-800x600.jpeg\" class=\"attachment-portfolio-landscape size-portfolio-landscape wp-post-image\" alt=\"\" srcset=\"https:\/\/www.aridane.org\/city\/wp-content\/uploads\/2025\/11\/Javier-y-Tamara-800x600.jpeg 800w, https:\/\/www.aridane.org\/city\/wp-content\/uploads\/2025\/11\/Javier-y-Tamara-300x225.jpeg 300w, https:\/\/www.aridane.org\/city\/wp-content\/uploads\/2025\/11\/Javier-y-Tamara-620x465.jpeg 620w, https:\/\/www.aridane.org\/city\/wp-content\/uploads\/2025\/11\/Javier-y-Tamara-768x576.jpeg 768w, https:\/\/www.aridane.org\/city\/wp-content\/uploads\/2025\/11\/Javier-y-Tamara-1536x1152.jpeg 1536w, https:\/\/www.aridane.org\/city\/wp-content\/uploads\/2025\/11\/Javier-y-Tamara-2048x1536.jpeg 2048w, https:\/\/www.aridane.org\/city\/wp-content\/uploads\/2025\/11\/Javier-y-Tamara-700x525.jpeg 700w\" sizes=\"auto, (max-width: 800px) 100vw, 800px\" \/><\/a><\/div><div class=\"latest_post_two_inner\" ><div class=\"latest_post_two_text\"><h5 itemprop=\"name\" class=\"latest_post_two_title entry_title\"><a itemprop=\"url\" href=\"https:\/\/www.aridane.org\/city\/2025\/11\/19\/los-llanos-de-aridane-da-continuidad-al-plan-de-asfaltado-con-una-decena-de-nuevos-proyectos\/\" >Los Llanos de Aridane da continuidad al Plan de Asfaltado con una decena de nuevos proyectos<\/a><\/h5><div class=\"separator small left \" ><\/div><p itemprop=\"description\" class=\"latest_post_two_excerpt\" >Los equipos t\u00e9cnicos trabajan en calle Tom\u00e1s Bret\u00f3n, as\u00ed como caminos Los Pulidos, Los Choriceros, Bergoyo, Morro de Cabrito, La Parcelita, Los Tanques, Los Zabalas, El Horizonte y El Altaha<\/p><\/div><div class=\"latest_post_two_info\" ><div class=\"latest_post_two_info_inner\" ><div class=\"post_info_author\"><img alt='Author Image' src='https:\/\/secure.gravatar.com\/avatar\/1c476992411e4ccf153da63b2b2f5ea0bb4cb1c85f3ceab8512f04325ad5579c?s=30&#038;d=mm&#038;r=g' srcset='https:\/\/secure.gravatar.com\/avatar\/1c476992411e4ccf153da63b2b2f5ea0bb4cb1c85f3ceab8512f04325ad5579c?s=60&#038;d=mm&#038;r=g 2x' class='avatar avatar-30 photo' height='30' width='30' \/><span class=\"post_info_author_name\">Corresponsal<\/span><\/div><div itemprop=\"dateCreated\" class=\"post_info_date entry_date updated\">19 noviembre, 2025<meta itemprop=\"interactionCount\" content=\"UserComments: <?php echo get_comments_number(qode_get_page_id()); ?>\"\/><\/div><\/div><\/div><\/div><\/li><li class=\"clearfix\"><div class=\"latest_post_two_image\"><a itemprop=\"url\" href=\"https:\/\/www.aridane.org\/city\/2025\/11\/12\/el-ayuntamiento-de-los-llanos-continua-el-plan-de-asfaltado-con-la-licitacion-de-los-caminos-rodrigo-y-arocha\/\"><img loading=\"lazy\" decoding=\"async\" width=\"800\" height=\"600\" src=\"https:\/\/www.aridane.org\/city\/wp-content\/uploads\/2025\/11\/Javier-Llamas-camino-e1762944526956-800x600.jpeg\" class=\"attachment-portfolio-landscape size-portfolio-landscape wp-post-image\" alt=\"\" \/><\/a><\/div><div class=\"latest_post_two_inner\" ><div class=\"latest_post_two_text\"><h5 itemprop=\"name\" class=\"latest_post_two_title entry_title\"><a itemprop=\"url\" href=\"https:\/\/www.aridane.org\/city\/2025\/11\/12\/el-ayuntamiento-de-los-llanos-continua-el-plan-de-asfaltado-con-la-licitacion-de-los-caminos-rodrigo-y-arocha\/\" >El Plan de Asfaltado contin\u00faa con la licitaci\u00f3n de los caminos Rodrigo y Arocha<\/a><\/h5><div class=\"separator small left \" ><\/div><p itemprop=\"description\" class=\"latest_post_two_excerpt\" >Adem\u00e1s de la mejora del pavimento, los proyectos contemplan la mejora de los servicios p\u00fablicos asociados<\/p><\/div><div class=\"latest_post_two_info\" ><div class=\"latest_post_two_info_inner\" ><div class=\"post_info_author\"><img alt='Author Image' src='https:\/\/secure.gravatar.com\/avatar\/1c476992411e4ccf153da63b2b2f5ea0bb4cb1c85f3ceab8512f04325ad5579c?s=30&#038;d=mm&#038;r=g' srcset='https:\/\/secure.gravatar.com\/avatar\/1c476992411e4ccf153da63b2b2f5ea0bb4cb1c85f3ceab8512f04325ad5579c?s=60&#038;d=mm&#038;r=g 2x' class='avatar avatar-30 photo' height='30' width='30' \/><span class=\"post_info_author_name\">Corresponsal<\/span><\/div><div itemprop=\"dateCreated\" class=\"post_info_date entry_date updated\">12 noviembre, 2025<meta itemprop=\"interactionCount\" content=\"UserComments: <?php echo get_comments_number(qode_get_page_id()); ?>\"\/><\/div><\/div><\/div><\/div><\/li><li class=\"clearfix\"><div class=\"latest_post_two_image\"><a itemprop=\"url\" href=\"https:\/\/www.aridane.org\/city\/2025\/11\/11\/el-ayuntamiento-de-los-llanos-de-aridane-activa-el-plan-de-emergencia-ante-la-alerta-por-lluvias-y-viento\/\"><img loading=\"lazy\" decoding=\"async\" width=\"800\" height=\"600\" src=\"https:\/\/www.aridane.org\/city\/wp-content\/uploads\/2024\/04\/Los-Llanos-de-Aridane-vista-aerea-800x600.png\" class=\"attachment-portfolio-landscape size-portfolio-landscape wp-post-image\" alt=\"\" \/><\/a><\/div><div class=\"latest_post_two_inner\" ><div class=\"latest_post_two_text\"><h5 itemprop=\"name\" class=\"latest_post_two_title entry_title\"><a itemprop=\"url\" href=\"https:\/\/www.aridane.org\/city\/2025\/11\/11\/el-ayuntamiento-de-los-llanos-de-aridane-activa-el-plan-de-emergencia-ante-la-alerta-por-lluvias-y-viento\/\" >El Ayuntamiento de Los Llanos de Aridane activa el Plan de Emergencia ante la alerta por lluvias y viento<\/a><\/h5><div class=\"separator small left \" ><\/div><p itemprop=\"description\" class=\"latest_post_two_excerpt\" >Durante la vigencia de la alerta quedan suspendidas todas las actividades deportivas y culturales programadas en el municipio<\/p><\/div><div class=\"latest_post_two_info\" ><div class=\"latest_post_two_info_inner\" ><div class=\"post_info_author\"><img alt='Author Image' src='https:\/\/secure.gravatar.com\/avatar\/1c476992411e4ccf153da63b2b2f5ea0bb4cb1c85f3ceab8512f04325ad5579c?s=30&#038;d=mm&#038;r=g' srcset='https:\/\/secure.gravatar.com\/avatar\/1c476992411e4ccf153da63b2b2f5ea0bb4cb1c85f3ceab8512f04325ad5579c?s=60&#038;d=mm&#038;r=g 2x' class='avatar avatar-30 photo' height='30' width='30' \/><span class=\"post_info_author_name\">Corresponsal<\/span><\/div><div itemprop=\"dateCreated\" class=\"post_info_date entry_date updated\">11 noviembre, 2025<meta itemprop=\"interactionCount\" content=\"UserComments: <?php echo get_comments_number(qode_get_page_id()); ?>\"\/><\/div><\/div><\/div><\/div><\/li><li class=\"clearfix\"><div class=\"latest_post_two_image\"><a itemprop=\"url\" href=\"https:\/\/www.aridane.org\/city\/2025\/11\/11\/el-ayuntamiento-de-los-llanos-de-aridane-abre-la-fase-de-votacion-de-los-presupuestos-participativos-2025\/\"><img loading=\"lazy\" decoding=\"async\" width=\"800\" height=\"600\" src=\"https:\/\/www.aridane.org\/city\/wp-content\/uploads\/2025\/08\/Javier-y-Aron-3-1-800x600.jpeg\" class=\"attachment-portfolio-landscape size-portfolio-landscape wp-post-image\" alt=\"\" srcset=\"https:\/\/www.aridane.org\/city\/wp-content\/uploads\/2025\/08\/Javier-y-Aron-3-1-800x600.jpeg 800w, https:\/\/www.aridane.org\/city\/wp-content\/uploads\/2025\/08\/Javier-y-Aron-3-1-300x225.jpeg 300w, https:\/\/www.aridane.org\/city\/wp-content\/uploads\/2025\/08\/Javier-y-Aron-3-1-620x465.jpeg 620w, https:\/\/www.aridane.org\/city\/wp-content\/uploads\/2025\/08\/Javier-y-Aron-3-1-768x576.jpeg 768w, https:\/\/www.aridane.org\/city\/wp-content\/uploads\/2025\/08\/Javier-y-Aron-3-1-1536x1152.jpeg 1536w, https:\/\/www.aridane.org\/city\/wp-content\/uploads\/2025\/08\/Javier-y-Aron-3-1-2048x1536.jpeg 2048w, https:\/\/www.aridane.org\/city\/wp-content\/uploads\/2025\/08\/Javier-y-Aron-3-1-700x525.jpeg 700w\" sizes=\"auto, (max-width: 800px) 100vw, 800px\" \/><\/a><\/div><div class=\"latest_post_two_inner\" ><div class=\"latest_post_two_text\"><h5 itemprop=\"name\" class=\"latest_post_two_title entry_title\"><a itemprop=\"url\" href=\"https:\/\/www.aridane.org\/city\/2025\/11\/11\/el-ayuntamiento-de-los-llanos-de-aridane-abre-la-fase-de-votacion-de-los-presupuestos-participativos-2025\/\" >El Ayuntamiento de Los Llanos de Aridane abre la fase de votaci\u00f3n de los Presupuestos Participativos 2025<\/a><\/h5><div class=\"separator small left \" ><\/div><p itemprop=\"description\" class=\"latest_post_two_excerpt\" >En esta edici\u00f3n, un total de 21 propuestas han superado la fase de viabilidad t\u00e9cnica y econ\u00f3mica, y pasar\u00e1n a votaci\u00f3n ciudadana hasta el pr\u00f3ximo 9 de diciembre<\/p><\/div><div class=\"latest_post_two_info\" ><div class=\"latest_post_two_info_inner\" ><div class=\"post_info_author\"><img alt='Author Image' src='https:\/\/secure.gravatar.com\/avatar\/1c476992411e4ccf153da63b2b2f5ea0bb4cb1c85f3ceab8512f04325ad5579c?s=30&#038;d=mm&#038;r=g' srcset='https:\/\/secure.gravatar.com\/avatar\/1c476992411e4ccf153da63b2b2f5ea0bb4cb1c85f3ceab8512f04325ad5579c?s=60&#038;d=mm&#038;r=g 2x' class='avatar avatar-30 photo' height='30' width='30' \/><span class=\"post_info_author_name\">Corresponsal<\/span><\/div><div itemprop=\"dateCreated\" class=\"post_info_date entry_date updated\">11 noviembre, 2025<meta itemprop=\"interactionCount\" content=\"UserComments: <?php echo get_comments_number(qode_get_page_id()); ?>\"\/><\/div><\/div><\/div><\/div><\/li><li class=\"clearfix\"><div class=\"latest_post_two_image\"><a itemprop=\"url\" href=\"https:\/\/www.aridane.org\/city\/2025\/11\/10\/el-ayuntamiento-inicia-los-trabajos-tecnicos-para-hacer-realidad-120-viviendas-sociales-en-los-llanos\/\"><img loading=\"lazy\" decoding=\"async\" width=\"800\" height=\"600\" src=\"https:\/\/www.aridane.org\/city\/wp-content\/uploads\/2025\/11\/Parcela-Callao-Gestur-800x600.jpeg\" class=\"attachment-portfolio-landscape size-portfolio-landscape wp-post-image\" alt=\"\" \/><\/a><\/div><div class=\"latest_post_two_inner\" ><div class=\"latest_post_two_text\"><h5 itemprop=\"name\" class=\"latest_post_two_title entry_title\"><a itemprop=\"url\" href=\"https:\/\/www.aridane.org\/city\/2025\/11\/10\/el-ayuntamiento-inicia-los-trabajos-tecnicos-para-hacer-realidad-120-viviendas-sociales-en-los-llanos\/\" >El Ayuntamiento inicia los trabajos t\u00e9cnicos para hacer realidad 120 viviendas sociales en Los Llanos\u00a0<\/a><\/h5><div class=\"separator small left \" ><\/div><p itemprop=\"description\" class=\"latest_post_two_excerpt\" >Gestur est\u00e1 cartografiando la parcela de Callao, clave para planificar las redes y garantizar la correcta integraci\u00f3n de los servicios esenciales<\/p><\/div><div class=\"latest_post_two_info\" ><div class=\"latest_post_two_info_inner\" ><div class=\"post_info_author\"><img alt='Author Image' src='https:\/\/secure.gravatar.com\/avatar\/1c476992411e4ccf153da63b2b2f5ea0bb4cb1c85f3ceab8512f04325ad5579c?s=30&#038;d=mm&#038;r=g' srcset='https:\/\/secure.gravatar.com\/avatar\/1c476992411e4ccf153da63b2b2f5ea0bb4cb1c85f3ceab8512f04325ad5579c?s=60&#038;d=mm&#038;r=g 2x' class='avatar avatar-30 photo' height='30' width='30' \/><span class=\"post_info_author_name\">Corresponsal<\/span><\/div><div itemprop=\"dateCreated\" class=\"post_info_date entry_date updated\">10 noviembre, 2025<meta itemprop=\"interactionCount\" content=\"UserComments: <?php echo get_comments_number(qode_get_page_id()); ?>\"\/><\/div><\/div><\/div><\/div><\/li><li class=\"clearfix\"><div class=\"latest_post_two_image\"><a itemprop=\"url\" href=\"https:\/\/www.aridane.org\/city\/2025\/11\/07\/los-llanos-de-aridane-celebra-las-fiestas-del-barrio-de-triana-con-actividades-para-toda-la-familia\/\"><img loading=\"lazy\" decoding=\"async\" width=\"679\" height=\"600\" src=\"https:\/\/www.aridane.org\/city\/wp-content\/uploads\/2025\/11\/Fiestas-de-Triana-679x600.jpg\" class=\"attachment-portfolio-landscape size-portfolio-landscape wp-post-image\" alt=\"\" \/><\/a><\/div><div class=\"latest_post_two_inner\" ><div class=\"latest_post_two_text\"><h5 itemprop=\"name\" class=\"latest_post_two_title entry_title\"><a itemprop=\"url\" href=\"https:\/\/www.aridane.org\/city\/2025\/11\/07\/los-llanos-de-aridane-celebra-las-fiestas-del-barrio-de-triana-con-actividades-para-toda-la-familia\/\" >Los Llanos de Aridane celebra las Fiestas del Barrio de Triana con actividades para toda la familia<\/a><\/h5><div class=\"separator small left \" ><\/div><p itemprop=\"description\" class=\"latest_post_two_excerpt\" >La programaci\u00f3n incluye entretenimiento infantil, concursos y m\u00fasica en vivo para celebrar la tradici\u00f3n del Barrio de Triana<\/p><\/div><div class=\"latest_post_two_info\" ><div class=\"latest_post_two_info_inner\" ><div class=\"post_info_author\"><img alt='Author Image' src='https:\/\/secure.gravatar.com\/avatar\/1c476992411e4ccf153da63b2b2f5ea0bb4cb1c85f3ceab8512f04325ad5579c?s=30&#038;d=mm&#038;r=g' srcset='https:\/\/secure.gravatar.com\/avatar\/1c476992411e4ccf153da63b2b2f5ea0bb4cb1c85f3ceab8512f04325ad5579c?s=60&#038;d=mm&#038;r=g 2x' class='avatar avatar-30 photo' height='30' width='30' \/><span class=\"post_info_author_name\">Corresponsal<\/span><\/div><div itemprop=\"dateCreated\" class=\"post_info_date entry_date updated\">07 noviembre, 2025<meta itemprop=\"interactionCount\" content=\"UserComments: <?php echo get_comments_number(qode_get_page_id()); ?>\"\/><\/div><\/div><\/div><\/div><\/li><li class=\"clearfix\"><div class=\"latest_post_two_image\"><a itemprop=\"url\" href=\"https:\/\/www.aridane.org\/city\/2025\/11\/05\/javier-llamas-celebra-que-los-llanos-de-aridane-sea-sede-de-la-pau-en-la-palma\/\"><img loading=\"lazy\" decoding=\"async\" width=\"800\" height=\"600\" src=\"https:\/\/www.aridane.org\/city\/wp-content\/uploads\/2025\/11\/IMG_1829-800x600.jpeg\" class=\"attachment-portfolio-landscape size-portfolio-landscape wp-post-image\" alt=\"\" srcset=\"https:\/\/www.aridane.org\/city\/wp-content\/uploads\/2025\/11\/IMG_1829-800x600.jpeg 800w, https:\/\/www.aridane.org\/city\/wp-content\/uploads\/2025\/11\/IMG_1829-300x225.jpeg 300w, https:\/\/www.aridane.org\/city\/wp-content\/uploads\/2025\/11\/IMG_1829-620x465.jpeg 620w, https:\/\/www.aridane.org\/city\/wp-content\/uploads\/2025\/11\/IMG_1829-768x576.jpeg 768w, https:\/\/www.aridane.org\/city\/wp-content\/uploads\/2025\/11\/IMG_1829-1536x1152.jpeg 1536w, https:\/\/www.aridane.org\/city\/wp-content\/uploads\/2025\/11\/IMG_1829-2048x1536.jpeg 2048w, https:\/\/www.aridane.org\/city\/wp-content\/uploads\/2025\/11\/IMG_1829-700x525.jpeg 700w\" sizes=\"auto, (max-width: 800px) 100vw, 800px\" \/><\/a><\/div><div class=\"latest_post_two_inner\" ><div class=\"latest_post_two_text\"><h5 itemprop=\"name\" class=\"latest_post_two_title entry_title\"><a itemprop=\"url\" href=\"https:\/\/www.aridane.org\/city\/2025\/11\/05\/javier-llamas-celebra-que-los-llanos-de-aridane-sea-sede-de-la-pau-en-la-palma\/\" >Javier Llamas celebra que Los Llanos de Aridane sea sede de la PAU en La Palma<\/a><\/h5><div class=\"separator small left \" ><\/div><p itemprop=\"description\" class=\"latest_post_two_excerpt\" >A la espera de m\u00e1s detalles de la Consejer\u00eda de Educaci\u00f3n, celebra que finalmente se haya o\u00eddo su petici\u00f3n, que beneficiar\u00e1 al alumnado de los centros de la zona oeste de La Palma<\/p><\/div><div class=\"latest_post_two_info\" ><div class=\"latest_post_two_info_inner\" ><div class=\"post_info_author\"><img alt='Author Image' src='https:\/\/secure.gravatar.com\/avatar\/1c476992411e4ccf153da63b2b2f5ea0bb4cb1c85f3ceab8512f04325ad5579c?s=30&#038;d=mm&#038;r=g' srcset='https:\/\/secure.gravatar.com\/avatar\/1c476992411e4ccf153da63b2b2f5ea0bb4cb1c85f3ceab8512f04325ad5579c?s=60&#038;d=mm&#038;r=g 2x' class='avatar avatar-30 photo' height='30' width='30' \/><span class=\"post_info_author_name\">Corresponsal<\/span><\/div><div itemprop=\"dateCreated\" class=\"post_info_date entry_date updated\">05 noviembre, 2025<meta itemprop=\"interactionCount\" content=\"UserComments: <?php echo get_comments_number(qode_get_page_id()); ?>\"\/><\/div><\/div><\/div><\/div><\/li><li class=\"clearfix\"><div class=\"latest_post_two_image\"><a itemprop=\"url\" href=\"https:\/\/www.aridane.org\/city\/2025\/11\/04\/el-ayuntamiento-de-los-llanos-de-aridane-refuerza-el-ocio-deportivo-con-el-regreso-de-la-milla-urbana\/\"><img loading=\"lazy\" decoding=\"async\" width=\"800\" height=\"600\" src=\"https:\/\/www.aridane.org\/city\/wp-content\/uploads\/2025\/11\/NP-Milla-Urbana-800x600.jpeg\" class=\"attachment-portfolio-landscape size-portfolio-landscape wp-post-image\" alt=\"\" \/><\/a><\/div><div class=\"latest_post_two_inner\" ><div class=\"latest_post_two_text\"><h5 itemprop=\"name\" class=\"latest_post_two_title entry_title\"><a itemprop=\"url\" href=\"https:\/\/www.aridane.org\/city\/2025\/11\/04\/el-ayuntamiento-de-los-llanos-de-aridane-refuerza-el-ocio-deportivo-con-el-regreso-de-la-milla-urbana\/\" >El Ayuntamiento de Los Llanos de Aridane refuerza el ocio deportivo con el regreso de la Milla Urbana<\/a><\/h5><div class=\"separator small left \" ><\/div><p itemprop=\"description\" class=\"latest_post_two_excerpt\" >La segunda edici\u00f3n de esta prueba de atletismo tendr\u00e1 lugar el pr\u00f3ximo 22 de noviembre por la Avenida Enrique Mederos<\/p><\/div><div class=\"latest_post_two_info\" ><div class=\"latest_post_two_info_inner\" ><div class=\"post_info_author\"><img alt='Author Image' src='https:\/\/secure.gravatar.com\/avatar\/1c476992411e4ccf153da63b2b2f5ea0bb4cb1c85f3ceab8512f04325ad5579c?s=30&#038;d=mm&#038;r=g' srcset='https:\/\/secure.gravatar.com\/avatar\/1c476992411e4ccf153da63b2b2f5ea0bb4cb1c85f3ceab8512f04325ad5579c?s=60&#038;d=mm&#038;r=g 2x' class='avatar avatar-30 photo' height='30' width='30' \/><span class=\"post_info_author_name\">Corresponsal<\/span><\/div><div itemprop=\"dateCreated\" class=\"post_info_date entry_date updated\">04 noviembre, 2025<meta itemprop=\"interactionCount\" content=\"UserComments: <?php echo get_comments_number(qode_get_page_id()); ?>\"\/><\/div><\/div><\/div><\/div><\/li><li class=\"clearfix\"><div class=\"latest_post_two_image\"><a itemprop=\"url\" href=\"https:\/\/www.aridane.org\/city\/2025\/11\/04\/el-ayuntamiento-de-los-llanos-abre-el-concurso-del-cartel-del-carnaval-2026-dedicado-a-los-cuentos-de-hadas\/\"><img loading=\"lazy\" decoding=\"async\" width=\"800\" height=\"600\" src=\"https:\/\/www.aridane.org\/city\/wp-content\/uploads\/2025\/11\/NP-Cartel-Carnaval-800x600.jpg\" class=\"attachment-portfolio-landscape size-portfolio-landscape wp-post-image\" alt=\"\" \/><\/a><\/div><div class=\"latest_post_two_inner\" ><div class=\"latest_post_two_text\"><h5 itemprop=\"name\" class=\"latest_post_two_title entry_title\"><a itemprop=\"url\" href=\"https:\/\/www.aridane.org\/city\/2025\/11\/04\/el-ayuntamiento-de-los-llanos-abre-el-concurso-del-cartel-del-carnaval-2026-dedicado-a-los-cuentos-de-hadas\/\" >El Ayuntamiento de Los Llanos abre el concurso del cartel del Carnaval 2026, dedicado a los cuentos de hadas<\/a><\/h5><div class=\"separator small left \" ><\/div><p itemprop=\"description\" class=\"latest_post_two_excerpt\" >El plazo de presentaci\u00f3n de las obras finalizar\u00e1 el pr\u00f3ximo 30 de noviembre<\/p><\/div><div class=\"latest_post_two_info\" ><div class=\"latest_post_two_info_inner\" ><div class=\"post_info_author\"><img alt='Author Image' src='https:\/\/secure.gravatar.com\/avatar\/1c476992411e4ccf153da63b2b2f5ea0bb4cb1c85f3ceab8512f04325ad5579c?s=30&#038;d=mm&#038;r=g' srcset='https:\/\/secure.gravatar.com\/avatar\/1c476992411e4ccf153da63b2b2f5ea0bb4cb1c85f3ceab8512f04325ad5579c?s=60&#038;d=mm&#038;r=g 2x' class='avatar avatar-30 photo' height='30' width='30' \/><span class=\"post_info_author_name\">Corresponsal<\/span><\/div><div itemprop=\"dateCreated\" class=\"post_info_date entry_date updated\">04 noviembre, 2025<meta itemprop=\"interactionCount\" content=\"UserComments: <?php echo get_comments_number(qode_get_page_id()); ?>\"\/><\/div><\/div><\/div><\/div><\/li><li class=\"clearfix\"><div class=\"latest_post_two_image\"><a itemprop=\"url\" href=\"https:\/\/www.aridane.org\/city\/2025\/11\/04\/los-llanos-de-aridane-se-convierte-esta-semana-en-el-epicentro-del-saxofon-internacional\/\"><img loading=\"lazy\" decoding=\"async\" width=\"800\" height=\"600\" src=\"https:\/\/www.aridane.org\/city\/wp-content\/uploads\/2025\/11\/Encuentro-Internacional-de-Saxofon-800x600.jpeg\" class=\"attachment-portfolio-landscape size-portfolio-landscape wp-post-image\" alt=\"\" \/><\/a><\/div><div class=\"latest_post_two_inner\" ><div class=\"latest_post_two_text\"><h5 itemprop=\"name\" class=\"latest_post_two_title entry_title\"><a itemprop=\"url\" href=\"https:\/\/www.aridane.org\/city\/2025\/11\/04\/los-llanos-de-aridane-se-convierte-esta-semana-en-el-epicentro-del-saxofon-internacional\/\" >Los Llanos de Aridane se convierte esta semana en el epicentro del saxof\u00f3n internacional<\/a><\/h5><div class=\"separator small left \" ><\/div><p itemprop=\"description\" class=\"latest_post_two_excerpt\" >El prestigioso cuarteto croata Papandopulo Kvartet actuar\u00e1 este viernes en el Espacio Cultural El Secadero<\/p><\/div><div class=\"latest_post_two_info\" ><div class=\"latest_post_two_info_inner\" ><div class=\"post_info_author\"><img alt='Author Image' src='https:\/\/secure.gravatar.com\/avatar\/1c476992411e4ccf153da63b2b2f5ea0bb4cb1c85f3ceab8512f04325ad5579c?s=30&#038;d=mm&#038;r=g' srcset='https:\/\/secure.gravatar.com\/avatar\/1c476992411e4ccf153da63b2b2f5ea0bb4cb1c85f3ceab8512f04325ad5579c?s=60&#038;d=mm&#038;r=g 2x' class='avatar avatar-30 photo' height='30' width='30' \/><span class=\"post_info_author_name\">Corresponsal<\/span><\/div><div itemprop=\"dateCreated\" class=\"post_info_date entry_date updated\">04 noviembre, 2025<meta itemprop=\"interactionCount\" content=\"UserComments: <?php echo get_comments_number(qode_get_page_id()); ?>\"\/><\/div><\/div><\/div><\/div><\/li><li class=\"clearfix\"><div class=\"latest_post_two_image\"><a itemprop=\"url\" href=\"https:\/\/www.aridane.org\/city\/2025\/10\/30\/el-ayuntamiento-da-luz-verde-al-nuevo-pgo-para-garantizar-la-seguridad-juridica-y-la-planificacion-de-los-llanos\/\"><img loading=\"lazy\" decoding=\"async\" width=\"800\" height=\"600\" src=\"https:\/\/www.aridane.org\/city\/wp-content\/uploads\/2025\/11\/PGO-Los-Llanos-800x600.jpeg\" class=\"attachment-portfolio-landscape size-portfolio-landscape wp-post-image\" alt=\"\" srcset=\"https:\/\/www.aridane.org\/city\/wp-content\/uploads\/2025\/11\/PGO-Los-Llanos-800x600.jpeg 800w, https:\/\/www.aridane.org\/city\/wp-content\/uploads\/2025\/11\/PGO-Los-Llanos-300x225.jpeg 300w, https:\/\/www.aridane.org\/city\/wp-content\/uploads\/2025\/11\/PGO-Los-Llanos-620x465.jpeg 620w, https:\/\/www.aridane.org\/city\/wp-content\/uploads\/2025\/11\/PGO-Los-Llanos-768x576.jpeg 768w, https:\/\/www.aridane.org\/city\/wp-content\/uploads\/2025\/11\/PGO-Los-Llanos-1536x1152.jpeg 1536w, https:\/\/www.aridane.org\/city\/wp-content\/uploads\/2025\/11\/PGO-Los-Llanos-2048x1536.jpeg 2048w, https:\/\/www.aridane.org\/city\/wp-content\/uploads\/2025\/11\/PGO-Los-Llanos-700x525.jpeg 700w\" sizes=\"auto, (max-width: 800px) 100vw, 800px\" \/><\/a><\/div><div class=\"latest_post_two_inner\" ><div class=\"latest_post_two_text\"><h5 itemprop=\"name\" class=\"latest_post_two_title entry_title\"><a itemprop=\"url\" href=\"https:\/\/www.aridane.org\/city\/2025\/10\/30\/el-ayuntamiento-da-luz-verde-al-nuevo-pgo-para-garantizar-la-seguridad-juridica-y-la-planificacion-de-los-llanos\/\" >El Ayuntamiento da luz verde al nuevo PGO para garantizar la seguridad jur\u00eddica y la planificaci\u00f3n de Los Llanos<\/a><\/h5><div class=\"separator small left \" ><\/div><p itemprop=\"description\" class=\"latest_post_two_excerpt\" >La corporaci\u00f3n reafirma su compromiso de dotar al municipio de una herramienta de planificaci\u00f3n moderna y adaptada a los nuevos tiempos<\/p><\/div><div class=\"latest_post_two_info\" ><div class=\"latest_post_two_info_inner\" ><div class=\"post_info_author\"><img alt='Author Image' src='https:\/\/secure.gravatar.com\/avatar\/1c476992411e4ccf153da63b2b2f5ea0bb4cb1c85f3ceab8512f04325ad5579c?s=30&#038;d=mm&#038;r=g' srcset='https:\/\/secure.gravatar.com\/avatar\/1c476992411e4ccf153da63b2b2f5ea0bb4cb1c85f3ceab8512f04325ad5579c?s=60&#038;d=mm&#038;r=g 2x' class='avatar avatar-30 photo' height='30' width='30' \/><span class=\"post_info_author_name\">Corresponsal<\/span><\/div><div itemprop=\"dateCreated\" class=\"post_info_date entry_date updated\">30 octubre, 2025<meta itemprop=\"interactionCount\" content=\"UserComments: <?php echo get_comments_number(qode_get_page_id()); ?>\"\/><\/div><\/div><\/div><\/div><\/li><li class=\"clearfix\"><div class=\"latest_post_two_image\"><a itemprop=\"url\" href=\"https:\/\/www.aridane.org\/city\/2025\/10\/29\/el-ayuntamiento-anima-el-centro-de-los-llanos-en-halloween-con-actividades-para-toda-la-familia\/\"><img loading=\"lazy\" decoding=\"async\" width=\"800\" height=\"600\" src=\"https:\/\/www.aridane.org\/city\/wp-content\/uploads\/2025\/10\/Halloween-en-Los-Llanos-de-Aridane-800x600.jpeg\" class=\"attachment-portfolio-landscape size-portfolio-landscape wp-post-image\" alt=\"\" srcset=\"https:\/\/www.aridane.org\/city\/wp-content\/uploads\/2025\/10\/Halloween-en-Los-Llanos-de-Aridane-800x600.jpeg 800w, https:\/\/www.aridane.org\/city\/wp-content\/uploads\/2025\/10\/Halloween-en-Los-Llanos-de-Aridane-300x225.jpeg 300w, https:\/\/www.aridane.org\/city\/wp-content\/uploads\/2025\/10\/Halloween-en-Los-Llanos-de-Aridane-620x465.jpeg 620w, https:\/\/www.aridane.org\/city\/wp-content\/uploads\/2025\/10\/Halloween-en-Los-Llanos-de-Aridane-768x576.jpeg 768w, https:\/\/www.aridane.org\/city\/wp-content\/uploads\/2025\/10\/Halloween-en-Los-Llanos-de-Aridane-1536x1152.jpeg 1536w, https:\/\/www.aridane.org\/city\/wp-content\/uploads\/2025\/10\/Halloween-en-Los-Llanos-de-Aridane-2048x1536.jpeg 2048w, https:\/\/www.aridane.org\/city\/wp-content\/uploads\/2025\/10\/Halloween-en-Los-Llanos-de-Aridane-700x525.jpeg 700w\" sizes=\"auto, (max-width: 800px) 100vw, 800px\" \/><\/a><\/div><div class=\"latest_post_two_inner\" ><div class=\"latest_post_two_text\"><h5 itemprop=\"name\" class=\"latest_post_two_title entry_title\"><a itemprop=\"url\" href=\"https:\/\/www.aridane.org\/city\/2025\/10\/29\/el-ayuntamiento-anima-el-centro-de-los-llanos-en-halloween-con-actividades-para-toda-la-familia\/\" >El Ayuntamiento anima el centro de Los Llanos en Halloween con actividades para toda la familia<\/a><\/h5><div class=\"separator small left \" ><\/div><p itemprop=\"description\" class=\"latest_post_two_excerpt\" >Habr\u00e1 pintacaras en la plaza del Calvario y un pasacalles que comenzar\u00e1 en La Fuente para recorrer el centro, mientras que la plaza Juan Pablo II tendr\u00e1 actividades para la juventud<\/p><\/div><div class=\"latest_post_two_info\" ><div class=\"latest_post_two_info_inner\" ><div class=\"post_info_author\"><img alt='Author Image' src='https:\/\/secure.gravatar.com\/avatar\/1c476992411e4ccf153da63b2b2f5ea0bb4cb1c85f3ceab8512f04325ad5579c?s=30&#038;d=mm&#038;r=g' srcset='https:\/\/secure.gravatar.com\/avatar\/1c476992411e4ccf153da63b2b2f5ea0bb4cb1c85f3ceab8512f04325ad5579c?s=60&#038;d=mm&#038;r=g 2x' class='avatar avatar-30 photo' height='30' width='30' \/><span class=\"post_info_author_name\">Corresponsal<\/span><\/div><div itemprop=\"dateCreated\" class=\"post_info_date entry_date updated\">29 octubre, 2025<meta itemprop=\"interactionCount\" content=\"UserComments: <?php echo get_comments_number(qode_get_page_id()); ?>\"\/><\/div><\/div><\/div><\/div><\/li><li class=\"clearfix\"><div class=\"latest_post_two_image\"><a itemprop=\"url\" href=\"https:\/\/www.aridane.org\/city\/2025\/10\/28\/el-ayuntamiento-transformara-el-entorno-del-barranco-de-tenisca-en-un-espacio-para-disfrutar-al-aire-libre\/\"><img loading=\"lazy\" decoding=\"async\" width=\"800\" height=\"600\" src=\"https:\/\/www.aridane.org\/city\/wp-content\/uploads\/2025\/10\/Javier-y-Macu-800x600.jpeg\" class=\"attachment-portfolio-landscape size-portfolio-landscape wp-post-image\" alt=\"\" srcset=\"https:\/\/www.aridane.org\/city\/wp-content\/uploads\/2025\/10\/Javier-y-Macu-800x600.jpeg 800w, https:\/\/www.aridane.org\/city\/wp-content\/uploads\/2025\/10\/Javier-y-Macu-300x225.jpeg 300w, https:\/\/www.aridane.org\/city\/wp-content\/uploads\/2025\/10\/Javier-y-Macu-620x465.jpeg 620w, https:\/\/www.aridane.org\/city\/wp-content\/uploads\/2025\/10\/Javier-y-Macu-768x576.jpeg 768w, https:\/\/www.aridane.org\/city\/wp-content\/uploads\/2025\/10\/Javier-y-Macu-1536x1151.jpeg 1536w, https:\/\/www.aridane.org\/city\/wp-content\/uploads\/2025\/10\/Javier-y-Macu-2048x1535.jpeg 2048w, https:\/\/www.aridane.org\/city\/wp-content\/uploads\/2025\/10\/Javier-y-Macu-700x525.jpeg 700w\" sizes=\"auto, (max-width: 800px) 100vw, 800px\" \/><\/a><\/div><div class=\"latest_post_two_inner\" ><div class=\"latest_post_two_text\"><h5 itemprop=\"name\" class=\"latest_post_two_title entry_title\"><a itemprop=\"url\" href=\"https:\/\/www.aridane.org\/city\/2025\/10\/28\/el-ayuntamiento-transformara-el-entorno-del-barranco-de-tenisca-en-un-espacio-para-disfrutar-al-aire-libre\/\" >El Ayuntamiento transformar\u00e1 el entorno del Barranco de Tenisca en un espacio para disfrutar al aire libre<\/a><\/h5><div class=\"separator small left \" ><\/div><p itemprop=\"description\" class=\"latest_post_two_excerpt\" >La obra, con una inversi\u00f3n de 437.628,40 euros y un plazo de ejecuci\u00f3n de nueve meses, incluye trabajos de mejora del pavimento, jardiner\u00eda, alumbrado y mobiliario urbano<\/p><\/div><div class=\"latest_post_two_info\" ><div class=\"latest_post_two_info_inner\" ><div class=\"post_info_author\"><img alt='Author Image' src='https:\/\/secure.gravatar.com\/avatar\/1c476992411e4ccf153da63b2b2f5ea0bb4cb1c85f3ceab8512f04325ad5579c?s=30&#038;d=mm&#038;r=g' srcset='https:\/\/secure.gravatar.com\/avatar\/1c476992411e4ccf153da63b2b2f5ea0bb4cb1c85f3ceab8512f04325ad5579c?s=60&#038;d=mm&#038;r=g 2x' class='avatar avatar-30 photo' height='30' width='30' \/><span class=\"post_info_author_name\">Corresponsal<\/span><\/div><div itemprop=\"dateCreated\" class=\"post_info_date entry_date updated\">28 octubre, 2025<meta itemprop=\"interactionCount\" content=\"UserComments: <?php echo get_comments_number(qode_get_page_id()); ?>\"\/><\/div><\/div><\/div><\/div><\/li><li class=\"clearfix\"><div class=\"latest_post_two_image\"><a itemprop=\"url\" href=\"https:\/\/www.aridane.org\/city\/2025\/10\/27\/el-ayuntamiento-de-los-llanos-rinde-homenaje-a-la-virgen-de-las-nieves-con-un-vestido-de-seda-del-siglo-xix\/\"><img loading=\"lazy\" decoding=\"async\" width=\"800\" height=\"600\" src=\"https:\/\/www.aridane.org\/city\/wp-content\/uploads\/2025\/10\/Virgen-de-Las-Nieves-800x600.jpeg\" class=\"attachment-portfolio-landscape size-portfolio-landscape wp-post-image\" alt=\"\" srcset=\"https:\/\/www.aridane.org\/city\/wp-content\/uploads\/2025\/10\/Virgen-de-Las-Nieves-800x600.jpeg 800w, https:\/\/www.aridane.org\/city\/wp-content\/uploads\/2025\/10\/Virgen-de-Las-Nieves-300x225.jpeg 300w, https:\/\/www.aridane.org\/city\/wp-content\/uploads\/2025\/10\/Virgen-de-Las-Nieves-620x465.jpeg 620w, https:\/\/www.aridane.org\/city\/wp-content\/uploads\/2025\/10\/Virgen-de-Las-Nieves-768x576.jpeg 768w, https:\/\/www.aridane.org\/city\/wp-content\/uploads\/2025\/10\/Virgen-de-Las-Nieves-1536x1152.jpeg 1536w, https:\/\/www.aridane.org\/city\/wp-content\/uploads\/2025\/10\/Virgen-de-Las-Nieves-700x525.jpeg 700w, https:\/\/www.aridane.org\/city\/wp-content\/uploads\/2025\/10\/Virgen-de-Las-Nieves.jpeg 1600w\" sizes=\"auto, (max-width: 800px) 100vw, 800px\" \/><\/a><\/div><div class=\"latest_post_two_inner\" ><div class=\"latest_post_two_text\"><h5 itemprop=\"name\" class=\"latest_post_two_title entry_title\"><a itemprop=\"url\" href=\"https:\/\/www.aridane.org\/city\/2025\/10\/27\/el-ayuntamiento-de-los-llanos-rinde-homenaje-a-la-virgen-de-las-nieves-con-un-vestido-de-seda-del-siglo-xix\/\" >El Ayuntamiento de Los Llanos rinde homenaje a la Virgen de Las Nieves con un vestido de seda del siglo XIX<\/a><\/h5><div class=\"separator small left \" ><\/div><p itemprop=\"description\" class=\"latest_post_two_excerpt\" >La prenda fue pieza elaborada por las artesanas palmeras Pilar Hern\u00e1ndez Gonz\u00e1lez y Ana Isabel Mart\u00edn S\u00e1nchez<\/p><\/div><div class=\"latest_post_two_info\" ><div class=\"latest_post_two_info_inner\" ><div class=\"post_info_author\"><img alt='Author Image' src='https:\/\/secure.gravatar.com\/avatar\/1c476992411e4ccf153da63b2b2f5ea0bb4cb1c85f3ceab8512f04325ad5579c?s=30&#038;d=mm&#038;r=g' srcset='https:\/\/secure.gravatar.com\/avatar\/1c476992411e4ccf153da63b2b2f5ea0bb4cb1c85f3ceab8512f04325ad5579c?s=60&#038;d=mm&#038;r=g 2x' class='avatar avatar-30 photo' height='30' width='30' \/><span class=\"post_info_author_name\">Corresponsal<\/span><\/div><div itemprop=\"dateCreated\" class=\"post_info_date entry_date updated\">27 octubre, 2025<meta itemprop=\"interactionCount\" content=\"UserComments: <?php echo get_comments_number(qode_get_page_id()); ?>\"\/><\/div><\/div><\/div><\/div><\/li><li class=\"clearfix\"><div class=\"latest_post_two_image\"><a itemprop=\"url\" href=\"https:\/\/www.aridane.org\/city\/2025\/10\/27\/el-ayuntamiento-de-los-llanos-de-aridane-organiza-en-noviembre-un-taller-literario-con-julieta-martin-fuentes\/\"><img loading=\"lazy\" decoding=\"async\" width=\"800\" height=\"600\" src=\"https:\/\/www.aridane.org\/city\/wp-content\/uploads\/2025\/10\/Julieta-Martin-Fuentes-800x600.jpeg\" class=\"attachment-portfolio-landscape size-portfolio-landscape wp-post-image\" alt=\"\" \/><\/a><\/div><div class=\"latest_post_two_inner\" ><div class=\"latest_post_two_text\"><h5 itemprop=\"name\" class=\"latest_post_two_title entry_title\"><a itemprop=\"url\" href=\"https:\/\/www.aridane.org\/city\/2025\/10\/27\/el-ayuntamiento-de-los-llanos-de-aridane-organiza-en-noviembre-un-taller-literario-con-julieta-martin-fuentes\/\" >El Ayuntamiento de Los Llanos de Aridane organiza en noviembre un taller literario con Julieta Mart\u00edn Fuentes<\/a><\/h5><div class=\"separator small left \" ><\/div><p itemprop=\"description\" class=\"latest_post_two_excerpt\" >El curso incluir\u00e1 un programa intensivo de 18 horas lectivas centrado en las t\u00e9cnicas narrativas y la construcci\u00f3n de historias con estructura, personajes y subtexto<\/p><\/div><div class=\"latest_post_two_info\" ><div class=\"latest_post_two_info_inner\" ><div class=\"post_info_author\"><img alt='Author Image' src='https:\/\/secure.gravatar.com\/avatar\/1c476992411e4ccf153da63b2b2f5ea0bb4cb1c85f3ceab8512f04325ad5579c?s=30&#038;d=mm&#038;r=g' srcset='https:\/\/secure.gravatar.com\/avatar\/1c476992411e4ccf153da63b2b2f5ea0bb4cb1c85f3ceab8512f04325ad5579c?s=60&#038;d=mm&#038;r=g 2x' class='avatar avatar-30 photo' height='30' width='30' \/><span class=\"post_info_author_name\">Corresponsal<\/span><\/div><div itemprop=\"dateCreated\" class=\"post_info_date entry_date updated\">27 octubre, 2025<meta itemprop=\"interactionCount\" content=\"UserComments: <?php echo get_comments_number(qode_get_page_id()); ?>\"\/><\/div><\/div><\/div><\/div><\/li><li class=\"clearfix\"><div class=\"latest_post_two_image\"><a itemprop=\"url\" href=\"https:\/\/www.aridane.org\/city\/2025\/10\/25\/la-banda-municipal-de-musica-cumple-167-anos-como-simbolo-cultural-de-los-llanos-de-aridane\/\"><img loading=\"lazy\" decoding=\"async\" width=\"800\" height=\"600\" src=\"https:\/\/www.aridane.org\/city\/wp-content\/uploads\/2025\/10\/66260284-f83c-49fe-a371-87baad09d52c-800x600.jpeg\" class=\"attachment-portfolio-landscape size-portfolio-landscape wp-post-image\" alt=\"\" \/><\/a><\/div><div class=\"latest_post_two_inner\" ><div class=\"latest_post_two_text\"><h5 itemprop=\"name\" class=\"latest_post_two_title entry_title\"><a itemprop=\"url\" href=\"https:\/\/www.aridane.org\/city\/2025\/10\/25\/la-banda-municipal-de-musica-cumple-167-anos-como-simbolo-cultural-de-los-llanos-de-aridane\/\" >La Banda Municipal de M\u00fasica cumple 167 a\u00f1os como s\u00edmbolo cultural de Los Llanos de Aridane<\/a><\/h5><div class=\"separator small left \" ><\/div><p itemprop=\"description\" class=\"latest_post_two_excerpt\" >\u201cLa Banda Municipal de M\u00fasica es patrimonio vivo de nuestro municipio\u201d, asegura el alcalde<\/p><\/div><div class=\"latest_post_two_info\" ><div class=\"latest_post_two_info_inner\" ><div class=\"post_info_author\"><img alt='Author Image' src='https:\/\/secure.gravatar.com\/avatar\/1c476992411e4ccf153da63b2b2f5ea0bb4cb1c85f3ceab8512f04325ad5579c?s=30&#038;d=mm&#038;r=g' srcset='https:\/\/secure.gravatar.com\/avatar\/1c476992411e4ccf153da63b2b2f5ea0bb4cb1c85f3ceab8512f04325ad5579c?s=60&#038;d=mm&#038;r=g 2x' class='avatar avatar-30 photo' height='30' width='30' \/><span class=\"post_info_author_name\">Corresponsal<\/span><\/div><div itemprop=\"dateCreated\" class=\"post_info_date entry_date updated\">25 octubre, 2025<meta itemprop=\"interactionCount\" content=\"UserComments: <?php echo get_comments_number(qode_get_page_id()); ?>\"\/><\/div><\/div><\/div><\/div><\/li><li class=\"clearfix\"><div class=\"latest_post_two_image\"><a itemprop=\"url\" href=\"https:\/\/www.aridane.org\/city\/2025\/10\/23\/los-llanos-de-aridane-se-prepara-para-la-visita-de-nuestra-senora-la-virgen-de-las-nieves\/\"><img loading=\"lazy\" decoding=\"async\" width=\"800\" height=\"600\" src=\"https:\/\/www.aridane.org\/city\/wp-content\/uploads\/2025\/10\/Javier-Llamas-Virgen-de-Las-Nieves-800x600.jpeg\" class=\"attachment-portfolio-landscape size-portfolio-landscape wp-post-image\" alt=\"\" srcset=\"https:\/\/www.aridane.org\/city\/wp-content\/uploads\/2025\/10\/Javier-Llamas-Virgen-de-Las-Nieves-800x600.jpeg 800w, https:\/\/www.aridane.org\/city\/wp-content\/uploads\/2025\/10\/Javier-Llamas-Virgen-de-Las-Nieves-300x225.jpeg 300w, https:\/\/www.aridane.org\/city\/wp-content\/uploads\/2025\/10\/Javier-Llamas-Virgen-de-Las-Nieves-620x465.jpeg 620w, https:\/\/www.aridane.org\/city\/wp-content\/uploads\/2025\/10\/Javier-Llamas-Virgen-de-Las-Nieves-768x576.jpeg 768w, https:\/\/www.aridane.org\/city\/wp-content\/uploads\/2025\/10\/Javier-Llamas-Virgen-de-Las-Nieves-1536x1152.jpeg 1536w, https:\/\/www.aridane.org\/city\/wp-content\/uploads\/2025\/10\/Javier-Llamas-Virgen-de-Las-Nieves-2048x1536.jpeg 2048w, https:\/\/www.aridane.org\/city\/wp-content\/uploads\/2025\/10\/Javier-Llamas-Virgen-de-Las-Nieves-700x525.jpeg 700w\" sizes=\"auto, (max-width: 800px) 100vw, 800px\" \/><\/a><\/div><div class=\"latest_post_two_inner\" ><div class=\"latest_post_two_text\"><h5 itemprop=\"name\" class=\"latest_post_two_title entry_title\"><a itemprop=\"url\" href=\"https:\/\/www.aridane.org\/city\/2025\/10\/23\/los-llanos-de-aridane-se-prepara-para-la-visita-de-nuestra-senora-la-virgen-de-las-nieves\/\" >Los Llanos de Aridane se prepara para la visita de Nuestra Se\u00f1ora la Virgen de Las Nieves<\/a><\/h5><div class=\"separator small left \" ><\/div><p itemprop=\"description\" class=\"latest_post_two_excerpt\" >Para garantizar el buen desarrollo de la jornada del d\u00eda 26, el Ayuntamiento, junto a la Polic\u00eda Local, Protecci\u00f3n Civil y resto de cuerpos, ha dispuesto un dispositivo especial de seguridad<\/p><\/div><div class=\"latest_post_two_info\" ><div class=\"latest_post_two_info_inner\" ><div class=\"post_info_author\"><img alt='Author Image' src='https:\/\/secure.gravatar.com\/avatar\/1c476992411e4ccf153da63b2b2f5ea0bb4cb1c85f3ceab8512f04325ad5579c?s=30&#038;d=mm&#038;r=g' srcset='https:\/\/secure.gravatar.com\/avatar\/1c476992411e4ccf153da63b2b2f5ea0bb4cb1c85f3ceab8512f04325ad5579c?s=60&#038;d=mm&#038;r=g 2x' class='avatar avatar-30 photo' height='30' width='30' \/><span class=\"post_info_author_name\">Corresponsal<\/span><\/div><div itemprop=\"dateCreated\" class=\"post_info_date entry_date updated\">23 octubre, 2025<meta itemprop=\"interactionCount\" content=\"UserComments: <?php echo get_comments_number(qode_get_page_id()); ?>\"\/><\/div><\/div><\/div><\/div><\/li><li class=\"clearfix\"><div class=\"latest_post_two_image\"><a itemprop=\"url\" href=\"https:\/\/www.aridane.org\/city\/2025\/10\/22\/the-mahoney-soul-band-protagonizara-este-sabado-el-152o-concierto-de-contigo-almediodia\/\"><img loading=\"lazy\" decoding=\"async\" width=\"800\" height=\"600\" src=\"https:\/\/www.aridane.org\/city\/wp-content\/uploads\/2025\/10\/Mahoney-Soul-Band-Contigo-Al-Mediodia-800x600.jpg\" class=\"attachment-portfolio-landscape size-portfolio-landscape wp-post-image\" alt=\"\" \/><\/a><\/div><div class=\"latest_post_two_inner\" ><div class=\"latest_post_two_text\"><h5 itemprop=\"name\" class=\"latest_post_two_title entry_title\"><a itemprop=\"url\" href=\"https:\/\/www.aridane.org\/city\/2025\/10\/22\/the-mahoney-soul-band-protagonizara-este-sabado-el-152o-concierto-de-contigo-almediodia\/\" >The Mahoney Soul Band protagonizar\u00e1 este s\u00e1bado el 152\u00ba concierto de Contigo Almediod\u00eda<\/a><\/h5><div class=\"separator small left \" ><\/div><p itemprop=\"description\" class=\"latest_post_two_excerpt\" >Esta edici\u00f3n contar\u00e1 nuevamente con un \u2018Contigo Antes del Mediod\u00eda\u2019, con sorteos entre quienes realicen compras superiores a 50 euros el mismo d\u00eda del concierto<\/p><\/div><div class=\"latest_post_two_info\" ><div class=\"latest_post_two_info_inner\" ><div class=\"post_info_author\"><img alt='Author Image' src='https:\/\/secure.gravatar.com\/avatar\/1c476992411e4ccf153da63b2b2f5ea0bb4cb1c85f3ceab8512f04325ad5579c?s=30&#038;d=mm&#038;r=g' srcset='https:\/\/secure.gravatar.com\/avatar\/1c476992411e4ccf153da63b2b2f5ea0bb4cb1c85f3ceab8512f04325ad5579c?s=60&#038;d=mm&#038;r=g 2x' class='avatar avatar-30 photo' height='30' width='30' \/><span class=\"post_info_author_name\">Corresponsal<\/span><\/div><div itemprop=\"dateCreated\" class=\"post_info_date entry_date updated\">22 octubre, 2025<meta itemprop=\"interactionCount\" content=\"UserComments: <?php echo get_comments_number(qode_get_page_id()); ?>\"\/><\/div><\/div><\/div><\/div><\/li><li class=\"clearfix\"><div class=\"latest_post_two_image\"><a itemprop=\"url\" href=\"https:\/\/www.aridane.org\/city\/2025\/10\/20\/el-ayuntamiento-y-la-reserva-de-la-biosfera-impulsan-la-renovacion-de-la-red-de-agua-en-la-avenida-enrique-mederos\/\"><img loading=\"lazy\" decoding=\"async\" width=\"800\" height=\"600\" src=\"https:\/\/www.aridane.org\/city\/wp-content\/uploads\/2025\/10\/avenida-enrique-mederos-800x600.jpeg\" class=\"attachment-portfolio-landscape size-portfolio-landscape wp-post-image\" alt=\"\" \/><\/a><\/div><div class=\"latest_post_two_inner\" ><div class=\"latest_post_two_text\"><h5 itemprop=\"name\" class=\"latest_post_two_title entry_title\"><a itemprop=\"url\" href=\"https:\/\/www.aridane.org\/city\/2025\/10\/20\/el-ayuntamiento-y-la-reserva-de-la-biosfera-impulsan-la-renovacion-de-la-red-de-agua-en-la-avenida-enrique-mederos\/\" >El Ayuntamiento y la Reserva de la Biosfera impulsan la renovaci\u00f3n de la red de agua en la avenida Enrique Mederos<\/a><\/h5><div class=\"separator small left \" ><\/div><p itemprop=\"description\" class=\"latest_post_two_excerpt\" >El proyecto, valorado en 135.761,81 euros, contempla la sustituci\u00f3n y modernizaci\u00f3n de las tuber\u00edas principales para optimizar el suministro y reducir p\u00e9rdidas<\/p><\/div><div class=\"latest_post_two_info\" ><div class=\"latest_post_two_info_inner\" ><div class=\"post_info_author\"><img alt='Author Image' src='https:\/\/secure.gravatar.com\/avatar\/1c476992411e4ccf153da63b2b2f5ea0bb4cb1c85f3ceab8512f04325ad5579c?s=30&#038;d=mm&#038;r=g' srcset='https:\/\/secure.gravatar.com\/avatar\/1c476992411e4ccf153da63b2b2f5ea0bb4cb1c85f3ceab8512f04325ad5579c?s=60&#038;d=mm&#038;r=g 2x' class='avatar avatar-30 photo' height='30' width='30' \/><span class=\"post_info_author_name\">Corresponsal<\/span><\/div><div itemprop=\"dateCreated\" class=\"post_info_date entry_date updated\">20 octubre, 2025<meta itemprop=\"interactionCount\" content=\"UserComments: <?php echo get_comments_number(qode_get_page_id()); ?>\"\/><\/div><\/div><\/div><\/div><\/li><li class=\"clearfix\"><div class=\"latest_post_two_image\"><a itemprop=\"url\" href=\"https:\/\/www.aridane.org\/city\/2025\/10\/17\/llamas-valora-los-resultados-de-la-comision-mixta-para-la-reconstruccion-deben-celebrarse-con-mas-frecuencia\/\"><img loading=\"lazy\" decoding=\"async\" width=\"800\" height=\"600\" src=\"https:\/\/www.aridane.org\/city\/wp-content\/uploads\/2025\/10\/Comision-Mixta-Javier-Llamas-800x600.jpeg\" class=\"attachment-portfolio-landscape size-portfolio-landscape wp-post-image\" alt=\"\" \/><\/a><\/div><div class=\"latest_post_two_inner\" ><div class=\"latest_post_two_text\"><h5 itemprop=\"name\" class=\"latest_post_two_title entry_title\"><a itemprop=\"url\" href=\"https:\/\/www.aridane.org\/city\/2025\/10\/17\/llamas-valora-los-resultados-de-la-comision-mixta-para-la-reconstruccion-deben-celebrarse-con-mas-frecuencia\/\" >Llamas valora los resultados de la Comisi\u00f3n Mixta para la reconstrucci\u00f3n: \u201cDeben celebrarse con m\u00e1s frecuencia\u201d<\/a><\/h5><div class=\"separator small left \" ><\/div><p itemprop=\"description\" class=\"latest_post_two_excerpt\" >La Comisi\u00f3n acord\u00f3 mantener la v\u00eda de emergencia, reforzar la seguridad jur\u00eddica y avanzar en la actualizaci\u00f3n de los convenios, entre ellos el segundo de Los Llanos de Aridane<\/p><\/div><div class=\"latest_post_two_info\" ><div class=\"latest_post_two_info_inner\" ><div class=\"post_info_author\"><img alt='Author Image' src='https:\/\/secure.gravatar.com\/avatar\/1c476992411e4ccf153da63b2b2f5ea0bb4cb1c85f3ceab8512f04325ad5579c?s=30&#038;d=mm&#038;r=g' srcset='https:\/\/secure.gravatar.com\/avatar\/1c476992411e4ccf153da63b2b2f5ea0bb4cb1c85f3ceab8512f04325ad5579c?s=60&#038;d=mm&#038;r=g 2x' class='avatar avatar-30 photo' height='30' width='30' \/><span class=\"post_info_author_name\">Corresponsal<\/span><\/div><div itemprop=\"dateCreated\" class=\"post_info_date entry_date updated\">17 octubre, 2025<meta itemprop=\"interactionCount\" content=\"UserComments: <?php echo get_comments_number(qode_get_page_id()); ?>\"\/><\/div><\/div><\/div><\/div><\/li><li class=\"clearfix\"><div class=\"latest_post_two_image\"><a itemprop=\"url\" href=\"https:\/\/www.aridane.org\/city\/2025\/10\/16\/la-banda-municipal-de-musica-de-los-llanos-de-aridane-celebra-su-167-aniversario\/\"><img loading=\"lazy\" decoding=\"async\" width=\"800\" height=\"600\" src=\"https:\/\/www.aridane.org\/city\/wp-content\/uploads\/2025\/10\/NP-Aniversario-Banda-Municipal-2-800x600.jpeg\" class=\"attachment-portfolio-landscape size-portfolio-landscape wp-post-image\" alt=\"\" srcset=\"https:\/\/www.aridane.org\/city\/wp-content\/uploads\/2025\/10\/NP-Aniversario-Banda-Municipal-2-800x600.jpeg 800w, https:\/\/www.aridane.org\/city\/wp-content\/uploads\/2025\/10\/NP-Aniversario-Banda-Municipal-2-300x225.jpeg 300w, https:\/\/www.aridane.org\/city\/wp-content\/uploads\/2025\/10\/NP-Aniversario-Banda-Municipal-2-620x465.jpeg 620w, https:\/\/www.aridane.org\/city\/wp-content\/uploads\/2025\/10\/NP-Aniversario-Banda-Municipal-2-768x576.jpeg 768w, https:\/\/www.aridane.org\/city\/wp-content\/uploads\/2025\/10\/NP-Aniversario-Banda-Municipal-2-1536x1152.jpeg 1536w, https:\/\/www.aridane.org\/city\/wp-content\/uploads\/2025\/10\/NP-Aniversario-Banda-Municipal-2-700x525.jpeg 700w, https:\/\/www.aridane.org\/city\/wp-content\/uploads\/2025\/10\/NP-Aniversario-Banda-Municipal-2.jpeg 2048w\" sizes=\"auto, (max-width: 800px) 100vw, 800px\" \/><\/a><\/div><div class=\"latest_post_two_inner\" ><div class=\"latest_post_two_text\"><h5 itemprop=\"name\" class=\"latest_post_two_title entry_title\"><a itemprop=\"url\" href=\"https:\/\/www.aridane.org\/city\/2025\/10\/16\/la-banda-municipal-de-musica-de-los-llanos-de-aridane-celebra-su-167-aniversario\/\" >La Banda Municipal de M\u00fasica de Los Llanos de Aridane celebra su 167 aniversario<\/a><\/h5><div class=\"separator small left \" ><\/div><p itemprop=\"description\" class=\"latest_post_two_excerpt\" >Esta longeva agrupaci\u00f3n, creada en 1858, dar\u00e1 un concierto\u00a0el pr\u00f3ximo viernes, 24 de octubre, en la Plaza de Espa\u00f1a<\/p><\/div><div class=\"latest_post_two_info\" ><div class=\"latest_post_two_info_inner\" ><div class=\"post_info_author\"><img alt='Author Image' src='https:\/\/secure.gravatar.com\/avatar\/1c476992411e4ccf153da63b2b2f5ea0bb4cb1c85f3ceab8512f04325ad5579c?s=30&#038;d=mm&#038;r=g' srcset='https:\/\/secure.gravatar.com\/avatar\/1c476992411e4ccf153da63b2b2f5ea0bb4cb1c85f3ceab8512f04325ad5579c?s=60&#038;d=mm&#038;r=g 2x' class='avatar avatar-30 photo' height='30' width='30' \/><span class=\"post_info_author_name\">Corresponsal<\/span><\/div><div itemprop=\"dateCreated\" class=\"post_info_date entry_date updated\">16 octubre, 2025<meta itemprop=\"interactionCount\" content=\"UserComments: <?php echo get_comments_number(qode_get_page_id()); ?>\"\/><\/div><\/div><\/div><\/div><\/li><li class=\"clearfix\"><div class=\"latest_post_two_image\"><a itemprop=\"url\" href=\"https:\/\/www.aridane.org\/city\/2025\/10\/16\/el-ayuntamiento-lanza-un-programa-para-potenciar-a-los-comercios-y-pymes-de-los-llanos-de-aridane\/\"><img loading=\"lazy\" decoding=\"async\" width=\"800\" height=\"600\" src=\"https:\/\/www.aridane.org\/city\/wp-content\/uploads\/2025\/10\/Veronica-Gonzalez-ok-1-800x600.jpeg\" class=\"attachment-portfolio-landscape size-portfolio-landscape wp-post-image\" alt=\"\" \/><\/a><\/div><div class=\"latest_post_two_inner\" ><div class=\"latest_post_two_text\"><h5 itemprop=\"name\" class=\"latest_post_two_title entry_title\"><a itemprop=\"url\" href=\"https:\/\/www.aridane.org\/city\/2025\/10\/16\/el-ayuntamiento-lanza-un-programa-para-potenciar-a-los-comercios-y-pymes-de-los-llanos-de-aridane\/\" >El Ayuntamiento lanza un programa para potenciar a los comercios y pymes de Los Llanos de Aridane<\/a><\/h5><div class=\"separator small left \" ><\/div><p itemprop=\"description\" class=\"latest_post_two_excerpt\" >La participaci\u00f3n es gratuita y est\u00e1 dirigida a comerciantes, aut\u00f3nomos y profesionales del municipio interesados en mejorar su desempe\u00f1o<\/p><\/div><div class=\"latest_post_two_info\" ><div class=\"latest_post_two_info_inner\" ><div class=\"post_info_author\"><img alt='Author Image' src='https:\/\/secure.gravatar.com\/avatar\/1c476992411e4ccf153da63b2b2f5ea0bb4cb1c85f3ceab8512f04325ad5579c?s=30&#038;d=mm&#038;r=g' srcset='https:\/\/secure.gravatar.com\/avatar\/1c476992411e4ccf153da63b2b2f5ea0bb4cb1c85f3ceab8512f04325ad5579c?s=60&#038;d=mm&#038;r=g 2x' class='avatar avatar-30 photo' height='30' width='30' \/><span class=\"post_info_author_name\">Corresponsal<\/span><\/div><div itemprop=\"dateCreated\" class=\"post_info_date entry_date updated\">16 octubre, 2025<meta itemprop=\"interactionCount\" content=\"UserComments: <?php echo get_comments_number(qode_get_page_id()); ?>\"\/><\/div><\/div><\/div><\/div><\/li><li class=\"clearfix\"><div class=\"latest_post_two_image\"><a itemprop=\"url\" href=\"https:\/\/www.aridane.org\/city\/2025\/10\/13\/los-llanos-de-aridane-promueve-su-producto-local-con-la-feria-mesa-de-sabores\/\"><img loading=\"lazy\" decoding=\"async\" width=\"800\" height=\"600\" src=\"https:\/\/www.aridane.org\/city\/wp-content\/uploads\/2025\/10\/MEsa-de-Sabores-800x600.jpeg\" class=\"attachment-portfolio-landscape size-portfolio-landscape wp-post-image\" alt=\"\" \/><\/a><\/div><div class=\"latest_post_two_inner\" ><div class=\"latest_post_two_text\"><h5 itemprop=\"name\" class=\"latest_post_two_title entry_title\"><a itemprop=\"url\" href=\"https:\/\/www.aridane.org\/city\/2025\/10\/13\/los-llanos-de-aridane-promueve-su-producto-local-con-la-feria-mesa-de-sabores\/\" >Los Llanos de Aridane promueve su producto local con la feria Mesa de Sabores<\/a><\/h5><div class=\"separator small left \" ><\/div><p itemprop=\"description\" class=\"latest_post_two_excerpt\" >El evento tendr\u00e1 lugar el s\u00e1bado, 18 de octubre en la Plaza de Espa\u00f1a<\/p><\/div><div class=\"latest_post_two_info\" ><div class=\"latest_post_two_info_inner\" ><div class=\"post_info_author\"><img alt='Author Image' src='https:\/\/secure.gravatar.com\/avatar\/1c476992411e4ccf153da63b2b2f5ea0bb4cb1c85f3ceab8512f04325ad5579c?s=30&#038;d=mm&#038;r=g' srcset='https:\/\/secure.gravatar.com\/avatar\/1c476992411e4ccf153da63b2b2f5ea0bb4cb1c85f3ceab8512f04325ad5579c?s=60&#038;d=mm&#038;r=g 2x' class='avatar avatar-30 photo' height='30' width='30' \/><span class=\"post_info_author_name\">Corresponsal<\/span><\/div><div itemprop=\"dateCreated\" class=\"post_info_date entry_date updated\">13 octubre, 2025<meta itemprop=\"interactionCount\" content=\"UserComments: <?php echo get_comments_number(qode_get_page_id()); ?>\"\/><\/div><\/div><\/div><\/div><\/li><li class=\"clearfix\"><div class=\"latest_post_two_image\"><a itemprop=\"url\" href=\"https:\/\/www.aridane.org\/city\/2025\/10\/10\/los-llanos-de-aridane-mejora-el-parque-infantil-inclusivo-para-asegurar-su-buen-estado-y-uso-seguro\/\"><img loading=\"lazy\" decoding=\"async\" width=\"800\" height=\"600\" src=\"https:\/\/www.aridane.org\/city\/wp-content\/uploads\/2025\/10\/Suelo-Parque-Infantil-800x600.jpeg\" class=\"attachment-portfolio-landscape size-portfolio-landscape wp-post-image\" alt=\"\" srcset=\"https:\/\/www.aridane.org\/city\/wp-content\/uploads\/2025\/10\/Suelo-Parque-Infantil-800x600.jpeg 800w, https:\/\/www.aridane.org\/city\/wp-content\/uploads\/2025\/10\/Suelo-Parque-Infantil-300x225.jpeg 300w, https:\/\/www.aridane.org\/city\/wp-content\/uploads\/2025\/10\/Suelo-Parque-Infantil-620x465.jpeg 620w, https:\/\/www.aridane.org\/city\/wp-content\/uploads\/2025\/10\/Suelo-Parque-Infantil-768x576.jpeg 768w, https:\/\/www.aridane.org\/city\/wp-content\/uploads\/2025\/10\/Suelo-Parque-Infantil-1536x1152.jpeg 1536w, https:\/\/www.aridane.org\/city\/wp-content\/uploads\/2025\/10\/Suelo-Parque-Infantil-2048x1536.jpeg 2048w, https:\/\/www.aridane.org\/city\/wp-content\/uploads\/2025\/10\/Suelo-Parque-Infantil-700x525.jpeg 700w\" sizes=\"auto, (max-width: 800px) 100vw, 800px\" \/><\/a><\/div><div class=\"latest_post_two_inner\" ><div class=\"latest_post_two_text\"><h5 itemprop=\"name\" class=\"latest_post_two_title entry_title\"><a itemprop=\"url\" href=\"https:\/\/www.aridane.org\/city\/2025\/10\/10\/los-llanos-de-aridane-mejora-el-parque-infantil-inclusivo-para-asegurar-su-buen-estado-y-uso-seguro\/\" >Los Llanos de Aridane mejora el parque infantil inclusivo para asegurar su buen estado y uso seguro<\/a><\/h5><div class=\"separator small left \" ><\/div><p itemprop=\"description\" class=\"latest_post_two_excerpt\" >Una vez finalizados los trabajos, el parque volver\u00e1 a abrir sus puertas garantizando las mejores condiciones de uso y seguridad para las familias<\/p><\/div><div class=\"latest_post_two_info\" ><div class=\"latest_post_two_info_inner\" ><div class=\"post_info_author\"><img alt='Author Image' src='https:\/\/secure.gravatar.com\/avatar\/1c476992411e4ccf153da63b2b2f5ea0bb4cb1c85f3ceab8512f04325ad5579c?s=30&#038;d=mm&#038;r=g' srcset='https:\/\/secure.gravatar.com\/avatar\/1c476992411e4ccf153da63b2b2f5ea0bb4cb1c85f3ceab8512f04325ad5579c?s=60&#038;d=mm&#038;r=g 2x' class='avatar avatar-30 photo' height='30' width='30' \/><span class=\"post_info_author_name\">Corresponsal<\/span><\/div><div itemprop=\"dateCreated\" class=\"post_info_date entry_date updated\">10 octubre, 2025<meta itemprop=\"interactionCount\" content=\"UserComments: <?php echo get_comments_number(qode_get_page_id()); ?>\"\/><\/div><\/div><\/div><\/div><\/li><li class=\"clearfix\"><div class=\"latest_post_two_image\"><a itemprop=\"url\" href=\"https:\/\/www.aridane.org\/city\/2025\/10\/09\/el-ayuntamiento-de-los-llanos-de-aridane-continua-renovando-el-parque-movil-municipal\/\"><img loading=\"lazy\" decoding=\"async\" width=\"800\" height=\"600\" src=\"https:\/\/www.aridane.org\/city\/wp-content\/uploads\/2025\/10\/NP-Entrega-vehiculos-renting-800x600.jpeg\" class=\"attachment-portfolio-landscape size-portfolio-landscape wp-post-image\" alt=\"\" srcset=\"https:\/\/www.aridane.org\/city\/wp-content\/uploads\/2025\/10\/NP-Entrega-vehiculos-renting-800x600.jpeg 800w, https:\/\/www.aridane.org\/city\/wp-content\/uploads\/2025\/10\/NP-Entrega-vehiculos-renting-300x225.jpeg 300w, https:\/\/www.aridane.org\/city\/wp-content\/uploads\/2025\/10\/NP-Entrega-vehiculos-renting-620x465.jpeg 620w, https:\/\/www.aridane.org\/city\/wp-content\/uploads\/2025\/10\/NP-Entrega-vehiculos-renting-768x576.jpeg 768w, https:\/\/www.aridane.org\/city\/wp-content\/uploads\/2025\/10\/NP-Entrega-vehiculos-renting-1536x1152.jpeg 1536w, https:\/\/www.aridane.org\/city\/wp-content\/uploads\/2025\/10\/NP-Entrega-vehiculos-renting-2048x1536.jpeg 2048w, https:\/\/www.aridane.org\/city\/wp-content\/uploads\/2025\/10\/NP-Entrega-vehiculos-renting-700x525.jpeg 700w\" sizes=\"auto, (max-width: 800px) 100vw, 800px\" \/><\/a><\/div><div class=\"latest_post_two_inner\" ><div class=\"latest_post_two_text\"><h5 itemprop=\"name\" class=\"latest_post_two_title entry_title\"><a itemprop=\"url\" href=\"https:\/\/www.aridane.org\/city\/2025\/10\/09\/el-ayuntamiento-de-los-llanos-de-aridane-continua-renovando-el-parque-movil-municipal\/\" >El Ayuntamiento de Los Llanos de Aridane contin\u00faa renovando el parque m\u00f3vil municipal<\/a><\/h5><div class=\"separator small left \" ><\/div><p itemprop=\"description\" class=\"latest_post_two_excerpt\" >Se suman dos nuevos veh\u00edculos para ampliar los recursos del \u00e1rea de Obras<\/p><\/div><div class=\"latest_post_two_info\" ><div class=\"latest_post_two_info_inner\" ><div class=\"post_info_author\"><img alt='Author Image' src='https:\/\/secure.gravatar.com\/avatar\/1c476992411e4ccf153da63b2b2f5ea0bb4cb1c85f3ceab8512f04325ad5579c?s=30&#038;d=mm&#038;r=g' srcset='https:\/\/secure.gravatar.com\/avatar\/1c476992411e4ccf153da63b2b2f5ea0bb4cb1c85f3ceab8512f04325ad5579c?s=60&#038;d=mm&#038;r=g 2x' class='avatar avatar-30 photo' height='30' width='30' \/><span class=\"post_info_author_name\">Corresponsal<\/span><\/div><div itemprop=\"dateCreated\" class=\"post_info_date entry_date updated\">09 octubre, 2025<meta itemprop=\"interactionCount\" content=\"UserComments: <?php echo get_comments_number(qode_get_page_id()); ?>\"\/><\/div><\/div><\/div><\/div><\/li><li class=\"clearfix\"><div class=\"latest_post_two_image\"><a itemprop=\"url\" href=\"https:\/\/www.aridane.org\/city\/2025\/10\/08\/los-llanos-de-aridane-activa-las-tres-primeras-licitaciones-del-plan-de-asfaltado\/\"><img loading=\"lazy\" decoding=\"async\" width=\"800\" height=\"600\" src=\"https:\/\/www.aridane.org\/city\/wp-content\/uploads\/2025\/10\/Sargento-y-Faria-800x600.jpeg\" class=\"attachment-portfolio-landscape size-portfolio-landscape wp-post-image\" alt=\"\" srcset=\"https:\/\/www.aridane.org\/city\/wp-content\/uploads\/2025\/10\/Sargento-y-Faria-800x600.jpeg 800w, https:\/\/www.aridane.org\/city\/wp-content\/uploads\/2025\/10\/Sargento-y-Faria-300x225.jpeg 300w, https:\/\/www.aridane.org\/city\/wp-content\/uploads\/2025\/10\/Sargento-y-Faria-620x465.jpeg 620w, https:\/\/www.aridane.org\/city\/wp-content\/uploads\/2025\/10\/Sargento-y-Faria-768x576.jpeg 768w, https:\/\/www.aridane.org\/city\/wp-content\/uploads\/2025\/10\/Sargento-y-Faria-1536x1152.jpeg 1536w, https:\/\/www.aridane.org\/city\/wp-content\/uploads\/2025\/10\/Sargento-y-Faria-2048x1536.jpeg 2048w, https:\/\/www.aridane.org\/city\/wp-content\/uploads\/2025\/10\/Sargento-y-Faria-700x525.jpeg 700w\" sizes=\"auto, (max-width: 800px) 100vw, 800px\" \/><\/a><\/div><div class=\"latest_post_two_inner\" ><div class=\"latest_post_two_text\"><h5 itemprop=\"name\" class=\"latest_post_two_title entry_title\"><a itemprop=\"url\" href=\"https:\/\/www.aridane.org\/city\/2025\/10\/08\/los-llanos-de-aridane-activa-las-tres-primeras-licitaciones-del-plan-de-asfaltado\/\" >Los Llanos de Aridane activa las tres primeras licitaciones del Plan de Asfaltado<\/a><\/h5><div class=\"separator small left \" ><\/div><p itemprop=\"description\" class=\"latest_post_two_excerpt\" >El Ayuntamiento har\u00e1 una inversi\u00f3n superior a los 400.000 euros en la primera fase de esta estrategia<\/p><\/div><div class=\"latest_post_two_info\" ><div class=\"latest_post_two_info_inner\" ><div class=\"post_info_author\"><img alt='Author Image' src='https:\/\/secure.gravatar.com\/avatar\/1c476992411e4ccf153da63b2b2f5ea0bb4cb1c85f3ceab8512f04325ad5579c?s=30&#038;d=mm&#038;r=g' srcset='https:\/\/secure.gravatar.com\/avatar\/1c476992411e4ccf153da63b2b2f5ea0bb4cb1c85f3ceab8512f04325ad5579c?s=60&#038;d=mm&#038;r=g 2x' class='avatar avatar-30 photo' height='30' width='30' \/><span class=\"post_info_author_name\">Corresponsal<\/span><\/div><div itemprop=\"dateCreated\" class=\"post_info_date entry_date updated\">08 octubre, 2025<meta itemprop=\"interactionCount\" content=\"UserComments: <?php echo get_comments_number(qode_get_page_id()); ?>\"\/><\/div><\/div><\/div><\/div><\/li><li class=\"clearfix\"><div class=\"latest_post_two_image\"><a itemprop=\"url\" href=\"https:\/\/www.aridane.org\/city\/2025\/10\/03\/los-llanos-de-aridane-activa-un-plan-de-asfaltado-para-transformar-la-red-viaria-del-municipio\/\"><img loading=\"lazy\" decoding=\"async\" width=\"800\" height=\"600\" src=\"https:\/\/www.aridane.org\/city\/wp-content\/uploads\/2025\/10\/NP-Plan-de-Asfaltado-800x600.jpeg\" class=\"attachment-portfolio-landscape size-portfolio-landscape wp-post-image\" alt=\"\" srcset=\"https:\/\/www.aridane.org\/city\/wp-content\/uploads\/2025\/10\/NP-Plan-de-Asfaltado-800x600.jpeg 800w, https:\/\/www.aridane.org\/city\/wp-content\/uploads\/2025\/10\/NP-Plan-de-Asfaltado-300x225.jpeg 300w, https:\/\/www.aridane.org\/city\/wp-content\/uploads\/2025\/10\/NP-Plan-de-Asfaltado-620x465.jpeg 620w, https:\/\/www.aridane.org\/city\/wp-content\/uploads\/2025\/10\/NP-Plan-de-Asfaltado-768x576.jpeg 768w, https:\/\/www.aridane.org\/city\/wp-content\/uploads\/2025\/10\/NP-Plan-de-Asfaltado-1536x1152.jpeg 1536w, https:\/\/www.aridane.org\/city\/wp-content\/uploads\/2025\/10\/NP-Plan-de-Asfaltado-2048x1536.jpeg 2048w, https:\/\/www.aridane.org\/city\/wp-content\/uploads\/2025\/10\/NP-Plan-de-Asfaltado-700x525.jpeg 700w\" sizes=\"auto, (max-width: 800px) 100vw, 800px\" \/><\/a><\/div><div class=\"latest_post_two_inner\" ><div class=\"latest_post_two_text\"><h5 itemprop=\"name\" class=\"latest_post_two_title entry_title\"><a itemprop=\"url\" href=\"https:\/\/www.aridane.org\/city\/2025\/10\/03\/los-llanos-de-aridane-activa-un-plan-de-asfaltado-para-transformar-la-red-viaria-del-municipio\/\" >Los Llanos de Aridane activa un Plan de Asfaltado para transformar la red viaria del municipio<\/a><\/h5><div class=\"separator small left \" ><\/div><p itemprop=\"description\" class=\"latest_post_two_excerpt\" >Entre las actuaciones previstas para 2025 se encuentran los caminos Sargento, de Faria, Las Piteras, Rodrigo, Arocha y A Torres<\/p><\/div><div class=\"latest_post_two_info\" ><div class=\"latest_post_two_info_inner\" ><div class=\"post_info_author\"><img alt='Author Image' src='https:\/\/secure.gravatar.com\/avatar\/1c476992411e4ccf153da63b2b2f5ea0bb4cb1c85f3ceab8512f04325ad5579c?s=30&#038;d=mm&#038;r=g' srcset='https:\/\/secure.gravatar.com\/avatar\/1c476992411e4ccf153da63b2b2f5ea0bb4cb1c85f3ceab8512f04325ad5579c?s=60&#038;d=mm&#038;r=g 2x' class='avatar avatar-30 photo' height='30' width='30' \/><span class=\"post_info_author_name\">Corresponsal<\/span><\/div><div itemprop=\"dateCreated\" class=\"post_info_date entry_date updated\">03 octubre, 2025<meta itemprop=\"interactionCount\" content=\"UserComments: <?php echo get_comments_number(qode_get_page_id()); ?>\"\/><\/div><\/div><\/div><\/div><\/li><li class=\"clearfix\"><div class=\"latest_post_two_image\"><a itemprop=\"url\" href=\"https:\/\/www.aridane.org\/city\/2025\/10\/02\/javier-llamas-solicita-que-los-llanos-de-aridane-sea-segunda-sede-de-la-pau-en-la-palma\/\"><img loading=\"lazy\" decoding=\"async\" width=\"800\" height=\"600\" src=\"https:\/\/www.aridane.org\/city\/wp-content\/uploads\/2023\/09\/Javier-Llamas-800x600.jpeg\" class=\"attachment-portfolio-landscape size-portfolio-landscape wp-post-image\" alt=\"\" \/><\/a><\/div><div class=\"latest_post_two_inner\" ><div class=\"latest_post_two_text\"><h5 itemprop=\"name\" class=\"latest_post_two_title entry_title\"><a itemprop=\"url\" href=\"https:\/\/www.aridane.org\/city\/2025\/10\/02\/javier-llamas-solicita-que-los-llanos-de-aridane-sea-segunda-sede-de-la-pau-en-la-palma\/\" >Javier Llamas solicita que Los Llanos de Aridane sea segunda sede de la PAU en La Palma<\/a><\/h5><div class=\"separator small left \" ><\/div><p itemprop=\"description\" class=\"latest_post_two_excerpt\" >El alcalde recuerda que recientemente se han dado pasos en esta direcci\u00f3n en otras islas, como Fuerteventura<\/p><\/div><div class=\"latest_post_two_info\" ><div class=\"latest_post_two_info_inner\" ><div class=\"post_info_author\"><img alt='Author Image' src='https:\/\/secure.gravatar.com\/avatar\/1c476992411e4ccf153da63b2b2f5ea0bb4cb1c85f3ceab8512f04325ad5579c?s=30&#038;d=mm&#038;r=g' srcset='https:\/\/secure.gravatar.com\/avatar\/1c476992411e4ccf153da63b2b2f5ea0bb4cb1c85f3ceab8512f04325ad5579c?s=60&#038;d=mm&#038;r=g 2x' class='avatar avatar-30 photo' height='30' width='30' \/><span class=\"post_info_author_name\">Corresponsal<\/span><\/div><div itemprop=\"dateCreated\" class=\"post_info_date entry_date updated\">02 octubre, 2025<meta itemprop=\"interactionCount\" content=\"UserComments: <?php echo get_comments_number(qode_get_page_id()); ?>\"\/><\/div><\/div><\/div><\/div><\/li><li class=\"clearfix\"><div class=\"latest_post_two_image\"><a itemprop=\"url\" href=\"https:\/\/www.aridane.org\/city\/2025\/10\/01\/los-llanos-de-aridane-recupera-varios-caminos-rurales-a-traves-de-un-nuevo-plan-de-empleo\/\"><img loading=\"lazy\" decoding=\"async\" width=\"800\" height=\"600\" src=\"https:\/\/www.aridane.org\/city\/wp-content\/uploads\/2025\/10\/Plan-de-empleo-2-800x600.jpeg\" class=\"attachment-portfolio-landscape size-portfolio-landscape wp-post-image\" alt=\"\" srcset=\"https:\/\/www.aridane.org\/city\/wp-content\/uploads\/2025\/10\/Plan-de-empleo-2-800x600.jpeg 800w, https:\/\/www.aridane.org\/city\/wp-content\/uploads\/2025\/10\/Plan-de-empleo-2-300x225.jpeg 300w, https:\/\/www.aridane.org\/city\/wp-content\/uploads\/2025\/10\/Plan-de-empleo-2-620x465.jpeg 620w, https:\/\/www.aridane.org\/city\/wp-content\/uploads\/2025\/10\/Plan-de-empleo-2-768x576.jpeg 768w, https:\/\/www.aridane.org\/city\/wp-content\/uploads\/2025\/10\/Plan-de-empleo-2-1536x1152.jpeg 1536w, https:\/\/www.aridane.org\/city\/wp-content\/uploads\/2025\/10\/Plan-de-empleo-2-2048x1536.jpeg 2048w, https:\/\/www.aridane.org\/city\/wp-content\/uploads\/2025\/10\/Plan-de-empleo-2-700x525.jpeg 700w\" sizes=\"auto, (max-width: 800px) 100vw, 800px\" \/><\/a><\/div><div class=\"latest_post_two_inner\" ><div class=\"latest_post_two_text\"><h5 itemprop=\"name\" class=\"latest_post_two_title entry_title\"><a itemprop=\"url\" href=\"https:\/\/www.aridane.org\/city\/2025\/10\/01\/los-llanos-de-aridane-recupera-varios-caminos-rurales-a-traves-de-un-nuevo-plan-de-empleo\/\" >Los Llanos de Aridane recupera varios caminos rurales a trav\u00e9s de un nuevo Plan de Empleo<\/a><\/h5><div class=\"separator small left \" ><\/div><p itemprop=\"description\" class=\"latest_post_two_excerpt\" >Javier Llamas se\u00f1ala que este proyecto contribuir\u00e1 a la inserci\u00f3n laboral de las personas participantes y al acondicionamiento de varios espacios de nuestro municipio para la pr\u00e1ctica de la agricultura y el tur<\/p><\/div><div class=\"latest_post_two_info\" ><div class=\"latest_post_two_info_inner\" ><div class=\"post_info_author\"><img alt='Author Image' src='https:\/\/secure.gravatar.com\/avatar\/1c476992411e4ccf153da63b2b2f5ea0bb4cb1c85f3ceab8512f04325ad5579c?s=30&#038;d=mm&#038;r=g' srcset='https:\/\/secure.gravatar.com\/avatar\/1c476992411e4ccf153da63b2b2f5ea0bb4cb1c85f3ceab8512f04325ad5579c?s=60&#038;d=mm&#038;r=g 2x' class='avatar avatar-30 photo' height='30' width='30' \/><span class=\"post_info_author_name\">Corresponsal<\/span><\/div><div itemprop=\"dateCreated\" class=\"post_info_date entry_date updated\">01 octubre, 2025<meta itemprop=\"interactionCount\" content=\"UserComments: <?php echo get_comments_number(qode_get_page_id()); ?>\"\/><\/div><\/div><\/div><\/div><\/li><li class=\"clearfix\"><div class=\"latest_post_two_image\"><a itemprop=\"url\" href=\"https:\/\/www.aridane.org\/city\/2025\/09\/30\/los-llanos-de-aridane-abre-la-novena-convocatoria-de-los-huertos-municipales\/\"><img loading=\"lazy\" decoding=\"async\" width=\"800\" height=\"600\" src=\"https:\/\/www.aridane.org\/city\/wp-content\/uploads\/2025\/10\/Huerto-Municipales-1-800x600.jpeg\" class=\"attachment-portfolio-landscape size-portfolio-landscape wp-post-image\" alt=\"\" \/><\/a><\/div><div class=\"latest_post_two_inner\" ><div class=\"latest_post_two_text\"><h5 itemprop=\"name\" class=\"latest_post_two_title entry_title\"><a itemprop=\"url\" href=\"https:\/\/www.aridane.org\/city\/2025\/09\/30\/los-llanos-de-aridane-abre-la-novena-convocatoria-de-los-huertos-municipales\/\" >Los Llanos de Aridane abre la novena convocatoria de los huertos municipales<\/a><\/h5><div class=\"separator small left \" ><\/div><p itemprop=\"description\" class=\"latest_post_two_excerpt\" >El concejal Ar\u00f3n Le\u00f3n destaca el valor \u201csocial, educativo y medioambiental\u201d del proyecto<\/p><\/div><div class=\"latest_post_two_info\" ><div class=\"latest_post_two_info_inner\" ><div class=\"post_info_author\"><img alt='Author Image' src='https:\/\/secure.gravatar.com\/avatar\/1c476992411e4ccf153da63b2b2f5ea0bb4cb1c85f3ceab8512f04325ad5579c?s=30&#038;d=mm&#038;r=g' srcset='https:\/\/secure.gravatar.com\/avatar\/1c476992411e4ccf153da63b2b2f5ea0bb4cb1c85f3ceab8512f04325ad5579c?s=60&#038;d=mm&#038;r=g 2x' class='avatar avatar-30 photo' height='30' width='30' \/><span class=\"post_info_author_name\">Corresponsal<\/span><\/div><div itemprop=\"dateCreated\" class=\"post_info_date entry_date updated\">30 septiembre, 2025<meta itemprop=\"interactionCount\" content=\"UserComments: <?php echo get_comments_number(qode_get_page_id()); ?>\"\/><\/div><\/div><\/div><\/div><\/li><li class=\"clearfix\"><div class=\"latest_post_two_image\"><a itemprop=\"url\" href=\"https:\/\/www.aridane.org\/city\/2025\/09\/29\/los-llanos-de-aridane-planifica-el-futuro-del-mercado-municipal-con-femeca\/\"><img loading=\"lazy\" decoding=\"async\" width=\"800\" height=\"600\" src=\"https:\/\/www.aridane.org\/city\/wp-content\/uploads\/2025\/10\/Femeca1-800x600.jpeg\" class=\"attachment-portfolio-landscape size-portfolio-landscape wp-post-image\" alt=\"\" \/><\/a><\/div><div class=\"latest_post_two_inner\" ><div class=\"latest_post_two_text\"><h5 itemprop=\"name\" class=\"latest_post_two_title entry_title\"><a itemprop=\"url\" href=\"https:\/\/www.aridane.org\/city\/2025\/09\/29\/los-llanos-de-aridane-planifica-el-futuro-del-mercado-municipal-con-femeca\/\" >Los Llanos de Aridane planifica el futuro del Mercado Municipal con Femeca<\/a><\/h5><div class=\"separator small left \" ><\/div><p itemprop=\"description\" class=\"latest_post_two_excerpt\" >El Ayuntamiento cuenta con una estrategia a largo plazo para que el mercado sea un espacio central en el d\u00eda a d\u00eda del municipio<\/p><\/div><div class=\"latest_post_two_info\" ><div class=\"latest_post_two_info_inner\" ><div class=\"post_info_author\"><img alt='Author Image' src='https:\/\/secure.gravatar.com\/avatar\/1c476992411e4ccf153da63b2b2f5ea0bb4cb1c85f3ceab8512f04325ad5579c?s=30&#038;d=mm&#038;r=g' srcset='https:\/\/secure.gravatar.com\/avatar\/1c476992411e4ccf153da63b2b2f5ea0bb4cb1c85f3ceab8512f04325ad5579c?s=60&#038;d=mm&#038;r=g 2x' class='avatar avatar-30 photo' height='30' width='30' \/><span class=\"post_info_author_name\">Corresponsal<\/span><\/div><div itemprop=\"dateCreated\" class=\"post_info_date entry_date updated\">29 septiembre, 2025<meta itemprop=\"interactionCount\" content=\"UserComments: <?php echo get_comments_number(qode_get_page_id()); ?>\"\/><\/div><\/div><\/div><\/div><\/li><li class=\"clearfix\"><div class=\"latest_post_two_image\"><a itemprop=\"url\" href=\"https:\/\/www.aridane.org\/city\/2025\/09\/26\/los-llanos-de-aridane-da-luz-verde-a-la-oferta-de-dos-nuevas-plazas-de-policia-local\/\"><img loading=\"lazy\" decoding=\"async\" width=\"800\" height=\"600\" src=\"https:\/\/www.aridane.org\/city\/wp-content\/uploads\/2024\/10\/Ayuntamiento-de-Los-Llanos-de-Aridane-800x600.png\" class=\"attachment-portfolio-landscape size-portfolio-landscape wp-post-image\" alt=\"\" \/><\/a><\/div><div class=\"latest_post_two_inner\" ><div class=\"latest_post_two_text\"><h5 itemprop=\"name\" class=\"latest_post_two_title entry_title\"><a itemprop=\"url\" href=\"https:\/\/www.aridane.org\/city\/2025\/09\/26\/los-llanos-de-aridane-da-luz-verde-a-la-oferta-de-dos-nuevas-plazas-de-policia-local\/\" >Los Llanos de Aridane da luz verde a la oferta de dos nuevas plazas de Polic\u00eda Local<\/a><\/h5><div class=\"separator small left \" ><\/div><p itemprop=\"description\" class=\"latest_post_two_excerpt\" >La medida se aprueba tras un proceso de negociaci\u00f3n con las organizaciones sindicales m\u00e1s representativas<\/p><\/div><div class=\"latest_post_two_info\" ><div class=\"latest_post_two_info_inner\" ><div class=\"post_info_author\"><img alt='Author Image' src='https:\/\/secure.gravatar.com\/avatar\/1c476992411e4ccf153da63b2b2f5ea0bb4cb1c85f3ceab8512f04325ad5579c?s=30&#038;d=mm&#038;r=g' srcset='https:\/\/secure.gravatar.com\/avatar\/1c476992411e4ccf153da63b2b2f5ea0bb4cb1c85f3ceab8512f04325ad5579c?s=60&#038;d=mm&#038;r=g 2x' class='avatar avatar-30 photo' height='30' width='30' \/><span class=\"post_info_author_name\">Corresponsal<\/span><\/div><div itemprop=\"dateCreated\" class=\"post_info_date entry_date updated\">26 septiembre, 2025<meta itemprop=\"interactionCount\" content=\"UserComments: <?php echo get_comments_number(qode_get_page_id()); ?>\"\/><\/div><\/div><\/div><\/div><\/li><li class=\"clearfix\"><div class=\"latest_post_two_image\"><a itemprop=\"url\" href=\"https:\/\/www.aridane.org\/city\/2025\/09\/26\/el-ayuntamiento-abre-convocatoria-de-subvenciones-para-apoyar-a-deportistas-de-los-llanos-de-aridane\/\"><img loading=\"lazy\" decoding=\"async\" width=\"800\" height=\"600\" src=\"https:\/\/www.aridane.org\/city\/wp-content\/uploads\/2025\/10\/Javier-Llamas-y-Victor-Gonzalez-800x600.jpeg\" class=\"attachment-portfolio-landscape size-portfolio-landscape wp-post-image\" alt=\"\" \/><\/a><\/div><div class=\"latest_post_two_inner\" ><div class=\"latest_post_two_text\"><h5 itemprop=\"name\" class=\"latest_post_two_title entry_title\"><a itemprop=\"url\" href=\"https:\/\/www.aridane.org\/city\/2025\/09\/26\/el-ayuntamiento-abre-convocatoria-de-subvenciones-para-apoyar-a-deportistas-de-los-llanos-de-aridane\/\" >El Ayuntamiento abre convocatoria de subvenciones para apoyar a deportistas de Los Llanos de Aridane<\/a><\/h5><div class=\"separator small left \" ><\/div><p itemprop=\"description\" class=\"latest_post_two_excerpt\" >Las solicitudes podr\u00e1n presentarse desde el lunes, 29 de septiembre, hasta el viernes, 24 de octubre<\/p><\/div><div class=\"latest_post_two_info\" ><div class=\"latest_post_two_info_inner\" ><div class=\"post_info_author\"><img alt='Author Image' src='https:\/\/secure.gravatar.com\/avatar\/1c476992411e4ccf153da63b2b2f5ea0bb4cb1c85f3ceab8512f04325ad5579c?s=30&#038;d=mm&#038;r=g' srcset='https:\/\/secure.gravatar.com\/avatar\/1c476992411e4ccf153da63b2b2f5ea0bb4cb1c85f3ceab8512f04325ad5579c?s=60&#038;d=mm&#038;r=g 2x' class='avatar avatar-30 photo' height='30' width='30' \/><span class=\"post_info_author_name\">Corresponsal<\/span><\/div><div itemprop=\"dateCreated\" class=\"post_info_date entry_date updated\">26 septiembre, 2025<meta itemprop=\"interactionCount\" content=\"UserComments: <?php echo get_comments_number(qode_get_page_id()); ?>\"\/><\/div><\/div><\/div><\/div><\/li><li class=\"clearfix\"><div class=\"latest_post_two_image\"><a itemprop=\"url\" href=\"https:\/\/www.aridane.org\/city\/2025\/09\/25\/los-llanos-de-aridane-une-emprendimiento-y-educacion-en-el-emprendefest\/\"><img loading=\"lazy\" decoding=\"async\" width=\"800\" height=\"600\" src=\"https:\/\/www.aridane.org\/city\/wp-content\/uploads\/2025\/10\/Emprendefest-800x600.jpeg\" class=\"attachment-portfolio-landscape size-portfolio-landscape wp-post-image\" alt=\"\" srcset=\"https:\/\/www.aridane.org\/city\/wp-content\/uploads\/2025\/10\/Emprendefest-800x600.jpeg 800w, https:\/\/www.aridane.org\/city\/wp-content\/uploads\/2025\/10\/Emprendefest-300x225.jpeg 300w, https:\/\/www.aridane.org\/city\/wp-content\/uploads\/2025\/10\/Emprendefest-620x465.jpeg 620w, https:\/\/www.aridane.org\/city\/wp-content\/uploads\/2025\/10\/Emprendefest-768x576.jpeg 768w, https:\/\/www.aridane.org\/city\/wp-content\/uploads\/2025\/10\/Emprendefest-1536x1152.jpeg 1536w, https:\/\/www.aridane.org\/city\/wp-content\/uploads\/2025\/10\/Emprendefest-700x525.jpeg 700w, https:\/\/www.aridane.org\/city\/wp-content\/uploads\/2025\/10\/Emprendefest.jpeg 2000w\" sizes=\"auto, (max-width: 800px) 100vw, 800px\" \/><\/a><\/div><div class=\"latest_post_two_inner\" ><div class=\"latest_post_two_text\"><h5 itemprop=\"name\" class=\"latest_post_two_title entry_title\"><a itemprop=\"url\" href=\"https:\/\/www.aridane.org\/city\/2025\/09\/25\/los-llanos-de-aridane-une-emprendimiento-y-educacion-en-el-emprendefest\/\" >Los Llanos de Aridane une emprendimiento y educaci\u00f3n en el EmprendeFEST<\/a><\/h5><div class=\"separator small left \" ><\/div><p itemprop=\"description\" class=\"latest_post_two_excerpt\" >Con el lema \u201cAcepta el reto, crea el cambio\u201d, la plaza de Triana ser\u00e1 el escenario el pr\u00f3ximo 3 de octubre de esta feria itinerante dedicada al emprendimiento<\/p><\/div><div class=\"latest_post_two_info\" ><div class=\"latest_post_two_info_inner\" ><div class=\"post_info_author\"><img alt='Author Image' src='https:\/\/secure.gravatar.com\/avatar\/1c476992411e4ccf153da63b2b2f5ea0bb4cb1c85f3ceab8512f04325ad5579c?s=30&#038;d=mm&#038;r=g' srcset='https:\/\/secure.gravatar.com\/avatar\/1c476992411e4ccf153da63b2b2f5ea0bb4cb1c85f3ceab8512f04325ad5579c?s=60&#038;d=mm&#038;r=g 2x' class='avatar avatar-30 photo' height='30' width='30' \/><span class=\"post_info_author_name\">Corresponsal<\/span><\/div><div itemprop=\"dateCreated\" class=\"post_info_date entry_date updated\">25 septiembre, 2025<meta itemprop=\"interactionCount\" content=\"UserComments: <?php echo get_comments_number(qode_get_page_id()); ?>\"\/><\/div><\/div><\/div><\/div><\/li><li class=\"clearfix\"><div class=\"latest_post_two_image\"><a itemprop=\"url\" href=\"https:\/\/www.aridane.org\/city\/2025\/09\/19\/javier-llamas-valora-la-aprobacion-en-comision-de-la-ley-de-volcanes-como-un-hito-historico-para-canarias\/\"><img loading=\"lazy\" decoding=\"async\" width=\"800\" height=\"600\" src=\"https:\/\/www.aridane.org\/city\/wp-content\/uploads\/2024\/09\/Javier-Llamas-800x600.jpeg\" class=\"attachment-portfolio-landscape size-portfolio-landscape wp-post-image\" alt=\"\" \/><\/a><\/div><div class=\"latest_post_two_inner\" ><div class=\"latest_post_two_text\"><h5 itemprop=\"name\" class=\"latest_post_two_title entry_title\"><a itemprop=\"url\" href=\"https:\/\/www.aridane.org\/city\/2025\/09\/19\/javier-llamas-valora-la-aprobacion-en-comision-de-la-ley-de-volcanes-como-un-hito-historico-para-canarias\/\" >Javier Llamas valora la aprobaci\u00f3n en comisi\u00f3n de la Ley de Volcanes como \u201cun hito hist\u00f3rico para Canarias\u201d<\/a><\/h5><div class=\"separator small left \" ><\/div><p itemprop=\"description\" class=\"latest_post_two_excerpt\" >\u201dHonramos el esfuerzo de la sociedad civil, que ha transformado el dolor vivido en una herramienta \u00fatil para proteger a las generaciones futuras\u201d, asegura el alcalde<\/p><\/div><div class=\"latest_post_two_info\" ><div class=\"latest_post_two_info_inner\" ><div class=\"post_info_author\"><img alt='Author Image' src='https:\/\/secure.gravatar.com\/avatar\/1c476992411e4ccf153da63b2b2f5ea0bb4cb1c85f3ceab8512f04325ad5579c?s=30&#038;d=mm&#038;r=g' srcset='https:\/\/secure.gravatar.com\/avatar\/1c476992411e4ccf153da63b2b2f5ea0bb4cb1c85f3ceab8512f04325ad5579c?s=60&#038;d=mm&#038;r=g 2x' class='avatar avatar-30 photo' height='30' width='30' \/><span class=\"post_info_author_name\">Corresponsal<\/span><\/div><div itemprop=\"dateCreated\" class=\"post_info_date entry_date updated\">19 septiembre, 2025<meta itemprop=\"interactionCount\" content=\"UserComments: <?php echo get_comments_number(qode_get_page_id()); ?>\"\/><\/div><\/div><\/div><\/div><\/li><li class=\"clearfix\"><div class=\"latest_post_two_image\"><a itemprop=\"url\" href=\"https:\/\/www.aridane.org\/city\/2025\/09\/19\/los-llanos-de-aridane-invierte-en-la-mejora-de-las-instalaciones-de-sus-centros-educativos\/\"><img loading=\"lazy\" decoding=\"async\" width=\"800\" height=\"600\" src=\"https:\/\/www.aridane.org\/city\/wp-content\/uploads\/2025\/09\/NP-Obras-RAM-800x600.jpg\" class=\"attachment-portfolio-landscape size-portfolio-landscape wp-post-image\" alt=\"\" \/><\/a><\/div><div class=\"latest_post_two_inner\" ><div class=\"latest_post_two_text\"><h5 itemprop=\"name\" class=\"latest_post_two_title entry_title\"><a itemprop=\"url\" href=\"https:\/\/www.aridane.org\/city\/2025\/09\/19\/los-llanos-de-aridane-invierte-en-la-mejora-de-las-instalaciones-de-sus-centros-educativos\/\" >Los Llanos de Aridane invierte en la mejora de las instalaciones de sus centros educativos<\/a><\/h5><div class=\"separator small left \" ><\/div><p itemprop=\"description\" class=\"latest_post_two_excerpt\" >Se han llevado a cabo obras de reforma, acondicionamiento y mejora de instalaciones en nueve colegios del municipio<\/p><\/div><div class=\"latest_post_two_info\" ><div class=\"latest_post_two_info_inner\" ><div class=\"post_info_author\"><img alt='Author Image' src='https:\/\/secure.gravatar.com\/avatar\/1c476992411e4ccf153da63b2b2f5ea0bb4cb1c85f3ceab8512f04325ad5579c?s=30&#038;d=mm&#038;r=g' srcset='https:\/\/secure.gravatar.com\/avatar\/1c476992411e4ccf153da63b2b2f5ea0bb4cb1c85f3ceab8512f04325ad5579c?s=60&#038;d=mm&#038;r=g 2x' class='avatar avatar-30 photo' height='30' width='30' \/><span class=\"post_info_author_name\">Corresponsal<\/span><\/div><div itemprop=\"dateCreated\" class=\"post_info_date entry_date updated\">19 septiembre, 2025<meta itemprop=\"interactionCount\" content=\"UserComments: <?php echo get_comments_number(qode_get_page_id()); ?>\"\/><\/div><\/div><\/div><\/div><\/li><li class=\"clearfix\"><div class=\"latest_post_two_image\"><a itemprop=\"url\" href=\"https:\/\/www.aridane.org\/city\/2025\/09\/19\/los-llanos-de-aridane-organiza-una-nueva-jornada-de-voluntariado-para-la-limpieza-su-litoral\/\"><img loading=\"lazy\" decoding=\"async\" width=\"800\" height=\"600\" src=\"https:\/\/www.aridane.org\/city\/wp-content\/uploads\/2025\/09\/NP-X-un-litoral-limpio-2-1-800x600.jpeg\" class=\"attachment-portfolio-landscape size-portfolio-landscape wp-post-image\" alt=\"\" \/><\/a><\/div><div class=\"latest_post_two_inner\" ><div class=\"latest_post_two_text\"><h5 itemprop=\"name\" class=\"latest_post_two_title entry_title\"><a itemprop=\"url\" href=\"https:\/\/www.aridane.org\/city\/2025\/09\/19\/los-llanos-de-aridane-organiza-una-nueva-jornada-de-voluntariado-para-la-limpieza-su-litoral\/\" >Los Llanos de Aridane organiza una nueva jornada de voluntariado para la limpieza su litoral<\/a><\/h5><div class=\"separator small left \" ><\/div><p itemprop=\"description\" class=\"latest_post_two_excerpt\" >El domingo 28 de septiembre se actuar\u00e1 en El Remo, La Bombilla, Puerto Naos y Charco Verde<\/p><\/div><div class=\"latest_post_two_info\" ><div class=\"latest_post_two_info_inner\" ><div class=\"post_info_author\"><img alt='Author Image' src='https:\/\/secure.gravatar.com\/avatar\/1c476992411e4ccf153da63b2b2f5ea0bb4cb1c85f3ceab8512f04325ad5579c?s=30&#038;d=mm&#038;r=g' srcset='https:\/\/secure.gravatar.com\/avatar\/1c476992411e4ccf153da63b2b2f5ea0bb4cb1c85f3ceab8512f04325ad5579c?s=60&#038;d=mm&#038;r=g 2x' class='avatar avatar-30 photo' height='30' width='30' \/><span class=\"post_info_author_name\">Corresponsal<\/span><\/div><div itemprop=\"dateCreated\" class=\"post_info_date entry_date updated\">19 septiembre, 2025<meta itemprop=\"interactionCount\" content=\"UserComments: <?php echo get_comments_number(qode_get_page_id()); ?>\"\/><\/div><\/div><\/div><\/div><\/li><li class=\"clearfix\"><div class=\"latest_post_two_image\"><a itemprop=\"url\" href=\"https:\/\/www.aridane.org\/city\/2025\/09\/10\/batucada-fest-reunira-en-los-llanos-de-aridane-a-mas-de-760-percusionistas\/\"><img loading=\"lazy\" decoding=\"async\" width=\"800\" height=\"600\" src=\"https:\/\/www.aridane.org\/city\/wp-content\/uploads\/2025\/09\/NP-Batucada-Fest-La-Palma-2-1-800x600.jpeg\" class=\"attachment-portfolio-landscape size-portfolio-landscape wp-post-image\" alt=\"\" srcset=\"https:\/\/www.aridane.org\/city\/wp-content\/uploads\/2025\/09\/NP-Batucada-Fest-La-Palma-2-1-800x600.jpeg 800w, https:\/\/www.aridane.org\/city\/wp-content\/uploads\/2025\/09\/NP-Batucada-Fest-La-Palma-2-1-300x225.jpeg 300w, https:\/\/www.aridane.org\/city\/wp-content\/uploads\/2025\/09\/NP-Batucada-Fest-La-Palma-2-1-620x465.jpeg 620w, https:\/\/www.aridane.org\/city\/wp-content\/uploads\/2025\/09\/NP-Batucada-Fest-La-Palma-2-1-768x576.jpeg 768w, https:\/\/www.aridane.org\/city\/wp-content\/uploads\/2025\/09\/NP-Batucada-Fest-La-Palma-2-1-1536x1152.jpeg 1536w, https:\/\/www.aridane.org\/city\/wp-content\/uploads\/2025\/09\/NP-Batucada-Fest-La-Palma-2-1-2048x1536.jpeg 2048w, https:\/\/www.aridane.org\/city\/wp-content\/uploads\/2025\/09\/NP-Batucada-Fest-La-Palma-2-1-700x525.jpeg 700w\" sizes=\"auto, (max-width: 800px) 100vw, 800px\" \/><\/a><\/div><div class=\"latest_post_two_inner\" ><div class=\"latest_post_two_text\"><h5 itemprop=\"name\" class=\"latest_post_two_title entry_title\"><a itemprop=\"url\" href=\"https:\/\/www.aridane.org\/city\/2025\/09\/10\/batucada-fest-reunira-en-los-llanos-de-aridane-a-mas-de-760-percusionistas\/\" >Batucada Fest reunir\u00e1 en Los Llanos de Aridane a m\u00e1s de 760 percusionistas<\/a><\/h5><div class=\"separator small left \" ><\/div><p itemprop=\"description\" class=\"latest_post_two_excerpt\" >En torno a 19 batucadas se dar\u00e1n cita en el municipio el pr\u00f3ximo viernes 12 y s\u00e1bado 13<\/p><\/div><div class=\"latest_post_two_info\" ><div class=\"latest_post_two_info_inner\" ><div class=\"post_info_author\"><img alt='Author Image' src='https:\/\/secure.gravatar.com\/avatar\/1c476992411e4ccf153da63b2b2f5ea0bb4cb1c85f3ceab8512f04325ad5579c?s=30&#038;d=mm&#038;r=g' srcset='https:\/\/secure.gravatar.com\/avatar\/1c476992411e4ccf153da63b2b2f5ea0bb4cb1c85f3ceab8512f04325ad5579c?s=60&#038;d=mm&#038;r=g 2x' class='avatar avatar-30 photo' height='30' width='30' \/><span class=\"post_info_author_name\">Corresponsal<\/span><\/div><div itemprop=\"dateCreated\" class=\"post_info_date entry_date updated\">10 septiembre, 2025<meta itemprop=\"interactionCount\" content=\"UserComments: <?php echo get_comments_number(qode_get_page_id()); ?>\"\/><\/div><\/div><\/div><\/div><\/li><li class=\"clearfix\"><div class=\"latest_post_two_image\"><a itemprop=\"url\" href=\"https:\/\/www.aridane.org\/city\/2025\/09\/10\/los-llanos-de-aridane-presenta-las-jornadas-mujer-y-sufrimiento-psiquico\/\"><img loading=\"lazy\" decoding=\"async\" width=\"800\" height=\"600\" src=\"https:\/\/www.aridane.org\/city\/wp-content\/uploads\/2025\/09\/NP-Jornadas-Mujer-y-Sufrimiento-Psiquico-1-800x600.jpeg\" class=\"attachment-portfolio-landscape size-portfolio-landscape wp-post-image\" alt=\"\" srcset=\"https:\/\/www.aridane.org\/city\/wp-content\/uploads\/2025\/09\/NP-Jornadas-Mujer-y-Sufrimiento-Psiquico-1-800x600.jpeg 800w, https:\/\/www.aridane.org\/city\/wp-content\/uploads\/2025\/09\/NP-Jornadas-Mujer-y-Sufrimiento-Psiquico-1-300x225.jpeg 300w, https:\/\/www.aridane.org\/city\/wp-content\/uploads\/2025\/09\/NP-Jornadas-Mujer-y-Sufrimiento-Psiquico-1-620x465.jpeg 620w, https:\/\/www.aridane.org\/city\/wp-content\/uploads\/2025\/09\/NP-Jornadas-Mujer-y-Sufrimiento-Psiquico-1-768x576.jpeg 768w, https:\/\/www.aridane.org\/city\/wp-content\/uploads\/2025\/09\/NP-Jornadas-Mujer-y-Sufrimiento-Psiquico-1-1536x1152.jpeg 1536w, https:\/\/www.aridane.org\/city\/wp-content\/uploads\/2025\/09\/NP-Jornadas-Mujer-y-Sufrimiento-Psiquico-1-2048x1536.jpeg 2048w, https:\/\/www.aridane.org\/city\/wp-content\/uploads\/2025\/09\/NP-Jornadas-Mujer-y-Sufrimiento-Psiquico-1-700x525.jpeg 700w\" sizes=\"auto, (max-width: 800px) 100vw, 800px\" \/><\/a><\/div><div class=\"latest_post_two_inner\" ><div class=\"latest_post_two_text\"><h5 itemprop=\"name\" class=\"latest_post_two_title entry_title\"><a itemprop=\"url\" href=\"https:\/\/www.aridane.org\/city\/2025\/09\/10\/los-llanos-de-aridane-presenta-las-jornadas-mujer-y-sufrimiento-psiquico\/\" >Los Llanos de Aridane presenta las jornadas Mujer y Sufrimiento Ps\u00edquico<\/a><\/h5><div class=\"separator small left \" ><\/div><p itemprop=\"description\" class=\"latest_post_two_excerpt\" >El pr\u00f3ximo 17 de octubre tendr\u00e1 lugar este evento que contar\u00e1 con los testimonios de varios ponentes vinculados al \u00e1mbito de la psicolog\u00eda y de la neurociencia<\/p><\/div><div class=\"latest_post_two_info\" ><div class=\"latest_post_two_info_inner\" ><div class=\"post_info_author\"><img alt='Author Image' src='https:\/\/secure.gravatar.com\/avatar\/1c476992411e4ccf153da63b2b2f5ea0bb4cb1c85f3ceab8512f04325ad5579c?s=30&#038;d=mm&#038;r=g' srcset='https:\/\/secure.gravatar.com\/avatar\/1c476992411e4ccf153da63b2b2f5ea0bb4cb1c85f3ceab8512f04325ad5579c?s=60&#038;d=mm&#038;r=g 2x' class='avatar avatar-30 photo' height='30' width='30' \/><span class=\"post_info_author_name\">Corresponsal<\/span><\/div><div itemprop=\"dateCreated\" class=\"post_info_date entry_date updated\">10 septiembre, 2025<meta itemprop=\"interactionCount\" content=\"UserComments: <?php echo get_comments_number(qode_get_page_id()); ?>\"\/><\/div><\/div><\/div><\/div><\/li><li class=\"clearfix\"><div class=\"latest_post_two_image\"><a itemprop=\"url\" href=\"https:\/\/www.aridane.org\/city\/2025\/09\/08\/los-llanos-de-aridane-continua-con-la-recuperacion-del-cementerio-de-los-angeles\/\"><img loading=\"lazy\" decoding=\"async\" width=\"800\" height=\"600\" src=\"https:\/\/www.aridane.org\/city\/wp-content\/uploads\/2025\/09\/NP-Obras-cementerio-1-800x600.jpeg\" class=\"attachment-portfolio-landscape size-portfolio-landscape wp-post-image\" alt=\"\" srcset=\"https:\/\/www.aridane.org\/city\/wp-content\/uploads\/2025\/09\/NP-Obras-cementerio-1-800x600.jpeg 800w, https:\/\/www.aridane.org\/city\/wp-content\/uploads\/2025\/09\/NP-Obras-cementerio-1-300x225.jpeg 300w, https:\/\/www.aridane.org\/city\/wp-content\/uploads\/2025\/09\/NP-Obras-cementerio-1-620x465.jpeg 620w, https:\/\/www.aridane.org\/city\/wp-content\/uploads\/2025\/09\/NP-Obras-cementerio-1-768x576.jpeg 768w, https:\/\/www.aridane.org\/city\/wp-content\/uploads\/2025\/09\/NP-Obras-cementerio-1-1536x1152.jpeg 1536w, https:\/\/www.aridane.org\/city\/wp-content\/uploads\/2025\/09\/NP-Obras-cementerio-1-2048x1536.jpeg 2048w, https:\/\/www.aridane.org\/city\/wp-content\/uploads\/2025\/09\/NP-Obras-cementerio-1-700x525.jpeg 700w\" sizes=\"auto, (max-width: 800px) 100vw, 800px\" \/><\/a><\/div><div class=\"latest_post_two_inner\" ><div class=\"latest_post_two_text\"><h5 itemprop=\"name\" class=\"latest_post_two_title entry_title\"><a itemprop=\"url\" href=\"https:\/\/www.aridane.org\/city\/2025\/09\/08\/los-llanos-de-aridane-continua-con-la-recuperacion-del-cementerio-de-los-angeles\/\" >Los Llanos de Aridane contin\u00faa con la recuperaci\u00f3n del Cementerio de Los \u00c1ngeles<\/a><\/h5><div class=\"separator small left \" ><\/div><p itemprop=\"description\" class=\"latest_post_two_excerpt\" >Comienza una nueva fase que comprender\u00e1 la retirada de lava en la parte superior del espacio<\/p><\/div><div class=\"latest_post_two_info\" ><div class=\"latest_post_two_info_inner\" ><div class=\"post_info_author\"><img alt='Author Image' src='https:\/\/secure.gravatar.com\/avatar\/1c476992411e4ccf153da63b2b2f5ea0bb4cb1c85f3ceab8512f04325ad5579c?s=30&#038;d=mm&#038;r=g' srcset='https:\/\/secure.gravatar.com\/avatar\/1c476992411e4ccf153da63b2b2f5ea0bb4cb1c85f3ceab8512f04325ad5579c?s=60&#038;d=mm&#038;r=g 2x' class='avatar avatar-30 photo' height='30' width='30' \/><span class=\"post_info_author_name\">Corresponsal<\/span><\/div><div itemprop=\"dateCreated\" class=\"post_info_date entry_date updated\">08 septiembre, 2025<meta itemprop=\"interactionCount\" content=\"UserComments: <?php echo get_comments_number(qode_get_page_id()); ?>\"\/><\/div><\/div><\/div><\/div><\/li><li class=\"clearfix\"><div class=\"latest_post_two_image\"><a itemprop=\"url\" href=\"https:\/\/www.aridane.org\/city\/2025\/09\/04\/los-llanos-de-aridane-reconoce-la-trayectoria-del-director-alfred-hitchcock-con-un-ciclo-de-cine\/\"><img loading=\"lazy\" decoding=\"async\" width=\"800\" height=\"600\" src=\"https:\/\/www.aridane.org\/city\/wp-content\/uploads\/2025\/09\/NP-Ciclo-de-cine-Hitchcock-800x600.jpeg\" class=\"attachment-portfolio-landscape size-portfolio-landscape wp-post-image\" alt=\"\" srcset=\"https:\/\/www.aridane.org\/city\/wp-content\/uploads\/2025\/09\/NP-Ciclo-de-cine-Hitchcock-800x600.jpeg 800w, https:\/\/www.aridane.org\/city\/wp-content\/uploads\/2025\/09\/NP-Ciclo-de-cine-Hitchcock-300x225.jpeg 300w, https:\/\/www.aridane.org\/city\/wp-content\/uploads\/2025\/09\/NP-Ciclo-de-cine-Hitchcock-620x465.jpeg 620w, https:\/\/www.aridane.org\/city\/wp-content\/uploads\/2025\/09\/NP-Ciclo-de-cine-Hitchcock-768x576.jpeg 768w, https:\/\/www.aridane.org\/city\/wp-content\/uploads\/2025\/09\/NP-Ciclo-de-cine-Hitchcock-1536x1152.jpeg 1536w, https:\/\/www.aridane.org\/city\/wp-content\/uploads\/2025\/09\/NP-Ciclo-de-cine-Hitchcock-2048x1536.jpeg 2048w, https:\/\/www.aridane.org\/city\/wp-content\/uploads\/2025\/09\/NP-Ciclo-de-cine-Hitchcock-700x525.jpeg 700w\" sizes=\"auto, (max-width: 800px) 100vw, 800px\" \/><\/a><\/div><div class=\"latest_post_two_inner\" ><div class=\"latest_post_two_text\"><h5 itemprop=\"name\" class=\"latest_post_two_title entry_title\"><a itemprop=\"url\" href=\"https:\/\/www.aridane.org\/city\/2025\/09\/04\/los-llanos-de-aridane-reconoce-la-trayectoria-del-director-alfred-hitchcock-con-un-ciclo-de-cine\/\" >Los Llanos de Aridane reconoce la trayectoria del director Alfred Hitchcock con un ciclo de cine<\/a><\/h5><div class=\"separator small left \" ><\/div><p itemprop=\"description\" class=\"latest_post_two_excerpt\" >Bajo el nombre de \u2018Alfred Hitchcock en 5 d\u00e9cadas\u2019 este evento tendr\u00e1 lugar en la Casa de la Cultura del 4 al 6 de septiembre<\/p><\/div><div class=\"latest_post_two_info\" ><div class=\"latest_post_two_info_inner\" ><div class=\"post_info_author\"><img alt='Author Image' src='https:\/\/secure.gravatar.com\/avatar\/1c476992411e4ccf153da63b2b2f5ea0bb4cb1c85f3ceab8512f04325ad5579c?s=30&#038;d=mm&#038;r=g' srcset='https:\/\/secure.gravatar.com\/avatar\/1c476992411e4ccf153da63b2b2f5ea0bb4cb1c85f3ceab8512f04325ad5579c?s=60&#038;d=mm&#038;r=g 2x' class='avatar avatar-30 photo' height='30' width='30' \/><span class=\"post_info_author_name\">Corresponsal<\/span><\/div><div itemprop=\"dateCreated\" class=\"post_info_date entry_date updated\">04 septiembre, 2025<meta itemprop=\"interactionCount\" content=\"UserComments: <?php echo get_comments_number(qode_get_page_id()); ?>\"\/><\/div><\/div><\/div><\/div><\/li><li class=\"clearfix\"><div class=\"latest_post_two_image\"><a itemprop=\"url\" href=\"https:\/\/www.aridane.org\/city\/2025\/09\/03\/los-llanos-de-aridane-inicia-la-fase-de-saneamiento-de-sus-laureles-de-indias\/\"><img loading=\"lazy\" decoding=\"async\" width=\"800\" height=\"600\" src=\"https:\/\/www.aridane.org\/city\/wp-content\/uploads\/2025\/09\/NP-mantenimiento-laureles-1-800x600.jpeg\" class=\"attachment-portfolio-landscape size-portfolio-landscape wp-post-image\" alt=\"\" srcset=\"https:\/\/www.aridane.org\/city\/wp-content\/uploads\/2025\/09\/NP-mantenimiento-laureles-1-800x600.jpeg 800w, https:\/\/www.aridane.org\/city\/wp-content\/uploads\/2025\/09\/NP-mantenimiento-laureles-1-300x225.jpeg 300w, https:\/\/www.aridane.org\/city\/wp-content\/uploads\/2025\/09\/NP-mantenimiento-laureles-1-620x465.jpeg 620w, https:\/\/www.aridane.org\/city\/wp-content\/uploads\/2025\/09\/NP-mantenimiento-laureles-1-768x576.jpeg 768w, https:\/\/www.aridane.org\/city\/wp-content\/uploads\/2025\/09\/NP-mantenimiento-laureles-1-1536x1152.jpeg 1536w, https:\/\/www.aridane.org\/city\/wp-content\/uploads\/2025\/09\/NP-mantenimiento-laureles-1-2048x1536.jpeg 2048w, https:\/\/www.aridane.org\/city\/wp-content\/uploads\/2025\/09\/NP-mantenimiento-laureles-1-700x525.jpeg 700w\" sizes=\"auto, (max-width: 800px) 100vw, 800px\" \/><\/a><\/div><div class=\"latest_post_two_inner\" ><div class=\"latest_post_two_text\"><h5 itemprop=\"name\" class=\"latest_post_two_title entry_title\"><a itemprop=\"url\" href=\"https:\/\/www.aridane.org\/city\/2025\/09\/03\/los-llanos-de-aridane-inicia-la-fase-de-saneamiento-de-sus-laureles-de-indias\/\" >Los Llanos de Aridane inicia la fase de saneamiento de sus laureles de Indias<\/a><\/h5><div class=\"separator small left \" ><\/div><p itemprop=\"description\" class=\"latest_post_two_excerpt\" >El tratamiento se ha realizado con el objetivo de alargar la vida de estos ejemplares<\/p><\/div><div class=\"latest_post_two_info\" ><div class=\"latest_post_two_info_inner\" ><div class=\"post_info_author\"><img alt='Author Image' src='https:\/\/secure.gravatar.com\/avatar\/1c476992411e4ccf153da63b2b2f5ea0bb4cb1c85f3ceab8512f04325ad5579c?s=30&#038;d=mm&#038;r=g' srcset='https:\/\/secure.gravatar.com\/avatar\/1c476992411e4ccf153da63b2b2f5ea0bb4cb1c85f3ceab8512f04325ad5579c?s=60&#038;d=mm&#038;r=g 2x' class='avatar avatar-30 photo' height='30' width='30' \/><span class=\"post_info_author_name\">Corresponsal<\/span><\/div><div itemprop=\"dateCreated\" class=\"post_info_date entry_date updated\">03 septiembre, 2025<meta itemprop=\"interactionCount\" content=\"UserComments: <?php echo get_comments_number(qode_get_page_id()); ?>\"\/><\/div><\/div><\/div><\/div><\/li><li class=\"clearfix\"><div class=\"latest_post_two_image\"><a itemprop=\"url\" href=\"https:\/\/www.aridane.org\/city\/2025\/09\/03\/ivan-massague-inaugura-el-paseo-del-talento-en-puerto-naos\/\"><img loading=\"lazy\" decoding=\"async\" width=\"800\" height=\"600\" src=\"https:\/\/www.aridane.org\/city\/wp-content\/uploads\/2025\/09\/NP-paseo-del-talento-2-1-800x600.jpeg\" class=\"attachment-portfolio-landscape size-portfolio-landscape wp-post-image\" alt=\"\" \/><\/a><\/div><div class=\"latest_post_two_inner\" ><div class=\"latest_post_two_text\"><h5 itemprop=\"name\" class=\"latest_post_two_title entry_title\"><a itemprop=\"url\" href=\"https:\/\/www.aridane.org\/city\/2025\/09\/03\/ivan-massague-inaugura-el-paseo-del-talento-en-puerto-naos\/\" >Iv\u00e1n Massagu\u00e9 inaugura el Paseo del Talento en Puerto Naos<\/a><\/h5><div class=\"separator small left \" ><\/div><p itemprop=\"description\" class=\"latest_post_two_excerpt\" >El acto se enmarca dentro de de la primera edici\u00f3n del Cortonaos Film Festival<\/p><\/div><div class=\"latest_post_two_info\" ><div class=\"latest_post_two_info_inner\" ><div class=\"post_info_author\"><img alt='Author Image' src='https:\/\/secure.gravatar.com\/avatar\/1c476992411e4ccf153da63b2b2f5ea0bb4cb1c85f3ceab8512f04325ad5579c?s=30&#038;d=mm&#038;r=g' srcset='https:\/\/secure.gravatar.com\/avatar\/1c476992411e4ccf153da63b2b2f5ea0bb4cb1c85f3ceab8512f04325ad5579c?s=60&#038;d=mm&#038;r=g 2x' class='avatar avatar-30 photo' height='30' width='30' \/><span class=\"post_info_author_name\">Corresponsal<\/span><\/div><div itemprop=\"dateCreated\" class=\"post_info_date entry_date updated\">03 septiembre, 2025<meta itemprop=\"interactionCount\" content=\"UserComments: <?php echo get_comments_number(qode_get_page_id()); ?>\"\/><\/div><\/div><\/div><\/div><\/li><li class=\"clearfix\"><div class=\"latest_post_two_image\"><a itemprop=\"url\" href=\"https:\/\/www.aridane.org\/city\/2025\/08\/28\/el-ayuntamiento-refuerza-la-seguridad-de-la-lajita-en-el-remo\/\"><img loading=\"lazy\" decoding=\"async\" width=\"800\" height=\"600\" src=\"https:\/\/www.aridane.org\/city\/wp-content\/uploads\/2025\/08\/La-Lajita-800x600.jpeg\" class=\"attachment-portfolio-landscape size-portfolio-landscape wp-post-image\" alt=\"\" \/><\/a><\/div><div class=\"latest_post_two_inner\" ><div class=\"latest_post_two_text\"><h5 itemprop=\"name\" class=\"latest_post_two_title entry_title\"><a itemprop=\"url\" href=\"https:\/\/www.aridane.org\/city\/2025\/08\/28\/el-ayuntamiento-refuerza-la-seguridad-de-la-lajita-en-el-remo\/\" >El Ayuntamiento refuerza la seguridad de La Lajita, en El Remo<\/a><\/h5><div class=\"separator small left \" ><\/div><p itemprop=\"description\" class=\"latest_post_two_excerpt\" >Se han colocado se\u00f1ales de advertencia en la zona de ba\u00f1o y un sistema de barras abatibles para mejorar la movilidad<\/p><\/div><div class=\"latest_post_two_info\" ><div class=\"latest_post_two_info_inner\" ><div class=\"post_info_author\"><img alt='Author Image' src='https:\/\/secure.gravatar.com\/avatar\/1c476992411e4ccf153da63b2b2f5ea0bb4cb1c85f3ceab8512f04325ad5579c?s=30&#038;d=mm&#038;r=g' srcset='https:\/\/secure.gravatar.com\/avatar\/1c476992411e4ccf153da63b2b2f5ea0bb4cb1c85f3ceab8512f04325ad5579c?s=60&#038;d=mm&#038;r=g 2x' class='avatar avatar-30 photo' height='30' width='30' \/><span class=\"post_info_author_name\">Corresponsal<\/span><\/div><div itemprop=\"dateCreated\" class=\"post_info_date entry_date updated\">28 agosto, 2025<meta itemprop=\"interactionCount\" content=\"UserComments: <?php echo get_comments_number(qode_get_page_id()); ?>\"\/><\/div><\/div><\/div><\/div><\/li><li class=\"clearfix\"><div class=\"latest_post_two_image\"><a itemprop=\"url\" href=\"https:\/\/www.aridane.org\/city\/2025\/08\/28\/los-llanos-de-aridane-impulsa-el-sector-comercial-en-la-vuelta-al-cole\/\"><img loading=\"lazy\" decoding=\"async\" width=\"800\" height=\"600\" src=\"https:\/\/www.aridane.org\/city\/wp-content\/uploads\/2025\/08\/Vuelta-al-cole-800x600.jpeg\" class=\"attachment-portfolio-landscape size-portfolio-landscape wp-post-image\" alt=\"\" srcset=\"https:\/\/www.aridane.org\/city\/wp-content\/uploads\/2025\/08\/Vuelta-al-cole-800x600.jpeg 800w, https:\/\/www.aridane.org\/city\/wp-content\/uploads\/2025\/08\/Vuelta-al-cole-300x225.jpeg 300w, https:\/\/www.aridane.org\/city\/wp-content\/uploads\/2025\/08\/Vuelta-al-cole-620x465.jpeg 620w, https:\/\/www.aridane.org\/city\/wp-content\/uploads\/2025\/08\/Vuelta-al-cole-768x576.jpeg 768w, https:\/\/www.aridane.org\/city\/wp-content\/uploads\/2025\/08\/Vuelta-al-cole-1536x1152.jpeg 1536w, https:\/\/www.aridane.org\/city\/wp-content\/uploads\/2025\/08\/Vuelta-al-cole-2048x1536.jpeg 2048w, https:\/\/www.aridane.org\/city\/wp-content\/uploads\/2025\/08\/Vuelta-al-cole-700x525.jpeg 700w\" sizes=\"auto, (max-width: 800px) 100vw, 800px\" \/><\/a><\/div><div class=\"latest_post_two_inner\" ><div class=\"latest_post_two_text\"><h5 itemprop=\"name\" class=\"latest_post_two_title entry_title\"><a itemprop=\"url\" href=\"https:\/\/www.aridane.org\/city\/2025\/08\/28\/los-llanos-de-aridane-impulsa-el-sector-comercial-en-la-vuelta-al-cole\/\" >Los Llanos de Aridane impulsa el sector comercial en la vuelta al cole<\/a><\/h5><div class=\"separator small left \" ><\/div><p itemprop=\"description\" class=\"latest_post_two_excerpt\" >El pr\u00f3ximo s\u00e1bado, 30 de agosto habr\u00e1 varias actividades de dinamizaci\u00f3n dirigidas a los m\u00e1s peque\u00f1os en la plaza de Espa\u00f1a\u00a0<\/p><\/div><div class=\"latest_post_two_info\" ><div class=\"latest_post_two_info_inner\" ><div class=\"post_info_author\"><img alt='Author Image' src='https:\/\/secure.gravatar.com\/avatar\/1c476992411e4ccf153da63b2b2f5ea0bb4cb1c85f3ceab8512f04325ad5579c?s=30&#038;d=mm&#038;r=g' srcset='https:\/\/secure.gravatar.com\/avatar\/1c476992411e4ccf153da63b2b2f5ea0bb4cb1c85f3ceab8512f04325ad5579c?s=60&#038;d=mm&#038;r=g 2x' class='avatar avatar-30 photo' height='30' width='30' \/><span class=\"post_info_author_name\">Corresponsal<\/span><\/div><div itemprop=\"dateCreated\" class=\"post_info_date entry_date updated\">28 agosto, 2025<meta itemprop=\"interactionCount\" content=\"UserComments: <?php echo get_comments_number(qode_get_page_id()); ?>\"\/><\/div><\/div><\/div><\/div><\/li><li class=\"clearfix\"><div class=\"latest_post_two_image\"><a itemprop=\"url\" href=\"https:\/\/www.aridane.org\/city\/2025\/08\/26\/diego-fernandez-gonzalez-colume-dona-uno-de-sus-cuadros-a-los-llanos-de-aridane\/\"><img loading=\"lazy\" decoding=\"async\" width=\"800\" height=\"600\" src=\"https:\/\/www.aridane.org\/city\/wp-content\/uploads\/2025\/08\/Donacion-cuadro-800x600.jpeg\" class=\"attachment-portfolio-landscape size-portfolio-landscape wp-post-image\" alt=\"\" srcset=\"https:\/\/www.aridane.org\/city\/wp-content\/uploads\/2025\/08\/Donacion-cuadro-800x600.jpeg 800w, https:\/\/www.aridane.org\/city\/wp-content\/uploads\/2025\/08\/Donacion-cuadro-300x225.jpeg 300w, https:\/\/www.aridane.org\/city\/wp-content\/uploads\/2025\/08\/Donacion-cuadro-620x465.jpeg 620w, https:\/\/www.aridane.org\/city\/wp-content\/uploads\/2025\/08\/Donacion-cuadro-768x576.jpeg 768w, https:\/\/www.aridane.org\/city\/wp-content\/uploads\/2025\/08\/Donacion-cuadro-700x525.jpeg 700w, https:\/\/www.aridane.org\/city\/wp-content\/uploads\/2025\/08\/Donacion-cuadro.jpeg 1500w\" sizes=\"auto, (max-width: 800px) 100vw, 800px\" \/><\/a><\/div><div class=\"latest_post_two_inner\" ><div class=\"latest_post_two_text\"><h5 itemprop=\"name\" class=\"latest_post_two_title entry_title\"><a itemprop=\"url\" href=\"https:\/\/www.aridane.org\/city\/2025\/08\/26\/diego-fernandez-gonzalez-colume-dona-uno-de-sus-cuadros-a-los-llanos-de-aridane\/\" >Diego Fern\u00e1ndez Gonz\u00e1lez Colum\u00e9 dona uno de sus cuadros a Los Llanos de Aridane<\/a><\/h5><div class=\"separator small left \" ><\/div><p itemprop=\"description\" class=\"latest_post_two_excerpt\" >La obra captura a la perfecci\u00f3n la esencia de la vida cotidiana aridanense, integrando elementos tan emblem\u00e1ticos como los laureles, la torre del reloj y sus murales<\/p><\/div><div class=\"latest_post_two_info\" ><div class=\"latest_post_two_info_inner\" ><div class=\"post_info_author\"><img alt='Author Image' src='https:\/\/secure.gravatar.com\/avatar\/1c476992411e4ccf153da63b2b2f5ea0bb4cb1c85f3ceab8512f04325ad5579c?s=30&#038;d=mm&#038;r=g' srcset='https:\/\/secure.gravatar.com\/avatar\/1c476992411e4ccf153da63b2b2f5ea0bb4cb1c85f3ceab8512f04325ad5579c?s=60&#038;d=mm&#038;r=g 2x' class='avatar avatar-30 photo' height='30' width='30' \/><span class=\"post_info_author_name\">Corresponsal<\/span><\/div><div itemprop=\"dateCreated\" class=\"post_info_date entry_date updated\">26 agosto, 2025<meta itemprop=\"interactionCount\" content=\"UserComments: <?php echo get_comments_number(qode_get_page_id()); ?>\"\/><\/div><\/div><\/div><\/div><\/li><li class=\"clearfix\"><div class=\"latest_post_two_image\"><a itemprop=\"url\" href=\"https:\/\/www.aridane.org\/city\/2025\/08\/26\/el-ayuntamiento-restaura-la-plaza-bonita-de-las-manchas\/\"><img loading=\"lazy\" decoding=\"async\" width=\"800\" height=\"600\" src=\"https:\/\/www.aridane.org\/city\/wp-content\/uploads\/2025\/08\/Restauracion-Plaza-Bonita-800x600.jpeg\" class=\"attachment-portfolio-landscape size-portfolio-landscape wp-post-image\" alt=\"\" srcset=\"https:\/\/www.aridane.org\/city\/wp-content\/uploads\/2025\/08\/Restauracion-Plaza-Bonita-800x600.jpeg 800w, https:\/\/www.aridane.org\/city\/wp-content\/uploads\/2025\/08\/Restauracion-Plaza-Bonita-300x225.jpeg 300w, https:\/\/www.aridane.org\/city\/wp-content\/uploads\/2025\/08\/Restauracion-Plaza-Bonita-620x465.jpeg 620w, https:\/\/www.aridane.org\/city\/wp-content\/uploads\/2025\/08\/Restauracion-Plaza-Bonita-768x576.jpeg 768w, https:\/\/www.aridane.org\/city\/wp-content\/uploads\/2025\/08\/Restauracion-Plaza-Bonita-1536x1152.jpeg 1536w, https:\/\/www.aridane.org\/city\/wp-content\/uploads\/2025\/08\/Restauracion-Plaza-Bonita-700x525.jpeg 700w, https:\/\/www.aridane.org\/city\/wp-content\/uploads\/2025\/08\/Restauracion-Plaza-Bonita.jpeg 2000w\" sizes=\"auto, (max-width: 800px) 100vw, 800px\" \/><\/a><\/div><div class=\"latest_post_two_inner\" ><div class=\"latest_post_two_text\"><h5 itemprop=\"name\" class=\"latest_post_two_title entry_title\"><a itemprop=\"url\" href=\"https:\/\/www.aridane.org\/city\/2025\/08\/26\/el-ayuntamiento-restaura-la-plaza-bonita-de-las-manchas\/\" >El Ayuntamiento restaura la Plaza Bonita de Las Manchas<\/a><\/h5><div class=\"separator small left \" ><\/div><p itemprop=\"description\" class=\"latest_post_two_excerpt\" >El concejal de Parques y Jardines, Carlos de Paz, se\u00f1ala que el objetivo es recuperar el valor patrimonial y est\u00e9tico de \u201cuno de los lugares m\u00e1s emblem\u00e1ticos\u201d del Valle de Aridane<\/p><\/div><div class=\"latest_post_two_info\" ><div class=\"latest_post_two_info_inner\" ><div class=\"post_info_author\"><img alt='Author Image' src='https:\/\/secure.gravatar.com\/avatar\/1c476992411e4ccf153da63b2b2f5ea0bb4cb1c85f3ceab8512f04325ad5579c?s=30&#038;d=mm&#038;r=g' srcset='https:\/\/secure.gravatar.com\/avatar\/1c476992411e4ccf153da63b2b2f5ea0bb4cb1c85f3ceab8512f04325ad5579c?s=60&#038;d=mm&#038;r=g 2x' class='avatar avatar-30 photo' height='30' width='30' \/><span class=\"post_info_author_name\">Corresponsal<\/span><\/div><div itemprop=\"dateCreated\" class=\"post_info_date entry_date updated\">26 agosto, 2025<meta itemprop=\"interactionCount\" content=\"UserComments: <?php echo get_comments_number(qode_get_page_id()); ?>\"\/><\/div><\/div><\/div><\/div><\/li><li class=\"clearfix\"><div class=\"latest_post_two_image\"><a itemprop=\"url\" href=\"https:\/\/www.aridane.org\/city\/2025\/08\/25\/el-alcalde-de-los-llanos-de-aridane-urge-a-recuperar-la-comision-mixta-para-la-reconstruccion-de-la-palma\/\"><img loading=\"lazy\" decoding=\"async\" width=\"800\" height=\"600\" src=\"https:\/\/www.aridane.org\/city\/wp-content\/uploads\/2025\/08\/Llamas-Ministra-e1756122305507-800x600.jpeg\" class=\"attachment-portfolio-landscape size-portfolio-landscape wp-post-image\" alt=\"\" \/><\/a><\/div><div class=\"latest_post_two_inner\" ><div class=\"latest_post_two_text\"><h5 itemprop=\"name\" class=\"latest_post_two_title entry_title\"><a itemprop=\"url\" href=\"https:\/\/www.aridane.org\/city\/2025\/08\/25\/el-alcalde-de-los-llanos-de-aridane-urge-a-recuperar-la-comision-mixta-para-la-reconstruccion-de-la-palma\/\" >El alcalde de Los Llanos de Aridane urge a recuperar la Comisi\u00f3n Mixta para la reconstrucci\u00f3n de La Palma<\/a><\/h5><div class=\"separator small left \" ><\/div><p itemprop=\"description\" class=\"latest_post_two_excerpt\" >Javier Llamas recuerda que la \u00faltima sesi\u00f3n se celebr\u00f3 el 2 de febrero de 2024, al tiempo que insiste en que la situaci\u00f3n actual exige seguir avanzando sin demoras<\/p><\/div><div class=\"latest_post_two_info\" ><div class=\"latest_post_two_info_inner\" ><div class=\"post_info_author\"><img alt='Author Image' src='https:\/\/secure.gravatar.com\/avatar\/1c476992411e4ccf153da63b2b2f5ea0bb4cb1c85f3ceab8512f04325ad5579c?s=30&#038;d=mm&#038;r=g' srcset='https:\/\/secure.gravatar.com\/avatar\/1c476992411e4ccf153da63b2b2f5ea0bb4cb1c85f3ceab8512f04325ad5579c?s=60&#038;d=mm&#038;r=g 2x' class='avatar avatar-30 photo' height='30' width='30' \/><span class=\"post_info_author_name\">Corresponsal<\/span><\/div><div itemprop=\"dateCreated\" class=\"post_info_date entry_date updated\">25 agosto, 2025<meta itemprop=\"interactionCount\" content=\"UserComments: <?php echo get_comments_number(qode_get_page_id()); ?>\"\/><\/div><\/div><\/div><\/div><\/li><li class=\"clearfix\"><div class=\"latest_post_two_image\"><a itemprop=\"url\" href=\"https:\/\/www.aridane.org\/city\/2025\/08\/25\/radio-rota-llena-de-musica-arte-y-paisaje-puerto-naos-el-6-de-septiembre\/\"><img loading=\"lazy\" decoding=\"async\" width=\"800\" height=\"600\" src=\"https:\/\/www.aridane.org\/city\/wp-content\/uploads\/2025\/08\/Cartel-Radio-Rota-25-800x600.jpg\" class=\"attachment-portfolio-landscape size-portfolio-landscape wp-post-image\" alt=\"\" \/><\/a><\/div><div class=\"latest_post_two_inner\" ><div class=\"latest_post_two_text\"><h5 itemprop=\"name\" class=\"latest_post_two_title entry_title\"><a itemprop=\"url\" href=\"https:\/\/www.aridane.org\/city\/2025\/08\/25\/radio-rota-llena-de-musica-arte-y-paisaje-puerto-naos-el-6-de-septiembre\/\" >Radio Rota llena de m\u00fasica, arte y paisaje Puerto Naos el 6 de septiembre<\/a><\/h5><div class=\"separator small left \" ><\/div><p itemprop=\"description\" class=\"latest_post_two_excerpt\" >Radio Rota se caracteriza por ofrecer un formato distinto, apostando por la m\u00fasica y otras disciplinas art\u00edsticas que priorizan el detalle y la creaci\u00f3n<\/p><\/div><div class=\"latest_post_two_info\" ><div class=\"latest_post_two_info_inner\" ><div class=\"post_info_author\"><img alt='Author Image' src='https:\/\/secure.gravatar.com\/avatar\/1c476992411e4ccf153da63b2b2f5ea0bb4cb1c85f3ceab8512f04325ad5579c?s=30&#038;d=mm&#038;r=g' srcset='https:\/\/secure.gravatar.com\/avatar\/1c476992411e4ccf153da63b2b2f5ea0bb4cb1c85f3ceab8512f04325ad5579c?s=60&#038;d=mm&#038;r=g 2x' class='avatar avatar-30 photo' height='30' width='30' \/><span class=\"post_info_author_name\">Corresponsal<\/span><\/div><div itemprop=\"dateCreated\" class=\"post_info_date entry_date updated\">25 agosto, 2025<meta itemprop=\"interactionCount\" content=\"UserComments: <?php echo get_comments_number(qode_get_page_id()); ?>\"\/><\/div><\/div><\/div><\/div><\/li><li class=\"clearfix\"><div class=\"latest_post_two_image\"><a itemprop=\"url\" href=\"https:\/\/www.aridane.org\/city\/2025\/08\/19\/los-llanos-se-convierte-en-la-capital-del-padel-con-el-fip-silver-isla-de-la-palma-2025\/\"><img loading=\"lazy\" decoding=\"async\" width=\"800\" height=\"600\" src=\"https:\/\/www.aridane.org\/city\/wp-content\/uploads\/2025\/08\/FIP-Silver-Isla-de-La-Palma-800x600.jpeg\" class=\"attachment-portfolio-landscape size-portfolio-landscape wp-post-image\" alt=\"\" srcset=\"https:\/\/www.aridane.org\/city\/wp-content\/uploads\/2025\/08\/FIP-Silver-Isla-de-La-Palma-800x600.jpeg 800w, https:\/\/www.aridane.org\/city\/wp-content\/uploads\/2025\/08\/FIP-Silver-Isla-de-La-Palma-300x225.jpeg 300w, https:\/\/www.aridane.org\/city\/wp-content\/uploads\/2025\/08\/FIP-Silver-Isla-de-La-Palma-620x465.jpeg 620w, https:\/\/www.aridane.org\/city\/wp-content\/uploads\/2025\/08\/FIP-Silver-Isla-de-La-Palma-768x576.jpeg 768w, https:\/\/www.aridane.org\/city\/wp-content\/uploads\/2025\/08\/FIP-Silver-Isla-de-La-Palma-1536x1152.jpeg 1536w, https:\/\/www.aridane.org\/city\/wp-content\/uploads\/2025\/08\/FIP-Silver-Isla-de-La-Palma-2048x1536.jpeg 2048w, https:\/\/www.aridane.org\/city\/wp-content\/uploads\/2025\/08\/FIP-Silver-Isla-de-La-Palma-700x525.jpeg 700w\" sizes=\"auto, (max-width: 800px) 100vw, 800px\" \/><\/a><\/div><div class=\"latest_post_two_inner\" ><div class=\"latest_post_two_text\"><h5 itemprop=\"name\" class=\"latest_post_two_title entry_title\"><a itemprop=\"url\" href=\"https:\/\/www.aridane.org\/city\/2025\/08\/19\/los-llanos-se-convierte-en-la-capital-del-padel-con-el-fip-silver-isla-de-la-palma-2025\/\" >Los Llanos se convierte en la capital del p\u00e1del con el FIP Silver Isla de La Palma 2025<\/a><\/h5><div class=\"separator small left \" ><\/div><p itemprop=\"description\" class=\"latest_post_two_excerpt\" >La pista central se ubicar\u00e1 en la plaza Juan Pablo II<\/p><\/div><div class=\"latest_post_two_info\" ><div class=\"latest_post_two_info_inner\" ><div class=\"post_info_author\"><img alt='Author Image' src='https:\/\/secure.gravatar.com\/avatar\/1c476992411e4ccf153da63b2b2f5ea0bb4cb1c85f3ceab8512f04325ad5579c?s=30&#038;d=mm&#038;r=g' srcset='https:\/\/secure.gravatar.com\/avatar\/1c476992411e4ccf153da63b2b2f5ea0bb4cb1c85f3ceab8512f04325ad5579c?s=60&#038;d=mm&#038;r=g 2x' class='avatar avatar-30 photo' height='30' width='30' \/><span class=\"post_info_author_name\">Corresponsal<\/span><\/div><div itemprop=\"dateCreated\" class=\"post_info_date entry_date updated\">19 agosto, 2025<meta itemprop=\"interactionCount\" content=\"UserComments: <?php echo get_comments_number(qode_get_page_id()); ?>\"\/><\/div><\/div><\/div><\/div><\/li><li class=\"clearfix\"><div class=\"latest_post_two_image\"><a itemprop=\"url\" href=\"https:\/\/www.aridane.org\/city\/2025\/08\/18\/loquillo-sera-el-protagonista-del-proximo-contigo-almediodia-de-los-llanos-de-aridane\/\"><img loading=\"lazy\" decoding=\"async\" width=\"800\" height=\"600\" src=\"https:\/\/www.aridane.org\/city\/wp-content\/uploads\/2025\/08\/CA-Loquillo-2025-Cuadrado-OK-800x600.jpg\" class=\"attachment-portfolio-landscape size-portfolio-landscape wp-post-image\" alt=\"\" \/><\/a><\/div><div class=\"latest_post_two_inner\" ><div class=\"latest_post_two_text\"><h5 itemprop=\"name\" class=\"latest_post_two_title entry_title\"><a itemprop=\"url\" href=\"https:\/\/www.aridane.org\/city\/2025\/08\/18\/loquillo-sera-el-protagonista-del-proximo-contigo-almediodia-de-los-llanos-de-aridane\/\" >Loquillo ser\u00e1 el protagonista del pr\u00f3ximo Contigo Almediod\u00eda de Los Llanos de Aridane<\/a><\/h5><div class=\"separator small left \" ><\/div><p itemprop=\"description\" class=\"latest_post_two_excerpt\" >Loquillo ofrecer\u00e1 un repertorio que une sus grandes \u00e9xitos con temas emblem\u00e1ticos de su carrera<\/p><\/div><div class=\"latest_post_two_info\" ><div class=\"latest_post_two_info_inner\" ><div class=\"post_info_author\"><img alt='Author Image' src='https:\/\/secure.gravatar.com\/avatar\/1c476992411e4ccf153da63b2b2f5ea0bb4cb1c85f3ceab8512f04325ad5579c?s=30&#038;d=mm&#038;r=g' srcset='https:\/\/secure.gravatar.com\/avatar\/1c476992411e4ccf153da63b2b2f5ea0bb4cb1c85f3ceab8512f04325ad5579c?s=60&#038;d=mm&#038;r=g 2x' class='avatar avatar-30 photo' height='30' width='30' \/><span class=\"post_info_author_name\">Corresponsal<\/span><\/div><div itemprop=\"dateCreated\" class=\"post_info_date entry_date updated\">18 agosto, 2025<meta itemprop=\"interactionCount\" content=\"UserComments: <?php echo get_comments_number(qode_get_page_id()); ?>\"\/><\/div><\/div><\/div><\/div><\/li><li class=\"clearfix\"><div class=\"latest_post_two_image\"><a itemprop=\"url\" href=\"https:\/\/www.aridane.org\/city\/2025\/08\/14\/el-agua-regresa-a-la-avenida-de-puerto-naos-con-una-fiesta-para-toda-la-familia\/\"><img loading=\"lazy\" decoding=\"async\" width=\"800\" height=\"600\" src=\"https:\/\/www.aridane.org\/city\/wp-content\/uploads\/2025\/08\/Fiesta-de-las-Pistolas-de-Agua-1-scaled-e1755610591984-800x600.jpeg\" class=\"attachment-portfolio-landscape size-portfolio-landscape wp-post-image\" alt=\"\" \/><\/a><\/div><div class=\"latest_post_two_inner\" ><div class=\"latest_post_two_text\"><h5 itemprop=\"name\" class=\"latest_post_two_title entry_title\"><a itemprop=\"url\" href=\"https:\/\/www.aridane.org\/city\/2025\/08\/14\/el-agua-regresa-a-la-avenida-de-puerto-naos-con-una-fiesta-para-toda-la-familia\/\" >El agua regresa a la avenida de Puerto Naos con una fiesta para toda la familia<\/a><\/h5><div class=\"separator small left \" ><\/div><p itemprop=\"description\" class=\"latest_post_two_excerpt\" >El Ayuntamiento reparti\u00f3 medio centenar de pistolas de agua, coloc\u00f3 hinchables y habilit\u00f3 un dj para animar la avenida<\/p><\/div><div class=\"latest_post_two_info\" ><div class=\"latest_post_two_info_inner\" ><div class=\"post_info_author\"><img alt='Author Image' src='https:\/\/secure.gravatar.com\/avatar\/1c476992411e4ccf153da63b2b2f5ea0bb4cb1c85f3ceab8512f04325ad5579c?s=30&#038;d=mm&#038;r=g' srcset='https:\/\/secure.gravatar.com\/avatar\/1c476992411e4ccf153da63b2b2f5ea0bb4cb1c85f3ceab8512f04325ad5579c?s=60&#038;d=mm&#038;r=g 2x' class='avatar avatar-30 photo' height='30' width='30' \/><span class=\"post_info_author_name\">Corresponsal<\/span><\/div><div itemprop=\"dateCreated\" class=\"post_info_date entry_date updated\">14 agosto, 2025<meta itemprop=\"interactionCount\" content=\"UserComments: <?php echo get_comments_number(qode_get_page_id()); ?>\"\/><\/div><\/div><\/div><\/div><\/li><li class=\"clearfix\"><div class=\"latest_post_two_image\"><a itemprop=\"url\" href=\"https:\/\/www.aridane.org\/city\/2025\/08\/14\/puerto-naos-consolida-la-reapertura-de-su-oficina-de-informacion-turistica-con-cerca-de-mil-visitantes-en-julio\/\"><img loading=\"lazy\" decoding=\"async\" width=\"800\" height=\"600\" src=\"https:\/\/www.aridane.org\/city\/wp-content\/uploads\/2025\/08\/Inmaculada-Fernandez-1-e1755195426645-800x600.jpeg\" class=\"attachment-portfolio-landscape size-portfolio-landscape wp-post-image\" alt=\"\" srcset=\"https:\/\/www.aridane.org\/city\/wp-content\/uploads\/2025\/08\/Inmaculada-Fernandez-1-e1755195426645-800x600.jpeg 800w, https:\/\/www.aridane.org\/city\/wp-content\/uploads\/2025\/08\/Inmaculada-Fernandez-1-e1755195426645-300x225.jpeg 300w, https:\/\/www.aridane.org\/city\/wp-content\/uploads\/2025\/08\/Inmaculada-Fernandez-1-e1755195426645-620x465.jpeg 620w, https:\/\/www.aridane.org\/city\/wp-content\/uploads\/2025\/08\/Inmaculada-Fernandez-1-e1755195426645-768x576.jpeg 768w, https:\/\/www.aridane.org\/city\/wp-content\/uploads\/2025\/08\/Inmaculada-Fernandez-1-e1755195426645-700x525.jpeg 700w, https:\/\/www.aridane.org\/city\/wp-content\/uploads\/2025\/08\/Inmaculada-Fernandez-1-e1755195426645.jpeg 1200w\" sizes=\"auto, (max-width: 800px) 100vw, 800px\" \/><\/a><\/div><div class=\"latest_post_two_inner\" ><div class=\"latest_post_two_text\"><h5 itemprop=\"name\" class=\"latest_post_two_title entry_title\"><a itemprop=\"url\" href=\"https:\/\/www.aridane.org\/city\/2025\/08\/14\/puerto-naos-consolida-la-reapertura-de-su-oficina-de-informacion-turistica-con-cerca-de-mil-visitantes-en-julio\/\" >Puerto Naos consolida la reapertura de su oficina de informaci\u00f3n tur\u00edstica con cerca de mil visitantes en julio<\/a><\/h5><div class=\"separator small left \" ><\/div><p itemprop=\"description\" class=\"latest_post_two_excerpt\" >La franja horaria m\u00e1s habitual de consulta fue de 11:00 a 12:00 horas<\/p><\/div><div class=\"latest_post_two_info\" ><div class=\"latest_post_two_info_inner\" ><div class=\"post_info_author\"><img alt='Author Image' src='https:\/\/secure.gravatar.com\/avatar\/1c476992411e4ccf153da63b2b2f5ea0bb4cb1c85f3ceab8512f04325ad5579c?s=30&#038;d=mm&#038;r=g' srcset='https:\/\/secure.gravatar.com\/avatar\/1c476992411e4ccf153da63b2b2f5ea0bb4cb1c85f3ceab8512f04325ad5579c?s=60&#038;d=mm&#038;r=g 2x' class='avatar avatar-30 photo' height='30' width='30' \/><span class=\"post_info_author_name\">Corresponsal<\/span><\/div><div itemprop=\"dateCreated\" class=\"post_info_date entry_date updated\">14 agosto, 2025<meta itemprop=\"interactionCount\" content=\"UserComments: <?php echo get_comments_number(qode_get_page_id()); ?>\"\/><\/div><\/div><\/div><\/div><\/li><li class=\"clearfix\"><div class=\"latest_post_two_image\"><a itemprop=\"url\" href=\"https:\/\/www.aridane.org\/city\/2025\/08\/12\/los-llanos-de-aridane-adjudica-las-obras-para-climatizar-la-piscina-municipal\/\"><img loading=\"lazy\" decoding=\"async\" width=\"800\" height=\"600\" src=\"https:\/\/www.aridane.org\/city\/wp-content\/uploads\/2025\/08\/Piscina-Municipal-climatizacion-800x600.jpeg\" class=\"attachment-portfolio-landscape size-portfolio-landscape wp-post-image\" alt=\"\" srcset=\"https:\/\/www.aridane.org\/city\/wp-content\/uploads\/2025\/08\/Piscina-Municipal-climatizacion-800x600.jpeg 800w, https:\/\/www.aridane.org\/city\/wp-content\/uploads\/2025\/08\/Piscina-Municipal-climatizacion-300x225.jpeg 300w, https:\/\/www.aridane.org\/city\/wp-content\/uploads\/2025\/08\/Piscina-Municipal-climatizacion-620x465.jpeg 620w, https:\/\/www.aridane.org\/city\/wp-content\/uploads\/2025\/08\/Piscina-Municipal-climatizacion-768x576.jpeg 768w, https:\/\/www.aridane.org\/city\/wp-content\/uploads\/2025\/08\/Piscina-Municipal-climatizacion-1536x1152.jpeg 1536w, https:\/\/www.aridane.org\/city\/wp-content\/uploads\/2025\/08\/Piscina-Municipal-climatizacion-2048x1536.jpeg 2048w, https:\/\/www.aridane.org\/city\/wp-content\/uploads\/2025\/08\/Piscina-Municipal-climatizacion-700x525.jpeg 700w\" sizes=\"auto, (max-width: 800px) 100vw, 800px\" \/><\/a><\/div><div class=\"latest_post_two_inner\" ><div class=\"latest_post_two_text\"><h5 itemprop=\"name\" class=\"latest_post_two_title entry_title\"><a itemprop=\"url\" href=\"https:\/\/www.aridane.org\/city\/2025\/08\/12\/los-llanos-de-aridane-adjudica-las-obras-para-climatizar-la-piscina-municipal\/\" >Los Llanos de Aridane adjudica las obras para climatizar la piscina municipal<\/a><\/h5><div class=\"separator small left \" ><\/div><p itemprop=\"description\" class=\"latest_post_two_excerpt\" >La actuaci\u00f3n contempla mejoras el\u00e9ctricas para la piscina, un sistema de climatizaci\u00f3n eficiente y paneles solares para reducir el consumo de energ\u00eda convencional<\/p><\/div><div class=\"latest_post_two_info\" ><div class=\"latest_post_two_info_inner\" ><div class=\"post_info_author\"><img alt='Author Image' src='https:\/\/secure.gravatar.com\/avatar\/1c476992411e4ccf153da63b2b2f5ea0bb4cb1c85f3ceab8512f04325ad5579c?s=30&#038;d=mm&#038;r=g' srcset='https:\/\/secure.gravatar.com\/avatar\/1c476992411e4ccf153da63b2b2f5ea0bb4cb1c85f3ceab8512f04325ad5579c?s=60&#038;d=mm&#038;r=g 2x' class='avatar avatar-30 photo' height='30' width='30' \/><span class=\"post_info_author_name\">Corresponsal<\/span><\/div><div itemprop=\"dateCreated\" class=\"post_info_date entry_date updated\">12 agosto, 2025<meta itemprop=\"interactionCount\" content=\"UserComments: <?php echo get_comments_number(qode_get_page_id()); ?>\"\/><\/div><\/div><\/div><\/div><\/li><li class=\"clearfix\"><div class=\"latest_post_two_image\"><a itemprop=\"url\" href=\"https:\/\/www.aridane.org\/city\/2025\/08\/12\/puerto-naos-se-transforma-en-un-gran-espacio-gastronomico-y-cultural-el-16-de-agosto\/\"><img loading=\"lazy\" decoding=\"async\" width=\"800\" height=\"600\" src=\"https:\/\/www.aridane.org\/city\/wp-content\/uploads\/2025\/08\/gastronaos-800x600.jpeg\" class=\"attachment-portfolio-landscape size-portfolio-landscape wp-post-image\" alt=\"\" \/><\/a><\/div><div class=\"latest_post_two_inner\" ><div class=\"latest_post_two_text\"><h5 itemprop=\"name\" class=\"latest_post_two_title entry_title\"><a itemprop=\"url\" href=\"https:\/\/www.aridane.org\/city\/2025\/08\/12\/puerto-naos-se-transforma-en-un-gran-espacio-gastronomico-y-cultural-el-16-de-agosto\/\" >Puerto Naos se transforma en un gran espacio gastron\u00f3mico y cultural el 16 de agosto<\/a><\/h5><div class=\"separator small left \" ><\/div><p itemprop=\"description\" class=\"latest_post_two_excerpt\" >En el evento Gastronaos se podr\u00e1 disfrutar de una variada oferta gastron\u00f3mica con tapas, platos tradicionales, vinos de la isla, cervezas artesanales y otros productos locales<\/p><\/div><div class=\"latest_post_two_info\" ><div class=\"latest_post_two_info_inner\" ><div class=\"post_info_author\"><img alt='Author Image' src='https:\/\/secure.gravatar.com\/avatar\/1c476992411e4ccf153da63b2b2f5ea0bb4cb1c85f3ceab8512f04325ad5579c?s=30&#038;d=mm&#038;r=g' srcset='https:\/\/secure.gravatar.com\/avatar\/1c476992411e4ccf153da63b2b2f5ea0bb4cb1c85f3ceab8512f04325ad5579c?s=60&#038;d=mm&#038;r=g 2x' class='avatar avatar-30 photo' height='30' width='30' \/><span class=\"post_info_author_name\">Corresponsal<\/span><\/div><div itemprop=\"dateCreated\" class=\"post_info_date entry_date updated\">12 agosto, 2025<meta itemprop=\"interactionCount\" content=\"UserComments: <?php echo get_comments_number(qode_get_page_id()); ?>\"\/><\/div><\/div><\/div><\/div><\/li><li class=\"clearfix\"><div class=\"latest_post_two_image\"><a itemprop=\"url\" href=\"https:\/\/www.aridane.org\/city\/2025\/08\/11\/los-llanos-de-aridane-abre-este-lunes-la-fase-de-propuestas-de-los-presupuestos-participativos-2025\/\"><img loading=\"lazy\" decoding=\"async\" width=\"800\" height=\"600\" src=\"https:\/\/www.aridane.org\/city\/wp-content\/uploads\/2025\/08\/Javier-y-Aron-3-1-800x600.jpeg\" class=\"attachment-portfolio-landscape size-portfolio-landscape wp-post-image\" alt=\"\" srcset=\"https:\/\/www.aridane.org\/city\/wp-content\/uploads\/2025\/08\/Javier-y-Aron-3-1-800x600.jpeg 800w, https:\/\/www.aridane.org\/city\/wp-content\/uploads\/2025\/08\/Javier-y-Aron-3-1-300x225.jpeg 300w, https:\/\/www.aridane.org\/city\/wp-content\/uploads\/2025\/08\/Javier-y-Aron-3-1-620x465.jpeg 620w, https:\/\/www.aridane.org\/city\/wp-content\/uploads\/2025\/08\/Javier-y-Aron-3-1-768x576.jpeg 768w, https:\/\/www.aridane.org\/city\/wp-content\/uploads\/2025\/08\/Javier-y-Aron-3-1-1536x1152.jpeg 1536w, https:\/\/www.aridane.org\/city\/wp-content\/uploads\/2025\/08\/Javier-y-Aron-3-1-2048x1536.jpeg 2048w, https:\/\/www.aridane.org\/city\/wp-content\/uploads\/2025\/08\/Javier-y-Aron-3-1-700x525.jpeg 700w\" sizes=\"auto, (max-width: 800px) 100vw, 800px\" \/><\/a><\/div><div class=\"latest_post_two_inner\" ><div class=\"latest_post_two_text\"><h5 itemprop=\"name\" class=\"latest_post_two_title entry_title\"><a itemprop=\"url\" href=\"https:\/\/www.aridane.org\/city\/2025\/08\/11\/los-llanos-de-aridane-abre-este-lunes-la-fase-de-propuestas-de-los-presupuestos-participativos-2025\/\" >Los Llanos de Aridane abre este lunes la fase de propuestas de los Presupuestos Participativos 2025<\/a><\/h5><div class=\"separator small left \" ><\/div><p itemprop=\"description\" class=\"latest_post_two_excerpt\" >Podr\u00e1n presentar propuestas las personas mayores de 16 a\u00f1os y las entidades ciudadanas registradas interesadas en mejorar el municipio<\/p><\/div><div class=\"latest_post_two_info\" ><div class=\"latest_post_two_info_inner\" ><div class=\"post_info_author\"><img alt='Author Image' src='https:\/\/secure.gravatar.com\/avatar\/1c476992411e4ccf153da63b2b2f5ea0bb4cb1c85f3ceab8512f04325ad5579c?s=30&#038;d=mm&#038;r=g' srcset='https:\/\/secure.gravatar.com\/avatar\/1c476992411e4ccf153da63b2b2f5ea0bb4cb1c85f3ceab8512f04325ad5579c?s=60&#038;d=mm&#038;r=g 2x' class='avatar avatar-30 photo' height='30' width='30' \/><span class=\"post_info_author_name\">Corresponsal<\/span><\/div><div itemprop=\"dateCreated\" class=\"post_info_date entry_date updated\">11 agosto, 2025<meta itemprop=\"interactionCount\" content=\"UserComments: <?php echo get_comments_number(qode_get_page_id()); ?>\"\/><\/div><\/div><\/div><\/div><\/li><li class=\"clearfix\"><div class=\"latest_post_two_image\"><a itemprop=\"url\" href=\"https:\/\/www.aridane.org\/city\/2025\/08\/07\/los-llanos-de-aridane-refuerza-la-seguridad-de-los-taxis-del-municipio\/\"><img loading=\"lazy\" decoding=\"async\" width=\"800\" height=\"600\" src=\"https:\/\/www.aridane.org\/city\/wp-content\/uploads\/2025\/08\/Parada-taxi-1-1-800x600.jpeg\" class=\"attachment-portfolio-landscape size-portfolio-landscape wp-post-image\" alt=\"\" srcset=\"https:\/\/www.aridane.org\/city\/wp-content\/uploads\/2025\/08\/Parada-taxi-1-1-800x600.jpeg 800w, https:\/\/www.aridane.org\/city\/wp-content\/uploads\/2025\/08\/Parada-taxi-1-1-300x225.jpeg 300w, https:\/\/www.aridane.org\/city\/wp-content\/uploads\/2025\/08\/Parada-taxi-1-1-620x465.jpeg 620w, https:\/\/www.aridane.org\/city\/wp-content\/uploads\/2025\/08\/Parada-taxi-1-1-768x576.jpeg 768w, https:\/\/www.aridane.org\/city\/wp-content\/uploads\/2025\/08\/Parada-taxi-1-1-1536x1152.jpeg 1536w, https:\/\/www.aridane.org\/city\/wp-content\/uploads\/2025\/08\/Parada-taxi-1-1-2048x1536.jpeg 2048w, https:\/\/www.aridane.org\/city\/wp-content\/uploads\/2025\/08\/Parada-taxi-1-1-700x525.jpeg 700w\" sizes=\"auto, (max-width: 800px) 100vw, 800px\" \/><\/a><\/div><div class=\"latest_post_two_inner\" ><div class=\"latest_post_two_text\"><h5 itemprop=\"name\" class=\"latest_post_two_title entry_title\"><a itemprop=\"url\" href=\"https:\/\/www.aridane.org\/city\/2025\/08\/07\/los-llanos-de-aridane-refuerza-la-seguridad-de-los-taxis-del-municipio\/\" >Los Llanos de Aridane refuerza la seguridad de los taxis del municipio<\/a><\/h5><div class=\"separator small left \" ><\/div><p itemprop=\"description\" class=\"latest_post_two_excerpt\" >El dispositivo se activar\u00e1 especialmente en horario nocturno\u00a0<\/p><\/div><div class=\"latest_post_two_info\" ><div class=\"latest_post_two_info_inner\" ><div class=\"post_info_author\"><img alt='Author Image' src='https:\/\/secure.gravatar.com\/avatar\/1c476992411e4ccf153da63b2b2f5ea0bb4cb1c85f3ceab8512f04325ad5579c?s=30&#038;d=mm&#038;r=g' srcset='https:\/\/secure.gravatar.com\/avatar\/1c476992411e4ccf153da63b2b2f5ea0bb4cb1c85f3ceab8512f04325ad5579c?s=60&#038;d=mm&#038;r=g 2x' class='avatar avatar-30 photo' height='30' width='30' \/><span class=\"post_info_author_name\">Corresponsal<\/span><\/div><div itemprop=\"dateCreated\" class=\"post_info_date entry_date updated\">07 agosto, 2025<meta itemprop=\"interactionCount\" content=\"UserComments: <?php echo get_comments_number(qode_get_page_id()); ?>\"\/><\/div><\/div><\/div><\/div><\/li><li class=\"clearfix\"><div class=\"latest_post_two_image\"><a itemprop=\"url\" href=\"https:\/\/www.aridane.org\/city\/2025\/08\/07\/los-llanos-de-aridane-invierte-30-000-euros-en-impulsar-el-sector-ganadero\/\"><img loading=\"lazy\" decoding=\"async\" width=\"800\" height=\"600\" src=\"https:\/\/www.aridane.org\/city\/wp-content\/uploads\/2025\/08\/NP-Subvencion-ganaderia-1-800x600.jpeg\" class=\"attachment-portfolio-landscape size-portfolio-landscape wp-post-image\" alt=\"\" \/><\/a><\/div><div class=\"latest_post_two_inner\" ><div class=\"latest_post_two_text\"><h5 itemprop=\"name\" class=\"latest_post_two_title entry_title\"><a itemprop=\"url\" href=\"https:\/\/www.aridane.org\/city\/2025\/08\/07\/los-llanos-de-aridane-invierte-30-000-euros-en-impulsar-el-sector-ganadero\/\" >Los Llanos de Aridane invierte 30.000 euros en impulsar el sector ganadero\u00a0<\/a><\/h5><div class=\"separator small left \" ><\/div><p itemprop=\"description\" class=\"latest_post_two_excerpt\" >Una l\u00ednea de ayudas que viene a estimular la fluidez de este \u00e1mbito y cubrir el aumento de los gastos de mantenimiento<\/p><\/div><div class=\"latest_post_two_info\" ><div class=\"latest_post_two_info_inner\" ><div class=\"post_info_author\"><img alt='Author Image' src='https:\/\/secure.gravatar.com\/avatar\/1c476992411e4ccf153da63b2b2f5ea0bb4cb1c85f3ceab8512f04325ad5579c?s=30&#038;d=mm&#038;r=g' srcset='https:\/\/secure.gravatar.com\/avatar\/1c476992411e4ccf153da63b2b2f5ea0bb4cb1c85f3ceab8512f04325ad5579c?s=60&#038;d=mm&#038;r=g 2x' class='avatar avatar-30 photo' height='30' width='30' \/><span class=\"post_info_author_name\">Corresponsal<\/span><\/div><div itemprop=\"dateCreated\" class=\"post_info_date entry_date updated\">07 agosto, 2025<meta itemprop=\"interactionCount\" content=\"UserComments: <?php echo get_comments_number(qode_get_page_id()); ?>\"\/><\/div><\/div><\/div><\/div><\/li><li class=\"clearfix\"><div class=\"latest_post_two_image\"><a itemprop=\"url\" href=\"https:\/\/www.aridane.org\/city\/2025\/08\/04\/el-ayuntamiento-impulsa-la-modernizacion-y-la-accesibilidad-del-museo-del-vino-de-las-manchas\/\"><img loading=\"lazy\" decoding=\"async\" width=\"800\" height=\"495\" src=\"https:\/\/www.aridane.org\/city\/wp-content\/uploads\/2025\/08\/Museo-del-Vino-800x495.png\" class=\"attachment-portfolio-landscape size-portfolio-landscape wp-post-image\" alt=\"\" \/><\/a><\/div><div class=\"latest_post_two_inner\" ><div class=\"latest_post_two_text\"><h5 itemprop=\"name\" class=\"latest_post_two_title entry_title\"><a itemprop=\"url\" href=\"https:\/\/www.aridane.org\/city\/2025\/08\/04\/el-ayuntamiento-impulsa-la-modernizacion-y-la-accesibilidad-del-museo-del-vino-de-las-manchas\/\" >El Ayuntamiento impulsa la modernizaci\u00f3n y la accesibilidad del Museo del Vino de Las Manchas<\/a><\/h5><div class=\"separator small left \" ><\/div><p itemprop=\"description\" class=\"latest_post_two_excerpt\" >Las empresas interesadas en ejecutar el proyecto pueden presentar sus ofertas a trav\u00e9s de la Plataforma de Contrataci\u00f3n del Sector P\u00fablico antes del 16 de agosto<\/p><\/div><div class=\"latest_post_two_info\" ><div class=\"latest_post_two_info_inner\" ><div class=\"post_info_author\"><img alt='Author Image' src='https:\/\/secure.gravatar.com\/avatar\/1c476992411e4ccf153da63b2b2f5ea0bb4cb1c85f3ceab8512f04325ad5579c?s=30&#038;d=mm&#038;r=g' srcset='https:\/\/secure.gravatar.com\/avatar\/1c476992411e4ccf153da63b2b2f5ea0bb4cb1c85f3ceab8512f04325ad5579c?s=60&#038;d=mm&#038;r=g 2x' class='avatar avatar-30 photo' height='30' width='30' \/><span class=\"post_info_author_name\">Corresponsal<\/span><\/div><div itemprop=\"dateCreated\" class=\"post_info_date entry_date updated\">04 agosto, 2025<meta itemprop=\"interactionCount\" content=\"UserComments: <?php echo get_comments_number(qode_get_page_id()); ?>\"\/><\/div><\/div><\/div><\/div><\/li><li class=\"clearfix\"><div class=\"latest_post_two_image\"><a itemprop=\"url\" href=\"https:\/\/www.aridane.org\/city\/2025\/07\/31\/los-llanos-de-aridane-regula-la-movilidad-sobre-patinetes-electricos-y-otros-vpm\/\"><img loading=\"lazy\" decoding=\"async\" width=\"800\" height=\"600\" src=\"https:\/\/www.aridane.org\/city\/wp-content\/uploads\/2024\/08\/Los-Llanos-de-Aridane-drone-800x600.png\" class=\"attachment-portfolio-landscape size-portfolio-landscape wp-post-image\" alt=\"\" \/><\/a><\/div><div class=\"latest_post_two_inner\" ><div class=\"latest_post_two_text\"><h5 itemprop=\"name\" class=\"latest_post_two_title entry_title\"><a itemprop=\"url\" href=\"https:\/\/www.aridane.org\/city\/2025\/07\/31\/los-llanos-de-aridane-regula-la-movilidad-sobre-patinetes-electricos-y-otros-vpm\/\" >Los Llanos de Aridane regula la movilidad sobre patinetes el\u00e9ctricos y otros VPM<\/a><\/h5><div class=\"separator small left \" ><\/div><p itemprop=\"description\" class=\"latest_post_two_excerpt\" >A trav\u00e9s de una ordenanza, se incluyen medidas para el uso responsable de los veh\u00edculos de movilidad personal, como el uso obligatorio de elementos de seguridad\u00a0<\/p><\/div><div class=\"latest_post_two_info\" ><div class=\"latest_post_two_info_inner\" ><div class=\"post_info_author\"><img alt='Author Image' src='https:\/\/secure.gravatar.com\/avatar\/1c476992411e4ccf153da63b2b2f5ea0bb4cb1c85f3ceab8512f04325ad5579c?s=30&#038;d=mm&#038;r=g' srcset='https:\/\/secure.gravatar.com\/avatar\/1c476992411e4ccf153da63b2b2f5ea0bb4cb1c85f3ceab8512f04325ad5579c?s=60&#038;d=mm&#038;r=g 2x' class='avatar avatar-30 photo' height='30' width='30' \/><span class=\"post_info_author_name\">Corresponsal<\/span><\/div><div itemprop=\"dateCreated\" class=\"post_info_date entry_date updated\">31 julio, 2025<meta itemprop=\"interactionCount\" content=\"UserComments: <?php echo get_comments_number(qode_get_page_id()); ?>\"\/><\/div><\/div><\/div><\/div><\/li><li class=\"clearfix\"><div class=\"latest_post_two_image\"><a itemprop=\"url\" href=\"https:\/\/www.aridane.org\/city\/2025\/07\/30\/los-llanos-transformara-la-montana-de-tenisca-en-un-espacio-para-el-paseo-el-deporte-y-el-encuentro\/\"><img loading=\"lazy\" decoding=\"async\" width=\"800\" height=\"600\" src=\"https:\/\/www.aridane.org\/city\/wp-content\/uploads\/2025\/08\/Proyecto-Castillo-800x600.jpeg\" class=\"attachment-portfolio-landscape size-portfolio-landscape wp-post-image\" alt=\"\" \/><\/a><\/div><div class=\"latest_post_two_inner\" ><div class=\"latest_post_two_text\"><h5 itemprop=\"name\" class=\"latest_post_two_title entry_title\"><a itemprop=\"url\" href=\"https:\/\/www.aridane.org\/city\/2025\/07\/30\/los-llanos-transformara-la-montana-de-tenisca-en-un-espacio-para-el-paseo-el-deporte-y-el-encuentro\/\" >Los Llanos transformar\u00e1 la Monta\u00f1a de Tenisca en un espacio para el paseo, el deporte y el encuentro<\/a><\/h5><div class=\"separator small left \" ><\/div><p itemprop=\"description\" class=\"latest_post_two_excerpt\" >El proyecto tambi\u00e9n integrar\u00e1 el simb\u00f3lico Castillo de La Virgen con la ciudad en un paseo ajardinado<\/p><\/div><div class=\"latest_post_two_info\" ><div class=\"latest_post_two_info_inner\" ><div class=\"post_info_author\"><img alt='Author Image' src='https:\/\/secure.gravatar.com\/avatar\/1c476992411e4ccf153da63b2b2f5ea0bb4cb1c85f3ceab8512f04325ad5579c?s=30&#038;d=mm&#038;r=g' srcset='https:\/\/secure.gravatar.com\/avatar\/1c476992411e4ccf153da63b2b2f5ea0bb4cb1c85f3ceab8512f04325ad5579c?s=60&#038;d=mm&#038;r=g 2x' class='avatar avatar-30 photo' height='30' width='30' \/><span class=\"post_info_author_name\">Corresponsal<\/span><\/div><div itemprop=\"dateCreated\" class=\"post_info_date entry_date updated\">30 julio, 2025<meta itemprop=\"interactionCount\" content=\"UserComments: <?php echo get_comments_number(qode_get_page_id()); ?>\"\/><\/div><\/div><\/div><\/div><\/li><li class=\"clearfix\"><div class=\"latest_post_two_image\"><a itemprop=\"url\" href=\"https:\/\/www.aridane.org\/city\/2025\/07\/23\/cortonaos-film-festival-la-palma\/\"><img loading=\"lazy\" decoding=\"async\" width=\"800\" height=\"600\" src=\"https:\/\/www.aridane.org\/city\/wp-content\/uploads\/2025\/07\/Bases-reguladoras-seccion-CORTONAOS-e1753274109226-800x600.jpg\" class=\"attachment-portfolio-landscape size-portfolio-landscape wp-post-image\" alt=\"\" \/><\/a><\/div><div class=\"latest_post_two_inner\" ><div class=\"latest_post_two_text\"><h5 itemprop=\"name\" class=\"latest_post_two_title entry_title\"><a itemprop=\"url\" href=\"https:\/\/www.aridane.org\/city\/2025\/07\/23\/cortonaos-film-festival-la-palma\/\" >CORTONAOS &#8211; Film festival La Palma<\/a><\/h5><div class=\"separator small left \" ><\/div><p itemprop=\"description\" class=\"latest_post_two_excerpt\" >[vc_row css_animation=\u00bb\u00bb row_type=\u00bbrow\u00bb use_row_as_full_screen_section=\u00bbno\u00bb type=\u00bbfull_width\u00bb angled_section=\u00bbno\u00bb text_align=\u00bbleft\u00bb background_image_as_pattern=\u00bbwithout_pattern\u00bb][vc_column] [vc_single_image ima<\/p><\/div><div class=\"latest_post_two_info\" ><div class=\"latest_post_two_info_inner\" ><div class=\"post_info_author\"><img alt='Author Image' src='https:\/\/secure.gravatar.com\/avatar\/aef05f213835cb7cc9a918d8be65cb7d136c17b41fcf9b113e8c431b055e6578?s=30&#038;d=mm&#038;r=g' srcset='https:\/\/secure.gravatar.com\/avatar\/aef05f213835cb7cc9a918d8be65cb7d136c17b41fcf9b113e8c431b055e6578?s=60&#038;d=mm&#038;r=g 2x' class='avatar avatar-30 photo' height='30' width='30' \/><span class=\"post_info_author_name\">Miguel Barreto Garc\u00eda<\/span><\/div><div itemprop=\"dateCreated\" class=\"post_info_date entry_date updated\">23 julio, 2025<meta itemprop=\"interactionCount\" content=\"UserComments: <?php echo get_comments_number(qode_get_page_id()); ?>\"\/><\/div><\/div><\/div><\/div><\/li><li class=\"clearfix\"><div class=\"latest_post_two_image\"><a itemprop=\"url\" href=\"https:\/\/www.aridane.org\/city\/2025\/07\/21\/los-llanos-de-aridane-mejora-el-cuidado-de-sus-zonas-verdes-con-nuevas-guias-de-actuacion\/\"><img loading=\"lazy\" decoding=\"async\" width=\"800\" height=\"600\" src=\"https:\/\/www.aridane.org\/city\/wp-content\/uploads\/2025\/08\/Carlos-de-Paz-800x600.jpeg\" class=\"attachment-portfolio-landscape size-portfolio-landscape wp-post-image\" alt=\"\" srcset=\"https:\/\/www.aridane.org\/city\/wp-content\/uploads\/2025\/08\/Carlos-de-Paz-800x600.jpeg 800w, https:\/\/www.aridane.org\/city\/wp-content\/uploads\/2025\/08\/Carlos-de-Paz-300x225.jpeg 300w, https:\/\/www.aridane.org\/city\/wp-content\/uploads\/2025\/08\/Carlos-de-Paz-620x465.jpeg 620w, https:\/\/www.aridane.org\/city\/wp-content\/uploads\/2025\/08\/Carlos-de-Paz-768x576.jpeg 768w, https:\/\/www.aridane.org\/city\/wp-content\/uploads\/2025\/08\/Carlos-de-Paz-1536x1152.jpeg 1536w, https:\/\/www.aridane.org\/city\/wp-content\/uploads\/2025\/08\/Carlos-de-Paz-2048x1536.jpeg 2048w, https:\/\/www.aridane.org\/city\/wp-content\/uploads\/2025\/08\/Carlos-de-Paz-700x525.jpeg 700w\" sizes=\"auto, (max-width: 800px) 100vw, 800px\" \/><\/a><\/div><div class=\"latest_post_two_inner\" ><div class=\"latest_post_two_text\"><h5 itemprop=\"name\" class=\"latest_post_two_title entry_title\"><a itemprop=\"url\" href=\"https:\/\/www.aridane.org\/city\/2025\/07\/21\/los-llanos-de-aridane-mejora-el-cuidado-de-sus-zonas-verdes-con-nuevas-guias-de-actuacion\/\" >Los Llanos de Aridane mejora el cuidado de sus zonas verdes con nuevas gu\u00edas de actuaci\u00f3n<\/a><\/h5><div class=\"separator small left \" ><\/div><p itemprop=\"description\" class=\"latest_post_two_excerpt\" >Los nuevos protocolos han sido elaborados por especialistas en sanidad vegetal, arboricultura y bot\u00e1nica con el fin de actuar en parques y jardines de manera respetuosa y planificada<\/p><\/div><div class=\"latest_post_two_info\" ><div class=\"latest_post_two_info_inner\" ><div class=\"post_info_author\"><img alt='Author Image' src='https:\/\/secure.gravatar.com\/avatar\/1c476992411e4ccf153da63b2b2f5ea0bb4cb1c85f3ceab8512f04325ad5579c?s=30&#038;d=mm&#038;r=g' srcset='https:\/\/secure.gravatar.com\/avatar\/1c476992411e4ccf153da63b2b2f5ea0bb4cb1c85f3ceab8512f04325ad5579c?s=60&#038;d=mm&#038;r=g 2x' class='avatar avatar-30 photo' height='30' width='30' \/><span class=\"post_info_author_name\">Corresponsal<\/span><\/div><div itemprop=\"dateCreated\" class=\"post_info_date entry_date updated\">21 julio, 2025<meta itemprop=\"interactionCount\" content=\"UserComments: <?php echo get_comments_number(qode_get_page_id()); ?>\"\/><\/div><\/div><\/div><\/div><\/li><li class=\"clearfix\"><div class=\"latest_post_two_image\"><a itemprop=\"url\" href=\"https:\/\/www.aridane.org\/city\/2025\/07\/18\/los-llanos-de-aridane-reunira-a-la-elite-de-la-musica-electronica-en-el-vilus-festival\/\"><img loading=\"lazy\" decoding=\"async\" width=\"800\" height=\"600\" src=\"https:\/\/www.aridane.org\/city\/wp-content\/uploads\/2025\/07\/Vilus-Festival-800x600.jpeg\" class=\"attachment-portfolio-landscape size-portfolio-landscape wp-post-image\" alt=\"\" srcset=\"https:\/\/www.aridane.org\/city\/wp-content\/uploads\/2025\/07\/Vilus-Festival-800x600.jpeg 800w, https:\/\/www.aridane.org\/city\/wp-content\/uploads\/2025\/07\/Vilus-Festival-300x225.jpeg 300w, https:\/\/www.aridane.org\/city\/wp-content\/uploads\/2025\/07\/Vilus-Festival-620x465.jpeg 620w, https:\/\/www.aridane.org\/city\/wp-content\/uploads\/2025\/07\/Vilus-Festival-768x576.jpeg 768w, https:\/\/www.aridane.org\/city\/wp-content\/uploads\/2025\/07\/Vilus-Festival-1536x1152.jpeg 1536w, https:\/\/www.aridane.org\/city\/wp-content\/uploads\/2025\/07\/Vilus-Festival-2048x1536.jpeg 2048w, https:\/\/www.aridane.org\/city\/wp-content\/uploads\/2025\/07\/Vilus-Festival-700x525.jpeg 700w\" sizes=\"auto, (max-width: 800px) 100vw, 800px\" \/><\/a><\/div><div class=\"latest_post_two_inner\" ><div class=\"latest_post_two_text\"><h5 itemprop=\"name\" class=\"latest_post_two_title entry_title\"><a itemprop=\"url\" href=\"https:\/\/www.aridane.org\/city\/2025\/07\/18\/los-llanos-de-aridane-reunira-a-la-elite-de-la-musica-electronica-en-el-vilus-festival\/\" >Los Llanos de Aridane reunir\u00e1 a la \u00e9lite de la m\u00fasica electr\u00f3nica en el Vilus Festival<\/a><\/h5><div class=\"separator small left \" ><\/div><p itemprop=\"description\" class=\"latest_post_two_excerpt\" >El evento reunir\u00e1 el 2 de agosto artistas internacionales como NERVO, Pendulum DJ Set e Yves V, quienes han participado en el festival por excelencia del g\u00e9nero: Tomorrowland<\/p><\/div><div class=\"latest_post_two_info\" ><div class=\"latest_post_two_info_inner\" ><div class=\"post_info_author\"><img alt='Author Image' src='https:\/\/secure.gravatar.com\/avatar\/1c476992411e4ccf153da63b2b2f5ea0bb4cb1c85f3ceab8512f04325ad5579c?s=30&#038;d=mm&#038;r=g' srcset='https:\/\/secure.gravatar.com\/avatar\/1c476992411e4ccf153da63b2b2f5ea0bb4cb1c85f3ceab8512f04325ad5579c?s=60&#038;d=mm&#038;r=g 2x' class='avatar avatar-30 photo' height='30' width='30' \/><span class=\"post_info_author_name\">Corresponsal<\/span><\/div><div itemprop=\"dateCreated\" class=\"post_info_date entry_date updated\">18 julio, 2025<meta itemprop=\"interactionCount\" content=\"UserComments: <?php echo get_comments_number(qode_get_page_id()); ?>\"\/><\/div><\/div><\/div><\/div><\/li><li class=\"clearfix\"><div class=\"latest_post_two_image\"><a itemprop=\"url\" href=\"https:\/\/www.aridane.org\/city\/2025\/07\/16\/el-ayuntamiento-acondiciona-el-colegio-de-puerto-naos-para-su-reapertura\/\"><img loading=\"lazy\" decoding=\"async\" width=\"800\" height=\"600\" src=\"https:\/\/www.aridane.org\/city\/wp-content\/uploads\/2025\/07\/Colegio-PTO-Naos-800x600.jpeg\" class=\"attachment-portfolio-landscape size-portfolio-landscape wp-post-image\" alt=\"\" \/><\/a><\/div><div class=\"latest_post_two_inner\" ><div class=\"latest_post_two_text\"><h5 itemprop=\"name\" class=\"latest_post_two_title entry_title\"><a itemprop=\"url\" href=\"https:\/\/www.aridane.org\/city\/2025\/07\/16\/el-ayuntamiento-acondiciona-el-colegio-de-puerto-naos-para-su-reapertura\/\" >El Ayuntamiento acondiciona el colegio de Puerto Naos para su reapertura<\/a><\/h5><div class=\"separator small left \" ><\/div><p itemprop=\"description\" class=\"latest_post_two_excerpt\" >En las pr\u00f3ximas semanas se convocar\u00e1 una reuni\u00f3n con las familias para informar sobre la reapertura<\/p><\/div><div class=\"latest_post_two_info\" ><div class=\"latest_post_two_info_inner\" ><div class=\"post_info_author\"><img alt='Author Image' src='https:\/\/secure.gravatar.com\/avatar\/1c476992411e4ccf153da63b2b2f5ea0bb4cb1c85f3ceab8512f04325ad5579c?s=30&#038;d=mm&#038;r=g' srcset='https:\/\/secure.gravatar.com\/avatar\/1c476992411e4ccf153da63b2b2f5ea0bb4cb1c85f3ceab8512f04325ad5579c?s=60&#038;d=mm&#038;r=g 2x' class='avatar avatar-30 photo' height='30' width='30' \/><span class=\"post_info_author_name\">Corresponsal<\/span><\/div><div itemprop=\"dateCreated\" class=\"post_info_date entry_date updated\">16 julio, 2025<meta itemprop=\"interactionCount\" content=\"UserComments: <?php echo get_comments_number(qode_get_page_id()); ?>\"\/><\/div><\/div><\/div><\/div><\/li><li class=\"clearfix\"><div class=\"latest_post_two_image\"><a itemprop=\"url\" href=\"https:\/\/www.aridane.org\/city\/2025\/07\/15\/los-llanos-de-aridane-contrata-14-personas-para-reforzar-las-tareas-de-reconstruccion\/\"><img loading=\"lazy\" decoding=\"async\" width=\"800\" height=\"600\" src=\"https:\/\/www.aridane.org\/city\/wp-content\/uploads\/2025\/07\/Plan-de-Empleo-junio-800x600.jpeg\" class=\"attachment-portfolio-landscape size-portfolio-landscape wp-post-image\" alt=\"\" srcset=\"https:\/\/www.aridane.org\/city\/wp-content\/uploads\/2025\/07\/Plan-de-Empleo-junio-800x600.jpeg 800w, https:\/\/www.aridane.org\/city\/wp-content\/uploads\/2025\/07\/Plan-de-Empleo-junio-300x225.jpeg 300w, https:\/\/www.aridane.org\/city\/wp-content\/uploads\/2025\/07\/Plan-de-Empleo-junio-620x465.jpeg 620w, https:\/\/www.aridane.org\/city\/wp-content\/uploads\/2025\/07\/Plan-de-Empleo-junio-768x576.jpeg 768w, https:\/\/www.aridane.org\/city\/wp-content\/uploads\/2025\/07\/Plan-de-Empleo-junio-1536x1152.jpeg 1536w, https:\/\/www.aridane.org\/city\/wp-content\/uploads\/2025\/07\/Plan-de-Empleo-junio-2048x1536.jpeg 2048w, https:\/\/www.aridane.org\/city\/wp-content\/uploads\/2025\/07\/Plan-de-Empleo-junio-700x525.jpeg 700w\" sizes=\"auto, (max-width: 800px) 100vw, 800px\" \/><\/a><\/div><div class=\"latest_post_two_inner\" ><div class=\"latest_post_two_text\"><h5 itemprop=\"name\" class=\"latest_post_two_title entry_title\"><a itemprop=\"url\" href=\"https:\/\/www.aridane.org\/city\/2025\/07\/15\/los-llanos-de-aridane-contrata-14-personas-para-reforzar-las-tareas-de-reconstruccion\/\" >Los Llanos de Aridane contrata 14 personas para reforzar las tareas de reconstrucci\u00f3n<\/a><\/h5><div class=\"separator small left \" ><\/div><p itemprop=\"description\" class=\"latest_post_two_excerpt\" >Los nuevos perfiles apoyar\u00e1n tanto las labores de limpieza y adecuaci\u00f3n de espacios urbanos, como la labor administrativa ligada a la reconstrucci\u00f3n<\/p><\/div><div class=\"latest_post_two_info\" ><div class=\"latest_post_two_info_inner\" ><div class=\"post_info_author\"><img alt='Author Image' src='https:\/\/secure.gravatar.com\/avatar\/1c476992411e4ccf153da63b2b2f5ea0bb4cb1c85f3ceab8512f04325ad5579c?s=30&#038;d=mm&#038;r=g' srcset='https:\/\/secure.gravatar.com\/avatar\/1c476992411e4ccf153da63b2b2f5ea0bb4cb1c85f3ceab8512f04325ad5579c?s=60&#038;d=mm&#038;r=g 2x' class='avatar avatar-30 photo' height='30' width='30' \/><span class=\"post_info_author_name\">Corresponsal<\/span><\/div><div itemprop=\"dateCreated\" class=\"post_info_date entry_date updated\">15 julio, 2025<meta itemprop=\"interactionCount\" content=\"UserComments: <?php echo get_comments_number(qode_get_page_id()); ?>\"\/><\/div><\/div><\/div><\/div><\/li><li class=\"clearfix\"><div class=\"latest_post_two_image\"><a itemprop=\"url\" href=\"https:\/\/www.aridane.org\/city\/2025\/07\/11\/los-llanos-de-aridane-colabora-con-el-estado-para-acelerar-la-reconstruccion\/\"><img loading=\"lazy\" decoding=\"async\" width=\"800\" height=\"600\" src=\"https:\/\/www.aridane.org\/city\/wp-content\/uploads\/2025\/07\/Reconstruccion-1-1-800x600.jpeg\" class=\"attachment-portfolio-landscape size-portfolio-landscape wp-post-image\" alt=\"\" srcset=\"https:\/\/www.aridane.org\/city\/wp-content\/uploads\/2025\/07\/Reconstruccion-1-1-800x600.jpeg 800w, https:\/\/www.aridane.org\/city\/wp-content\/uploads\/2025\/07\/Reconstruccion-1-1-300x225.jpeg 300w, https:\/\/www.aridane.org\/city\/wp-content\/uploads\/2025\/07\/Reconstruccion-1-1-620x465.jpeg 620w, https:\/\/www.aridane.org\/city\/wp-content\/uploads\/2025\/07\/Reconstruccion-1-1-768x576.jpeg 768w, https:\/\/www.aridane.org\/city\/wp-content\/uploads\/2025\/07\/Reconstruccion-1-1-1536x1152.jpeg 1536w, https:\/\/www.aridane.org\/city\/wp-content\/uploads\/2025\/07\/Reconstruccion-1-1-2048x1535.jpeg 2048w, https:\/\/www.aridane.org\/city\/wp-content\/uploads\/2025\/07\/Reconstruccion-1-1-700x525.jpeg 700w\" sizes=\"auto, (max-width: 800px) 100vw, 800px\" \/><\/a><\/div><div class=\"latest_post_two_inner\" ><div class=\"latest_post_two_text\"><h5 itemprop=\"name\" class=\"latest_post_two_title entry_title\"><a itemprop=\"url\" href=\"https:\/\/www.aridane.org\/city\/2025\/07\/11\/los-llanos-de-aridane-colabora-con-el-estado-para-acelerar-la-reconstruccion\/\" >Los Llanos de Aridane colabora con el Estado para acelerar la reconstrucci\u00f3n<\/a><\/h5><div class=\"separator small left \" ><\/div><p itemprop=\"description\" class=\"latest_post_two_excerpt\" >El alcalde, Javier Llamas, valora el esfuerzo t\u00e9cnico y de auditor\u00eda hecho el personal municipal para impulsar la reconstrucci\u00f3n post-volc\u00e1n<\/p><\/div><div class=\"latest_post_two_info\" ><div class=\"latest_post_two_info_inner\" ><div class=\"post_info_author\"><img alt='Author Image' src='https:\/\/secure.gravatar.com\/avatar\/1c476992411e4ccf153da63b2b2f5ea0bb4cb1c85f3ceab8512f04325ad5579c?s=30&#038;d=mm&#038;r=g' srcset='https:\/\/secure.gravatar.com\/avatar\/1c476992411e4ccf153da63b2b2f5ea0bb4cb1c85f3ceab8512f04325ad5579c?s=60&#038;d=mm&#038;r=g 2x' class='avatar avatar-30 photo' height='30' width='30' \/><span class=\"post_info_author_name\">Corresponsal<\/span><\/div><div itemprop=\"dateCreated\" class=\"post_info_date entry_date updated\">11 julio, 2025<meta itemprop=\"interactionCount\" content=\"UserComments: <?php echo get_comments_number(qode_get_page_id()); ?>\"\/><\/div><\/div><\/div><\/div><\/li><li class=\"clearfix\"><div class=\"latest_post_two_image\"><a itemprop=\"url\" href=\"https:\/\/www.aridane.org\/city\/2025\/07\/09\/los-llanos-de-aridane-acerca-los-tramites-de-extranjeria-con-una-oficina-temporal-este-viernes\/\"><img loading=\"lazy\" decoding=\"async\" width=\"800\" height=\"600\" src=\"https:\/\/www.aridane.org\/city\/wp-content\/uploads\/2025\/07\/Edificio-Servicios-Sociales-LosLlanos-800x600.jpeg\" class=\"attachment-portfolio-landscape size-portfolio-landscape wp-post-image\" alt=\"\" srcset=\"https:\/\/www.aridane.org\/city\/wp-content\/uploads\/2025\/07\/Edificio-Servicios-Sociales-LosLlanos-800x600.jpeg 800w, https:\/\/www.aridane.org\/city\/wp-content\/uploads\/2025\/07\/Edificio-Servicios-Sociales-LosLlanos-300x225.jpeg 300w, https:\/\/www.aridane.org\/city\/wp-content\/uploads\/2025\/07\/Edificio-Servicios-Sociales-LosLlanos-620x465.jpeg 620w, https:\/\/www.aridane.org\/city\/wp-content\/uploads\/2025\/07\/Edificio-Servicios-Sociales-LosLlanos-768x576.jpeg 768w, https:\/\/www.aridane.org\/city\/wp-content\/uploads\/2025\/07\/Edificio-Servicios-Sociales-LosLlanos-700x525.jpeg 700w, https:\/\/www.aridane.org\/city\/wp-content\/uploads\/2025\/07\/Edificio-Servicios-Sociales-LosLlanos.jpeg 900w\" sizes=\"auto, (max-width: 800px) 100vw, 800px\" \/><\/a><\/div><div class=\"latest_post_two_inner\" ><div class=\"latest_post_two_text\"><h5 itemprop=\"name\" class=\"latest_post_two_title entry_title\"><a itemprop=\"url\" href=\"https:\/\/www.aridane.org\/city\/2025\/07\/09\/los-llanos-de-aridane-acerca-los-tramites-de-extranjeria-con-una-oficina-temporal-este-viernes\/\" >Los Llanos de Aridane acerca los tr\u00e1mites de Extranjer\u00eda con una oficina temporal este viernes<\/a><\/h5><div class=\"separator small left \" ><\/div><p itemprop=\"description\" class=\"latest_post_two_excerpt\" >La jornada de atenci\u00f3n tendr\u00e1 lugar en horario de 09:00 a 13:00 horas, en las instalaciones municipales de Servicios Sociales<\/p><\/div><div class=\"latest_post_two_info\" ><div class=\"latest_post_two_info_inner\" ><div class=\"post_info_author\"><img alt='Author Image' src='https:\/\/secure.gravatar.com\/avatar\/1c476992411e4ccf153da63b2b2f5ea0bb4cb1c85f3ceab8512f04325ad5579c?s=30&#038;d=mm&#038;r=g' srcset='https:\/\/secure.gravatar.com\/avatar\/1c476992411e4ccf153da63b2b2f5ea0bb4cb1c85f3ceab8512f04325ad5579c?s=60&#038;d=mm&#038;r=g 2x' class='avatar avatar-30 photo' height='30' width='30' \/><span class=\"post_info_author_name\">Corresponsal<\/span><\/div><div itemprop=\"dateCreated\" class=\"post_info_date entry_date updated\">09 julio, 2025<meta itemprop=\"interactionCount\" content=\"UserComments: <?php echo get_comments_number(qode_get_page_id()); ?>\"\/><\/div><\/div><\/div><\/div><\/li><li class=\"clearfix\"><div class=\"latest_post_two_image\"><a itemprop=\"url\" href=\"https:\/\/www.aridane.org\/city\/2025\/07\/07\/los-llanos-de-aridane-lanza-nuevas-ayudas-para-asociaciones-vecinales\/\"><img loading=\"lazy\" decoding=\"async\" width=\"800\" height=\"600\" src=\"https:\/\/www.aridane.org\/city\/wp-content\/uploads\/2025\/07\/Ayudas-asociaciones-vecinales-800x600.jpeg\" class=\"attachment-portfolio-landscape size-portfolio-landscape wp-post-image\" alt=\"\" srcset=\"https:\/\/www.aridane.org\/city\/wp-content\/uploads\/2025\/07\/Ayudas-asociaciones-vecinales-800x600.jpeg 800w, https:\/\/www.aridane.org\/city\/wp-content\/uploads\/2025\/07\/Ayudas-asociaciones-vecinales-300x225.jpeg 300w, https:\/\/www.aridane.org\/city\/wp-content\/uploads\/2025\/07\/Ayudas-asociaciones-vecinales-620x465.jpeg 620w, https:\/\/www.aridane.org\/city\/wp-content\/uploads\/2025\/07\/Ayudas-asociaciones-vecinales-768x576.jpeg 768w, https:\/\/www.aridane.org\/city\/wp-content\/uploads\/2025\/07\/Ayudas-asociaciones-vecinales-1536x1152.jpeg 1536w, https:\/\/www.aridane.org\/city\/wp-content\/uploads\/2025\/07\/Ayudas-asociaciones-vecinales-2048x1536.jpeg 2048w, https:\/\/www.aridane.org\/city\/wp-content\/uploads\/2025\/07\/Ayudas-asociaciones-vecinales-700x525.jpeg 700w\" sizes=\"auto, (max-width: 800px) 100vw, 800px\" \/><\/a><\/div><div class=\"latest_post_two_inner\" ><div class=\"latest_post_two_text\"><h5 itemprop=\"name\" class=\"latest_post_two_title entry_title\"><a itemprop=\"url\" href=\"https:\/\/www.aridane.org\/city\/2025\/07\/07\/los-llanos-de-aridane-lanza-nuevas-ayudas-para-asociaciones-vecinales\/\" >Los Llanos de Aridane lanza nuevas ayudas para asociaciones vecinales\u00a0<\/a><\/h5><div class=\"separator small left \" ><\/div><p itemprop=\"description\" class=\"latest_post_two_excerpt\" >La convocatoria, dotada con 50.000 euros, apoya iniciativas sin \u00e1nimo de lucro\u00a0<\/p><\/div><div class=\"latest_post_two_info\" ><div class=\"latest_post_two_info_inner\" ><div class=\"post_info_author\"><img alt='Author Image' src='https:\/\/secure.gravatar.com\/avatar\/1c476992411e4ccf153da63b2b2f5ea0bb4cb1c85f3ceab8512f04325ad5579c?s=30&#038;d=mm&#038;r=g' srcset='https:\/\/secure.gravatar.com\/avatar\/1c476992411e4ccf153da63b2b2f5ea0bb4cb1c85f3ceab8512f04325ad5579c?s=60&#038;d=mm&#038;r=g 2x' class='avatar avatar-30 photo' height='30' width='30' \/><span class=\"post_info_author_name\">Corresponsal<\/span><\/div><div itemprop=\"dateCreated\" class=\"post_info_date entry_date updated\">07 julio, 2025<meta itemprop=\"interactionCount\" content=\"UserComments: <?php echo get_comments_number(qode_get_page_id()); ?>\"\/><\/div><\/div><\/div><\/div><\/li><li class=\"clearfix\"><div class=\"latest_post_two_image\"><a itemprop=\"url\" href=\"https:\/\/www.aridane.org\/city\/2025\/07\/04\/el-remo-se-ilumina-gracias-a-la-colaboracion-entre-ayuntamiento-cabildo-y-reserva-de-la-biosfera\/\"><img loading=\"lazy\" decoding=\"async\" width=\"800\" height=\"600\" src=\"https:\/\/www.aridane.org\/city\/wp-content\/uploads\/2025\/07\/Luz-en-el-remo-800x600.jpeg\" class=\"attachment-portfolio-landscape size-portfolio-landscape wp-post-image\" alt=\"\" \/><\/a><\/div><div class=\"latest_post_two_inner\" ><div class=\"latest_post_two_text\"><h5 itemprop=\"name\" class=\"latest_post_two_title entry_title\"><a itemprop=\"url\" href=\"https:\/\/www.aridane.org\/city\/2025\/07\/04\/el-remo-se-ilumina-gracias-a-la-colaboracion-entre-ayuntamiento-cabildo-y-reserva-de-la-biosfera\/\" >El Remo se ilumina gracias a la colaboraci\u00f3n entre Ayuntamiento, Cabildo y Reserva de la Biosfera<\/a><\/h5><div class=\"separator small left \" ><\/div><p itemprop=\"description\" class=\"latest_post_two_excerpt\" >\u201cEn un enclave costero como este, con personas que viven en \u00e9l los 365 d\u00edas del a\u00f1o, contar con luz no es un lujo, es un derecho b\u00e1sico y esencial\u201d, afirma el alcalde, Javier Llamas<\/p><\/div><div class=\"latest_post_two_info\" ><div class=\"latest_post_two_info_inner\" ><div class=\"post_info_author\"><img alt='Author Image' src='https:\/\/secure.gravatar.com\/avatar\/1c476992411e4ccf153da63b2b2f5ea0bb4cb1c85f3ceab8512f04325ad5579c?s=30&#038;d=mm&#038;r=g' srcset='https:\/\/secure.gravatar.com\/avatar\/1c476992411e4ccf153da63b2b2f5ea0bb4cb1c85f3ceab8512f04325ad5579c?s=60&#038;d=mm&#038;r=g 2x' class='avatar avatar-30 photo' height='30' width='30' \/><span class=\"post_info_author_name\">Corresponsal<\/span><\/div><div itemprop=\"dateCreated\" class=\"post_info_date entry_date updated\">04 julio, 2025<meta itemprop=\"interactionCount\" content=\"UserComments: <?php echo get_comments_number(qode_get_page_id()); ?>\"\/><\/div><\/div><\/div><\/div><\/li><li class=\"clearfix\"><div class=\"latest_post_two_image\"><a itemprop=\"url\" href=\"https:\/\/www.aridane.org\/city\/2025\/07\/03\/los-llanos-de-aridane-reabre-la-oficina-de-turismo-de-puerto-naos-con-nueva-imagen-y-atencion-personalizada\/\"><img loading=\"lazy\" decoding=\"async\" width=\"800\" height=\"600\" src=\"https:\/\/www.aridane.org\/city\/wp-content\/uploads\/2025\/07\/Ofina-de-turismo-de-PN-800x600.jpeg\" class=\"attachment-portfolio-landscape size-portfolio-landscape wp-post-image\" alt=\"\" \/><\/a><\/div><div class=\"latest_post_two_inner\" ><div class=\"latest_post_two_text\"><h5 itemprop=\"name\" class=\"latest_post_two_title entry_title\"><a itemprop=\"url\" href=\"https:\/\/www.aridane.org\/city\/2025\/07\/03\/los-llanos-de-aridane-reabre-la-oficina-de-turismo-de-puerto-naos-con-nueva-imagen-y-atencion-personalizada\/\" >Los Llanos de Aridane reabre la Oficina de Turismo de Puerto Naos con nueva imagen y atenci\u00f3n personalizada<\/a><\/h5><div class=\"separator small left \" ><\/div><p itemprop=\"description\" class=\"latest_post_two_excerpt\" >La oficina abre de lunes a viernes de 10:30 a 17:30 horas, y los s\u00e1bados, domingos y festivos de 10:30 a 14:30 horas<\/p><\/div><div class=\"latest_post_two_info\" ><div class=\"latest_post_two_info_inner\" ><div class=\"post_info_author\"><img alt='Author Image' src='https:\/\/secure.gravatar.com\/avatar\/1c476992411e4ccf153da63b2b2f5ea0bb4cb1c85f3ceab8512f04325ad5579c?s=30&#038;d=mm&#038;r=g' srcset='https:\/\/secure.gravatar.com\/avatar\/1c476992411e4ccf153da63b2b2f5ea0bb4cb1c85f3ceab8512f04325ad5579c?s=60&#038;d=mm&#038;r=g 2x' class='avatar avatar-30 photo' height='30' width='30' \/><span class=\"post_info_author_name\">Corresponsal<\/span><\/div><div itemprop=\"dateCreated\" class=\"post_info_date entry_date updated\">03 julio, 2025<meta itemprop=\"interactionCount\" content=\"UserComments: <?php echo get_comments_number(qode_get_page_id()); ?>\"\/><\/div><\/div><\/div><\/div><\/li><li class=\"clearfix\"><div class=\"latest_post_two_image\"><a itemprop=\"url\" href=\"https:\/\/www.aridane.org\/city\/2025\/07\/03\/los-llanos-de-aridane-activa-las-ayudas-para-el-alumnado-que-cursa-estudios-fuera-de-la-isla\/\"><img loading=\"lazy\" decoding=\"async\" width=\"800\" height=\"600\" src=\"https:\/\/www.aridane.org\/city\/wp-content\/uploads\/2025\/07\/Casa-de-la-Cultura-800x600.jpg\" class=\"attachment-portfolio-landscape size-portfolio-landscape wp-post-image\" alt=\"\" \/><\/a><\/div><div class=\"latest_post_two_inner\" ><div class=\"latest_post_two_text\"><h5 itemprop=\"name\" class=\"latest_post_two_title entry_title\"><a itemprop=\"url\" href=\"https:\/\/www.aridane.org\/city\/2025\/07\/03\/los-llanos-de-aridane-activa-las-ayudas-para-el-alumnado-que-cursa-estudios-fuera-de-la-isla\/\" >Los Llanos de Aridane activa las ayudas para el alumnado que cursa estudios fuera de la isla\u00a0<\/a><\/h5><div class=\"separator small left \" ><\/div><p itemprop=\"description\" class=\"latest_post_two_excerpt\" >El periodo de solicitud estar\u00e1 abierto durante todo el mes de julio<\/p><\/div><div class=\"latest_post_two_info\" ><div class=\"latest_post_two_info_inner\" ><div class=\"post_info_author\"><img alt='Author Image' src='https:\/\/secure.gravatar.com\/avatar\/1c476992411e4ccf153da63b2b2f5ea0bb4cb1c85f3ceab8512f04325ad5579c?s=30&#038;d=mm&#038;r=g' srcset='https:\/\/secure.gravatar.com\/avatar\/1c476992411e4ccf153da63b2b2f5ea0bb4cb1c85f3ceab8512f04325ad5579c?s=60&#038;d=mm&#038;r=g 2x' class='avatar avatar-30 photo' height='30' width='30' \/><span class=\"post_info_author_name\">Corresponsal<\/span><\/div><div itemprop=\"dateCreated\" class=\"post_info_date entry_date updated\">03 julio, 2025<meta itemprop=\"interactionCount\" content=\"UserComments: <?php echo get_comments_number(qode_get_page_id()); ?>\"\/><\/div><\/div><\/div><\/div><\/li><li class=\"clearfix\"><div class=\"latest_post_two_image\"><a itemprop=\"url\" href=\"https:\/\/www.aridane.org\/city\/2025\/06\/30\/los-llanos-de-aridane-honra-a-la-patrona-con-carreras-de-caballos-y-el-estreno-del-campeonato-turf-2025\/\"><img loading=\"lazy\" decoding=\"async\" width=\"670\" height=\"447\" src=\"https:\/\/www.aridane.org\/city\/wp-content\/uploads\/2025\/07\/Patrona.jpg\" class=\"attachment-portfolio-landscape size-portfolio-landscape wp-post-image\" alt=\"\" srcset=\"https:\/\/www.aridane.org\/city\/wp-content\/uploads\/2025\/07\/Patrona.jpg 670w, https:\/\/www.aridane.org\/city\/wp-content\/uploads\/2025\/07\/Patrona-300x200.jpg 300w, https:\/\/www.aridane.org\/city\/wp-content\/uploads\/2025\/07\/Patrona-620x414.jpg 620w\" sizes=\"auto, (max-width: 670px) 100vw, 670px\" \/><\/a><\/div><div class=\"latest_post_two_inner\" ><div class=\"latest_post_two_text\"><h5 itemprop=\"name\" class=\"latest_post_two_title entry_title\"><a itemprop=\"url\" href=\"https:\/\/www.aridane.org\/city\/2025\/06\/30\/los-llanos-de-aridane-honra-a-la-patrona-con-carreras-de-caballos-y-el-estreno-del-campeonato-turf-2025\/\" >Los Llanos de Aridane honra a La Patrona con carreras de caballos y el estreno del Campeonato Turf 2025<\/a><\/h5><div class=\"separator small left \" ><\/div><p itemprop=\"description\" class=\"latest_post_two_excerpt\" >La primera ronda del campeonato re\u00fane a 16 caballos de La Palma, Tenerife y Gran Canaria<\/p><\/div><div class=\"latest_post_two_info\" ><div class=\"latest_post_two_info_inner\" ><div class=\"post_info_author\"><img alt='Author Image' src='https:\/\/secure.gravatar.com\/avatar\/1c476992411e4ccf153da63b2b2f5ea0bb4cb1c85f3ceab8512f04325ad5579c?s=30&#038;d=mm&#038;r=g' srcset='https:\/\/secure.gravatar.com\/avatar\/1c476992411e4ccf153da63b2b2f5ea0bb4cb1c85f3ceab8512f04325ad5579c?s=60&#038;d=mm&#038;r=g 2x' class='avatar avatar-30 photo' height='30' width='30' \/><span class=\"post_info_author_name\">Corresponsal<\/span><\/div><div itemprop=\"dateCreated\" class=\"post_info_date entry_date updated\">30 junio, 2025<meta itemprop=\"interactionCount\" content=\"UserComments: <?php echo get_comments_number(qode_get_page_id()); ?>\"\/><\/div><\/div><\/div><\/div><\/li><li class=\"clearfix\"><div class=\"latest_post_two_image\"><a itemprop=\"url\" href=\"https:\/\/www.aridane.org\/city\/2025\/06\/30\/los-llanos-convierte-los-vehiculos-abandonados-del-municipio-en-material-didactico-para-los-institutos\/\"><img loading=\"lazy\" decoding=\"async\" width=\"800\" height=\"600\" src=\"https:\/\/www.aridane.org\/city\/wp-content\/uploads\/2025\/07\/Economia-circular-Los-Llanos-800x600.jpeg\" class=\"attachment-portfolio-landscape size-portfolio-landscape wp-post-image\" alt=\"\" srcset=\"https:\/\/www.aridane.org\/city\/wp-content\/uploads\/2025\/07\/Economia-circular-Los-Llanos-800x600.jpeg 800w, https:\/\/www.aridane.org\/city\/wp-content\/uploads\/2025\/07\/Economia-circular-Los-Llanos-300x225.jpeg 300w, https:\/\/www.aridane.org\/city\/wp-content\/uploads\/2025\/07\/Economia-circular-Los-Llanos-620x465.jpeg 620w, https:\/\/www.aridane.org\/city\/wp-content\/uploads\/2025\/07\/Economia-circular-Los-Llanos-768x576.jpeg 768w, https:\/\/www.aridane.org\/city\/wp-content\/uploads\/2025\/07\/Economia-circular-Los-Llanos-1536x1152.jpeg 1536w, https:\/\/www.aridane.org\/city\/wp-content\/uploads\/2025\/07\/Economia-circular-Los-Llanos-2048x1536.jpeg 2048w, https:\/\/www.aridane.org\/city\/wp-content\/uploads\/2025\/07\/Economia-circular-Los-Llanos-700x525.jpeg 700w\" sizes=\"auto, (max-width: 800px) 100vw, 800px\" \/><\/a><\/div><div class=\"latest_post_two_inner\" ><div class=\"latest_post_two_text\"><h5 itemprop=\"name\" class=\"latest_post_two_title entry_title\"><a itemprop=\"url\" href=\"https:\/\/www.aridane.org\/city\/2025\/06\/30\/los-llanos-convierte-los-vehiculos-abandonados-del-municipio-en-material-didactico-para-los-institutos\/\" >Los Llanos convierte los veh\u00edculos abandonados del municipio en material did\u00e1ctico para los institutos<\/a><\/h5><div class=\"separator small left \" ><\/div><p itemprop=\"description\" class=\"latest_post_two_excerpt\" >El Ayuntamiento acaba de formalizar la entrega de siete veh\u00edculos al IES Jos\u00e9 Mar\u00eda P\u00e9rez Pulido y pronto har\u00e1 lo propio con el Centro Educativo de Villa de Mazo<\/p><\/div><div class=\"latest_post_two_info\" ><div class=\"latest_post_two_info_inner\" ><div class=\"post_info_author\"><img alt='Author Image' src='https:\/\/secure.gravatar.com\/avatar\/1c476992411e4ccf153da63b2b2f5ea0bb4cb1c85f3ceab8512f04325ad5579c?s=30&#038;d=mm&#038;r=g' srcset='https:\/\/secure.gravatar.com\/avatar\/1c476992411e4ccf153da63b2b2f5ea0bb4cb1c85f3ceab8512f04325ad5579c?s=60&#038;d=mm&#038;r=g 2x' class='avatar avatar-30 photo' height='30' width='30' \/><span class=\"post_info_author_name\">Corresponsal<\/span><\/div><div itemprop=\"dateCreated\" class=\"post_info_date entry_date updated\">30 junio, 2025<meta itemprop=\"interactionCount\" content=\"UserComments: <?php echo get_comments_number(qode_get_page_id()); ?>\"\/><\/div><\/div><\/div><\/div><\/li><li class=\"clearfix\"><div class=\"latest_post_two_image\"><a itemprop=\"url\" href=\"https:\/\/www.aridane.org\/city\/2025\/06\/30\/los-llanos-de-aridane-combina-deporte-de-alto-rendimiento-e-inclusividad-en-la-batalla-de-acero\/\"><img loading=\"lazy\" decoding=\"async\" width=\"800\" height=\"600\" src=\"https:\/\/www.aridane.org\/city\/wp-content\/uploads\/2025\/07\/Batalla-Acero-2-2025-800x600.jpeg\" class=\"attachment-portfolio-landscape size-portfolio-landscape wp-post-image\" alt=\"\" \/><\/a><\/div><div class=\"latest_post_two_inner\" ><div class=\"latest_post_two_text\"><h5 itemprop=\"name\" class=\"latest_post_two_title entry_title\"><a itemprop=\"url\" href=\"https:\/\/www.aridane.org\/city\/2025\/06\/30\/los-llanos-de-aridane-combina-deporte-de-alto-rendimiento-e-inclusividad-en-la-batalla-de-acero\/\" >Los Llanos de Aridane combina deporte de alto rendimiento e inclusividad en la Batalla de Acer\u00f3\u00a0<\/a><\/h5><div class=\"separator small left \" ><\/div><p itemprop=\"description\" class=\"latest_post_two_excerpt\" >Dos referentes internacional del CrossFit adaptado compitieron en la m\u00e1xima categor\u00eda<\/p><\/div><div class=\"latest_post_two_info\" ><div class=\"latest_post_two_info_inner\" ><div class=\"post_info_author\"><img alt='Author Image' src='https:\/\/secure.gravatar.com\/avatar\/1c476992411e4ccf153da63b2b2f5ea0bb4cb1c85f3ceab8512f04325ad5579c?s=30&#038;d=mm&#038;r=g' srcset='https:\/\/secure.gravatar.com\/avatar\/1c476992411e4ccf153da63b2b2f5ea0bb4cb1c85f3ceab8512f04325ad5579c?s=60&#038;d=mm&#038;r=g 2x' class='avatar avatar-30 photo' height='30' width='30' \/><span class=\"post_info_author_name\">Corresponsal<\/span><\/div><div itemprop=\"dateCreated\" class=\"post_info_date entry_date updated\">30 junio, 2025<meta itemprop=\"interactionCount\" content=\"UserComments: <?php echo get_comments_number(qode_get_page_id()); ?>\"\/><\/div><\/div><\/div><\/div><\/li><li class=\"clearfix\"><div class=\"latest_post_two_image\"><a itemprop=\"url\" href=\"https:\/\/www.aridane.org\/city\/2025\/06\/26\/los-llanos-de-aridane-acoge-el-tradicional-torneo-de-ajedrez-fiestas-de-la-patrona-2025\/\"><img loading=\"lazy\" decoding=\"async\" width=\"800\" height=\"600\" src=\"https:\/\/www.aridane.org\/city\/wp-content\/uploads\/2025\/07\/Ajedrez-Patrona-800x600.jpeg\" class=\"attachment-portfolio-landscape size-portfolio-landscape wp-post-image\" alt=\"\" srcset=\"https:\/\/www.aridane.org\/city\/wp-content\/uploads\/2025\/07\/Ajedrez-Patrona-800x600.jpeg 800w, https:\/\/www.aridane.org\/city\/wp-content\/uploads\/2025\/07\/Ajedrez-Patrona-300x225.jpeg 300w, https:\/\/www.aridane.org\/city\/wp-content\/uploads\/2025\/07\/Ajedrez-Patrona-620x465.jpeg 620w, https:\/\/www.aridane.org\/city\/wp-content\/uploads\/2025\/07\/Ajedrez-Patrona-768x576.jpeg 768w, https:\/\/www.aridane.org\/city\/wp-content\/uploads\/2025\/07\/Ajedrez-Patrona-1536x1152.jpeg 1536w, https:\/\/www.aridane.org\/city\/wp-content\/uploads\/2025\/07\/Ajedrez-Patrona-2048x1536.jpeg 2048w, https:\/\/www.aridane.org\/city\/wp-content\/uploads\/2025\/07\/Ajedrez-Patrona-700x525.jpeg 700w\" sizes=\"auto, (max-width: 800px) 100vw, 800px\" \/><\/a><\/div><div class=\"latest_post_two_inner\" ><div class=\"latest_post_two_text\"><h5 itemprop=\"name\" class=\"latest_post_two_title entry_title\"><a itemprop=\"url\" href=\"https:\/\/www.aridane.org\/city\/2025\/06\/26\/los-llanos-de-aridane-acoge-el-tradicional-torneo-de-ajedrez-fiestas-de-la-patrona-2025\/\" >Los Llanos de Aridane acoge el tradicional Torneo de Ajedrez Fiestas de La Patrona 2025<\/a><\/h5><div class=\"separator small left \" ><\/div><p itemprop=\"description\" class=\"latest_post_two_excerpt\" >El torneo es valedero para ELO FIDE R\u00e1pido y ofrece premios para todas las categor\u00edas<\/p><\/div><div class=\"latest_post_two_info\" ><div class=\"latest_post_two_info_inner\" ><div class=\"post_info_author\"><img alt='Author Image' src='https:\/\/secure.gravatar.com\/avatar\/1c476992411e4ccf153da63b2b2f5ea0bb4cb1c85f3ceab8512f04325ad5579c?s=30&#038;d=mm&#038;r=g' srcset='https:\/\/secure.gravatar.com\/avatar\/1c476992411e4ccf153da63b2b2f5ea0bb4cb1c85f3ceab8512f04325ad5579c?s=60&#038;d=mm&#038;r=g 2x' class='avatar avatar-30 photo' height='30' width='30' \/><span class=\"post_info_author_name\">Corresponsal<\/span><\/div><div itemprop=\"dateCreated\" class=\"post_info_date entry_date updated\">26 junio, 2025<meta itemprop=\"interactionCount\" content=\"UserComments: <?php echo get_comments_number(qode_get_page_id()); ?>\"\/><\/div><\/div><\/div><\/div><\/li><li class=\"clearfix\"><div class=\"latest_post_two_image\"><a itemprop=\"url\" href=\"https:\/\/www.aridane.org\/city\/2025\/06\/26\/el-ayuntamiento-promueve-un-gran-corredor-verde-en-el-barranco-de-tenisca-para-transformar-la-ciudad\/\"><img loading=\"lazy\" decoding=\"async\" width=\"800\" height=\"600\" src=\"https:\/\/www.aridane.org\/city\/wp-content\/uploads\/2025\/07\/Corredor-Verde-800x600.jpeg\" class=\"attachment-portfolio-landscape size-portfolio-landscape wp-post-image\" alt=\"\" srcset=\"https:\/\/www.aridane.org\/city\/wp-content\/uploads\/2025\/07\/Corredor-Verde-800x600.jpeg 800w, https:\/\/www.aridane.org\/city\/wp-content\/uploads\/2025\/07\/Corredor-Verde-300x225.jpeg 300w, https:\/\/www.aridane.org\/city\/wp-content\/uploads\/2025\/07\/Corredor-Verde-620x465.jpeg 620w, https:\/\/www.aridane.org\/city\/wp-content\/uploads\/2025\/07\/Corredor-Verde-768x576.jpeg 768w, https:\/\/www.aridane.org\/city\/wp-content\/uploads\/2025\/07\/Corredor-Verde-1536x1152.jpeg 1536w, https:\/\/www.aridane.org\/city\/wp-content\/uploads\/2025\/07\/Corredor-Verde-2048x1536.jpeg 2048w, https:\/\/www.aridane.org\/city\/wp-content\/uploads\/2025\/07\/Corredor-Verde-700x525.jpeg 700w\" sizes=\"auto, (max-width: 800px) 100vw, 800px\" \/><\/a><\/div><div class=\"latest_post_two_inner\" ><div class=\"latest_post_two_text\"><h5 itemprop=\"name\" class=\"latest_post_two_title entry_title\"><a itemprop=\"url\" href=\"https:\/\/www.aridane.org\/city\/2025\/06\/26\/el-ayuntamiento-promueve-un-gran-corredor-verde-en-el-barranco-de-tenisca-para-transformar-la-ciudad\/\" >El Ayuntamiento promueve un gran corredor verde en el barranco de Tenisca para transformar la ciudad<\/a><\/h5><div class=\"separator small left \" ><\/div><p itemprop=\"description\" class=\"latest_post_two_excerpt\" >El Consistorio aspira a captar una inversi\u00f3n de 2,8 millones de euros a trav\u00e9s de las Fundaci\u00f3n Biodiversidad, cofinanciada con fondos FEDER<\/p><\/div><div class=\"latest_post_two_info\" ><div class=\"latest_post_two_info_inner\" ><div class=\"post_info_author\"><img alt='Author Image' src='https:\/\/secure.gravatar.com\/avatar\/1c476992411e4ccf153da63b2b2f5ea0bb4cb1c85f3ceab8512f04325ad5579c?s=30&#038;d=mm&#038;r=g' srcset='https:\/\/secure.gravatar.com\/avatar\/1c476992411e4ccf153da63b2b2f5ea0bb4cb1c85f3ceab8512f04325ad5579c?s=60&#038;d=mm&#038;r=g 2x' class='avatar avatar-30 photo' height='30' width='30' \/><span class=\"post_info_author_name\">Corresponsal<\/span><\/div><div itemprop=\"dateCreated\" class=\"post_info_date entry_date updated\">26 junio, 2025<meta itemprop=\"interactionCount\" content=\"UserComments: <?php echo get_comments_number(qode_get_page_id()); ?>\"\/><\/div><\/div><\/div><\/div><\/li><li class=\"clearfix\"><div class=\"latest_post_two_image\"><a itemprop=\"url\" href=\"https:\/\/www.aridane.org\/city\/2025\/06\/25\/los-llanos-de-aridane-aprueba-la-modificacion-de-la-relacion-de-puestos-de-trabajo\/\"><img loading=\"lazy\" decoding=\"async\" width=\"800\" height=\"600\" src=\"https:\/\/www.aridane.org\/city\/wp-content\/uploads\/2025\/07\/Modificacion-RPT-800x600.jpeg\" class=\"attachment-portfolio-landscape size-portfolio-landscape wp-post-image\" alt=\"\" srcset=\"https:\/\/www.aridane.org\/city\/wp-content\/uploads\/2025\/07\/Modificacion-RPT-800x600.jpeg 800w, https:\/\/www.aridane.org\/city\/wp-content\/uploads\/2025\/07\/Modificacion-RPT-300x225.jpeg 300w, https:\/\/www.aridane.org\/city\/wp-content\/uploads\/2025\/07\/Modificacion-RPT-620x465.jpeg 620w, https:\/\/www.aridane.org\/city\/wp-content\/uploads\/2025\/07\/Modificacion-RPT-768x576.jpeg 768w, https:\/\/www.aridane.org\/city\/wp-content\/uploads\/2025\/07\/Modificacion-RPT-1536x1152.jpeg 1536w, https:\/\/www.aridane.org\/city\/wp-content\/uploads\/2025\/07\/Modificacion-RPT-2048x1536.jpeg 2048w, https:\/\/www.aridane.org\/city\/wp-content\/uploads\/2025\/07\/Modificacion-RPT-700x525.jpeg 700w\" sizes=\"auto, (max-width: 800px) 100vw, 800px\" \/><\/a><\/div><div class=\"latest_post_two_inner\" ><div class=\"latest_post_two_text\"><h5 itemprop=\"name\" class=\"latest_post_two_title entry_title\"><a itemprop=\"url\" href=\"https:\/\/www.aridane.org\/city\/2025\/06\/25\/los-llanos-de-aridane-aprueba-la-modificacion-de-la-relacion-de-puestos-de-trabajo\/\" >Los Llanos de Aridane aprueba la modificaci\u00f3n de la Relaci\u00f3n de Puestos de Trabajo<\/a><\/h5><div class=\"separator small left \" ><\/div><p itemprop=\"description\" class=\"latest_post_two_excerpt\" >El alcalde, Javier Llamas, explica que esta modificaci\u00f3n llega tras un intenso y riguroso proceso de di\u00e1logo y negociaci\u00f3n en el que han participado todas las partes implicadas<\/p><\/div><div class=\"latest_post_two_info\" ><div class=\"latest_post_two_info_inner\" ><div class=\"post_info_author\"><img alt='Author Image' src='https:\/\/secure.gravatar.com\/avatar\/1c476992411e4ccf153da63b2b2f5ea0bb4cb1c85f3ceab8512f04325ad5579c?s=30&#038;d=mm&#038;r=g' srcset='https:\/\/secure.gravatar.com\/avatar\/1c476992411e4ccf153da63b2b2f5ea0bb4cb1c85f3ceab8512f04325ad5579c?s=60&#038;d=mm&#038;r=g 2x' class='avatar avatar-30 photo' height='30' width='30' \/><span class=\"post_info_author_name\">Corresponsal<\/span><\/div><div itemprop=\"dateCreated\" class=\"post_info_date entry_date updated\">25 junio, 2025<meta itemprop=\"interactionCount\" content=\"UserComments: <?php echo get_comments_number(qode_get_page_id()); ?>\"\/><\/div><\/div><\/div><\/div><\/li><li class=\"clearfix\"><div class=\"latest_post_two_image\"><a itemprop=\"url\" href=\"https:\/\/www.aridane.org\/city\/2025\/06\/24\/la-fiesta-de-arte-de-los-llanos-de-aridane-rinde-homenaje-al-25-aniversario-del-cemfac\/\"><img loading=\"lazy\" decoding=\"async\" width=\"800\" height=\"600\" src=\"https:\/\/www.aridane.org\/city\/wp-content\/uploads\/2025\/07\/Fiesta-de-Arte-2025-800x600.jpeg\" class=\"attachment-portfolio-landscape size-portfolio-landscape wp-post-image\" alt=\"\" \/><\/a><\/div><div class=\"latest_post_two_inner\" ><div class=\"latest_post_two_text\"><h5 itemprop=\"name\" class=\"latest_post_two_title entry_title\"><a itemprop=\"url\" href=\"https:\/\/www.aridane.org\/city\/2025\/06\/24\/la-fiesta-de-arte-de-los-llanos-de-aridane-rinde-homenaje-al-25-aniversario-del-cemfac\/\" >La Fiesta de Arte de Los Llanos de Aridane rinde homenaje al 25 aniversario del CEMFAC<\/a><\/h5><div class=\"separator small left \" ><\/div><p itemprop=\"description\" class=\"latest_post_two_excerpt\" >La propuesta art\u00edstica, titulada \u2018UTOP\u00cdA\u2019, se inspira en el esp\u00edritu libre de Don Quijote y en la fuerza del arte urbano que define a Los Llanos de Aridane<\/p><\/div><div class=\"latest_post_two_info\" ><div class=\"latest_post_two_info_inner\" ><div class=\"post_info_author\"><img alt='Author Image' src='https:\/\/secure.gravatar.com\/avatar\/1c476992411e4ccf153da63b2b2f5ea0bb4cb1c85f3ceab8512f04325ad5579c?s=30&#038;d=mm&#038;r=g' srcset='https:\/\/secure.gravatar.com\/avatar\/1c476992411e4ccf153da63b2b2f5ea0bb4cb1c85f3ceab8512f04325ad5579c?s=60&#038;d=mm&#038;r=g 2x' class='avatar avatar-30 photo' height='30' width='30' \/><span class=\"post_info_author_name\">Corresponsal<\/span><\/div><div itemprop=\"dateCreated\" class=\"post_info_date entry_date updated\">24 junio, 2025<meta itemprop=\"interactionCount\" content=\"UserComments: <?php echo get_comments_number(qode_get_page_id()); ?>\"\/><\/div><\/div><\/div><\/div><\/li><li class=\"clearfix\"><div class=\"latest_post_two_image\"><a itemprop=\"url\" href=\"https:\/\/www.aridane.org\/city\/2025\/06\/24\/los-llanos-de-aridane-coordina-con-psicologos-del-ministerio-de-defensa-el-apoyo-a-los-afectados-por-el-volcan\/\"><img loading=\"lazy\" decoding=\"async\" width=\"800\" height=\"600\" src=\"https:\/\/www.aridane.org\/city\/wp-content\/uploads\/2025\/07\/Psicologo-MD-800x600.jpeg\" class=\"attachment-portfolio-landscape size-portfolio-landscape wp-post-image\" alt=\"\" \/><\/a><\/div><div class=\"latest_post_two_inner\" ><div class=\"latest_post_two_text\"><h5 itemprop=\"name\" class=\"latest_post_two_title entry_title\"><a itemprop=\"url\" href=\"https:\/\/www.aridane.org\/city\/2025\/06\/24\/los-llanos-de-aridane-coordina-con-psicologos-del-ministerio-de-defensa-el-apoyo-a-los-afectados-por-el-volcan\/\" >Los Llanos de Aridane coordina con psic\u00f3logos del Ministerio de Defensa el apoyo a los afectados por el volc\u00e1n<\/a><\/h5><div class=\"separator small left \" ><\/div><p itemprop=\"description\" class=\"latest_post_two_excerpt\" >Las personas que necesiten contactar con el equipo del CECCOS pueden hacerlo a trav\u00e9s del tel\u00e9fono 661 471 540 o del correo electr\u00f3nico cecoss@mde.es.<\/p><\/div><div class=\"latest_post_two_info\" ><div class=\"latest_post_two_info_inner\" ><div class=\"post_info_author\"><img alt='Author Image' src='https:\/\/secure.gravatar.com\/avatar\/1c476992411e4ccf153da63b2b2f5ea0bb4cb1c85f3ceab8512f04325ad5579c?s=30&#038;d=mm&#038;r=g' srcset='https:\/\/secure.gravatar.com\/avatar\/1c476992411e4ccf153da63b2b2f5ea0bb4cb1c85f3ceab8512f04325ad5579c?s=60&#038;d=mm&#038;r=g 2x' class='avatar avatar-30 photo' height='30' width='30' \/><span class=\"post_info_author_name\">Corresponsal<\/span><\/div><div itemprop=\"dateCreated\" class=\"post_info_date entry_date updated\">24 junio, 2025<meta itemprop=\"interactionCount\" content=\"UserComments: <?php echo get_comments_number(qode_get_page_id()); ?>\"\/><\/div><\/div><\/div><\/div><\/li><li class=\"clearfix\"><div class=\"latest_post_two_image\"><a itemprop=\"url\" href=\"https:\/\/www.aridane.org\/city\/2025\/06\/23\/el-ayuntamiento-reconoce-la-excelencia-y-el-esfuerzo-del-alumnado-del-perez-pulido-y-del-eusebio-barreto\/\"><img loading=\"lazy\" decoding=\"async\" width=\"800\" height=\"600\" src=\"https:\/\/www.aridane.org\/city\/wp-content\/uploads\/2025\/07\/Expedientes-Los-Llanos-de-Aridane-800x600.jpeg\" class=\"attachment-portfolio-landscape size-portfolio-landscape wp-post-image\" alt=\"\" srcset=\"https:\/\/www.aridane.org\/city\/wp-content\/uploads\/2025\/07\/Expedientes-Los-Llanos-de-Aridane-800x600.jpeg 800w, https:\/\/www.aridane.org\/city\/wp-content\/uploads\/2025\/07\/Expedientes-Los-Llanos-de-Aridane-300x225.jpeg 300w, https:\/\/www.aridane.org\/city\/wp-content\/uploads\/2025\/07\/Expedientes-Los-Llanos-de-Aridane-620x465.jpeg 620w, https:\/\/www.aridane.org\/city\/wp-content\/uploads\/2025\/07\/Expedientes-Los-Llanos-de-Aridane-768x576.jpeg 768w, https:\/\/www.aridane.org\/city\/wp-content\/uploads\/2025\/07\/Expedientes-Los-Llanos-de-Aridane-1536x1152.jpeg 1536w, https:\/\/www.aridane.org\/city\/wp-content\/uploads\/2025\/07\/Expedientes-Los-Llanos-de-Aridane-2048x1536.jpeg 2048w, https:\/\/www.aridane.org\/city\/wp-content\/uploads\/2025\/07\/Expedientes-Los-Llanos-de-Aridane-700x525.jpeg 700w\" sizes=\"auto, (max-width: 800px) 100vw, 800px\" \/><\/a><\/div><div class=\"latest_post_two_inner\" ><div class=\"latest_post_two_text\"><h5 itemprop=\"name\" class=\"latest_post_two_title entry_title\"><a itemprop=\"url\" href=\"https:\/\/www.aridane.org\/city\/2025\/06\/23\/el-ayuntamiento-reconoce-la-excelencia-y-el-esfuerzo-del-alumnado-del-perez-pulido-y-del-eusebio-barreto\/\" >El Ayuntamiento reconoce la excelencia y el esfuerzo del alumnado del P\u00e9rez Pulido y del Eusebio Barreto<\/a><\/h5><div class=\"separator small left \" ><\/div><p itemprop=\"description\" class=\"latest_post_two_excerpt\" >La corporaci\u00f3n municipal entreg\u00f3 11 t\u00edtulos de matr\u00edcula de honor, 23 diplomas de menci\u00f3n honor\u00edfica y 10 de esfuerzo<\/p><\/div><div class=\"latest_post_two_info\" ><div class=\"latest_post_two_info_inner\" ><div class=\"post_info_author\"><img alt='Author Image' src='https:\/\/secure.gravatar.com\/avatar\/1c476992411e4ccf153da63b2b2f5ea0bb4cb1c85f3ceab8512f04325ad5579c?s=30&#038;d=mm&#038;r=g' srcset='https:\/\/secure.gravatar.com\/avatar\/1c476992411e4ccf153da63b2b2f5ea0bb4cb1c85f3ceab8512f04325ad5579c?s=60&#038;d=mm&#038;r=g 2x' class='avatar avatar-30 photo' height='30' width='30' \/><span class=\"post_info_author_name\">Corresponsal<\/span><\/div><div itemprop=\"dateCreated\" class=\"post_info_date entry_date updated\">23 junio, 2025<meta itemprop=\"interactionCount\" content=\"UserComments: <?php echo get_comments_number(qode_get_page_id()); ?>\"\/><\/div><\/div><\/div><\/div><\/li><li class=\"clearfix\"><div class=\"latest_post_two_image\"><a itemprop=\"url\" href=\"https:\/\/www.aridane.org\/city\/2025\/06\/22\/los-llanos-de-aridane-celebra-con-exito-la-romeria-de-san-isidro-y-la-130a-feria-insular-de-ganado\/\"><img loading=\"lazy\" decoding=\"async\" width=\"800\" height=\"600\" src=\"https:\/\/www.aridane.org\/city\/wp-content\/uploads\/2025\/06\/DSC1339-800x600.jpg\" class=\"attachment-portfolio-landscape size-portfolio-landscape wp-post-image\" alt=\"\" \/><\/a><\/div><div class=\"latest_post_two_inner\" ><div class=\"latest_post_two_text\"><h5 itemprop=\"name\" class=\"latest_post_two_title entry_title\"><a itemprop=\"url\" href=\"https:\/\/www.aridane.org\/city\/2025\/06\/22\/los-llanos-de-aridane-celebra-con-exito-la-romeria-de-san-isidro-y-la-130a-feria-insular-de-ganado\/\" >Los Llanos de Aridane celebra con \u00e9xito la Romer\u00eda de San Isidro y la 130\u00aa Feria Insular de Ganado<\/a><\/h5><div class=\"separator small left \" ><\/div><p itemprop=\"description\" class=\"latest_post_two_excerpt\" >Desde el Ayuntamiento se destaca el civismo de la ciudadan\u00eda y la participaci\u00f3n de los colectivos, asociaciones de vecinos, as\u00ed como el desempe\u00f1o del operativo de seguridad<\/p><\/div><div class=\"latest_post_two_info\" ><div class=\"latest_post_two_info_inner\" ><div class=\"post_info_author\"><img alt='Author Image' src='https:\/\/secure.gravatar.com\/avatar\/1c476992411e4ccf153da63b2b2f5ea0bb4cb1c85f3ceab8512f04325ad5579c?s=30&#038;d=mm&#038;r=g' srcset='https:\/\/secure.gravatar.com\/avatar\/1c476992411e4ccf153da63b2b2f5ea0bb4cb1c85f3ceab8512f04325ad5579c?s=60&#038;d=mm&#038;r=g 2x' class='avatar avatar-30 photo' height='30' width='30' \/><span class=\"post_info_author_name\">Corresponsal<\/span><\/div><div itemprop=\"dateCreated\" class=\"post_info_date entry_date updated\">22 junio, 2025<meta itemprop=\"interactionCount\" content=\"UserComments: <?php echo get_comments_number(qode_get_page_id()); ?>\"\/><\/div><\/div><\/div><\/div><\/li><li class=\"clearfix\"><div class=\"latest_post_two_image\"><a itemprop=\"url\" href=\"https:\/\/www.aridane.org\/city\/2025\/02\/05\/los-llanos-de-aridane-abre-la-convocatoria-para-elegir-a-su-mujer-destacada-2025\/\"><img loading=\"lazy\" decoding=\"async\" width=\"800\" height=\"600\" src=\"https:\/\/www.aridane.org\/city\/wp-content\/uploads\/2025\/02\/Mujer-Destacada-2025-800x600.jpeg\" class=\"attachment-portfolio-landscape size-portfolio-landscape wp-post-image\" alt=\"\" srcset=\"https:\/\/www.aridane.org\/city\/wp-content\/uploads\/2025\/02\/Mujer-Destacada-2025-800x600.jpeg 800w, https:\/\/www.aridane.org\/city\/wp-content\/uploads\/2025\/02\/Mujer-Destacada-2025-300x225.jpeg 300w, https:\/\/www.aridane.org\/city\/wp-content\/uploads\/2025\/02\/Mujer-Destacada-2025-620x465.jpeg 620w, https:\/\/www.aridane.org\/city\/wp-content\/uploads\/2025\/02\/Mujer-Destacada-2025-768x576.jpeg 768w, https:\/\/www.aridane.org\/city\/wp-content\/uploads\/2025\/02\/Mujer-Destacada-2025-1536x1152.jpeg 1536w, https:\/\/www.aridane.org\/city\/wp-content\/uploads\/2025\/02\/Mujer-Destacada-2025-700x525.jpeg 700w, https:\/\/www.aridane.org\/city\/wp-content\/uploads\/2025\/02\/Mujer-Destacada-2025.jpeg 2048w\" sizes=\"auto, (max-width: 800px) 100vw, 800px\" \/><\/a><\/div><div class=\"latest_post_two_inner\" ><div class=\"latest_post_two_text\"><h5 itemprop=\"name\" class=\"latest_post_two_title entry_title\"><a itemprop=\"url\" href=\"https:\/\/www.aridane.org\/city\/2025\/02\/05\/los-llanos-de-aridane-abre-la-convocatoria-para-elegir-a-su-mujer-destacada-2025\/\" >Los Llanos de Aridane abre la convocatoria para elegir a su Mujer Destacada 2025<\/a><\/h5><div class=\"separator small left \" ><\/div><p itemprop=\"description\" class=\"latest_post_two_excerpt\" >Las candidaturas pueden presentarse hasta el 28 de febrero de 2025 de forma presencial en el Ayuntamiento o v\u00eda sede electr\u00f3nica municipal<\/p><\/div><div class=\"latest_post_two_info\" ><div class=\"latest_post_two_info_inner\" ><div class=\"post_info_author\"><img alt='Author Image' src='https:\/\/secure.gravatar.com\/avatar\/1c476992411e4ccf153da63b2b2f5ea0bb4cb1c85f3ceab8512f04325ad5579c?s=30&#038;d=mm&#038;r=g' srcset='https:\/\/secure.gravatar.com\/avatar\/1c476992411e4ccf153da63b2b2f5ea0bb4cb1c85f3ceab8512f04325ad5579c?s=60&#038;d=mm&#038;r=g 2x' class='avatar avatar-30 photo' height='30' width='30' \/><span class=\"post_info_author_name\">Corresponsal<\/span><\/div><div itemprop=\"dateCreated\" class=\"post_info_date entry_date updated\">05 febrero, 2025<meta itemprop=\"interactionCount\" content=\"UserComments: <?php echo get_comments_number(qode_get_page_id()); ?>\"\/><\/div><\/div><\/div><\/div><\/li><li class=\"clearfix\"><div class=\"latest_post_two_image\"><a itemprop=\"url\" href=\"https:\/\/www.aridane.org\/city\/2025\/02\/04\/los-llanos-de-aridane-rinde-homenaje-al-funk-el-soul-y-el-jazz-de-los-anos-70-con-un-concierto-este-viernes\/\"><img loading=\"lazy\" decoding=\"async\" width=\"800\" height=\"600\" src=\"https:\/\/www.aridane.org\/city\/wp-content\/uploads\/2025\/02\/La-Plaza-A-3-Motown-Quinet-800x600.jpg\" class=\"attachment-portfolio-landscape size-portfolio-landscape wp-post-image\" alt=\"\" \/><\/a><\/div><div class=\"latest_post_two_inner\" ><div class=\"latest_post_two_text\"><h5 itemprop=\"name\" class=\"latest_post_two_title entry_title\"><a itemprop=\"url\" href=\"https:\/\/www.aridane.org\/city\/2025\/02\/04\/los-llanos-de-aridane-rinde-homenaje-al-funk-el-soul-y-el-jazz-de-los-anos-70-con-un-concierto-este-viernes\/\" >Los Llanos de Aridane rinde homenaje al funk, el soul y el jazz de los a\u00f1os 70 con un concierto este viernes<\/a><\/h5><div class=\"separator small left \" ><\/div><p itemprop=\"description\" class=\"latest_post_two_excerpt\" >El objetivo del Ayuntamiento es acercar diferentes estilos musicales a la ciudadan\u00eda y personas visitantes mediante una programaci\u00f3n cultural diversa<\/p><\/div><div class=\"latest_post_two_info\" ><div class=\"latest_post_two_info_inner\" ><div class=\"post_info_author\"><img alt='Author Image' src='https:\/\/secure.gravatar.com\/avatar\/1c476992411e4ccf153da63b2b2f5ea0bb4cb1c85f3ceab8512f04325ad5579c?s=30&#038;d=mm&#038;r=g' srcset='https:\/\/secure.gravatar.com\/avatar\/1c476992411e4ccf153da63b2b2f5ea0bb4cb1c85f3ceab8512f04325ad5579c?s=60&#038;d=mm&#038;r=g 2x' class='avatar avatar-30 photo' height='30' width='30' \/><span class=\"post_info_author_name\">Corresponsal<\/span><\/div><div itemprop=\"dateCreated\" class=\"post_info_date entry_date updated\">04 febrero, 2025<meta itemprop=\"interactionCount\" content=\"UserComments: <?php echo get_comments_number(qode_get_page_id()); ?>\"\/><\/div><\/div><\/div><\/div><\/li><li class=\"clearfix\"><div class=\"latest_post_two_image\"><a itemprop=\"url\" href=\"https:\/\/www.aridane.org\/city\/2025\/02\/03\/el-crosstraining-regresa-a-los-llanos-de-aridane-con-una-segunda-edicion-de-la-batalla-de-acero\/\"><img loading=\"lazy\" decoding=\"async\" width=\"800\" height=\"600\" src=\"https:\/\/www.aridane.org\/city\/wp-content\/uploads\/2025\/02\/La-Batalla-de-Acero-OK-800x600.jpeg\" class=\"attachment-portfolio-landscape size-portfolio-landscape wp-post-image\" alt=\"\" \/><\/a><\/div><div class=\"latest_post_two_inner\" ><div class=\"latest_post_two_text\"><h5 itemprop=\"name\" class=\"latest_post_two_title entry_title\"><a itemprop=\"url\" href=\"https:\/\/www.aridane.org\/city\/2025\/02\/03\/el-crosstraining-regresa-a-los-llanos-de-aridane-con-una-segunda-edicion-de-la-batalla-de-acero\/\" >El crosstraining regresa a Los Llanos de Aridane con una segunda edici\u00f3n de La Batalla de Acer\u00f3<\/a><\/h5><div class=\"separator small left \" ><\/div><p itemprop=\"description\" class=\"latest_post_two_excerpt\" >Las inscripciones para esta segunda edici\u00f3n ya est\u00e1n abiertas<\/p><\/div><div class=\"latest_post_two_info\" ><div class=\"latest_post_two_info_inner\" ><div class=\"post_info_author\"><img alt='Author Image' src='https:\/\/secure.gravatar.com\/avatar\/1c476992411e4ccf153da63b2b2f5ea0bb4cb1c85f3ceab8512f04325ad5579c?s=30&#038;d=mm&#038;r=g' srcset='https:\/\/secure.gravatar.com\/avatar\/1c476992411e4ccf153da63b2b2f5ea0bb4cb1c85f3ceab8512f04325ad5579c?s=60&#038;d=mm&#038;r=g 2x' class='avatar avatar-30 photo' height='30' width='30' \/><span class=\"post_info_author_name\">Corresponsal<\/span><\/div><div itemprop=\"dateCreated\" class=\"post_info_date entry_date updated\">03 febrero, 2025<meta itemprop=\"interactionCount\" content=\"UserComments: <?php echo get_comments_number(qode_get_page_id()); ?>\"\/><\/div><\/div><\/div><\/div><\/li><li class=\"clearfix\"><div class=\"latest_post_two_image\"><a itemprop=\"url\" href=\"https:\/\/www.aridane.org\/city\/2025\/02\/03\/javier-llamas-coordina-con-la-guardia-civil-la-modernizacion-del-cuartel-de-los-llanos-de-aridane\/\"><img loading=\"lazy\" decoding=\"async\" width=\"800\" height=\"600\" src=\"https:\/\/www.aridane.org\/city\/wp-content\/uploads\/2025\/02\/Guardia-Civil-800x600.jpeg\" class=\"attachment-portfolio-landscape size-portfolio-landscape wp-post-image\" alt=\"\" srcset=\"https:\/\/www.aridane.org\/city\/wp-content\/uploads\/2025\/02\/Guardia-Civil-800x600.jpeg 800w, https:\/\/www.aridane.org\/city\/wp-content\/uploads\/2025\/02\/Guardia-Civil-300x225.jpeg 300w, https:\/\/www.aridane.org\/city\/wp-content\/uploads\/2025\/02\/Guardia-Civil-620x465.jpeg 620w, https:\/\/www.aridane.org\/city\/wp-content\/uploads\/2025\/02\/Guardia-Civil-768x576.jpeg 768w, https:\/\/www.aridane.org\/city\/wp-content\/uploads\/2025\/02\/Guardia-Civil-1536x1152.jpeg 1536w, https:\/\/www.aridane.org\/city\/wp-content\/uploads\/2025\/02\/Guardia-Civil-2048x1536.jpeg 2048w, https:\/\/www.aridane.org\/city\/wp-content\/uploads\/2025\/02\/Guardia-Civil-700x525.jpeg 700w\" sizes=\"auto, (max-width: 800px) 100vw, 800px\" \/><\/a><\/div><div class=\"latest_post_two_inner\" ><div class=\"latest_post_two_text\"><h5 itemprop=\"name\" class=\"latest_post_two_title entry_title\"><a itemprop=\"url\" href=\"https:\/\/www.aridane.org\/city\/2025\/02\/03\/javier-llamas-coordina-con-la-guardia-civil-la-modernizacion-del-cuartel-de-los-llanos-de-aridane\/\" >Javier Llamas coordina con la Guardia Civil la modernizaci\u00f3n del cuartel de Los Llanos de Aridane<\/a><\/h5><div class=\"separator small left \" ><\/div><p itemprop=\"description\" class=\"latest_post_two_excerpt\" >Se estudi\u00f3 la ampliaci\u00f3n del \u00e1rea de custodia de detenidos (ACUDE), la mejora de la sala VioG\u00e9n y la adecuaci\u00f3n general de las instalaciones del cuartel<\/p><\/div><div class=\"latest_post_two_info\" ><div class=\"latest_post_two_info_inner\" ><div class=\"post_info_author\"><img alt='Author Image' src='https:\/\/secure.gravatar.com\/avatar\/1c476992411e4ccf153da63b2b2f5ea0bb4cb1c85f3ceab8512f04325ad5579c?s=30&#038;d=mm&#038;r=g' srcset='https:\/\/secure.gravatar.com\/avatar\/1c476992411e4ccf153da63b2b2f5ea0bb4cb1c85f3ceab8512f04325ad5579c?s=60&#038;d=mm&#038;r=g 2x' class='avatar avatar-30 photo' height='30' width='30' \/><span class=\"post_info_author_name\">Corresponsal<\/span><\/div><div itemprop=\"dateCreated\" class=\"post_info_date entry_date updated\">03 febrero, 2025<meta itemprop=\"interactionCount\" content=\"UserComments: <?php echo get_comments_number(qode_get_page_id()); ?>\"\/><\/div><\/div><\/div><\/div><\/li><li class=\"clearfix\"><div class=\"latest_post_two_image\"><a itemprop=\"url\" href=\"https:\/\/www.aridane.org\/city\/2025\/01\/29\/la-piscina-municipal-de-los-llanos-de-aridane-reabre-el-3-de-febrero-con-cursillos-y-nado-libre\/\"><img loading=\"lazy\" decoding=\"async\" width=\"800\" height=\"600\" src=\"https:\/\/www.aridane.org\/city\/wp-content\/uploads\/2023\/12\/Piscina-Municipal-Victor-Gonzalez-800x600.jpeg\" class=\"attachment-portfolio-landscape size-portfolio-landscape wp-post-image\" alt=\"\" srcset=\"https:\/\/www.aridane.org\/city\/wp-content\/uploads\/2023\/12\/Piscina-Municipal-Victor-Gonzalez-800x600.jpeg 800w, https:\/\/www.aridane.org\/city\/wp-content\/uploads\/2023\/12\/Piscina-Municipal-Victor-Gonzalez-300x225.jpeg 300w, https:\/\/www.aridane.org\/city\/wp-content\/uploads\/2023\/12\/Piscina-Municipal-Victor-Gonzalez-620x465.jpeg 620w, https:\/\/www.aridane.org\/city\/wp-content\/uploads\/2023\/12\/Piscina-Municipal-Victor-Gonzalez-768x576.jpeg 768w, https:\/\/www.aridane.org\/city\/wp-content\/uploads\/2023\/12\/Piscina-Municipal-Victor-Gonzalez-1536x1152.jpeg 1536w, https:\/\/www.aridane.org\/city\/wp-content\/uploads\/2023\/12\/Piscina-Municipal-Victor-Gonzalez-700x525.jpeg 700w, https:\/\/www.aridane.org\/city\/wp-content\/uploads\/2023\/12\/Piscina-Municipal-Victor-Gonzalez.jpeg 2048w\" sizes=\"auto, (max-width: 800px) 100vw, 800px\" \/><\/a><\/div><div class=\"latest_post_two_inner\" ><div class=\"latest_post_two_text\"><h5 itemprop=\"name\" class=\"latest_post_two_title entry_title\"><a itemprop=\"url\" href=\"https:\/\/www.aridane.org\/city\/2025\/01\/29\/la-piscina-municipal-de-los-llanos-de-aridane-reabre-el-3-de-febrero-con-cursillos-y-nado-libre\/\" >La piscina municipal de Los Llanos de Aridane reabre el 3 de febrero con cursillos y nado libre<\/a><\/h5><div class=\"separator small left \" ><\/div><p itemprop=\"description\" class=\"latest_post_two_excerpt\" >Las matr\u00edculas para los cursillos podr\u00e1n formalizarse los d\u00edas 30 y 31 de enero, en horario de 10:00 a 13:00 horas, en la propia piscina<\/p><\/div><div class=\"latest_post_two_info\" ><div class=\"latest_post_two_info_inner\" ><div class=\"post_info_author\"><img alt='Author Image' src='https:\/\/secure.gravatar.com\/avatar\/1c476992411e4ccf153da63b2b2f5ea0bb4cb1c85f3ceab8512f04325ad5579c?s=30&#038;d=mm&#038;r=g' srcset='https:\/\/secure.gravatar.com\/avatar\/1c476992411e4ccf153da63b2b2f5ea0bb4cb1c85f3ceab8512f04325ad5579c?s=60&#038;d=mm&#038;r=g 2x' class='avatar avatar-30 photo' height='30' width='30' \/><span class=\"post_info_author_name\">Corresponsal<\/span><\/div><div itemprop=\"dateCreated\" class=\"post_info_date entry_date updated\">29 enero, 2025<meta itemprop=\"interactionCount\" content=\"UserComments: <?php echo get_comments_number(qode_get_page_id()); ?>\"\/><\/div><\/div><\/div><\/div><\/li><li class=\"clearfix\"><div class=\"latest_post_two_image\"><a itemprop=\"url\" href=\"https:\/\/www.aridane.org\/city\/2025\/01\/29\/el-ayuntamiento-de-los-llanos-de-aridane-abre-la-convocatoria-para-la-instalacion-de-kioscos-y-autobares-en-el-carnaval-2025\/\"><img loading=\"lazy\" decoding=\"async\" width=\"800\" height=\"600\" src=\"https:\/\/www.aridane.org\/city\/wp-content\/uploads\/2025\/01\/Alvaro-Pages-800x600.jpeg\" class=\"attachment-portfolio-landscape size-portfolio-landscape wp-post-image\" alt=\"\" \/><\/a><\/div><div class=\"latest_post_two_inner\" ><div class=\"latest_post_two_text\"><h5 itemprop=\"name\" class=\"latest_post_two_title entry_title\"><a itemprop=\"url\" href=\"https:\/\/www.aridane.org\/city\/2025\/01\/29\/el-ayuntamiento-de-los-llanos-de-aridane-abre-la-convocatoria-para-la-instalacion-de-kioscos-y-autobares-en-el-carnaval-2025\/\" >El Ayuntamiento de Los Llanos de Aridane abre la convocatoria para la instalaci\u00f3n de kioscos y autobares en el Carnaval 2025<\/a><\/h5><div class=\"separator small left \" ><\/div><p itemprop=\"description\" class=\"latest_post_two_excerpt\" >La subasta ser\u00e1 el 10 de febrero a las 12:00 horas en el Sal\u00f3n de Plenos del Ayuntamiento<\/p><\/div><div class=\"latest_post_two_info\" ><div class=\"latest_post_two_info_inner\" ><div class=\"post_info_author\"><img alt='Author Image' src='https:\/\/secure.gravatar.com\/avatar\/1c476992411e4ccf153da63b2b2f5ea0bb4cb1c85f3ceab8512f04325ad5579c?s=30&#038;d=mm&#038;r=g' srcset='https:\/\/secure.gravatar.com\/avatar\/1c476992411e4ccf153da63b2b2f5ea0bb4cb1c85f3ceab8512f04325ad5579c?s=60&#038;d=mm&#038;r=g 2x' class='avatar avatar-30 photo' height='30' width='30' \/><span class=\"post_info_author_name\">Corresponsal<\/span><\/div><div itemprop=\"dateCreated\" class=\"post_info_date entry_date updated\">29 enero, 2025<meta itemprop=\"interactionCount\" content=\"UserComments: <?php echo get_comments_number(qode_get_page_id()); ?>\"\/><\/div><\/div><\/div><\/div><\/li><li class=\"clearfix\"><div class=\"latest_post_two_image\"><a itemprop=\"url\" href=\"https:\/\/www.aridane.org\/city\/2025\/01\/28\/mas-de-180-personas-disfrutan-de-las-ponencias-de-pedro-garcia-aguado-en-los-llanos-de-aridane\/\"><img loading=\"lazy\" decoding=\"async\" width=\"800\" height=\"600\" src=\"https:\/\/www.aridane.org\/city\/wp-content\/uploads\/2025\/01\/Pedro-Garcia-Aguado-1-e1738757372129-800x600.jpeg\" class=\"attachment-portfolio-landscape size-portfolio-landscape wp-post-image\" alt=\"\" \/><\/a><\/div><div class=\"latest_post_two_inner\" ><div class=\"latest_post_two_text\"><h5 itemprop=\"name\" class=\"latest_post_two_title entry_title\"><a itemprop=\"url\" href=\"https:\/\/www.aridane.org\/city\/2025\/01\/28\/mas-de-180-personas-disfrutan-de-las-ponencias-de-pedro-garcia-aguado-en-los-llanos-de-aridane\/\" >M\u00e1s de 180 personas disfrutan de las ponencias de Pedro Garc\u00eda Aguado en Los Llanos de Aridane<\/a><\/h5><div class=\"separator small left \" ><\/div><p itemprop=\"description\" class=\"latest_post_two_excerpt\" >El encuentro abord\u00f3 temas como la evoluci\u00f3n de la relaci\u00f3n paterno-filial y los modelos educativos que perpet\u00faan desigualdades en el hogar<\/p><\/div><div class=\"latest_post_two_info\" ><div class=\"latest_post_two_info_inner\" ><div class=\"post_info_author\"><img alt='Author Image' src='https:\/\/secure.gravatar.com\/avatar\/1c476992411e4ccf153da63b2b2f5ea0bb4cb1c85f3ceab8512f04325ad5579c?s=30&#038;d=mm&#038;r=g' srcset='https:\/\/secure.gravatar.com\/avatar\/1c476992411e4ccf153da63b2b2f5ea0bb4cb1c85f3ceab8512f04325ad5579c?s=60&#038;d=mm&#038;r=g 2x' class='avatar avatar-30 photo' height='30' width='30' \/><span class=\"post_info_author_name\">Corresponsal<\/span><\/div><div itemprop=\"dateCreated\" class=\"post_info_date entry_date updated\">28 enero, 2025<meta itemprop=\"interactionCount\" content=\"UserComments: <?php echo get_comments_number(qode_get_page_id()); ?>\"\/><\/div><\/div><\/div><\/div><\/li><li class=\"clearfix\"><div class=\"latest_post_two_image\"><a itemprop=\"url\" href=\"https:\/\/www.aridane.org\/city\/2025\/01\/27\/los-llanos-de-aridane-impulsa-la-transformacion-digital-de-su-comercio-con-el-proyecto-espacio-comercial-inteligente\/\"><img loading=\"lazy\" decoding=\"async\" width=\"800\" height=\"600\" src=\"https:\/\/www.aridane.org\/city\/wp-content\/uploads\/2023\/10\/Veronica-Gonzalez-1-800x600.jpeg\" class=\"attachment-portfolio-landscape size-portfolio-landscape wp-post-image\" alt=\"\" \/><\/a><\/div><div class=\"latest_post_two_inner\" ><div class=\"latest_post_two_text\"><h5 itemprop=\"name\" class=\"latest_post_two_title entry_title\"><a itemprop=\"url\" href=\"https:\/\/www.aridane.org\/city\/2025\/01\/27\/los-llanos-de-aridane-impulsa-la-transformacion-digital-de-su-comercio-con-el-proyecto-espacio-comercial-inteligente\/\" >Los Llanos de Aridane impulsa la transformaci\u00f3n digital de su comercio con el proyecto &#8216;Espacio Comercial Inteligente&#8217;<\/a><\/h5><div class=\"separator small left \" ><\/div><p itemprop=\"description\" class=\"latest_post_two_excerpt\" >El proyecto \u2018Espacio Comercial Inteligente\u2019, que se desarrollar\u00e1 entre enero y junio de 2025<\/p><\/div><div class=\"latest_post_two_info\" ><div class=\"latest_post_two_info_inner\" ><div class=\"post_info_author\"><img alt='Author Image' src='https:\/\/secure.gravatar.com\/avatar\/1c476992411e4ccf153da63b2b2f5ea0bb4cb1c85f3ceab8512f04325ad5579c?s=30&#038;d=mm&#038;r=g' srcset='https:\/\/secure.gravatar.com\/avatar\/1c476992411e4ccf153da63b2b2f5ea0bb4cb1c85f3ceab8512f04325ad5579c?s=60&#038;d=mm&#038;r=g 2x' class='avatar avatar-30 photo' height='30' width='30' \/><span class=\"post_info_author_name\">Corresponsal<\/span><\/div><div itemprop=\"dateCreated\" class=\"post_info_date entry_date updated\">27 enero, 2025<meta itemprop=\"interactionCount\" content=\"UserComments: <?php echo get_comments_number(qode_get_page_id()); ?>\"\/><\/div><\/div><\/div><\/div><\/li><li class=\"clearfix\"><div class=\"latest_post_two_image\"><a itemprop=\"url\" href=\"https:\/\/www.aridane.org\/city\/2025\/01\/25\/los-llanos-de-aridane-comienza-la-remodelacion-del-mercado-municipal\/\"><img loading=\"lazy\" decoding=\"async\" width=\"800\" height=\"600\" src=\"https:\/\/www.aridane.org\/city\/wp-content\/uploads\/2025\/01\/Plaza-del-Mercado-800x600.jpeg\" class=\"attachment-portfolio-landscape size-portfolio-landscape wp-post-image\" alt=\"\" srcset=\"https:\/\/www.aridane.org\/city\/wp-content\/uploads\/2025\/01\/Plaza-del-Mercado-800x600.jpeg 800w, https:\/\/www.aridane.org\/city\/wp-content\/uploads\/2025\/01\/Plaza-del-Mercado-300x225.jpeg 300w, https:\/\/www.aridane.org\/city\/wp-content\/uploads\/2025\/01\/Plaza-del-Mercado-620x465.jpeg 620w, https:\/\/www.aridane.org\/city\/wp-content\/uploads\/2025\/01\/Plaza-del-Mercado-768x576.jpeg 768w, https:\/\/www.aridane.org\/city\/wp-content\/uploads\/2025\/01\/Plaza-del-Mercado-1536x1152.jpeg 1536w, https:\/\/www.aridane.org\/city\/wp-content\/uploads\/2025\/01\/Plaza-del-Mercado-2048x1536.jpeg 2048w, https:\/\/www.aridane.org\/city\/wp-content\/uploads\/2025\/01\/Plaza-del-Mercado-700x525.jpeg 700w\" sizes=\"auto, (max-width: 800px) 100vw, 800px\" \/><\/a><\/div><div class=\"latest_post_two_inner\" ><div class=\"latest_post_two_text\"><h5 itemprop=\"name\" class=\"latest_post_two_title entry_title\"><a itemprop=\"url\" href=\"https:\/\/www.aridane.org\/city\/2025\/01\/25\/los-llanos-de-aridane-comienza-la-remodelacion-del-mercado-municipal\/\" >Los Llanos de Aridane comienza la remodelaci\u00f3n del Mercado Municipal<\/a><\/h5><div class=\"separator small left \" ><\/div><p itemprop=\"description\" class=\"latest_post_two_excerpt\" >Los trabajos en el exterior del edificio comenzar\u00e1n el lunes, 27 de enero, y conllevar\u00e1n cambios en el tr\u00e1fico<\/p><\/div><div class=\"latest_post_two_info\" ><div class=\"latest_post_two_info_inner\" ><div class=\"post_info_author\"><img alt='Author Image' src='https:\/\/secure.gravatar.com\/avatar\/1c476992411e4ccf153da63b2b2f5ea0bb4cb1c85f3ceab8512f04325ad5579c?s=30&#038;d=mm&#038;r=g' srcset='https:\/\/secure.gravatar.com\/avatar\/1c476992411e4ccf153da63b2b2f5ea0bb4cb1c85f3ceab8512f04325ad5579c?s=60&#038;d=mm&#038;r=g 2x' class='avatar avatar-30 photo' height='30' width='30' \/><span class=\"post_info_author_name\">Corresponsal<\/span><\/div><div itemprop=\"dateCreated\" class=\"post_info_date entry_date updated\">25 enero, 2025<meta itemprop=\"interactionCount\" content=\"UserComments: <?php echo get_comments_number(qode_get_page_id()); ?>\"\/><\/div><\/div><\/div><\/div><\/li><li class=\"clearfix\"><div class=\"latest_post_two_image\"><a itemprop=\"url\" href=\"https:\/\/www.aridane.org\/city\/2025\/01\/25\/los-llanos-de-aridane-renueva-la-flota-municipal-con-vehiculos-mas-sostenibles\/\"><img loading=\"lazy\" decoding=\"async\" width=\"800\" height=\"600\" src=\"https:\/\/www.aridane.org\/city\/wp-content\/uploads\/2025\/01\/Renting1-800x600.jpeg\" class=\"attachment-portfolio-landscape size-portfolio-landscape wp-post-image\" alt=\"\" srcset=\"https:\/\/www.aridane.org\/city\/wp-content\/uploads\/2025\/01\/Renting1-800x600.jpeg 800w, https:\/\/www.aridane.org\/city\/wp-content\/uploads\/2025\/01\/Renting1-300x225.jpeg 300w, https:\/\/www.aridane.org\/city\/wp-content\/uploads\/2025\/01\/Renting1-620x465.jpeg 620w, https:\/\/www.aridane.org\/city\/wp-content\/uploads\/2025\/01\/Renting1-768x576.jpeg 768w, https:\/\/www.aridane.org\/city\/wp-content\/uploads\/2025\/01\/Renting1-1536x1152.jpeg 1536w, https:\/\/www.aridane.org\/city\/wp-content\/uploads\/2025\/01\/Renting1-2048x1536.jpeg 2048w, https:\/\/www.aridane.org\/city\/wp-content\/uploads\/2025\/01\/Renting1-700x525.jpeg 700w\" sizes=\"auto, (max-width: 800px) 100vw, 800px\" \/><\/a><\/div><div class=\"latest_post_two_inner\" ><div class=\"latest_post_two_text\"><h5 itemprop=\"name\" class=\"latest_post_two_title entry_title\"><a itemprop=\"url\" href=\"https:\/\/www.aridane.org\/city\/2025\/01\/25\/los-llanos-de-aridane-renueva-la-flota-municipal-con-vehiculos-mas-sostenibles\/\" >Los Llanos de Aridane renueva la flota municipal con veh\u00edculos m\u00e1s sostenibles<\/a><\/h5><div class=\"separator small left \" ><\/div><p itemprop=\"description\" class=\"latest_post_two_excerpt\" >El concejal Rubens D\u00edaz asegura que tiene en proceso siete lotes m\u00e1s para incorporar nuevos veh\u00edculos industriales<\/p><\/div><div class=\"latest_post_two_info\" ><div class=\"latest_post_two_info_inner\" ><div class=\"post_info_author\"><img alt='Author Image' src='https:\/\/secure.gravatar.com\/avatar\/1c476992411e4ccf153da63b2b2f5ea0bb4cb1c85f3ceab8512f04325ad5579c?s=30&#038;d=mm&#038;r=g' srcset='https:\/\/secure.gravatar.com\/avatar\/1c476992411e4ccf153da63b2b2f5ea0bb4cb1c85f3ceab8512f04325ad5579c?s=60&#038;d=mm&#038;r=g 2x' class='avatar avatar-30 photo' height='30' width='30' \/><span class=\"post_info_author_name\">Corresponsal<\/span><\/div><div itemprop=\"dateCreated\" class=\"post_info_date entry_date updated\">25 enero, 2025<meta itemprop=\"interactionCount\" content=\"UserComments: <?php echo get_comments_number(qode_get_page_id()); ?>\"\/><\/div><\/div><\/div><\/div><\/li><li class=\"clearfix\"><div class=\"latest_post_two_image\"><a itemprop=\"url\" href=\"https:\/\/www.aridane.org\/city\/2025\/01\/24\/los-llanos-de-aridane-modernizara-las-instalaciones-del-pabellon-severo-rodriguez\/\"><img loading=\"lazy\" decoding=\"async\" width=\"800\" height=\"600\" src=\"https:\/\/www.aridane.org\/city\/wp-content\/uploads\/2025\/01\/118359956_3538987056125309_3886317989736084590_n-e1738141977767-800x600.jpg\" class=\"attachment-portfolio-landscape size-portfolio-landscape wp-post-image\" alt=\"\" srcset=\"https:\/\/www.aridane.org\/city\/wp-content\/uploads\/2025\/01\/118359956_3538987056125309_3886317989736084590_n-e1738141977767-800x600.jpg 800w, https:\/\/www.aridane.org\/city\/wp-content\/uploads\/2025\/01\/118359956_3538987056125309_3886317989736084590_n-e1738141977767-300x225.jpg 300w, https:\/\/www.aridane.org\/city\/wp-content\/uploads\/2025\/01\/118359956_3538987056125309_3886317989736084590_n-e1738141977767-620x465.jpg 620w, https:\/\/www.aridane.org\/city\/wp-content\/uploads\/2025\/01\/118359956_3538987056125309_3886317989736084590_n-e1738141977767-768x577.jpg 768w, https:\/\/www.aridane.org\/city\/wp-content\/uploads\/2025\/01\/118359956_3538987056125309_3886317989736084590_n-e1738141977767-1536x1153.jpg 1536w, https:\/\/www.aridane.org\/city\/wp-content\/uploads\/2025\/01\/118359956_3538987056125309_3886317989736084590_n-e1738141977767-700x526.jpg 700w, https:\/\/www.aridane.org\/city\/wp-content\/uploads\/2025\/01\/118359956_3538987056125309_3886317989736084590_n-e1738141977767.jpg 1910w\" sizes=\"auto, (max-width: 800px) 100vw, 800px\" \/><\/a><\/div><div class=\"latest_post_two_inner\" ><div class=\"latest_post_two_text\"><h5 itemprop=\"name\" class=\"latest_post_two_title entry_title\"><a itemprop=\"url\" href=\"https:\/\/www.aridane.org\/city\/2025\/01\/24\/los-llanos-de-aridane-modernizara-las-instalaciones-del-pabellon-severo-rodriguez\/\" >Los Llanos de Aridane modernizar\u00e1 las instalaciones del Pabell\u00f3n Severo Rodr\u00edguez<\/a><\/h5><div class=\"separator small left \" ><\/div><p itemprop=\"description\" class=\"latest_post_two_excerpt\" >Una reforma motivada por la celebraci\u00f3n del Eurobasket sub-18 femenino el pr\u00f3ximo mes de julio<\/p><\/div><div class=\"latest_post_two_info\" ><div class=\"latest_post_two_info_inner\" ><div class=\"post_info_author\"><img alt='Author Image' src='https:\/\/secure.gravatar.com\/avatar\/1c476992411e4ccf153da63b2b2f5ea0bb4cb1c85f3ceab8512f04325ad5579c?s=30&#038;d=mm&#038;r=g' srcset='https:\/\/secure.gravatar.com\/avatar\/1c476992411e4ccf153da63b2b2f5ea0bb4cb1c85f3ceab8512f04325ad5579c?s=60&#038;d=mm&#038;r=g 2x' class='avatar avatar-30 photo' height='30' width='30' \/><span class=\"post_info_author_name\">Corresponsal<\/span><\/div><div itemprop=\"dateCreated\" class=\"post_info_date entry_date updated\">24 enero, 2025<meta itemprop=\"interactionCount\" content=\"UserComments: <?php echo get_comments_number(qode_get_page_id()); ?>\"\/><\/div><\/div><\/div><\/div><\/li><li class=\"clearfix\"><div class=\"latest_post_two_image\"><a itemprop=\"url\" href=\"https:\/\/www.aridane.org\/city\/2025\/01\/16\/los-llanos-de-aridane-construira-144-nuevas-viviendas-con-una-inversion-de-mas-de-28-millones-de-euros\/\"><img loading=\"lazy\" decoding=\"async\" width=\"800\" height=\"600\" src=\"https:\/\/www.aridane.org\/city\/wp-content\/uploads\/2025\/01\/Icavi-Los-Llanos-de-Aridane-800x600.png\" class=\"attachment-portfolio-landscape size-portfolio-landscape wp-post-image\" alt=\"\" srcset=\"https:\/\/www.aridane.org\/city\/wp-content\/uploads\/2025\/01\/Icavi-Los-Llanos-de-Aridane-800x600.png 800w, https:\/\/www.aridane.org\/city\/wp-content\/uploads\/2025\/01\/Icavi-Los-Llanos-de-Aridane-300x225.png 300w, https:\/\/www.aridane.org\/city\/wp-content\/uploads\/2025\/01\/Icavi-Los-Llanos-de-Aridane-620x465.png 620w, https:\/\/www.aridane.org\/city\/wp-content\/uploads\/2025\/01\/Icavi-Los-Llanos-de-Aridane-768x576.png 768w, https:\/\/www.aridane.org\/city\/wp-content\/uploads\/2025\/01\/Icavi-Los-Llanos-de-Aridane-1536x1152.png 1536w, https:\/\/www.aridane.org\/city\/wp-content\/uploads\/2025\/01\/Icavi-Los-Llanos-de-Aridane-2048x1536.png 2048w, https:\/\/www.aridane.org\/city\/wp-content\/uploads\/2025\/01\/Icavi-Los-Llanos-de-Aridane-700x525.png 700w\" sizes=\"auto, (max-width: 800px) 100vw, 800px\" \/><\/a><\/div><div class=\"latest_post_two_inner\" ><div class=\"latest_post_two_text\"><h5 itemprop=\"name\" class=\"latest_post_two_title entry_title\"><a itemprop=\"url\" href=\"https:\/\/www.aridane.org\/city\/2025\/01\/16\/los-llanos-de-aridane-construira-144-nuevas-viviendas-con-una-inversion-de-mas-de-28-millones-de-euros\/\" >Los Llanos de Aridane construir\u00e1 144 nuevas viviendas con una inversi\u00f3n de m\u00e1s de 28 millones de euros<\/a><\/h5><div class=\"separator small left \" ><\/div><p itemprop=\"description\" class=\"latest_post_two_excerpt\" >El Ayuntamiento firmar\u00e1 un convenio con el ICAVI que permitir\u00e1 licitar conjuntamente el proyecto y la construcci\u00f3n de las viviendas<\/p><\/div><div class=\"latest_post_two_info\" ><div class=\"latest_post_two_info_inner\" ><div class=\"post_info_author\"><img alt='Author Image' src='https:\/\/secure.gravatar.com\/avatar\/1c476992411e4ccf153da63b2b2f5ea0bb4cb1c85f3ceab8512f04325ad5579c?s=30&#038;d=mm&#038;r=g' srcset='https:\/\/secure.gravatar.com\/avatar\/1c476992411e4ccf153da63b2b2f5ea0bb4cb1c85f3ceab8512f04325ad5579c?s=60&#038;d=mm&#038;r=g 2x' class='avatar avatar-30 photo' height='30' width='30' \/><span class=\"post_info_author_name\">Corresponsal<\/span><\/div><div itemprop=\"dateCreated\" class=\"post_info_date entry_date updated\">16 enero, 2025<meta itemprop=\"interactionCount\" content=\"UserComments: <?php echo get_comments_number(qode_get_page_id()); ?>\"\/><\/div><\/div><\/div><\/div><\/li><li class=\"clearfix\"><div class=\"latest_post_two_image\"><a itemprop=\"url\" href=\"https:\/\/www.aridane.org\/city\/2025\/01\/10\/el-ayuntamiento-mejora-las-instalaciones-deportivas-del-anexo-del-estadio-municipal-acero\/\"><img loading=\"lazy\" decoding=\"async\" width=\"800\" height=\"600\" src=\"https:\/\/www.aridane.org\/city\/wp-content\/uploads\/2025\/01\/NP-Anexo-Acero-800x600.jpeg\" class=\"attachment-portfolio-landscape size-portfolio-landscape wp-post-image\" alt=\"\" srcset=\"https:\/\/www.aridane.org\/city\/wp-content\/uploads\/2025\/01\/NP-Anexo-Acero-800x600.jpeg 800w, https:\/\/www.aridane.org\/city\/wp-content\/uploads\/2025\/01\/NP-Anexo-Acero-300x225.jpeg 300w, https:\/\/www.aridane.org\/city\/wp-content\/uploads\/2025\/01\/NP-Anexo-Acero-620x465.jpeg 620w, https:\/\/www.aridane.org\/city\/wp-content\/uploads\/2025\/01\/NP-Anexo-Acero-768x576.jpeg 768w, https:\/\/www.aridane.org\/city\/wp-content\/uploads\/2025\/01\/NP-Anexo-Acero-1536x1152.jpeg 1536w, https:\/\/www.aridane.org\/city\/wp-content\/uploads\/2025\/01\/NP-Anexo-Acero-2048x1536.jpeg 2048w, https:\/\/www.aridane.org\/city\/wp-content\/uploads\/2025\/01\/NP-Anexo-Acero-700x525.jpeg 700w\" sizes=\"auto, (max-width: 800px) 100vw, 800px\" \/><\/a><\/div><div class=\"latest_post_two_inner\" ><div class=\"latest_post_two_text\"><h5 itemprop=\"name\" class=\"latest_post_two_title entry_title\"><a itemprop=\"url\" href=\"https:\/\/www.aridane.org\/city\/2025\/01\/10\/el-ayuntamiento-mejora-las-instalaciones-deportivas-del-anexo-del-estadio-municipal-acero\/\" >El Ayuntamiento mejora las instalaciones deportivas del anexo del Estadio Municipal Acer\u00f3<\/a><\/h5><div class=\"separator small left \" ><\/div><p itemprop=\"description\" class=\"latest_post_two_excerpt\" >Se ha cambiado el c\u00e9sped y el sistema de riego del campo de f\u00fatbol anexo\u00a0<\/p><\/div><div class=\"latest_post_two_info\" ><div class=\"latest_post_two_info_inner\" ><div class=\"post_info_author\"><img alt='Author Image' src='https:\/\/secure.gravatar.com\/avatar\/1c476992411e4ccf153da63b2b2f5ea0bb4cb1c85f3ceab8512f04325ad5579c?s=30&#038;d=mm&#038;r=g' srcset='https:\/\/secure.gravatar.com\/avatar\/1c476992411e4ccf153da63b2b2f5ea0bb4cb1c85f3ceab8512f04325ad5579c?s=60&#038;d=mm&#038;r=g 2x' class='avatar avatar-30 photo' height='30' width='30' \/><span class=\"post_info_author_name\">Corresponsal<\/span><\/div><div itemprop=\"dateCreated\" class=\"post_info_date entry_date updated\">10 enero, 2025<meta itemprop=\"interactionCount\" content=\"UserComments: <?php echo get_comments_number(qode_get_page_id()); ?>\"\/><\/div><\/div><\/div><\/div><\/li><li class=\"clearfix\"><div class=\"latest_post_two_image\"><a itemprop=\"url\" href=\"https:\/\/www.aridane.org\/city\/2025\/01\/08\/los-llanos-de-aridane-ya-prepara-el-proximo-homenaje-en-su-galeria-urbana-glorias-del-deporte\/\"><img loading=\"lazy\" decoding=\"async\" width=\"800\" height=\"600\" src=\"https:\/\/www.aridane.org\/city\/wp-content\/uploads\/2025\/01\/Glorias-del-Deporte-800x600.jpeg\" class=\"attachment-portfolio-landscape size-portfolio-landscape wp-post-image\" alt=\"\" srcset=\"https:\/\/www.aridane.org\/city\/wp-content\/uploads\/2025\/01\/Glorias-del-Deporte-800x600.jpeg 800w, https:\/\/www.aridane.org\/city\/wp-content\/uploads\/2025\/01\/Glorias-del-Deporte-300x225.jpeg 300w, https:\/\/www.aridane.org\/city\/wp-content\/uploads\/2025\/01\/Glorias-del-Deporte-620x465.jpeg 620w, https:\/\/www.aridane.org\/city\/wp-content\/uploads\/2025\/01\/Glorias-del-Deporte-768x576.jpeg 768w, https:\/\/www.aridane.org\/city\/wp-content\/uploads\/2025\/01\/Glorias-del-Deporte-1536x1152.jpeg 1536w, https:\/\/www.aridane.org\/city\/wp-content\/uploads\/2025\/01\/Glorias-del-Deporte-700x525.jpeg 700w, https:\/\/www.aridane.org\/city\/wp-content\/uploads\/2025\/01\/Glorias-del-Deporte.jpeg 1600w\" sizes=\"auto, (max-width: 800px) 100vw, 800px\" \/><\/a><\/div><div class=\"latest_post_two_inner\" ><div class=\"latest_post_two_text\"><h5 itemprop=\"name\" class=\"latest_post_two_title entry_title\"><a itemprop=\"url\" href=\"https:\/\/www.aridane.org\/city\/2025\/01\/08\/los-llanos-de-aridane-ya-prepara-el-proximo-homenaje-en-su-galeria-urbana-glorias-del-deporte\/\" >Los Llanos de Aridane ya prepara el pr\u00f3ximo homenaje en su galer\u00eda urbana Glorias del Deporte<\/a><\/h5><div class=\"separator small left \" ><\/div><p itemprop=\"description\" class=\"latest_post_two_excerpt\" >Ahora le tocar\u00e1 el turno a\u00a0 la nataci\u00f3n, destacando figuras hist\u00f3ricas como el aridanense Jos\u00e9 Gonz\u00e1lez Rodr\u00edguez<\/p><\/div><div class=\"latest_post_two_info\" ><div class=\"latest_post_two_info_inner\" ><div class=\"post_info_author\"><img alt='Author Image' src='https:\/\/secure.gravatar.com\/avatar\/1c476992411e4ccf153da63b2b2f5ea0bb4cb1c85f3ceab8512f04325ad5579c?s=30&#038;d=mm&#038;r=g' srcset='https:\/\/secure.gravatar.com\/avatar\/1c476992411e4ccf153da63b2b2f5ea0bb4cb1c85f3ceab8512f04325ad5579c?s=60&#038;d=mm&#038;r=g 2x' class='avatar avatar-30 photo' height='30' width='30' \/><span class=\"post_info_author_name\">Corresponsal<\/span><\/div><div itemprop=\"dateCreated\" class=\"post_info_date entry_date updated\">08 enero, 2025<meta itemprop=\"interactionCount\" content=\"UserComments: <?php echo get_comments_number(qode_get_page_id()); ?>\"\/><\/div><\/div><\/div><\/div><\/li><li class=\"clearfix\"><div class=\"latest_post_two_image\"><a itemprop=\"url\" href=\"https:\/\/www.aridane.org\/city\/2025\/01\/06\/los-reyes-magos-brillan-en-los-llanos-de-aridane-en-una-cabalgata-llena-de-magia-y-civismo\/\"><img loading=\"lazy\" decoding=\"async\" width=\"800\" height=\"600\" src=\"https:\/\/www.aridane.org\/city\/wp-content\/uploads\/2025\/01\/Reyes-Magos-1-800x600.jpeg\" class=\"attachment-portfolio-landscape size-portfolio-landscape wp-post-image\" alt=\"\" \/><\/a><\/div><div class=\"latest_post_two_inner\" ><div class=\"latest_post_two_text\"><h5 itemprop=\"name\" class=\"latest_post_two_title entry_title\"><a itemprop=\"url\" href=\"https:\/\/www.aridane.org\/city\/2025\/01\/06\/los-reyes-magos-brillan-en-los-llanos-de-aridane-en-una-cabalgata-llena-de-magia-y-civismo\/\" >Los Reyes Magos brillan en Los Llanos de Aridane en una Cabalgata llena de magia y civismo<\/a><\/h5><div class=\"separator small left \" ><\/div><p itemprop=\"description\" class=\"latest_post_two_excerpt\" >Desde el Ayuntamiento se destaca el trabajo del personal municipal durante todas las fiestas navide\u00f1as<\/p><\/div><div class=\"latest_post_two_info\" ><div class=\"latest_post_two_info_inner\" ><div class=\"post_info_author\"><img alt='Author Image' src='https:\/\/secure.gravatar.com\/avatar\/1c476992411e4ccf153da63b2b2f5ea0bb4cb1c85f3ceab8512f04325ad5579c?s=30&#038;d=mm&#038;r=g' srcset='https:\/\/secure.gravatar.com\/avatar\/1c476992411e4ccf153da63b2b2f5ea0bb4cb1c85f3ceab8512f04325ad5579c?s=60&#038;d=mm&#038;r=g 2x' class='avatar avatar-30 photo' height='30' width='30' \/><span class=\"post_info_author_name\">Corresponsal<\/span><\/div><div itemprop=\"dateCreated\" class=\"post_info_date entry_date updated\">06 enero, 2025<meta itemprop=\"interactionCount\" content=\"UserComments: <?php echo get_comments_number(qode_get_page_id()); ?>\"\/><\/div><\/div><\/div><\/div><\/li><li class=\"clearfix\"><div class=\"latest_post_two_image\"><a itemprop=\"url\" href=\"https:\/\/www.aridane.org\/city\/2025\/01\/06\/los-llanos-de-aridane-destaca-el-exito-del-operativo-de-seguridad-en-navidad\/\"><img loading=\"lazy\" decoding=\"async\" width=\"800\" height=\"600\" src=\"https:\/\/www.aridane.org\/city\/wp-content\/uploads\/2025\/01\/Policia-Los-Llanos-800x600.jpeg\" class=\"attachment-portfolio-landscape size-portfolio-landscape wp-post-image\" alt=\"\" \/><\/a><\/div><div class=\"latest_post_two_inner\" ><div class=\"latest_post_two_text\"><h5 itemprop=\"name\" class=\"latest_post_two_title entry_title\"><a itemprop=\"url\" href=\"https:\/\/www.aridane.org\/city\/2025\/01\/06\/los-llanos-de-aridane-destaca-el-exito-del-operativo-de-seguridad-en-navidad\/\" >Los Llanos de Aridane destaca el \u00e9xito del operativo de seguridad en Navidad<\/a><\/h5><div class=\"separator small left \" ><\/div><p itemprop=\"description\" class=\"latest_post_two_excerpt\" >Durante todo diciembre se organizaron servicios especiales que reforzaron la presencia policial en los puntos clave del municipio<\/p><\/div><div class=\"latest_post_two_info\" ><div class=\"latest_post_two_info_inner\" ><div class=\"post_info_author\"><img alt='Author Image' src='https:\/\/secure.gravatar.com\/avatar\/1c476992411e4ccf153da63b2b2f5ea0bb4cb1c85f3ceab8512f04325ad5579c?s=30&#038;d=mm&#038;r=g' srcset='https:\/\/secure.gravatar.com\/avatar\/1c476992411e4ccf153da63b2b2f5ea0bb4cb1c85f3ceab8512f04325ad5579c?s=60&#038;d=mm&#038;r=g 2x' class='avatar avatar-30 photo' height='30' width='30' \/><span class=\"post_info_author_name\">Corresponsal<\/span><\/div><div itemprop=\"dateCreated\" class=\"post_info_date entry_date updated\">06 enero, 2025<meta itemprop=\"interactionCount\" content=\"UserComments: <?php echo get_comments_number(qode_get_page_id()); ?>\"\/><\/div><\/div><\/div><\/div><\/li><li class=\"clearfix\"><div class=\"latest_post_two_image\"><a itemprop=\"url\" href=\"https:\/\/www.aridane.org\/city\/2025\/01\/03\/los-llanos-de-aridane-refuerza-su-flota-de-vehiculos-para-mejorar-las-condiciones-del-nuevo-personal\/\"><img loading=\"lazy\" decoding=\"async\" width=\"800\" height=\"600\" src=\"https:\/\/www.aridane.org\/city\/wp-content\/uploads\/2025\/01\/Renting-800x600.jpeg\" class=\"attachment-portfolio-landscape size-portfolio-landscape wp-post-image\" alt=\"\" srcset=\"https:\/\/www.aridane.org\/city\/wp-content\/uploads\/2025\/01\/Renting-800x600.jpeg 800w, https:\/\/www.aridane.org\/city\/wp-content\/uploads\/2025\/01\/Renting-300x225.jpeg 300w, https:\/\/www.aridane.org\/city\/wp-content\/uploads\/2025\/01\/Renting-620x465.jpeg 620w, https:\/\/www.aridane.org\/city\/wp-content\/uploads\/2025\/01\/Renting-768x576.jpeg 768w, https:\/\/www.aridane.org\/city\/wp-content\/uploads\/2025\/01\/Renting-1536x1152.jpeg 1536w, https:\/\/www.aridane.org\/city\/wp-content\/uploads\/2025\/01\/Renting-2048x1536.jpeg 2048w, https:\/\/www.aridane.org\/city\/wp-content\/uploads\/2025\/01\/Renting-700x525.jpeg 700w\" sizes=\"auto, (max-width: 800px) 100vw, 800px\" \/><\/a><\/div><div class=\"latest_post_two_inner\" ><div class=\"latest_post_two_text\"><h5 itemprop=\"name\" class=\"latest_post_two_title entry_title\"><a itemprop=\"url\" href=\"https:\/\/www.aridane.org\/city\/2025\/01\/03\/los-llanos-de-aridane-refuerza-su-flota-de-vehiculos-para-mejorar-las-condiciones-del-nuevo-personal\/\" >Los Llanos de Aridane refuerza su flota de veh\u00edculos para mejorar las condiciones del nuevo personal<\/a><\/h5><div class=\"separator small left \" ><\/div><p itemprop=\"description\" class=\"latest_post_two_excerpt\" >El Ayuntamiento incorpora un cami\u00f3n y un veh\u00edculo de nueve plazas por un renting de seis meses<\/p><\/div><div class=\"latest_post_two_info\" ><div class=\"latest_post_two_info_inner\" ><div class=\"post_info_author\"><img alt='Author Image' src='https:\/\/secure.gravatar.com\/avatar\/1c476992411e4ccf153da63b2b2f5ea0bb4cb1c85f3ceab8512f04325ad5579c?s=30&#038;d=mm&#038;r=g' srcset='https:\/\/secure.gravatar.com\/avatar\/1c476992411e4ccf153da63b2b2f5ea0bb4cb1c85f3ceab8512f04325ad5579c?s=60&#038;d=mm&#038;r=g 2x' class='avatar avatar-30 photo' height='30' width='30' \/><span class=\"post_info_author_name\">Corresponsal<\/span><\/div><div itemprop=\"dateCreated\" class=\"post_info_date entry_date updated\">03 enero, 2025<meta itemprop=\"interactionCount\" content=\"UserComments: <?php echo get_comments_number(qode_get_page_id()); ?>\"\/><\/div><\/div><\/div><\/div><\/li><li class=\"clearfix\"><div class=\"latest_post_two_image\"><a itemprop=\"url\" href=\"https:\/\/www.aridane.org\/city\/2025\/01\/01\/los-llanos-de-aridane-celebra-la-entrada-al-nuevo-ano-con-mas-de-13-000-personas\/\"><img loading=\"lazy\" decoding=\"async\" width=\"800\" height=\"600\" src=\"https:\/\/www.aridane.org\/city\/wp-content\/uploads\/2025\/01\/Fin-de-Ano-Los-Llanos-800x600.jpeg\" class=\"attachment-portfolio-landscape size-portfolio-landscape wp-post-image\" alt=\"\" \/><\/a><\/div><div class=\"latest_post_two_inner\" ><div class=\"latest_post_two_text\"><h5 itemprop=\"name\" class=\"latest_post_two_title entry_title\"><a itemprop=\"url\" href=\"https:\/\/www.aridane.org\/city\/2025\/01\/01\/los-llanos-de-aridane-celebra-la-entrada-al-nuevo-ano-con-mas-de-13-000-personas\/\" >Los Llanos de Aridane celebra la entrada al nuevo a\u00f1o con m\u00e1s de 13.000 personas<\/a><\/h5><div class=\"separator small left \" ><\/div><p itemprop=\"description\" class=\"latest_post_two_excerpt\" >Las calles del municipio gozaron de un ambiente excepcional durante todos los actos<\/p><\/div><div class=\"latest_post_two_info\" ><div class=\"latest_post_two_info_inner\" ><div class=\"post_info_author\"><img alt='Author Image' src='https:\/\/secure.gravatar.com\/avatar\/1c476992411e4ccf153da63b2b2f5ea0bb4cb1c85f3ceab8512f04325ad5579c?s=30&#038;d=mm&#038;r=g' srcset='https:\/\/secure.gravatar.com\/avatar\/1c476992411e4ccf153da63b2b2f5ea0bb4cb1c85f3ceab8512f04325ad5579c?s=60&#038;d=mm&#038;r=g 2x' class='avatar avatar-30 photo' height='30' width='30' \/><span class=\"post_info_author_name\">Corresponsal<\/span><\/div><div itemprop=\"dateCreated\" class=\"post_info_date entry_date updated\">01 enero, 2025<meta itemprop=\"interactionCount\" content=\"UserComments: <?php echo get_comments_number(qode_get_page_id()); ?>\"\/><\/div><\/div><\/div><\/div><\/li><li class=\"clearfix\"><div class=\"latest_post_two_image\"><a itemprop=\"url\" href=\"https:\/\/www.aridane.org\/city\/2025\/01\/01\/la-xvii-san-silvestre-de-los-llanos-de-aridane-cerro-un-ano-deportivo-con-mas-de-35-eventos-en-el-municipio\/\"><img loading=\"lazy\" decoding=\"async\" width=\"800\" height=\"600\" src=\"https:\/\/www.aridane.org\/city\/wp-content\/uploads\/2025\/01\/San-Silvestre-2024-800x600.jpeg\" class=\"attachment-portfolio-landscape size-portfolio-landscape wp-post-image\" alt=\"\" \/><\/a><\/div><div class=\"latest_post_two_inner\" ><div class=\"latest_post_two_text\"><h5 itemprop=\"name\" class=\"latest_post_two_title entry_title\"><a itemprop=\"url\" href=\"https:\/\/www.aridane.org\/city\/2025\/01\/01\/la-xvii-san-silvestre-de-los-llanos-de-aridane-cerro-un-ano-deportivo-con-mas-de-35-eventos-en-el-municipio\/\" >La XVII San Silvestre de Los Llanos de Aridane cerr\u00f3 un a\u00f1o deportivo con m\u00e1s de 35 eventos en el municipio\u00a0<\/a><\/h5><div class=\"separator small left \" ><\/div><p itemprop=\"description\" class=\"latest_post_two_excerpt\" >La prueba marc\u00f3 un nuevo r\u00e9cord de participaci\u00f3n con m\u00e1s de mil participantes El Ayuntamiento de Los Llanos de Aridane despidi\u00f3 2024 con la XVII San Silvestre, una cita ineludible en el calendario deportivo loc<\/p><\/div><div class=\"latest_post_two_info\" ><div class=\"latest_post_two_info_inner\" ><div class=\"post_info_author\"><img alt='Author Image' src='https:\/\/secure.gravatar.com\/avatar\/1c476992411e4ccf153da63b2b2f5ea0bb4cb1c85f3ceab8512f04325ad5579c?s=30&#038;d=mm&#038;r=g' srcset='https:\/\/secure.gravatar.com\/avatar\/1c476992411e4ccf153da63b2b2f5ea0bb4cb1c85f3ceab8512f04325ad5579c?s=60&#038;d=mm&#038;r=g 2x' class='avatar avatar-30 photo' height='30' width='30' \/><span class=\"post_info_author_name\">Corresponsal<\/span><\/div><div itemprop=\"dateCreated\" class=\"post_info_date entry_date updated\">01 enero, 2025<meta itemprop=\"interactionCount\" content=\"UserComments: <?php echo get_comments_number(qode_get_page_id()); ?>\"\/><\/div><\/div><\/div><\/div><\/li><li class=\"clearfix\"><div class=\"latest_post_two_image\"><a itemprop=\"url\" href=\"https:\/\/www.aridane.org\/city\/2024\/12\/04\/los-llanos-de-aridane-mejora-la-movilidad-de-su-casco-antiguo-con-una-nueva-regulacion-peatonal\/\"><img loading=\"lazy\" decoding=\"async\" width=\"800\" height=\"600\" src=\"https:\/\/www.aridane.org\/city\/wp-content\/uploads\/2024\/12\/Zona-peatonal-Los-Llanos-800x600.jpeg\" class=\"attachment-portfolio-landscape size-portfolio-landscape wp-post-image\" alt=\"\" \/><\/a><\/div><div class=\"latest_post_two_inner\" ><div class=\"latest_post_two_text\"><h5 itemprop=\"name\" class=\"latest_post_two_title entry_title\"><a itemprop=\"url\" href=\"https:\/\/www.aridane.org\/city\/2024\/12\/04\/los-llanos-de-aridane-mejora-la-movilidad-de-su-casco-antiguo-con-una-nueva-regulacion-peatonal\/\" >Los Llanos de Aridane mejora la movilidad de su casco antiguo con una nueva regulaci\u00f3n peatonal<\/a><\/h5><div class=\"separator small left \" ><\/div><p itemprop=\"description\" class=\"latest_post_two_excerpt\" >La regulaci\u00f3n de las zonas peatonales har\u00e1 del casco antiguo un espacio m\u00e1s seguro y sostenible, al tiempo que estimula el comercio local<\/p><\/div><div class=\"latest_post_two_info\" ><div class=\"latest_post_two_info_inner\" ><div class=\"post_info_author\"><img alt='Author Image' src='https:\/\/secure.gravatar.com\/avatar\/1c476992411e4ccf153da63b2b2f5ea0bb4cb1c85f3ceab8512f04325ad5579c?s=30&#038;d=mm&#038;r=g' srcset='https:\/\/secure.gravatar.com\/avatar\/1c476992411e4ccf153da63b2b2f5ea0bb4cb1c85f3ceab8512f04325ad5579c?s=60&#038;d=mm&#038;r=g 2x' class='avatar avatar-30 photo' height='30' width='30' \/><span class=\"post_info_author_name\">Corresponsal<\/span><\/div><div itemprop=\"dateCreated\" class=\"post_info_date entry_date updated\">04 diciembre, 2024<meta itemprop=\"interactionCount\" content=\"UserComments: <?php echo get_comments_number(qode_get_page_id()); ?>\"\/><\/div><\/div><\/div><\/div><\/li><li class=\"clearfix\"><div class=\"latest_post_two_image\"><a itemprop=\"url\" href=\"https:\/\/www.aridane.org\/city\/2024\/12\/04\/los-llanos-de-aridane-prepara-la-navidad-con-los-mas-pequenos-con-talleres-de-artesania\/\"><img loading=\"lazy\" decoding=\"async\" width=\"800\" height=\"600\" src=\"https:\/\/www.aridane.org\/city\/wp-content\/uploads\/2024\/12\/Talleres-artesania-de-Navidad-800x600.png\" class=\"attachment-portfolio-landscape size-portfolio-landscape wp-post-image\" alt=\"\" \/><\/a><\/div><div class=\"latest_post_two_inner\" ><div class=\"latest_post_two_text\"><h5 itemprop=\"name\" class=\"latest_post_two_title entry_title\"><a itemprop=\"url\" href=\"https:\/\/www.aridane.org\/city\/2024\/12\/04\/los-llanos-de-aridane-prepara-la-navidad-con-los-mas-pequenos-con-talleres-de-artesania\/\" >Los Llanos de Aridane prepara la Navidad con los m\u00e1s peque\u00f1os con talleres de artesan\u00eda\u00a0<\/a><\/h5><div class=\"separator small left \" ><\/div><p itemprop=\"description\" class=\"latest_post_two_excerpt\" >Las inscripciones para \u2018Preparando la Navidad\u2019 y &#8216;Cester\u00eda creativa con tem\u00e1tica navide\u00f1a&#8217; estar\u00e1n abiertas hasta el 18 de diciembre\u00a0<\/p><\/div><div class=\"latest_post_two_info\" ><div class=\"latest_post_two_info_inner\" ><div class=\"post_info_author\"><img alt='Author Image' src='https:\/\/secure.gravatar.com\/avatar\/1c476992411e4ccf153da63b2b2f5ea0bb4cb1c85f3ceab8512f04325ad5579c?s=30&#038;d=mm&#038;r=g' srcset='https:\/\/secure.gravatar.com\/avatar\/1c476992411e4ccf153da63b2b2f5ea0bb4cb1c85f3ceab8512f04325ad5579c?s=60&#038;d=mm&#038;r=g 2x' class='avatar avatar-30 photo' height='30' width='30' \/><span class=\"post_info_author_name\">Corresponsal<\/span><\/div><div itemprop=\"dateCreated\" class=\"post_info_date entry_date updated\">04 diciembre, 2024<meta itemprop=\"interactionCount\" content=\"UserComments: <?php echo get_comments_number(qode_get_page_id()); ?>\"\/><\/div><\/div><\/div><\/div><\/li><li class=\"clearfix\"><div class=\"latest_post_two_image\"><a itemprop=\"url\" href=\"https:\/\/www.aridane.org\/city\/2024\/11\/28\/los-llanos-de-aridane-acoge-unas-jornadas-de-involcan-sobre-la-gestion-de-riesgos-volcanicos\/\"><img loading=\"lazy\" decoding=\"async\" width=\"800\" height=\"600\" src=\"https:\/\/www.aridane.org\/city\/wp-content\/uploads\/2024\/11\/INVOLCAN_Los_Llanos_de_Aridane-800x600.png\" class=\"attachment-portfolio-landscape size-portfolio-landscape wp-post-image\" alt=\"\" \/><\/a><\/div><div class=\"latest_post_two_inner\" ><div class=\"latest_post_two_text\"><h5 itemprop=\"name\" class=\"latest_post_two_title entry_title\"><a itemprop=\"url\" href=\"https:\/\/www.aridane.org\/city\/2024\/11\/28\/los-llanos-de-aridane-acoge-unas-jornadas-de-involcan-sobre-la-gestion-de-riesgos-volcanicos\/\" >Los Llanos de Aridane acoge unas jornadas de INVOLCAN sobre la gesti\u00f3n de riesgos volc\u00e1nicos<\/a><\/h5><div class=\"separator small left \" ><\/div><p itemprop=\"description\" class=\"latest_post_two_excerpt\" >\u2018Canarias: una ventana volc\u00e1nica en el Atl\u00e1ntico\u2019 ser\u00e1 un foro que informar\u00e1 sobre los peligros volc\u00e1nicos, el riesgo asociado y las medidas para reducir su impacto en Canarias<\/p><\/div><div class=\"latest_post_two_info\" ><div class=\"latest_post_two_info_inner\" ><div class=\"post_info_author\"><img alt='Author Image' src='https:\/\/secure.gravatar.com\/avatar\/1c476992411e4ccf153da63b2b2f5ea0bb4cb1c85f3ceab8512f04325ad5579c?s=30&#038;d=mm&#038;r=g' srcset='https:\/\/secure.gravatar.com\/avatar\/1c476992411e4ccf153da63b2b2f5ea0bb4cb1c85f3ceab8512f04325ad5579c?s=60&#038;d=mm&#038;r=g 2x' class='avatar avatar-30 photo' height='30' width='30' \/><span class=\"post_info_author_name\">Corresponsal<\/span><\/div><div itemprop=\"dateCreated\" class=\"post_info_date entry_date updated\">28 noviembre, 2024<meta itemprop=\"interactionCount\" content=\"UserComments: <?php echo get_comments_number(qode_get_page_id()); ?>\"\/><\/div><\/div><\/div><\/div><\/li><li class=\"clearfix\"><div class=\"latest_post_two_image\"><a itemprop=\"url\" href=\"https:\/\/www.aridane.org\/city\/2024\/11\/28\/los-llanos-de-aridane-facilita-el-aparcamiento-en-la-zona-azul-para-el-dia-blanco\/\"><img loading=\"lazy\" decoding=\"async\" width=\"800\" height=\"600\" src=\"https:\/\/www.aridane.org\/city\/wp-content\/uploads\/2024\/08\/Los-Llanos-de-Aridane-drone-800x600.png\" class=\"attachment-portfolio-landscape size-portfolio-landscape wp-post-image\" alt=\"\" \/><\/a><\/div><div class=\"latest_post_two_inner\" ><div class=\"latest_post_two_text\"><h5 itemprop=\"name\" class=\"latest_post_two_title entry_title\"><a itemprop=\"url\" href=\"https:\/\/www.aridane.org\/city\/2024\/11\/28\/los-llanos-de-aridane-facilita-el-aparcamiento-en-la-zona-azul-para-el-dia-blanco\/\" >Los Llanos de Aridane facilita el aparcamiento en la zona azul para el D\u00eda Blanco<\/a><\/h5><div class=\"separator small left \" ><\/div><p itemprop=\"description\" class=\"latest_post_two_excerpt\" >Quienes utilicen la aplicaci\u00f3n Telpark para iniciar el estacionamiento en la zona azul podr\u00e1n disfrutar de aparcamiento gratuito<\/p><\/div><div class=\"latest_post_two_info\" ><div class=\"latest_post_two_info_inner\" ><div class=\"post_info_author\"><img alt='Author Image' src='https:\/\/secure.gravatar.com\/avatar\/1c476992411e4ccf153da63b2b2f5ea0bb4cb1c85f3ceab8512f04325ad5579c?s=30&#038;d=mm&#038;r=g' srcset='https:\/\/secure.gravatar.com\/avatar\/1c476992411e4ccf153da63b2b2f5ea0bb4cb1c85f3ceab8512f04325ad5579c?s=60&#038;d=mm&#038;r=g 2x' class='avatar avatar-30 photo' height='30' width='30' \/><span class=\"post_info_author_name\">Corresponsal<\/span><\/div><div itemprop=\"dateCreated\" class=\"post_info_date entry_date updated\">28 noviembre, 2024<meta itemprop=\"interactionCount\" content=\"UserComments: <?php echo get_comments_number(qode_get_page_id()); ?>\"\/><\/div><\/div><\/div><\/div><\/li><li class=\"clearfix\"><div class=\"latest_post_two_image\"><a itemprop=\"url\" href=\"https:\/\/www.aridane.org\/city\/2024\/11\/27\/los-llanos-de-aridane-sera-la-capital-de-la-literatura-negra-y-criminal-de-canarias-en-enero-de-2025\/\"><img loading=\"lazy\" decoding=\"async\" width=\"800\" height=\"600\" src=\"https:\/\/www.aridane.org\/city\/wp-content\/uploads\/2024\/11\/Aridane-Criminal-V-800x600.jpeg\" class=\"attachment-portfolio-landscape size-portfolio-landscape wp-post-image\" alt=\"\" \/><\/a><\/div><div class=\"latest_post_two_inner\" ><div class=\"latest_post_two_text\"><h5 itemprop=\"name\" class=\"latest_post_two_title entry_title\"><a itemprop=\"url\" href=\"https:\/\/www.aridane.org\/city\/2024\/11\/27\/los-llanos-de-aridane-sera-la-capital-de-la-literatura-negra-y-criminal-de-canarias-en-enero-de-2025\/\" >Los Llanos de Aridane ser\u00e1 la capital de la literatura negra y criminal de Canarias en enero de 2025<\/a><\/h5><div class=\"separator small left \" ><\/div><p itemprop=\"description\" class=\"latest_post_two_excerpt\" >La V edici\u00f3n de Aridane Criminal reunir\u00e1 a escritores, cineastas, guionistas e ilustradores en un homenaje especial a su fundador, Alexis Ravelo<\/p><\/div><div class=\"latest_post_two_info\" ><div class=\"latest_post_two_info_inner\" ><div class=\"post_info_author\"><img alt='Author Image' src='https:\/\/secure.gravatar.com\/avatar\/1c476992411e4ccf153da63b2b2f5ea0bb4cb1c85f3ceab8512f04325ad5579c?s=30&#038;d=mm&#038;r=g' srcset='https:\/\/secure.gravatar.com\/avatar\/1c476992411e4ccf153da63b2b2f5ea0bb4cb1c85f3ceab8512f04325ad5579c?s=60&#038;d=mm&#038;r=g 2x' class='avatar avatar-30 photo' height='30' width='30' \/><span class=\"post_info_author_name\">Corresponsal<\/span><\/div><div itemprop=\"dateCreated\" class=\"post_info_date entry_date updated\">27 noviembre, 2024<meta itemprop=\"interactionCount\" content=\"UserComments: <?php echo get_comments_number(qode_get_page_id()); ?>\"\/><\/div><\/div><\/div><\/div><\/li><li class=\"clearfix\"><div class=\"latest_post_two_image\"><a itemprop=\"url\" href=\"https:\/\/www.aridane.org\/city\/2024\/11\/26\/los-llanos-de-aridane-da-la-bienvenida-a-la-navidad-este-sabado-con-su-tradicional-encendido\/\"><\/a><\/div><div class=\"latest_post_two_inner\" ><div class=\"latest_post_two_text\"><h5 itemprop=\"name\" class=\"latest_post_two_title entry_title\"><a itemprop=\"url\" href=\"https:\/\/www.aridane.org\/city\/2024\/11\/26\/los-llanos-de-aridane-da-la-bienvenida-a-la-navidad-este-sabado-con-su-tradicional-encendido\/\" >Los Llanos de Aridane da la bienvenida a la Navidad este s\u00e1bado con su tradicional encendido<\/a><\/h5><div class=\"separator small left \" ><\/div><p itemprop=\"description\" class=\"latest_post_two_excerpt\" >Otro de los puntos fuertes del d\u00eda ser\u00e1 la inauguraci\u00f3n del Nacimiento en los bajos de la Casa de la Cultura<\/p><\/div><div class=\"latest_post_two_info\" ><div class=\"latest_post_two_info_inner\" ><div class=\"post_info_author\"><img alt='Author Image' src='https:\/\/secure.gravatar.com\/avatar\/1c476992411e4ccf153da63b2b2f5ea0bb4cb1c85f3ceab8512f04325ad5579c?s=30&#038;d=mm&#038;r=g' srcset='https:\/\/secure.gravatar.com\/avatar\/1c476992411e4ccf153da63b2b2f5ea0bb4cb1c85f3ceab8512f04325ad5579c?s=60&#038;d=mm&#038;r=g 2x' class='avatar avatar-30 photo' height='30' width='30' \/><span class=\"post_info_author_name\">Corresponsal<\/span><\/div><div itemprop=\"dateCreated\" class=\"post_info_date entry_date updated\">26 noviembre, 2024<meta itemprop=\"interactionCount\" content=\"UserComments: <?php echo get_comments_number(qode_get_page_id()); ?>\"\/><\/div><\/div><\/div><\/div><\/li><li class=\"clearfix\"><div class=\"latest_post_two_image\"><a itemprop=\"url\" href=\"https:\/\/www.aridane.org\/city\/2024\/11\/25\/los-llanos-de-aridane-acoge-el-v-encuentro-internacional-de-saxofon-con-un-programa-repleto-de-talento-y-estrenos\/\"><img loading=\"lazy\" decoding=\"async\" width=\"800\" height=\"600\" src=\"https:\/\/www.aridane.org\/city\/wp-content\/uploads\/2024\/11\/Encuentro-saxofonistas-e1732786038943-800x600.jpg\" class=\"attachment-portfolio-landscape size-portfolio-landscape wp-post-image\" alt=\"\" \/><\/a><\/div><div class=\"latest_post_two_inner\" ><div class=\"latest_post_two_text\"><h5 itemprop=\"name\" class=\"latest_post_two_title entry_title\"><a itemprop=\"url\" href=\"https:\/\/www.aridane.org\/city\/2024\/11\/25\/los-llanos-de-aridane-acoge-el-v-encuentro-internacional-de-saxofon-con-un-programa-repleto-de-talento-y-estrenos\/\" >Los Llanos de Aridane acoge el V Encuentro Internacional de Saxof\u00f3n con un programa repleto de talento y estrenos\u00a0<\/a><\/h5><div class=\"separator small left \" ><\/div><p itemprop=\"description\" class=\"latest_post_two_excerpt\" >La concejala de Cultura, Marlene Gonz\u00e1lez, asegura que este evento coloca a La Palma \u201cen el centro del panorama cultural internacional\u201d<\/p><\/div><div class=\"latest_post_two_info\" ><div class=\"latest_post_two_info_inner\" ><div class=\"post_info_author\"><img alt='Author Image' src='https:\/\/secure.gravatar.com\/avatar\/1c476992411e4ccf153da63b2b2f5ea0bb4cb1c85f3ceab8512f04325ad5579c?s=30&#038;d=mm&#038;r=g' srcset='https:\/\/secure.gravatar.com\/avatar\/1c476992411e4ccf153da63b2b2f5ea0bb4cb1c85f3ceab8512f04325ad5579c?s=60&#038;d=mm&#038;r=g 2x' class='avatar avatar-30 photo' height='30' width='30' \/><span class=\"post_info_author_name\">Corresponsal<\/span><\/div><div itemprop=\"dateCreated\" class=\"post_info_date entry_date updated\">25 noviembre, 2024<meta itemprop=\"interactionCount\" content=\"UserComments: <?php echo get_comments_number(qode_get_page_id()); ?>\"\/><\/div><\/div><\/div><\/div><\/li><li class=\"clearfix\"><div class=\"latest_post_two_image\"><a itemprop=\"url\" href=\"https:\/\/www.aridane.org\/city\/2024\/11\/25\/los-llanos-de-aridane-celebra-el-dia-blanco-este-viernes-con-actividades-para-toda-la-familia-y-buena-musica\/\"><img loading=\"lazy\" decoding=\"async\" width=\"800\" height=\"600\" src=\"https:\/\/www.aridane.org\/city\/wp-content\/uploads\/2024\/11\/Dia-Blanco-29N-800x600.jpeg\" class=\"attachment-portfolio-landscape size-portfolio-landscape wp-post-image\" alt=\"\" srcset=\"https:\/\/www.aridane.org\/city\/wp-content\/uploads\/2024\/11\/Dia-Blanco-29N-800x600.jpeg 800w, https:\/\/www.aridane.org\/city\/wp-content\/uploads\/2024\/11\/Dia-Blanco-29N-300x225.jpeg 300w, https:\/\/www.aridane.org\/city\/wp-content\/uploads\/2024\/11\/Dia-Blanco-29N-620x465.jpeg 620w, https:\/\/www.aridane.org\/city\/wp-content\/uploads\/2024\/11\/Dia-Blanco-29N-768x576.jpeg 768w, https:\/\/www.aridane.org\/city\/wp-content\/uploads\/2024\/11\/Dia-Blanco-29N-1536x1152.jpeg 1536w, https:\/\/www.aridane.org\/city\/wp-content\/uploads\/2024\/11\/Dia-Blanco-29N-700x525.jpeg 700w, https:\/\/www.aridane.org\/city\/wp-content\/uploads\/2024\/11\/Dia-Blanco-29N.jpeg 1891w\" sizes=\"auto, (max-width: 800px) 100vw, 800px\" \/><\/a><\/div><div class=\"latest_post_two_inner\" ><div class=\"latest_post_two_text\"><h5 itemprop=\"name\" class=\"latest_post_two_title entry_title\"><a itemprop=\"url\" href=\"https:\/\/www.aridane.org\/city\/2024\/11\/25\/los-llanos-de-aridane-celebra-el-dia-blanco-este-viernes-con-actividades-para-toda-la-familia-y-buena-musica\/\" >Los Llanos de Aridane celebra el D\u00eda Blanco este viernes con actividades para toda la familia y buena m\u00fasica<\/a><\/h5><div class=\"separator small left \" ><\/div><p itemprop=\"description\" class=\"latest_post_two_excerpt\" >Habr\u00e1 talleres infantiles, espect\u00e1culos, m\u00fasica en vivo con violinistas y saxofonistas y una fiesta fin de cierre con Renzo El Selector<\/p><\/div><div class=\"latest_post_two_info\" ><div class=\"latest_post_two_info_inner\" ><div class=\"post_info_author\"><img alt='Author Image' src='https:\/\/secure.gravatar.com\/avatar\/1c476992411e4ccf153da63b2b2f5ea0bb4cb1c85f3ceab8512f04325ad5579c?s=30&#038;d=mm&#038;r=g' srcset='https:\/\/secure.gravatar.com\/avatar\/1c476992411e4ccf153da63b2b2f5ea0bb4cb1c85f3ceab8512f04325ad5579c?s=60&#038;d=mm&#038;r=g 2x' class='avatar avatar-30 photo' height='30' width='30' \/><span class=\"post_info_author_name\">Corresponsal<\/span><\/div><div itemprop=\"dateCreated\" class=\"post_info_date entry_date updated\">25 noviembre, 2024<meta itemprop=\"interactionCount\" content=\"UserComments: <?php echo get_comments_number(qode_get_page_id()); ?>\"\/><\/div><\/div><\/div><\/div><\/li><li class=\"clearfix\"><div class=\"latest_post_two_image\"><a itemprop=\"url\" href=\"https:\/\/www.aridane.org\/city\/2024\/11\/25\/los-llanos-de-aridane-hace-realidad-los-suenos-de-los-mas-pequenos-con-la-campana-tu-puedes-ser-rey-mago\/\"><img loading=\"lazy\" decoding=\"async\" width=\"800\" height=\"600\" src=\"https:\/\/www.aridane.org\/city\/wp-content\/uploads\/2024\/11\/Tu-puedes-ser-un-rey-mago-1-e1732786141275-800x600.jpeg\" class=\"attachment-portfolio-landscape size-portfolio-landscape wp-post-image\" alt=\"\" \/><\/a><\/div><div class=\"latest_post_two_inner\" ><div class=\"latest_post_two_text\"><h5 itemprop=\"name\" class=\"latest_post_two_title entry_title\"><a itemprop=\"url\" href=\"https:\/\/www.aridane.org\/city\/2024\/11\/25\/los-llanos-de-aridane-hace-realidad-los-suenos-de-los-mas-pequenos-con-la-campana-tu-puedes-ser-rey-mago\/\" >Los Llanos de Aridane hace realidad los sue\u00f1os de los m\u00e1s peque\u00f1os con la campa\u00f1a \u2018T\u00fa puedes ser Rey Mago\u2019\u00a0<\/a><\/h5><div class=\"separator small left \" ><\/div><p itemprop=\"description\" class=\"latest_post_two_excerpt\" >La iniciativa garantiza que ning\u00fan ni\u00f1o o ni\u00f1a se quede sin recibir uno de los regalos que m\u00e1s desea<\/p><\/div><div class=\"latest_post_two_info\" ><div class=\"latest_post_two_info_inner\" ><div class=\"post_info_author\"><img alt='Author Image' src='https:\/\/secure.gravatar.com\/avatar\/1c476992411e4ccf153da63b2b2f5ea0bb4cb1c85f3ceab8512f04325ad5579c?s=30&#038;d=mm&#038;r=g' srcset='https:\/\/secure.gravatar.com\/avatar\/1c476992411e4ccf153da63b2b2f5ea0bb4cb1c85f3ceab8512f04325ad5579c?s=60&#038;d=mm&#038;r=g 2x' class='avatar avatar-30 photo' height='30' width='30' \/><span class=\"post_info_author_name\">Corresponsal<\/span><\/div><div itemprop=\"dateCreated\" class=\"post_info_date entry_date updated\">25 noviembre, 2024<meta itemprop=\"interactionCount\" content=\"UserComments: <?php echo get_comments_number(qode_get_page_id()); ?>\"\/><\/div><\/div><\/div><\/div><\/li><li class=\"clearfix\"><div class=\"latest_post_two_image\"><a itemprop=\"url\" href=\"https:\/\/www.aridane.org\/city\/2024\/11\/22\/javier-llamas-destaca-la-gestion-del-area-de-reconstruccion-para-lograr-5-millones-de-euros-mas-para-los-llanos-de-aridane\/\"><img loading=\"lazy\" decoding=\"async\" width=\"800\" height=\"600\" src=\"https:\/\/www.aridane.org\/city\/wp-content\/uploads\/2024\/11\/Javier-Llamas-y-Tamara-Acosta-800x600.jpeg\" class=\"attachment-portfolio-landscape size-portfolio-landscape wp-post-image\" alt=\"\" \/><\/a><\/div><div class=\"latest_post_two_inner\" ><div class=\"latest_post_two_text\"><h5 itemprop=\"name\" class=\"latest_post_two_title entry_title\"><a itemprop=\"url\" href=\"https:\/\/www.aridane.org\/city\/2024\/11\/22\/javier-llamas-destaca-la-gestion-del-area-de-reconstruccion-para-lograr-5-millones-de-euros-mas-para-los-llanos-de-aridane\/\" >Javier Llamas destaca la gesti\u00f3n del \u00e1rea de Reconstrucci\u00f3n para lograr 5 millones de euros m\u00e1s para Los Llanos de Aridane<\/a><\/h5><div class=\"separator small left \" ><\/div><p itemprop=\"description\" class=\"latest_post_two_excerpt\" >El Ayuntamiento sigue trabajando en un segundo convenio con el Gobierno de Espa\u00f1a para obtener fondos de hasta 44 millones de euros<\/p><\/div><div class=\"latest_post_two_info\" ><div class=\"latest_post_two_info_inner\" ><div class=\"post_info_author\"><img alt='Author Image' src='https:\/\/secure.gravatar.com\/avatar\/1c476992411e4ccf153da63b2b2f5ea0bb4cb1c85f3ceab8512f04325ad5579c?s=30&#038;d=mm&#038;r=g' srcset='https:\/\/secure.gravatar.com\/avatar\/1c476992411e4ccf153da63b2b2f5ea0bb4cb1c85f3ceab8512f04325ad5579c?s=60&#038;d=mm&#038;r=g 2x' class='avatar avatar-30 photo' height='30' width='30' \/><span class=\"post_info_author_name\">Corresponsal<\/span><\/div><div itemprop=\"dateCreated\" class=\"post_info_date entry_date updated\">22 noviembre, 2024<meta itemprop=\"interactionCount\" content=\"UserComments: <?php echo get_comments_number(qode_get_page_id()); ?>\"\/><\/div><\/div><\/div><\/div><\/li><li class=\"clearfix\"><div class=\"latest_post_two_image\"><a itemprop=\"url\" href=\"https:\/\/www.aridane.org\/city\/2024\/11\/14\/el-ayuntamiento-reactiva-la-reconstruccion-del-cementerio-de-las-manchas\/\"><img loading=\"lazy\" decoding=\"async\" width=\"800\" height=\"600\" src=\"https:\/\/www.aridane.org\/city\/wp-content\/uploads\/2024\/11\/Recuperacion-cementerio-1-800x600.jpeg\" class=\"attachment-portfolio-landscape size-portfolio-landscape wp-post-image\" alt=\"\" srcset=\"https:\/\/www.aridane.org\/city\/wp-content\/uploads\/2024\/11\/Recuperacion-cementerio-1-800x600.jpeg 800w, https:\/\/www.aridane.org\/city\/wp-content\/uploads\/2024\/11\/Recuperacion-cementerio-1-300x225.jpeg 300w, https:\/\/www.aridane.org\/city\/wp-content\/uploads\/2024\/11\/Recuperacion-cementerio-1-620x465.jpeg 620w, https:\/\/www.aridane.org\/city\/wp-content\/uploads\/2024\/11\/Recuperacion-cementerio-1-768x576.jpeg 768w, https:\/\/www.aridane.org\/city\/wp-content\/uploads\/2024\/11\/Recuperacion-cementerio-1-1536x1152.jpeg 1536w, https:\/\/www.aridane.org\/city\/wp-content\/uploads\/2024\/11\/Recuperacion-cementerio-1-2048x1536.jpeg 2048w, https:\/\/www.aridane.org\/city\/wp-content\/uploads\/2024\/11\/Recuperacion-cementerio-1-700x525.jpeg 700w\" sizes=\"auto, (max-width: 800px) 100vw, 800px\" \/><\/a><\/div><div class=\"latest_post_two_inner\" ><div class=\"latest_post_two_text\"><h5 itemprop=\"name\" class=\"latest_post_two_title entry_title\"><a itemprop=\"url\" href=\"https:\/\/www.aridane.org\/city\/2024\/11\/14\/el-ayuntamiento-reactiva-la-reconstruccion-del-cementerio-de-las-manchas\/\" >El Ayuntamiento reactiva la reconstrucci\u00f3n del cementerio de Las Manchas<\/a><\/h5><div class=\"separator small left \" ><\/div><p itemprop=\"description\" class=\"latest_post_two_excerpt\" >Mediante una intervenci\u00f3n de emergencia, el consistorio inicia las obras del camposanto para recuperar 548 nichos<\/p><\/div><div class=\"latest_post_two_info\" ><div class=\"latest_post_two_info_inner\" ><div class=\"post_info_author\"><img alt='Author Image' src='https:\/\/secure.gravatar.com\/avatar\/1c476992411e4ccf153da63b2b2f5ea0bb4cb1c85f3ceab8512f04325ad5579c?s=30&#038;d=mm&#038;r=g' srcset='https:\/\/secure.gravatar.com\/avatar\/1c476992411e4ccf153da63b2b2f5ea0bb4cb1c85f3ceab8512f04325ad5579c?s=60&#038;d=mm&#038;r=g 2x' class='avatar avatar-30 photo' height='30' width='30' \/><span class=\"post_info_author_name\">Corresponsal<\/span><\/div><div itemprop=\"dateCreated\" class=\"post_info_date entry_date updated\">14 noviembre, 2024<meta itemprop=\"interactionCount\" content=\"UserComments: <?php echo get_comments_number(qode_get_page_id()); ?>\"\/><\/div><\/div><\/div><\/div><\/li><li class=\"clearfix\"><div class=\"latest_post_two_image\"><a itemprop=\"url\" href=\"https:\/\/www.aridane.org\/city\/2024\/11\/11\/ayuntamiento-y-empresarios-acuerdan-nuevas-medidas-para-reactivar-la-economia-de-los-llanos-de-aridane\/\"><img loading=\"lazy\" decoding=\"async\" width=\"800\" height=\"600\" src=\"https:\/\/www.aridane.org\/city\/wp-content\/uploads\/2024\/11\/Reunion-empresarios-1-800x600.jpeg\" class=\"attachment-portfolio-landscape size-portfolio-landscape wp-post-image\" alt=\"\" srcset=\"https:\/\/www.aridane.org\/city\/wp-content\/uploads\/2024\/11\/Reunion-empresarios-1-800x600.jpeg 800w, https:\/\/www.aridane.org\/city\/wp-content\/uploads\/2024\/11\/Reunion-empresarios-1-300x225.jpeg 300w, https:\/\/www.aridane.org\/city\/wp-content\/uploads\/2024\/11\/Reunion-empresarios-1-620x465.jpeg 620w, https:\/\/www.aridane.org\/city\/wp-content\/uploads\/2024\/11\/Reunion-empresarios-1-768x576.jpeg 768w, https:\/\/www.aridane.org\/city\/wp-content\/uploads\/2024\/11\/Reunion-empresarios-1-1536x1153.jpeg 1536w, https:\/\/www.aridane.org\/city\/wp-content\/uploads\/2024\/11\/Reunion-empresarios-1-2048x1537.jpeg 2048w, https:\/\/www.aridane.org\/city\/wp-content\/uploads\/2024\/11\/Reunion-empresarios-1-700x525.jpeg 700w\" sizes=\"auto, (max-width: 800px) 100vw, 800px\" \/><\/a><\/div><div class=\"latest_post_two_inner\" ><div class=\"latest_post_two_text\"><h5 itemprop=\"name\" class=\"latest_post_two_title entry_title\"><a itemprop=\"url\" href=\"https:\/\/www.aridane.org\/city\/2024\/11\/11\/ayuntamiento-y-empresarios-acuerdan-nuevas-medidas-para-reactivar-la-economia-de-los-llanos-de-aridane\/\" >Ayuntamiento y empresarios acuerdan nuevas medidas para reactivar la econom\u00eda de Los Llanos de Aridane<\/a><\/h5><div class=\"separator small left \" ><\/div><p itemprop=\"description\" class=\"latest_post_two_excerpt\" >En enero se constituye una mesa de trabajo para explorar nuevas f\u00f3rmulas, como la jornada continua y la apertura los s\u00e1bados por la tarde<\/p><\/div><div class=\"latest_post_two_info\" ><div class=\"latest_post_two_info_inner\" ><div class=\"post_info_author\"><img alt='Author Image' src='https:\/\/secure.gravatar.com\/avatar\/1c476992411e4ccf153da63b2b2f5ea0bb4cb1c85f3ceab8512f04325ad5579c?s=30&#038;d=mm&#038;r=g' srcset='https:\/\/secure.gravatar.com\/avatar\/1c476992411e4ccf153da63b2b2f5ea0bb4cb1c85f3ceab8512f04325ad5579c?s=60&#038;d=mm&#038;r=g 2x' class='avatar avatar-30 photo' height='30' width='30' \/><span class=\"post_info_author_name\">Corresponsal<\/span><\/div><div itemprop=\"dateCreated\" class=\"post_info_date entry_date updated\">11 noviembre, 2024<meta itemprop=\"interactionCount\" content=\"UserComments: <?php echo get_comments_number(qode_get_page_id()); ?>\"\/><\/div><\/div><\/div><\/div><\/li><li class=\"clearfix\"><div class=\"latest_post_two_image\"><a itemprop=\"url\" href=\"https:\/\/www.aridane.org\/city\/2024\/10\/31\/los-llanos-de-aridane-pospone-todos-los-actos-festivos-de-finados-en-solidaridad-con-las-victimas-de-las-inundaciones\/\"><img loading=\"lazy\" decoding=\"async\" width=\"800\" height=\"600\" src=\"https:\/\/www.aridane.org\/city\/wp-content\/uploads\/2024\/10\/Ayuntamiento-de-Los-Llanos-de-Aridane-800x600.png\" class=\"attachment-portfolio-landscape size-portfolio-landscape wp-post-image\" alt=\"\" \/><\/a><\/div><div class=\"latest_post_two_inner\" ><div class=\"latest_post_two_text\"><h5 itemprop=\"name\" class=\"latest_post_two_title entry_title\"><a itemprop=\"url\" href=\"https:\/\/www.aridane.org\/city\/2024\/10\/31\/los-llanos-de-aridane-pospone-todos-los-actos-festivos-de-finados-en-solidaridad-con-las-victimas-de-las-inundaciones\/\" >Los Llanos de Aridane pospone todos los actos festivos de finados en solidaridad con las v\u00edctimas de las inundaciones<\/a><\/h5><div class=\"separator small left \" ><\/div><p itemprop=\"description\" class=\"latest_post_two_excerpt\" >El Ayuntamiento lamenta los inconvenientes que esta decisi\u00f3n pueda causar y ratifica su solidaridad con las personas afectadas<\/p><\/div><div class=\"latest_post_two_info\" ><div class=\"latest_post_two_info_inner\" ><div class=\"post_info_author\"><img alt='Author Image' src='https:\/\/secure.gravatar.com\/avatar\/1c476992411e4ccf153da63b2b2f5ea0bb4cb1c85f3ceab8512f04325ad5579c?s=30&#038;d=mm&#038;r=g' srcset='https:\/\/secure.gravatar.com\/avatar\/1c476992411e4ccf153da63b2b2f5ea0bb4cb1c85f3ceab8512f04325ad5579c?s=60&#038;d=mm&#038;r=g 2x' class='avatar avatar-30 photo' height='30' width='30' \/><span class=\"post_info_author_name\">Corresponsal<\/span><\/div><div itemprop=\"dateCreated\" class=\"post_info_date entry_date updated\">31 octubre, 2024<meta itemprop=\"interactionCount\" content=\"UserComments: <?php echo get_comments_number(qode_get_page_id()); ?>\"\/><\/div><\/div><\/div><\/div><\/li><li class=\"clearfix\"><div class=\"latest_post_two_image\"><a itemprop=\"url\" href=\"https:\/\/www.aridane.org\/city\/2024\/09\/20\/el-ayuntamiento-organiza-el-curso-contar-el-volcan-que-puede-aportar-la-comunicacion-interpretativa-al-desarrollo-sostenible-de-los-llanos-de-aridane\/\"><img loading=\"lazy\" decoding=\"async\" width=\"800\" height=\"600\" src=\"https:\/\/www.aridane.org\/city\/wp-content\/uploads\/2024\/08\/Inmaculada-Fernandez-800x600.jpg\" class=\"attachment-portfolio-landscape size-portfolio-landscape wp-post-image\" alt=\"\" \/><\/a><\/div><div class=\"latest_post_two_inner\" ><div class=\"latest_post_two_text\"><h5 itemprop=\"name\" class=\"latest_post_two_title entry_title\"><a itemprop=\"url\" href=\"https:\/\/www.aridane.org\/city\/2024\/09\/20\/el-ayuntamiento-organiza-el-curso-contar-el-volcan-que-puede-aportar-la-comunicacion-interpretativa-al-desarrollo-sostenible-de-los-llanos-de-aridane\/\" >El Ayuntamiento organiza el curso \u2018Contar el volc\u00e1n: qu\u00e9 puede aportar la comunicaci\u00f3n interpretativa al desarrollo sostenible de Los Llanos de Aridane\u2019<\/a><\/h5><div class=\"separator small left \" ><\/div><p itemprop=\"description\" class=\"latest_post_two_excerpt\" >El periodo de inscripci\u00f3n ser\u00e1 del 19 de septiembre al 3 de octubre<\/p><\/div><div class=\"latest_post_two_info\" ><div class=\"latest_post_two_info_inner\" ><div class=\"post_info_author\"><img alt='Author Image' src='https:\/\/secure.gravatar.com\/avatar\/1c476992411e4ccf153da63b2b2f5ea0bb4cb1c85f3ceab8512f04325ad5579c?s=30&#038;d=mm&#038;r=g' srcset='https:\/\/secure.gravatar.com\/avatar\/1c476992411e4ccf153da63b2b2f5ea0bb4cb1c85f3ceab8512f04325ad5579c?s=60&#038;d=mm&#038;r=g 2x' class='avatar avatar-30 photo' height='30' width='30' \/><span class=\"post_info_author_name\">Corresponsal<\/span><\/div><div itemprop=\"dateCreated\" class=\"post_info_date entry_date updated\">20 septiembre, 2024<meta itemprop=\"interactionCount\" content=\"UserComments: <?php echo get_comments_number(qode_get_page_id()); ?>\"\/><\/div><\/div><\/div><\/div><\/li><li class=\"clearfix\"><div class=\"latest_post_two_image\"><a itemprop=\"url\" href=\"https:\/\/www.aridane.org\/city\/2024\/09\/20\/el-cec-isla-bonita-organiza-un-concierto-infantil-de-maldita-nerea-en-los-llanos-de-aridane\/\"><img loading=\"lazy\" decoding=\"async\" width=\"800\" height=\"600\" src=\"https:\/\/www.aridane.org\/city\/wp-content\/uploads\/2024\/09\/Maldita-Nerea-Concierto-infantil-800x600.jpeg\" class=\"attachment-portfolio-landscape size-portfolio-landscape wp-post-image\" alt=\"\" \/><\/a><\/div><div class=\"latest_post_two_inner\" ><div class=\"latest_post_two_text\"><h5 itemprop=\"name\" class=\"latest_post_two_title entry_title\"><a itemprop=\"url\" href=\"https:\/\/www.aridane.org\/city\/2024\/09\/20\/el-cec-isla-bonita-organiza-un-concierto-infantil-de-maldita-nerea-en-los-llanos-de-aridane\/\" >El CEC Isla Bonita organiza un Concierto Infantil de Maldita Nerea en Los Llanos de Aridane<\/a><\/h5><div class=\"separator small left \" ><\/div><p itemprop=\"description\" class=\"latest_post_two_excerpt\" >De la mano del Ayuntamiento de Los Llanos de Aridane, dirigido a todos los escolares de Educaci\u00f3n Primaria de La Isla Bonita, adem\u00e1s el encuentro contar\u00e1 con el escritor Eloy Moreno<\/p><\/div><div class=\"latest_post_two_info\" ><div class=\"latest_post_two_info_inner\" ><div class=\"post_info_author\"><img alt='Author Image' src='https:\/\/secure.gravatar.com\/avatar\/1c476992411e4ccf153da63b2b2f5ea0bb4cb1c85f3ceab8512f04325ad5579c?s=30&#038;d=mm&#038;r=g' srcset='https:\/\/secure.gravatar.com\/avatar\/1c476992411e4ccf153da63b2b2f5ea0bb4cb1c85f3ceab8512f04325ad5579c?s=60&#038;d=mm&#038;r=g 2x' class='avatar avatar-30 photo' height='30' width='30' \/><span class=\"post_info_author_name\">Corresponsal<\/span><\/div><div itemprop=\"dateCreated\" class=\"post_info_date entry_date updated\">20 septiembre, 2024<meta itemprop=\"interactionCount\" content=\"UserComments: <?php echo get_comments_number(qode_get_page_id()); ?>\"\/><\/div><\/div><\/div><\/div><\/li><li class=\"clearfix\"><div class=\"latest_post_two_image\"><a itemprop=\"url\" href=\"https:\/\/www.aridane.org\/city\/2024\/09\/20\/los-llanos-de-aridane-lanza-una-linea-de-ayudas-para-reactivar-el-sector-del-taxi\/\"><img loading=\"lazy\" decoding=\"async\" width=\"800\" height=\"540\" src=\"https:\/\/www.aridane.org\/city\/wp-content\/uploads\/2024\/09\/Rubens-Diaz-800x540.jpg\" class=\"attachment-portfolio-landscape size-portfolio-landscape wp-post-image\" alt=\"\" \/><\/a><\/div><div class=\"latest_post_two_inner\" ><div class=\"latest_post_two_text\"><h5 itemprop=\"name\" class=\"latest_post_two_title entry_title\"><a itemprop=\"url\" href=\"https:\/\/www.aridane.org\/city\/2024\/09\/20\/los-llanos-de-aridane-lanza-una-linea-de-ayudas-para-reactivar-el-sector-del-taxi\/\" >Los Llanos de Aridane lanza una l\u00ednea de ayudas para reactivar el sector del taxi<\/a><\/h5><div class=\"separator small left \" ><\/div><p itemprop=\"description\" class=\"latest_post_two_excerpt\" >El concejal de Servicios Municipales, Rubens D\u00edaz, asegura que esta subvenci\u00f3n busca proporcionar liquidez a los taxistas para cubrir los gastos estructurales de su actividad<\/p><\/div><div class=\"latest_post_two_info\" ><div class=\"latest_post_two_info_inner\" ><div class=\"post_info_author\"><img alt='Author Image' src='https:\/\/secure.gravatar.com\/avatar\/1c476992411e4ccf153da63b2b2f5ea0bb4cb1c85f3ceab8512f04325ad5579c?s=30&#038;d=mm&#038;r=g' srcset='https:\/\/secure.gravatar.com\/avatar\/1c476992411e4ccf153da63b2b2f5ea0bb4cb1c85f3ceab8512f04325ad5579c?s=60&#038;d=mm&#038;r=g 2x' class='avatar avatar-30 photo' height='30' width='30' \/><span class=\"post_info_author_name\">Corresponsal<\/span><\/div><div itemprop=\"dateCreated\" class=\"post_info_date entry_date updated\">20 septiembre, 2024<meta itemprop=\"interactionCount\" content=\"UserComments: <?php echo get_comments_number(qode_get_page_id()); ?>\"\/><\/div><\/div><\/div><\/div><\/li><li class=\"clearfix\"><div class=\"latest_post_two_image\"><a itemprop=\"url\" href=\"https:\/\/www.aridane.org\/city\/2024\/09\/20\/un-especial-de-contigo-almediodia-y-aridane-market-animan-los-llanos-de-aridane-este-sabado\/\"><img loading=\"lazy\" decoding=\"async\" width=\"800\" height=\"600\" src=\"https:\/\/www.aridane.org\/city\/wp-content\/uploads\/2024\/09\/ContigoAlmediodia_1822-800x600.jpg\" class=\"attachment-portfolio-landscape size-portfolio-landscape wp-post-image\" alt=\"\" \/><\/a><\/div><div class=\"latest_post_two_inner\" ><div class=\"latest_post_two_text\"><h5 itemprop=\"name\" class=\"latest_post_two_title entry_title\"><a itemprop=\"url\" href=\"https:\/\/www.aridane.org\/city\/2024\/09\/20\/un-especial-de-contigo-almediodia-y-aridane-market-animan-los-llanos-de-aridane-este-sabado\/\" >Un especial de Contigo Almediod\u00eda y Aridane Market animan Los Llanos de Aridane este s\u00e1bado<\/a><\/h5><div class=\"separator small left \" ><\/div><p itemprop=\"description\" class=\"latest_post_two_excerpt\" >Este s\u00e1bado, 21 de septiembre, Los Llanos de Aridane se convertir\u00e1 en el epicentro del ocio en La Palma\u00a0<\/p><\/div><div class=\"latest_post_two_info\" ><div class=\"latest_post_two_info_inner\" ><div class=\"post_info_author\"><img alt='Author Image' src='https:\/\/secure.gravatar.com\/avatar\/1c476992411e4ccf153da63b2b2f5ea0bb4cb1c85f3ceab8512f04325ad5579c?s=30&#038;d=mm&#038;r=g' srcset='https:\/\/secure.gravatar.com\/avatar\/1c476992411e4ccf153da63b2b2f5ea0bb4cb1c85f3ceab8512f04325ad5579c?s=60&#038;d=mm&#038;r=g 2x' class='avatar avatar-30 photo' height='30' width='30' \/><span class=\"post_info_author_name\">Corresponsal<\/span><\/div><div itemprop=\"dateCreated\" class=\"post_info_date entry_date updated\">20 septiembre, 2024<meta itemprop=\"interactionCount\" content=\"UserComments: <?php echo get_comments_number(qode_get_page_id()); ?>\"\/><\/div><\/div><\/div><\/div><\/li><li class=\"clearfix\"><div class=\"latest_post_two_image\"><a itemprop=\"url\" href=\"https:\/\/www.aridane.org\/city\/2024\/09\/18\/el-concurso-de-carteles-del-carnaval-2025-de-los-llanos-de-aridane-estara-abierto-hasta-el-28-de-septiembre\/\"><img loading=\"lazy\" decoding=\"async\" width=\"800\" height=\"600\" src=\"https:\/\/www.aridane.org\/city\/wp-content\/uploads\/2024\/09\/Polvacera2024-800x600.jpeg\" class=\"attachment-portfolio-landscape size-portfolio-landscape wp-post-image\" alt=\"\" \/><\/a><\/div><div class=\"latest_post_two_inner\" ><div class=\"latest_post_two_text\"><h5 itemprop=\"name\" class=\"latest_post_two_title entry_title\"><a itemprop=\"url\" href=\"https:\/\/www.aridane.org\/city\/2024\/09\/18\/el-concurso-de-carteles-del-carnaval-2025-de-los-llanos-de-aridane-estara-abierto-hasta-el-28-de-septiembre\/\" >El concurso de carteles del Carnaval 2025 de Los Llanos de Aridane estar\u00e1 abierto hasta el 28 de septiembre<\/a><\/h5><div class=\"separator small left \" ><\/div><p itemprop=\"description\" class=\"latest_post_two_excerpt\" >La Atl\u00e1ntida ser\u00e1 la tem\u00e1tica del pr\u00f3ximo Carnaval<\/p><\/div><div class=\"latest_post_two_info\" ><div class=\"latest_post_two_info_inner\" ><div class=\"post_info_author\"><img alt='Author Image' src='https:\/\/secure.gravatar.com\/avatar\/1c476992411e4ccf153da63b2b2f5ea0bb4cb1c85f3ceab8512f04325ad5579c?s=30&#038;d=mm&#038;r=g' srcset='https:\/\/secure.gravatar.com\/avatar\/1c476992411e4ccf153da63b2b2f5ea0bb4cb1c85f3ceab8512f04325ad5579c?s=60&#038;d=mm&#038;r=g 2x' class='avatar avatar-30 photo' height='30' width='30' \/><span class=\"post_info_author_name\">Corresponsal<\/span><\/div><div itemprop=\"dateCreated\" class=\"post_info_date entry_date updated\">18 septiembre, 2024<meta itemprop=\"interactionCount\" content=\"UserComments: <?php echo get_comments_number(qode_get_page_id()); ?>\"\/><\/div><\/div><\/div><\/div><\/li><li class=\"clearfix\"><div class=\"latest_post_two_image\"><a itemprop=\"url\" href=\"https:\/\/www.aridane.org\/city\/2024\/09\/14\/los-llanos-de-aridane-trabaja-para-posibilitar-viviendas-permanentes-para-los-afectados-del-volcan\/\"><img loading=\"lazy\" decoding=\"async\" width=\"800\" height=\"600\" src=\"https:\/\/www.aridane.org\/city\/wp-content\/uploads\/2024\/09\/Viviendas-afectados-3-800x600.jpeg\" class=\"attachment-portfolio-landscape size-portfolio-landscape wp-post-image\" alt=\"\" \/><\/a><\/div><div class=\"latest_post_two_inner\" ><div class=\"latest_post_two_text\"><h5 itemprop=\"name\" class=\"latest_post_two_title entry_title\"><a itemprop=\"url\" href=\"https:\/\/www.aridane.org\/city\/2024\/09\/14\/los-llanos-de-aridane-trabaja-para-posibilitar-viviendas-permanentes-para-los-afectados-del-volcan\/\" >Los Llanos de Aridane trabaja para posibilitar viviendas permanentes para  los afectados del volc\u00e1n<\/a><\/h5><div class=\"separator small left \" ><\/div><p itemprop=\"description\" class=\"latest_post_two_excerpt\" >El alcalde Javier Llamas destaca la cesi\u00f3n de tres parcelas que el Ayuntamiento ha hecho al ICAVI para poder desarrollar proyectos de viviendas para quienes todav\u00eda no tienen un hogar estable<\/p><\/div><div class=\"latest_post_two_info\" ><div class=\"latest_post_two_info_inner\" ><div class=\"post_info_author\"><img alt='Author Image' src='https:\/\/secure.gravatar.com\/avatar\/1c476992411e4ccf153da63b2b2f5ea0bb4cb1c85f3ceab8512f04325ad5579c?s=30&#038;d=mm&#038;r=g' srcset='https:\/\/secure.gravatar.com\/avatar\/1c476992411e4ccf153da63b2b2f5ea0bb4cb1c85f3ceab8512f04325ad5579c?s=60&#038;d=mm&#038;r=g 2x' class='avatar avatar-30 photo' height='30' width='30' \/><span class=\"post_info_author_name\">Corresponsal<\/span><\/div><div itemprop=\"dateCreated\" class=\"post_info_date entry_date updated\">14 septiembre, 2024<meta itemprop=\"interactionCount\" content=\"UserComments: <?php echo get_comments_number(qode_get_page_id()); ?>\"\/><\/div><\/div><\/div><\/div><\/li><li class=\"clearfix\"><div class=\"latest_post_two_image\"><a itemprop=\"url\" href=\"https:\/\/www.aridane.org\/city\/2024\/09\/13\/el-ayuntamiento-de-los-llanos-de-aridane-mantiene-abierto-el-plazo-de-presentacion-de-propuestas-para-los-presupuestos-participativos\/\"><img loading=\"lazy\" decoding=\"async\" width=\"800\" height=\"600\" src=\"https:\/\/www.aridane.org\/city\/wp-content\/uploads\/2024\/09\/Presupuestos-participativos-800x600.jpeg\" class=\"attachment-portfolio-landscape size-portfolio-landscape wp-post-image\" alt=\"\" \/><\/a><\/div><div class=\"latest_post_two_inner\" ><div class=\"latest_post_two_text\"><h5 itemprop=\"name\" class=\"latest_post_two_title entry_title\"><a itemprop=\"url\" href=\"https:\/\/www.aridane.org\/city\/2024\/09\/13\/el-ayuntamiento-de-los-llanos-de-aridane-mantiene-abierto-el-plazo-de-presentacion-de-propuestas-para-los-presupuestos-participativos\/\" >El Ayuntamiento de Los Llanos de Aridane mantiene abierto el plazo de presentaci\u00f3n de propuestas para los Presupuestos Participativos<\/a><\/h5><div class=\"separator small left \" ><\/div><p itemprop=\"description\" class=\"latest_post_two_excerpt\" >Dichas propuestas ser\u00e1n recogidas hasta el 20 de septiembre<\/p><\/div><div class=\"latest_post_two_info\" ><div class=\"latest_post_two_info_inner\" ><div class=\"post_info_author\"><img alt='Author Image' src='https:\/\/secure.gravatar.com\/avatar\/1c476992411e4ccf153da63b2b2f5ea0bb4cb1c85f3ceab8512f04325ad5579c?s=30&#038;d=mm&#038;r=g' srcset='https:\/\/secure.gravatar.com\/avatar\/1c476992411e4ccf153da63b2b2f5ea0bb4cb1c85f3ceab8512f04325ad5579c?s=60&#038;d=mm&#038;r=g 2x' class='avatar avatar-30 photo' height='30' width='30' \/><span class=\"post_info_author_name\">Corresponsal<\/span><\/div><div itemprop=\"dateCreated\" class=\"post_info_date entry_date updated\">13 septiembre, 2024<meta itemprop=\"interactionCount\" content=\"UserComments: <?php echo get_comments_number(qode_get_page_id()); ?>\"\/><\/div><\/div><\/div><\/div><\/li><li class=\"clearfix\"><div class=\"latest_post_two_image\"><a itemprop=\"url\" href=\"https:\/\/www.aridane.org\/city\/2024\/09\/12\/el-ayuntamiento-abre-las-inscripciones-para-la-primera-milla-urbana-de-los-llanos-de-aridane-san-silvestre\/\"><img loading=\"lazy\" decoding=\"async\" width=\"800\" height=\"600\" src=\"https:\/\/www.aridane.org\/city\/wp-content\/uploads\/2024\/09\/Milla-Urbana-San-Silvestre-800x600.jpeg\" class=\"attachment-portfolio-landscape size-portfolio-landscape wp-post-image\" alt=\"\" \/><\/a><\/div><div class=\"latest_post_two_inner\" ><div class=\"latest_post_two_text\"><h5 itemprop=\"name\" class=\"latest_post_two_title entry_title\"><a itemprop=\"url\" href=\"https:\/\/www.aridane.org\/city\/2024\/09\/12\/el-ayuntamiento-abre-las-inscripciones-para-la-primera-milla-urbana-de-los-llanos-de-aridane-san-silvestre\/\" >El Ayuntamiento abre las inscripciones para la primera Milla Urbana de Los Llanos de Aridane San Silvestre<\/a><\/h5><div class=\"separator small left \" ><\/div><p itemprop=\"description\" class=\"latest_post_two_excerpt\" >El Ayuntamiento abre las inscripciones para la primera Milla Urbana de Los Llanos de Aridane San Silvestre<\/p><\/div><div class=\"latest_post_two_info\" ><div class=\"latest_post_two_info_inner\" ><div class=\"post_info_author\"><img alt='Author Image' src='https:\/\/secure.gravatar.com\/avatar\/1c476992411e4ccf153da63b2b2f5ea0bb4cb1c85f3ceab8512f04325ad5579c?s=30&#038;d=mm&#038;r=g' srcset='https:\/\/secure.gravatar.com\/avatar\/1c476992411e4ccf153da63b2b2f5ea0bb4cb1c85f3ceab8512f04325ad5579c?s=60&#038;d=mm&#038;r=g 2x' class='avatar avatar-30 photo' height='30' width='30' \/><span class=\"post_info_author_name\">Corresponsal<\/span><\/div><div itemprop=\"dateCreated\" class=\"post_info_date entry_date updated\">12 septiembre, 2024<meta itemprop=\"interactionCount\" content=\"UserComments: <?php echo get_comments_number(qode_get_page_id()); ?>\"\/><\/div><\/div><\/div><\/div><\/li><li class=\"clearfix\"><div class=\"latest_post_two_image\"><a itemprop=\"url\" href=\"https:\/\/www.aridane.org\/city\/2024\/09\/11\/el-ayuntamiento-de-los-llanos-convoca-una-charla-informativa-con-residentes-de-las-viviendas-modulares-del-camino-de-los-choriceros\/\"><img loading=\"lazy\" decoding=\"async\" width=\"800\" height=\"600\" src=\"https:\/\/www.aridane.org\/city\/wp-content\/uploads\/2024\/09\/Javier-Llamas-800x600.jpeg\" class=\"attachment-portfolio-landscape size-portfolio-landscape wp-post-image\" alt=\"\" \/><\/a><\/div><div class=\"latest_post_two_inner\" ><div class=\"latest_post_two_text\"><h5 itemprop=\"name\" class=\"latest_post_two_title entry_title\"><a itemprop=\"url\" href=\"https:\/\/www.aridane.org\/city\/2024\/09\/11\/el-ayuntamiento-de-los-llanos-convoca-una-charla-informativa-con-residentes-de-las-viviendas-modulares-del-camino-de-los-choriceros\/\" >El Ayuntamiento de Los Llanos convoca una charla informativa con residentes de las viviendas modulares del Camino de Los Choriceros<\/a><\/h5><div class=\"separator small left \" ><\/div><p itemprop=\"description\" class=\"latest_post_two_excerpt\" >El alcalde Javier Llamas explica que se trabaja en un programa de encuentros para seguir transmitiendo a la ciudadan\u00eda toda la informaci\u00f3n sobre el proceso de recuperaci\u00f3n que se lleva a cabo desde las entidade<\/p><\/div><div class=\"latest_post_two_info\" ><div class=\"latest_post_two_info_inner\" ><div class=\"post_info_author\"><img alt='Author Image' src='https:\/\/secure.gravatar.com\/avatar\/1c476992411e4ccf153da63b2b2f5ea0bb4cb1c85f3ceab8512f04325ad5579c?s=30&#038;d=mm&#038;r=g' srcset='https:\/\/secure.gravatar.com\/avatar\/1c476992411e4ccf153da63b2b2f5ea0bb4cb1c85f3ceab8512f04325ad5579c?s=60&#038;d=mm&#038;r=g 2x' class='avatar avatar-30 photo' height='30' width='30' \/><span class=\"post_info_author_name\">Corresponsal<\/span><\/div><div itemprop=\"dateCreated\" class=\"post_info_date entry_date updated\">11 septiembre, 2024<meta itemprop=\"interactionCount\" content=\"UserComments: <?php echo get_comments_number(qode_get_page_id()); ?>\"\/><\/div><\/div><\/div><\/div><\/li><li class=\"clearfix\"><div class=\"latest_post_two_image\"><a itemprop=\"url\" href=\"https:\/\/www.aridane.org\/city\/2024\/09\/10\/el-ayuntamiento-de-los-llanos-de-aridane-destina-80-000-euros-a-respaldar-actividades-del-tercer-sector\/\"><img loading=\"lazy\" decoding=\"async\" width=\"800\" height=\"600\" src=\"https:\/\/www.aridane.org\/city\/wp-content\/uploads\/2024\/05\/Ayuntamiento-de-Los-Llanos-de-Aridane-1-800x600.jpg\" class=\"attachment-portfolio-landscape size-portfolio-landscape wp-post-image\" alt=\"\" \/><\/a><\/div><div class=\"latest_post_two_inner\" ><div class=\"latest_post_two_text\"><h5 itemprop=\"name\" class=\"latest_post_two_title entry_title\"><a itemprop=\"url\" href=\"https:\/\/www.aridane.org\/city\/2024\/09\/10\/el-ayuntamiento-de-los-llanos-de-aridane-destina-80-000-euros-a-respaldar-actividades-del-tercer-sector\/\" >El Ayuntamiento de Los Llanos de Aridane destina 80.000 euros a respaldar actividades del tercer sector<\/a><\/h5><div class=\"separator small left \" ><\/div><p itemprop=\"description\" class=\"latest_post_two_excerpt\" >La subvenci\u00f3n va dirigida a fomentar el asociacionismo y participaci\u00f3n ciudadana, contribuyendo as\u00ed al fortalecimiento del tejido social y la promoci\u00f3n de la calidad de vida y del bienestar de la ciudadan\u00eda<\/p><\/div><div class=\"latest_post_two_info\" ><div class=\"latest_post_two_info_inner\" ><div class=\"post_info_author\"><img alt='Author Image' src='https:\/\/secure.gravatar.com\/avatar\/1c476992411e4ccf153da63b2b2f5ea0bb4cb1c85f3ceab8512f04325ad5579c?s=30&#038;d=mm&#038;r=g' srcset='https:\/\/secure.gravatar.com\/avatar\/1c476992411e4ccf153da63b2b2f5ea0bb4cb1c85f3ceab8512f04325ad5579c?s=60&#038;d=mm&#038;r=g 2x' class='avatar avatar-30 photo' height='30' width='30' \/><span class=\"post_info_author_name\">Corresponsal<\/span><\/div><div itemprop=\"dateCreated\" class=\"post_info_date entry_date updated\">10 septiembre, 2024<meta itemprop=\"interactionCount\" content=\"UserComments: <?php echo get_comments_number(qode_get_page_id()); ?>\"\/><\/div><\/div><\/div><\/div><\/li><li class=\"clearfix\"><div class=\"latest_post_two_image\"><a itemprop=\"url\" href=\"https:\/\/www.aridane.org\/city\/2024\/09\/04\/aridane-market-promociona-el-comercio-y-la-artesania-de-la-palma-en-el-proximo-contigo-almediodia\/\"><img loading=\"lazy\" decoding=\"async\" width=\"800\" height=\"600\" src=\"https:\/\/www.aridane.org\/city\/wp-content\/uploads\/2024\/09\/Aridane-market-2024-1-800x600.jpeg\" class=\"attachment-portfolio-landscape size-portfolio-landscape wp-post-image\" alt=\"\" \/><\/a><\/div><div class=\"latest_post_two_inner\" ><div class=\"latest_post_two_text\"><h5 itemprop=\"name\" class=\"latest_post_two_title entry_title\"><a itemprop=\"url\" href=\"https:\/\/www.aridane.org\/city\/2024\/09\/04\/aridane-market-promociona-el-comercio-y-la-artesania-de-la-palma-en-el-proximo-contigo-almediodia\/\" >Aridane Market promociona el comercio y la artesan\u00eda de La Palma en el pr\u00f3ximo  Contigo Almediod\u00eda<\/a><\/h5><div class=\"separator small left \" ><\/div><p itemprop=\"description\" class=\"latest_post_two_excerpt\" >Aridane Market es un escaparate para que artesanos, emprendedores y peque\u00f1os comercios de La Palma y de Canarias den a conocer su producto<\/p><\/div><div class=\"latest_post_two_info\" ><div class=\"latest_post_two_info_inner\" ><div class=\"post_info_author\"><img alt='Author Image' src='https:\/\/secure.gravatar.com\/avatar\/1c476992411e4ccf153da63b2b2f5ea0bb4cb1c85f3ceab8512f04325ad5579c?s=30&#038;d=mm&#038;r=g' srcset='https:\/\/secure.gravatar.com\/avatar\/1c476992411e4ccf153da63b2b2f5ea0bb4cb1c85f3ceab8512f04325ad5579c?s=60&#038;d=mm&#038;r=g 2x' class='avatar avatar-30 photo' height='30' width='30' \/><span class=\"post_info_author_name\">Corresponsal<\/span><\/div><div itemprop=\"dateCreated\" class=\"post_info_date entry_date updated\">04 septiembre, 2024<meta itemprop=\"interactionCount\" content=\"UserComments: <?php echo get_comments_number(qode_get_page_id()); ?>\"\/><\/div><\/div><\/div><\/div><\/li><li class=\"clearfix\"><div class=\"latest_post_two_image\"><a itemprop=\"url\" href=\"https:\/\/www.aridane.org\/city\/2024\/08\/29\/las-manchas-celebra-la-exhibicion-de-4x4-el-gato-este-domingo\/\"><img loading=\"lazy\" decoding=\"async\" width=\"800\" height=\"600\" src=\"https:\/\/www.aridane.org\/city\/wp-content\/uploads\/2024\/08\/El-Gato-4x4-1-800x600.jpeg\" class=\"attachment-portfolio-landscape size-portfolio-landscape wp-post-image\" alt=\"\" srcset=\"https:\/\/www.aridane.org\/city\/wp-content\/uploads\/2024\/08\/El-Gato-4x4-1-800x600.jpeg 800w, https:\/\/www.aridane.org\/city\/wp-content\/uploads\/2024\/08\/El-Gato-4x4-1-300x225.jpeg 300w, https:\/\/www.aridane.org\/city\/wp-content\/uploads\/2024\/08\/El-Gato-4x4-1-620x465.jpeg 620w, https:\/\/www.aridane.org\/city\/wp-content\/uploads\/2024\/08\/El-Gato-4x4-1-768x576.jpeg 768w, https:\/\/www.aridane.org\/city\/wp-content\/uploads\/2024\/08\/El-Gato-4x4-1-1536x1152.jpeg 1536w, https:\/\/www.aridane.org\/city\/wp-content\/uploads\/2024\/08\/El-Gato-4x4-1-2048x1536.jpeg 2048w, https:\/\/www.aridane.org\/city\/wp-content\/uploads\/2024\/08\/El-Gato-4x4-1-700x525.jpeg 700w\" sizes=\"auto, (max-width: 800px) 100vw, 800px\" \/><\/a><\/div><div class=\"latest_post_two_inner\" ><div class=\"latest_post_two_text\"><h5 itemprop=\"name\" class=\"latest_post_two_title entry_title\"><a itemprop=\"url\" href=\"https:\/\/www.aridane.org\/city\/2024\/08\/29\/las-manchas-celebra-la-exhibicion-de-4x4-el-gato-este-domingo\/\" >Las Manchas celebra la exhibici\u00f3n de 4X4 \u2018El Gato\u2019 este s\u00e1bado<\/a><\/h5><div class=\"separator small left \" ><\/div><p itemprop=\"description\" class=\"latest_post_two_excerpt\" >Los ayuntamientos de Los Llanos de Aridane y de El Paso trabajan de forma coordinada para la organizaci\u00f3n del evento<\/p><\/div><div class=\"latest_post_two_info\" ><div class=\"latest_post_two_info_inner\" ><div class=\"post_info_author\"><img alt='Author Image' src='https:\/\/secure.gravatar.com\/avatar\/1c476992411e4ccf153da63b2b2f5ea0bb4cb1c85f3ceab8512f04325ad5579c?s=30&#038;d=mm&#038;r=g' srcset='https:\/\/secure.gravatar.com\/avatar\/1c476992411e4ccf153da63b2b2f5ea0bb4cb1c85f3ceab8512f04325ad5579c?s=60&#038;d=mm&#038;r=g 2x' class='avatar avatar-30 photo' height='30' width='30' \/><span class=\"post_info_author_name\">Corresponsal<\/span><\/div><div itemprop=\"dateCreated\" class=\"post_info_date entry_date updated\">29 agosto, 2024<meta itemprop=\"interactionCount\" content=\"UserComments: <?php echo get_comments_number(qode_get_page_id()); ?>\"\/><\/div><\/div><\/div><\/div><\/li><li class=\"clearfix\"><div class=\"latest_post_two_image\"><a itemprop=\"url\" href=\"https:\/\/www.aridane.org\/city\/2024\/08\/28\/los-llanos-de-aridane-colabora-con-la-vuelta-al-cole-el-proximo-31-de-agosto\/\"><img loading=\"lazy\" decoding=\"async\" width=\"800\" height=\"600\" src=\"https:\/\/www.aridane.org\/city\/wp-content\/uploads\/2024\/08\/Vuelta-al-Cole-800x600.jpeg\" class=\"attachment-portfolio-landscape size-portfolio-landscape wp-post-image\" alt=\"\" srcset=\"https:\/\/www.aridane.org\/city\/wp-content\/uploads\/2024\/08\/Vuelta-al-Cole-800x600.jpeg 800w, https:\/\/www.aridane.org\/city\/wp-content\/uploads\/2024\/08\/Vuelta-al-Cole-300x225.jpeg 300w, https:\/\/www.aridane.org\/city\/wp-content\/uploads\/2024\/08\/Vuelta-al-Cole-620x465.jpeg 620w, https:\/\/www.aridane.org\/city\/wp-content\/uploads\/2024\/08\/Vuelta-al-Cole-768x576.jpeg 768w, https:\/\/www.aridane.org\/city\/wp-content\/uploads\/2024\/08\/Vuelta-al-Cole-1536x1152.jpeg 1536w, https:\/\/www.aridane.org\/city\/wp-content\/uploads\/2024\/08\/Vuelta-al-Cole-2048x1536.jpeg 2048w, https:\/\/www.aridane.org\/city\/wp-content\/uploads\/2024\/08\/Vuelta-al-Cole-700x525.jpeg 700w\" sizes=\"auto, (max-width: 800px) 100vw, 800px\" \/><\/a><\/div><div class=\"latest_post_two_inner\" ><div class=\"latest_post_two_text\"><h5 itemprop=\"name\" class=\"latest_post_two_title entry_title\"><a itemprop=\"url\" href=\"https:\/\/www.aridane.org\/city\/2024\/08\/28\/los-llanos-de-aridane-colabora-con-la-vuelta-al-cole-el-proximo-31-de-agosto\/\" >Los Llanos de Aridane colabora con la Vuelta al Cole el pr\u00f3ximo 31 de agosto<\/a><\/h5><div class=\"separator small left \" ><\/div><p itemprop=\"description\" class=\"latest_post_two_excerpt\" >La iniciativa, organizada por ACZA, dinamizar\u00e1 la Calle Real con m\u00fasica y juegos<\/p><\/div><div class=\"latest_post_two_info\" ><div class=\"latest_post_two_info_inner\" ><div class=\"post_info_author\"><img alt='Author Image' src='https:\/\/secure.gravatar.com\/avatar\/1c476992411e4ccf153da63b2b2f5ea0bb4cb1c85f3ceab8512f04325ad5579c?s=30&#038;d=mm&#038;r=g' srcset='https:\/\/secure.gravatar.com\/avatar\/1c476992411e4ccf153da63b2b2f5ea0bb4cb1c85f3ceab8512f04325ad5579c?s=60&#038;d=mm&#038;r=g 2x' class='avatar avatar-30 photo' height='30' width='30' \/><span class=\"post_info_author_name\">Corresponsal<\/span><\/div><div itemprop=\"dateCreated\" class=\"post_info_date entry_date updated\">28 agosto, 2024<meta itemprop=\"interactionCount\" content=\"UserComments: <?php echo get_comments_number(qode_get_page_id()); ?>\"\/><\/div><\/div><\/div><\/div><\/li><li class=\"clearfix\"><div class=\"latest_post_two_image\"><a itemprop=\"url\" href=\"https:\/\/www.aridane.org\/city\/2024\/08\/28\/los-llanos-de-aridane-garantiza-la-eficiencia-operativa-del-juzgado-habilitando-aparcamientos-especiales\/\"><img loading=\"lazy\" decoding=\"async\" width=\"800\" height=\"600\" src=\"https:\/\/www.aridane.org\/city\/wp-content\/uploads\/2024\/08\/Juzgado-e1724848356412-800x600.jpeg\" class=\"attachment-portfolio-landscape size-portfolio-landscape wp-post-image\" alt=\"\" \/><\/a><\/div><div class=\"latest_post_two_inner\" ><div class=\"latest_post_two_text\"><h5 itemprop=\"name\" class=\"latest_post_two_title entry_title\"><a itemprop=\"url\" href=\"https:\/\/www.aridane.org\/city\/2024\/08\/28\/los-llanos-de-aridane-garantiza-la-eficiencia-operativa-del-juzgado-habilitando-aparcamientos-especiales\/\" >Los Llanos de Aridane garantiza la eficiencia operativa del Juzgado habilitando aparcamientos especiales<\/a><\/h5><div class=\"separator small left \" ><\/div><p itemprop=\"description\" class=\"latest_post_two_excerpt\" >El Ayuntamiento habilita cuatro plazas para el personal del Juzgado y dos para la Guardia Civil y la Polic\u00eda Local\u00a0<\/p><\/div><div class=\"latest_post_two_info\" ><div class=\"latest_post_two_info_inner\" ><div class=\"post_info_author\"><img alt='Author Image' src='https:\/\/secure.gravatar.com\/avatar\/1c476992411e4ccf153da63b2b2f5ea0bb4cb1c85f3ceab8512f04325ad5579c?s=30&#038;d=mm&#038;r=g' srcset='https:\/\/secure.gravatar.com\/avatar\/1c476992411e4ccf153da63b2b2f5ea0bb4cb1c85f3ceab8512f04325ad5579c?s=60&#038;d=mm&#038;r=g 2x' class='avatar avatar-30 photo' height='30' width='30' \/><span class=\"post_info_author_name\">Corresponsal<\/span><\/div><div itemprop=\"dateCreated\" class=\"post_info_date entry_date updated\">28 agosto, 2024<meta itemprop=\"interactionCount\" content=\"UserComments: <?php echo get_comments_number(qode_get_page_id()); ?>\"\/><\/div><\/div><\/div><\/div><\/li><li class=\"clearfix\"><div class=\"latest_post_two_image\"><a itemprop=\"url\" href=\"https:\/\/www.aridane.org\/city\/2024\/08\/27\/el-ayuntamiento-de-los-llanos-de-aridane-impulsa-la-limpieza-y-el-cuidado-de-los-jardines\/\"><img loading=\"lazy\" decoding=\"async\" width=\"800\" height=\"600\" src=\"https:\/\/www.aridane.org\/city\/wp-content\/uploads\/2024\/08\/Los-Llanos-de-Aridane-drone-800x600.png\" class=\"attachment-portfolio-landscape size-portfolio-landscape wp-post-image\" alt=\"\" \/><\/a><\/div><div class=\"latest_post_two_inner\" ><div class=\"latest_post_two_text\"><h5 itemprop=\"name\" class=\"latest_post_two_title entry_title\"><a itemprop=\"url\" href=\"https:\/\/www.aridane.org\/city\/2024\/08\/27\/el-ayuntamiento-de-los-llanos-de-aridane-impulsa-la-limpieza-y-el-cuidado-de-los-jardines\/\" >El Ayuntamiento de Los Llanos de Aridane impulsa la limpieza y el cuidado de los jardines\u00a0<\/a><\/h5><div class=\"separator small left \" ><\/div><p itemprop=\"description\" class=\"latest_post_two_excerpt\" >Este mi\u00e9rcoles se actuar\u00e1 para proteger y sanear las zonas verdes de la ciudad<\/p><\/div><div class=\"latest_post_two_info\" ><div class=\"latest_post_two_info_inner\" ><div class=\"post_info_author\"><img alt='Author Image' src='https:\/\/secure.gravatar.com\/avatar\/1c476992411e4ccf153da63b2b2f5ea0bb4cb1c85f3ceab8512f04325ad5579c?s=30&#038;d=mm&#038;r=g' srcset='https:\/\/secure.gravatar.com\/avatar\/1c476992411e4ccf153da63b2b2f5ea0bb4cb1c85f3ceab8512f04325ad5579c?s=60&#038;d=mm&#038;r=g 2x' class='avatar avatar-30 photo' height='30' width='30' \/><span class=\"post_info_author_name\">Corresponsal<\/span><\/div><div itemprop=\"dateCreated\" class=\"post_info_date entry_date updated\">27 agosto, 2024<meta itemprop=\"interactionCount\" content=\"UserComments: <?php echo get_comments_number(qode_get_page_id()); ?>\"\/><\/div><\/div><\/div><\/div><\/li><li class=\"clearfix\"><div class=\"latest_post_two_image\"><a itemprop=\"url\" href=\"https:\/\/www.aridane.org\/city\/2024\/08\/21\/los-llanos-de-aridane-comienza-la-primera-fase-del-presupuesto-participativo-2024-el-25-de-agosto\/\"><img loading=\"lazy\" decoding=\"async\" width=\"800\" height=\"600\" src=\"https:\/\/www.aridane.org\/city\/wp-content\/uploads\/2024\/08\/Inmaculada-Fernandez-800x600.jpg\" class=\"attachment-portfolio-landscape size-portfolio-landscape wp-post-image\" alt=\"\" \/><\/a><\/div><div class=\"latest_post_two_inner\" ><div class=\"latest_post_two_text\"><h5 itemprop=\"name\" class=\"latest_post_two_title entry_title\"><a itemprop=\"url\" href=\"https:\/\/www.aridane.org\/city\/2024\/08\/21\/los-llanos-de-aridane-comienza-la-primera-fase-del-presupuesto-participativo-2024-el-25-de-agosto\/\" >Los Llanos de Aridane comienza la primera fase del Presupuesto Participativo 2024 el 25 de agosto<\/a><\/h5><div class=\"separator small left \" ><\/div><p itemprop=\"description\" class=\"latest_post_two_excerpt\" >El Ayuntamiento dispondr\u00e1 de 250.000 euros en el Presupuesto Municipal de 2025 para invertir en acciones de inter\u00e9s municipal<\/p><\/div><div class=\"latest_post_two_info\" ><div class=\"latest_post_two_info_inner\" ><div class=\"post_info_author\"><img alt='Author Image' src='https:\/\/secure.gravatar.com\/avatar\/1c476992411e4ccf153da63b2b2f5ea0bb4cb1c85f3ceab8512f04325ad5579c?s=30&#038;d=mm&#038;r=g' srcset='https:\/\/secure.gravatar.com\/avatar\/1c476992411e4ccf153da63b2b2f5ea0bb4cb1c85f3ceab8512f04325ad5579c?s=60&#038;d=mm&#038;r=g 2x' class='avatar avatar-30 photo' height='30' width='30' \/><span class=\"post_info_author_name\">Corresponsal<\/span><\/div><div itemprop=\"dateCreated\" class=\"post_info_date entry_date updated\">21 agosto, 2024<meta itemprop=\"interactionCount\" content=\"UserComments: <?php echo get_comments_number(qode_get_page_id()); ?>\"\/><\/div><\/div><\/div><\/div><\/li><li class=\"clearfix\"><div class=\"latest_post_two_image\"><a itemprop=\"url\" href=\"https:\/\/www.aridane.org\/city\/2024\/08\/21\/el-ayuntamiento-entrega-16-nuevos-huertos-urbanos-en-el-camino-los-choriceros\/\"><img loading=\"lazy\" decoding=\"async\" width=\"800\" height=\"600\" src=\"https:\/\/www.aridane.org\/city\/wp-content\/uploads\/2024\/08\/Huertos-urbanos-800x600.jpeg\" class=\"attachment-portfolio-landscape size-portfolio-landscape wp-post-image\" alt=\"\" \/><\/a><\/div><div class=\"latest_post_two_inner\" ><div class=\"latest_post_two_text\"><h5 itemprop=\"name\" class=\"latest_post_two_title entry_title\"><a itemprop=\"url\" href=\"https:\/\/www.aridane.org\/city\/2024\/08\/21\/el-ayuntamiento-entrega-16-nuevos-huertos-urbanos-en-el-camino-los-choriceros\/\" >El Ayuntamiento entrega 16 nuevos huertos urbanos en el camino Los Choriceros<\/a><\/h5><div class=\"separator small left \" ><\/div><p itemprop=\"description\" class=\"latest_post_two_excerpt\" >Desde el Ayuntamiento se defiende como una oportunidad para fomentar el producto local y el autoconsumo entre los vecinos del municipio<\/p><\/div><div class=\"latest_post_two_info\" ><div class=\"latest_post_two_info_inner\" ><div class=\"post_info_author\"><img alt='Author Image' src='https:\/\/secure.gravatar.com\/avatar\/1c476992411e4ccf153da63b2b2f5ea0bb4cb1c85f3ceab8512f04325ad5579c?s=30&#038;d=mm&#038;r=g' srcset='https:\/\/secure.gravatar.com\/avatar\/1c476992411e4ccf153da63b2b2f5ea0bb4cb1c85f3ceab8512f04325ad5579c?s=60&#038;d=mm&#038;r=g 2x' class='avatar avatar-30 photo' height='30' width='30' \/><span class=\"post_info_author_name\">Corresponsal<\/span><\/div><div itemprop=\"dateCreated\" class=\"post_info_date entry_date updated\">21 agosto, 2024<meta itemprop=\"interactionCount\" content=\"UserComments: <?php echo get_comments_number(qode_get_page_id()); ?>\"\/><\/div><\/div><\/div><\/div><\/li><li class=\"clearfix\"><div class=\"latest_post_two_image\"><a itemprop=\"url\" href=\"https:\/\/www.aridane.org\/city\/2024\/08\/21\/los-llanos-de-aridane-optimiza-el-gasto-publico-contratando-servicios-clave-para-el-municipio\/\"><img loading=\"lazy\" decoding=\"async\" width=\"800\" height=\"600\" src=\"https:\/\/www.aridane.org\/city\/wp-content\/uploads\/2024\/08\/Pablo-Almeida-y-Javier-Llamas-800x600.jpeg\" class=\"attachment-portfolio-landscape size-portfolio-landscape wp-post-image\" alt=\"\" srcset=\"https:\/\/www.aridane.org\/city\/wp-content\/uploads\/2024\/08\/Pablo-Almeida-y-Javier-Llamas-800x600.jpeg 800w, https:\/\/www.aridane.org\/city\/wp-content\/uploads\/2024\/08\/Pablo-Almeida-y-Javier-Llamas-300x225.jpeg 300w, https:\/\/www.aridane.org\/city\/wp-content\/uploads\/2024\/08\/Pablo-Almeida-y-Javier-Llamas-620x465.jpeg 620w, https:\/\/www.aridane.org\/city\/wp-content\/uploads\/2024\/08\/Pablo-Almeida-y-Javier-Llamas-768x576.jpeg 768w, https:\/\/www.aridane.org\/city\/wp-content\/uploads\/2024\/08\/Pablo-Almeida-y-Javier-Llamas-1536x1152.jpeg 1536w, https:\/\/www.aridane.org\/city\/wp-content\/uploads\/2024\/08\/Pablo-Almeida-y-Javier-Llamas-2048x1536.jpeg 2048w, https:\/\/www.aridane.org\/city\/wp-content\/uploads\/2024\/08\/Pablo-Almeida-y-Javier-Llamas-700x525.jpeg 700w\" sizes=\"auto, (max-width: 800px) 100vw, 800px\" \/><\/a><\/div><div class=\"latest_post_two_inner\" ><div class=\"latest_post_two_text\"><h5 itemprop=\"name\" class=\"latest_post_two_title entry_title\"><a itemprop=\"url\" href=\"https:\/\/www.aridane.org\/city\/2024\/08\/21\/los-llanos-de-aridane-optimiza-el-gasto-publico-contratando-servicios-clave-para-el-municipio\/\" >Los Llanos de Aridane optimiza el gasto p\u00fablico contratando servicios clave para el municipio<\/a><\/h5><div class=\"separator small left \" ><\/div><p itemprop=\"description\" class=\"latest_post_two_excerpt\" >En los \u00faltimos meses han contratado los servicios de socorrismo para la piscina y la playa de Charco Verde, as\u00ed como asesor\u00eda para asuntos de Catastro o limpieza de calles<\/p><\/div><div class=\"latest_post_two_info\" ><div class=\"latest_post_two_info_inner\" ><div class=\"post_info_author\"><img alt='Author Image' src='https:\/\/secure.gravatar.com\/avatar\/1c476992411e4ccf153da63b2b2f5ea0bb4cb1c85f3ceab8512f04325ad5579c?s=30&#038;d=mm&#038;r=g' srcset='https:\/\/secure.gravatar.com\/avatar\/1c476992411e4ccf153da63b2b2f5ea0bb4cb1c85f3ceab8512f04325ad5579c?s=60&#038;d=mm&#038;r=g 2x' class='avatar avatar-30 photo' height='30' width='30' \/><span class=\"post_info_author_name\">Corresponsal<\/span><\/div><div itemprop=\"dateCreated\" class=\"post_info_date entry_date updated\">21 agosto, 2024<meta itemprop=\"interactionCount\" content=\"UserComments: <?php echo get_comments_number(qode_get_page_id()); ?>\"\/><\/div><\/div><\/div><\/div><\/li><li class=\"clearfix\"><div class=\"latest_post_two_image\"><a itemprop=\"url\" href=\"https:\/\/www.aridane.org\/city\/2024\/08\/20\/los-llanos-de-aridane-disfrutara-del-mejor-espectaculo-homenaje-a-dire-straits-este-sabado\/\"><img loading=\"lazy\" decoding=\"async\" width=\"800\" height=\"600\" src=\"https:\/\/www.aridane.org\/city\/wp-content\/uploads\/2024\/08\/Dire-Straits-Brothers-in-band-800x600.jpg\" class=\"attachment-portfolio-landscape size-portfolio-landscape wp-post-image\" alt=\"\" \/><\/a><\/div><div class=\"latest_post_two_inner\" ><div class=\"latest_post_two_text\"><h5 itemprop=\"name\" class=\"latest_post_two_title entry_title\"><a itemprop=\"url\" href=\"https:\/\/www.aridane.org\/city\/2024\/08\/20\/los-llanos-de-aridane-disfrutara-del-mejor-espectaculo-homenaje-a-dire-straits-este-sabado\/\" >Los Llanos de Aridane disfrutar\u00e1 del mejor espect\u00e1culo homenaje a Dire Straits este s\u00e1bado<\/a><\/h5><div class=\"separator small left \" ><\/div><p itemprop=\"description\" class=\"latest_post_two_excerpt\" >Brothers in Band actuar\u00e1 en la Plaza de Espa\u00f1a del municipio desde las 22:00 horas<\/p><\/div><div class=\"latest_post_two_info\" ><div class=\"latest_post_two_info_inner\" ><div class=\"post_info_author\"><img alt='Author Image' src='https:\/\/secure.gravatar.com\/avatar\/1c476992411e4ccf153da63b2b2f5ea0bb4cb1c85f3ceab8512f04325ad5579c?s=30&#038;d=mm&#038;r=g' srcset='https:\/\/secure.gravatar.com\/avatar\/1c476992411e4ccf153da63b2b2f5ea0bb4cb1c85f3ceab8512f04325ad5579c?s=60&#038;d=mm&#038;r=g 2x' class='avatar avatar-30 photo' height='30' width='30' \/><span class=\"post_info_author_name\">Corresponsal<\/span><\/div><div itemprop=\"dateCreated\" class=\"post_info_date entry_date updated\">20 agosto, 2024<meta itemprop=\"interactionCount\" content=\"UserComments: <?php echo get_comments_number(qode_get_page_id()); ?>\"\/><\/div><\/div><\/div><\/div><\/li><li class=\"clearfix\"><div class=\"latest_post_two_image\"><a itemprop=\"url\" href=\"https:\/\/www.aridane.org\/city\/2024\/08\/20\/la-velada-iii-vuelve-a-los-llanos-de-aridane-con-mas-acento-canario-que-nunca\/\"><img loading=\"lazy\" decoding=\"async\" width=\"800\" height=\"600\" src=\"https:\/\/www.aridane.org\/city\/wp-content\/uploads\/2024\/08\/La-Velada-800x600.jpeg\" class=\"attachment-portfolio-landscape size-portfolio-landscape wp-post-image\" alt=\"\" \/><\/a><\/div><div class=\"latest_post_two_inner\" ><div class=\"latest_post_two_text\"><h5 itemprop=\"name\" class=\"latest_post_two_title entry_title\"><a itemprop=\"url\" href=\"https:\/\/www.aridane.org\/city\/2024\/08\/20\/la-velada-iii-vuelve-a-los-llanos-de-aridane-con-mas-acento-canario-que-nunca\/\" >La Velada III vuelve a Los Llanos de Aridane con m\u00e1s acento canario que nunca<\/a><\/h5><div class=\"separator small left \" ><\/div><p itemprop=\"description\" class=\"latest_post_two_excerpt\" >La apertura de puertas tendr\u00e1 lugar a las 17:00 de este s\u00e1bado<\/p><\/div><div class=\"latest_post_two_info\" ><div class=\"latest_post_two_info_inner\" ><div class=\"post_info_author\"><img alt='Author Image' src='https:\/\/secure.gravatar.com\/avatar\/1c476992411e4ccf153da63b2b2f5ea0bb4cb1c85f3ceab8512f04325ad5579c?s=30&#038;d=mm&#038;r=g' srcset='https:\/\/secure.gravatar.com\/avatar\/1c476992411e4ccf153da63b2b2f5ea0bb4cb1c85f3ceab8512f04325ad5579c?s=60&#038;d=mm&#038;r=g 2x' class='avatar avatar-30 photo' height='30' width='30' \/><span class=\"post_info_author_name\">Corresponsal<\/span><\/div><div itemprop=\"dateCreated\" class=\"post_info_date entry_date updated\">20 agosto, 2024<meta itemprop=\"interactionCount\" content=\"UserComments: <?php echo get_comments_number(qode_get_page_id()); ?>\"\/><\/div><\/div><\/div><\/div><\/li><li class=\"clearfix\"><div class=\"latest_post_two_image\"><a itemprop=\"url\" href=\"https:\/\/www.aridane.org\/city\/2024\/08\/13\/los-llanos-de-aridane-coordina-la-reconstruccion-agricola-con-el-gobierno-canario-y-el-cabildo\/\"><img loading=\"lazy\" decoding=\"async\" width=\"800\" height=\"600\" src=\"https:\/\/www.aridane.org\/city\/wp-content\/uploads\/2024\/08\/Reconstruccion-agricola-800x600.jpeg\" class=\"attachment-portfolio-landscape size-portfolio-landscape wp-post-image\" alt=\"\" srcset=\"https:\/\/www.aridane.org\/city\/wp-content\/uploads\/2024\/08\/Reconstruccion-agricola-800x600.jpeg 800w, https:\/\/www.aridane.org\/city\/wp-content\/uploads\/2024\/08\/Reconstruccion-agricola-300x225.jpeg 300w, https:\/\/www.aridane.org\/city\/wp-content\/uploads\/2024\/08\/Reconstruccion-agricola-620x465.jpeg 620w, https:\/\/www.aridane.org\/city\/wp-content\/uploads\/2024\/08\/Reconstruccion-agricola-768x576.jpeg 768w, https:\/\/www.aridane.org\/city\/wp-content\/uploads\/2024\/08\/Reconstruccion-agricola-1536x1152.jpeg 1536w, https:\/\/www.aridane.org\/city\/wp-content\/uploads\/2024\/08\/Reconstruccion-agricola-2048x1536.jpeg 2048w, https:\/\/www.aridane.org\/city\/wp-content\/uploads\/2024\/08\/Reconstruccion-agricola-700x525.jpeg 700w\" sizes=\"auto, (max-width: 800px) 100vw, 800px\" \/><\/a><\/div><div class=\"latest_post_two_inner\" ><div class=\"latest_post_two_text\"><h5 itemprop=\"name\" class=\"latest_post_two_title entry_title\"><a itemprop=\"url\" href=\"https:\/\/www.aridane.org\/city\/2024\/08\/13\/los-llanos-de-aridane-coordina-la-reconstruccion-agricola-con-el-gobierno-canario-y-el-cabildo\/\" >Los Llanos de Aridane coordina la reconstrucci\u00f3n agr\u00edcola con el Gobierno canario y el Cabildo<\/a><\/h5><div class=\"separator small left \" ><\/div><p itemprop=\"description\" class=\"latest_post_two_excerpt\" >El alcalde recuerda que el Ayuntamiento le est\u00e1 metiendo una nueva marcha a la reconstrucci\u00f3n<\/p><\/div><div class=\"latest_post_two_info\" ><div class=\"latest_post_two_info_inner\" ><div class=\"post_info_author\"><img alt='Author Image' src='https:\/\/secure.gravatar.com\/avatar\/1c476992411e4ccf153da63b2b2f5ea0bb4cb1c85f3ceab8512f04325ad5579c?s=30&#038;d=mm&#038;r=g' srcset='https:\/\/secure.gravatar.com\/avatar\/1c476992411e4ccf153da63b2b2f5ea0bb4cb1c85f3ceab8512f04325ad5579c?s=60&#038;d=mm&#038;r=g 2x' class='avatar avatar-30 photo' height='30' width='30' \/><span class=\"post_info_author_name\">Corresponsal<\/span><\/div><div itemprop=\"dateCreated\" class=\"post_info_date entry_date updated\">13 agosto, 2024<meta itemprop=\"interactionCount\" content=\"UserComments: <?php echo get_comments_number(qode_get_page_id()); ?>\"\/><\/div><\/div><\/div><\/div><\/li><li class=\"clearfix\"><div class=\"latest_post_two_image\"><a itemprop=\"url\" href=\"https:\/\/www.aridane.org\/city\/2024\/08\/12\/el-ayuntamiento-celebra-una-fiesta-con-musica-en-vivo-y-djs-en-puerto-naos-el-16-de-agosto\/\"><img loading=\"lazy\" decoding=\"async\" width=\"800\" height=\"600\" src=\"https:\/\/www.aridane.org\/city\/wp-content\/uploads\/2024\/08\/Puerto-Naos-Summer-Music-800x600.jpeg\" class=\"attachment-portfolio-landscape size-portfolio-landscape wp-post-image\" alt=\"\" \/><\/a><\/div><div class=\"latest_post_two_inner\" ><div class=\"latest_post_two_text\"><h5 itemprop=\"name\" class=\"latest_post_two_title entry_title\"><a itemprop=\"url\" href=\"https:\/\/www.aridane.org\/city\/2024\/08\/12\/el-ayuntamiento-celebra-una-fiesta-con-musica-en-vivo-y-djs-en-puerto-naos-el-16-de-agosto\/\" >El Ayuntamiento celebra una fiesta con m\u00fasica en vivo y DJs en Puerto Naos el 16 de agosto<\/a><\/h5><div class=\"separator small left \" ><\/div><p itemprop=\"description\" class=\"latest_post_two_excerpt\" >Puerto Naos Summer Music contar\u00e1 con actuaciones de los DJs Indi, Jacob Alonso, Tenax, Luis L\u00f3pez y Yardi, adem\u00e1s del concierto de Kebehi<\/p><\/div><div class=\"latest_post_two_info\" ><div class=\"latest_post_two_info_inner\" ><div class=\"post_info_author\"><img alt='Author Image' src='https:\/\/secure.gravatar.com\/avatar\/1c476992411e4ccf153da63b2b2f5ea0bb4cb1c85f3ceab8512f04325ad5579c?s=30&#038;d=mm&#038;r=g' srcset='https:\/\/secure.gravatar.com\/avatar\/1c476992411e4ccf153da63b2b2f5ea0bb4cb1c85f3ceab8512f04325ad5579c?s=60&#038;d=mm&#038;r=g 2x' class='avatar avatar-30 photo' height='30' width='30' \/><span class=\"post_info_author_name\">Corresponsal<\/span><\/div><div itemprop=\"dateCreated\" class=\"post_info_date entry_date updated\">12 agosto, 2024<meta itemprop=\"interactionCount\" content=\"UserComments: <?php echo get_comments_number(qode_get_page_id()); ?>\"\/><\/div><\/div><\/div><\/div><\/li><li class=\"clearfix\"><div class=\"latest_post_two_image\"><a itemprop=\"url\" href=\"https:\/\/www.aridane.org\/city\/2024\/08\/07\/las-fiestas-de-argual-disfrutaran-del-mejor-pop-rock-de-los-70-y-80-este-viernes\/\"><img loading=\"lazy\" decoding=\"async\" width=\"800\" height=\"600\" src=\"https:\/\/www.aridane.org\/city\/wp-content\/uploads\/2024\/08\/Miss-Music-Band-800x600.jpeg\" class=\"attachment-portfolio-landscape size-portfolio-landscape wp-post-image\" alt=\"\" \/><\/a><\/div><div class=\"latest_post_two_inner\" ><div class=\"latest_post_two_text\"><h5 itemprop=\"name\" class=\"latest_post_two_title entry_title\"><a itemprop=\"url\" href=\"https:\/\/www.aridane.org\/city\/2024\/08\/07\/las-fiestas-de-argual-disfrutaran-del-mejor-pop-rock-de-los-70-y-80-este-viernes\/\" >Las Fiestas de Argual disfrutar\u00e1n del mejor pop rock de los 70\u2019 y 80\u2019 este viernes<\/a><\/h5><div class=\"separator small left \" ><\/div><p itemprop=\"description\" class=\"latest_post_two_excerpt\" >\u2018Miss Music Band&#8217; actuar\u00e1 en la Plaza de Argual este viernes, 9 de agosto, a las 21:30 horas<\/p><\/div><div class=\"latest_post_two_info\" ><div class=\"latest_post_two_info_inner\" ><div class=\"post_info_author\"><img alt='Author Image' src='https:\/\/secure.gravatar.com\/avatar\/1c476992411e4ccf153da63b2b2f5ea0bb4cb1c85f3ceab8512f04325ad5579c?s=30&#038;d=mm&#038;r=g' srcset='https:\/\/secure.gravatar.com\/avatar\/1c476992411e4ccf153da63b2b2f5ea0bb4cb1c85f3ceab8512f04325ad5579c?s=60&#038;d=mm&#038;r=g 2x' class='avatar avatar-30 photo' height='30' width='30' \/><span class=\"post_info_author_name\">Corresponsal<\/span><\/div><div itemprop=\"dateCreated\" class=\"post_info_date entry_date updated\">07 agosto, 2024<meta itemprop=\"interactionCount\" content=\"UserComments: <?php echo get_comments_number(qode_get_page_id()); ?>\"\/><\/div><\/div><\/div><\/div><\/li><li class=\"clearfix\"><div class=\"latest_post_two_image\"><a itemprop=\"url\" href=\"https:\/\/www.aridane.org\/city\/2024\/08\/01\/artistas-palmeros-llenan-de-musica-las-zonas-comerciales-de-los-llanos-de-aridane-los-viernes-de-agosto\/\"><img loading=\"lazy\" decoding=\"async\" width=\"800\" height=\"600\" src=\"https:\/\/www.aridane.org\/city\/wp-content\/uploads\/2024\/08\/Viernes-de-Agosto-800x600.jpeg\" class=\"attachment-portfolio-landscape size-portfolio-landscape wp-post-image\" alt=\"\" \/><\/a><\/div><div class=\"latest_post_two_inner\" ><div class=\"latest_post_two_text\"><h5 itemprop=\"name\" class=\"latest_post_two_title entry_title\"><a itemprop=\"url\" href=\"https:\/\/www.aridane.org\/city\/2024\/08\/01\/artistas-palmeros-llenan-de-musica-las-zonas-comerciales-de-los-llanos-de-aridane-los-viernes-de-agosto\/\" >Artistas palmeros llenan de m\u00fasica las zonas comerciales de Los Llanos de Aridane los viernes de agosto\u00a0<\/a><\/h5><div class=\"separator small left \" ><\/div><p itemprop=\"description\" class=\"latest_post_two_excerpt\" >\u2018Viernes de agosto\u2019 es una iniciativa para dinamizar el comercio local y promocionar el talento de los m\u00fasicos de La Palma<\/p><\/div><div class=\"latest_post_two_info\" ><div class=\"latest_post_two_info_inner\" ><div class=\"post_info_author\"><img alt='Author Image' src='https:\/\/secure.gravatar.com\/avatar\/1c476992411e4ccf153da63b2b2f5ea0bb4cb1c85f3ceab8512f04325ad5579c?s=30&#038;d=mm&#038;r=g' srcset='https:\/\/secure.gravatar.com\/avatar\/1c476992411e4ccf153da63b2b2f5ea0bb4cb1c85f3ceab8512f04325ad5579c?s=60&#038;d=mm&#038;r=g 2x' class='avatar avatar-30 photo' height='30' width='30' \/><span class=\"post_info_author_name\">Corresponsal<\/span><\/div><div itemprop=\"dateCreated\" class=\"post_info_date entry_date updated\">01 agosto, 2024<meta itemprop=\"interactionCount\" content=\"UserComments: <?php echo get_comments_number(qode_get_page_id()); ?>\"\/><\/div><\/div><\/div><\/div><\/li><li class=\"clearfix\"><div class=\"latest_post_two_image\"><a itemprop=\"url\" href=\"https:\/\/www.aridane.org\/city\/2024\/08\/01\/los-llanos-de-aridane-abre-las-preinscripciones-para-el-proximo-curso-en-las-aulas-y-escuelas-municipales\/\"><img loading=\"lazy\" decoding=\"async\" width=\"800\" height=\"600\" src=\"https:\/\/www.aridane.org\/city\/wp-content\/uploads\/2024\/08\/Aulas-municipales-800x600.png\" class=\"attachment-portfolio-landscape size-portfolio-landscape wp-post-image\" alt=\"\" \/><\/a><\/div><div class=\"latest_post_two_inner\" ><div class=\"latest_post_two_text\"><h5 itemprop=\"name\" class=\"latest_post_two_title entry_title\"><a itemprop=\"url\" href=\"https:\/\/www.aridane.org\/city\/2024\/08\/01\/los-llanos-de-aridane-abre-las-preinscripciones-para-el-proximo-curso-en-las-aulas-y-escuelas-municipales\/\" >Los Llanos de Aridane abre las preinscripciones para el pr\u00f3ximo curso en las Aulas y Escuelas Municipales\u00a0<\/a><\/h5><div class=\"separator small left \" ><\/div><p itemprop=\"description\" class=\"latest_post_two_excerpt\" >Desde este jueves, 1 de agosto, el alumnado podr\u00e1 realizar su preinscripci\u00f3n<\/p><\/div><div class=\"latest_post_two_info\" ><div class=\"latest_post_two_info_inner\" ><div class=\"post_info_author\"><img alt='Author Image' src='https:\/\/secure.gravatar.com\/avatar\/1c476992411e4ccf153da63b2b2f5ea0bb4cb1c85f3ceab8512f04325ad5579c?s=30&#038;d=mm&#038;r=g' srcset='https:\/\/secure.gravatar.com\/avatar\/1c476992411e4ccf153da63b2b2f5ea0bb4cb1c85f3ceab8512f04325ad5579c?s=60&#038;d=mm&#038;r=g 2x' class='avatar avatar-30 photo' height='30' width='30' \/><span class=\"post_info_author_name\">Corresponsal<\/span><\/div><div itemprop=\"dateCreated\" class=\"post_info_date entry_date updated\">01 agosto, 2024<meta itemprop=\"interactionCount\" content=\"UserComments: <?php echo get_comments_number(qode_get_page_id()); ?>\"\/><\/div><\/div><\/div><\/div><\/li><li class=\"clearfix\"><div class=\"latest_post_two_image\"><a itemprop=\"url\" href=\"https:\/\/www.aridane.org\/city\/2024\/07\/31\/los-llanos-abre-el-plazo-de-prescripciones-para-sus-aulas-y-escuelas-municipales-2\/\"><img loading=\"lazy\" decoding=\"async\" width=\"800\" height=\"600\" src=\"https:\/\/www.aridane.org\/city\/wp-content\/uploads\/2024\/07\/PREINSCIPCIONES-AULAS-MUNICIPALES-800x600.jpg\" class=\"attachment-portfolio-landscape size-portfolio-landscape wp-post-image\" alt=\"PREINSCIPCIONES AULAS MUNICIPALES\" \/><\/a><\/div><div class=\"latest_post_two_inner\" ><div class=\"latest_post_two_text\"><h5 itemprop=\"name\" class=\"latest_post_two_title entry_title\"><a itemprop=\"url\" href=\"https:\/\/www.aridane.org\/city\/2024\/07\/31\/los-llanos-abre-el-plazo-de-prescripciones-para-sus-aulas-y-escuelas-municipales-2\/\" >Los Llanos abre el plazo de prescripciones para sus Aulas y Escuelas Municipales<\/a><\/h5><div class=\"separator small left \" ><\/div><p itemprop=\"description\" class=\"latest_post_two_excerpt\" >Los interesados pueden inscribirse desde el 1 de Agosto hasta el 9 de Septiembre, inclusive. &nbsp; Los Llanos de Aridane, 1 de agosto del 2024.- El Ayuntamiento de Los Llanos de Aridane a trav\u00e9s de la concejal<\/p><\/div><div class=\"latest_post_two_info\" ><div class=\"latest_post_two_info_inner\" ><div class=\"post_info_author\"><img alt='Author Image' src='https:\/\/secure.gravatar.com\/avatar\/57b3c36387d74af3342838b91242c7609785b9cc7878625f438215906c30365c?s=30&#038;d=mm&#038;r=g' srcset='https:\/\/secure.gravatar.com\/avatar\/57b3c36387d74af3342838b91242c7609785b9cc7878625f438215906c30365c?s=60&#038;d=mm&#038;r=g 2x' class='avatar avatar-30 photo' height='30' width='30' \/><span class=\"post_info_author_name\">Ricardo Brito Fern\u00e1ndez<\/span><\/div><div itemprop=\"dateCreated\" class=\"post_info_date entry_date updated\">31 julio, 2024<meta itemprop=\"interactionCount\" content=\"UserComments: <?php echo get_comments_number(qode_get_page_id()); ?>\"\/><\/div><\/div><\/div><\/div><\/li><li class=\"clearfix\"><div class=\"latest_post_two_image\"><a itemprop=\"url\" href=\"https:\/\/www.aridane.org\/city\/2024\/07\/27\/el-ayuntamiento-retira-40-metros-cubicos-de-residuos-en-puerto-naos-la-majada-y-triana\/\"><img loading=\"lazy\" decoding=\"async\" width=\"800\" height=\"600\" src=\"https:\/\/www.aridane.org\/city\/wp-content\/uploads\/2024\/07\/Limpieza-2-800x600.jpeg\" class=\"attachment-portfolio-landscape size-portfolio-landscape wp-post-image\" alt=\"\" \/><\/a><\/div><div class=\"latest_post_two_inner\" ><div class=\"latest_post_two_text\"><h5 itemprop=\"name\" class=\"latest_post_two_title entry_title\"><a itemprop=\"url\" href=\"https:\/\/www.aridane.org\/city\/2024\/07\/27\/el-ayuntamiento-retira-40-metros-cubicos-de-residuos-en-puerto-naos-la-majada-y-triana\/\" >El Ayuntamiento retira 40 metros c\u00fabicos de residuos en Puerto Naos, la Majada y Triana<\/a><\/h5><div class=\"separator small left \" ><\/div><p itemprop=\"description\" class=\"latest_post_two_excerpt\" >La colaboraci\u00f3n ciudadana es clave para hacer de Los Llanos de Aridane un municipio m\u00e1s limpio<\/p><\/div><div class=\"latest_post_two_info\" ><div class=\"latest_post_two_info_inner\" ><div class=\"post_info_author\"><img alt='Author Image' src='https:\/\/secure.gravatar.com\/avatar\/1c476992411e4ccf153da63b2b2f5ea0bb4cb1c85f3ceab8512f04325ad5579c?s=30&#038;d=mm&#038;r=g' srcset='https:\/\/secure.gravatar.com\/avatar\/1c476992411e4ccf153da63b2b2f5ea0bb4cb1c85f3ceab8512f04325ad5579c?s=60&#038;d=mm&#038;r=g 2x' class='avatar avatar-30 photo' height='30' width='30' \/><span class=\"post_info_author_name\">Corresponsal<\/span><\/div><div itemprop=\"dateCreated\" class=\"post_info_date entry_date updated\">27 julio, 2024<meta itemprop=\"interactionCount\" content=\"UserComments: <?php echo get_comments_number(qode_get_page_id()); ?>\"\/><\/div><\/div><\/div><\/div><\/li><li class=\"clearfix\"><div class=\"latest_post_two_image\"><a itemprop=\"url\" href=\"https:\/\/www.aridane.org\/city\/2024\/07\/24\/los-llanos-de-aridane-desarrolla-un-gran-parque-urbano-en-el-castillo-de-la-montana-de-tenisca\/\"><img loading=\"lazy\" decoding=\"async\" width=\"800\" height=\"600\" src=\"https:\/\/www.aridane.org\/city\/wp-content\/uploads\/2024\/07\/MontanaTenisca-800x600.jpeg\" class=\"attachment-portfolio-landscape size-portfolio-landscape wp-post-image\" alt=\"\" srcset=\"https:\/\/www.aridane.org\/city\/wp-content\/uploads\/2024\/07\/MontanaTenisca-800x600.jpeg 800w, https:\/\/www.aridane.org\/city\/wp-content\/uploads\/2024\/07\/MontanaTenisca-300x225.jpeg 300w, https:\/\/www.aridane.org\/city\/wp-content\/uploads\/2024\/07\/MontanaTenisca-620x465.jpeg 620w, https:\/\/www.aridane.org\/city\/wp-content\/uploads\/2024\/07\/MontanaTenisca-768x576.jpeg 768w, https:\/\/www.aridane.org\/city\/wp-content\/uploads\/2024\/07\/MontanaTenisca-1536x1152.jpeg 1536w, https:\/\/www.aridane.org\/city\/wp-content\/uploads\/2024\/07\/MontanaTenisca-2048x1536.jpeg 2048w, https:\/\/www.aridane.org\/city\/wp-content\/uploads\/2024\/07\/MontanaTenisca-700x525.jpeg 700w\" sizes=\"auto, (max-width: 800px) 100vw, 800px\" \/><\/a><\/div><div class=\"latest_post_two_inner\" ><div class=\"latest_post_two_text\"><h5 itemprop=\"name\" class=\"latest_post_two_title entry_title\"><a itemprop=\"url\" href=\"https:\/\/www.aridane.org\/city\/2024\/07\/24\/los-llanos-de-aridane-desarrolla-un-gran-parque-urbano-en-el-castillo-de-la-montana-de-tenisca\/\" >Los Llanos de Aridane desarrolla un gran parque urbano en El Castillo de la Monta\u00f1a de Tenisca<\/a><\/h5><div class=\"separator small left \" ><\/div><p itemprop=\"description\" class=\"latest_post_two_excerpt\" >Desde el consistorio se busca potenciar este c\u00e9ntrico barrio para impulsar el desarrollo del municipio y de la isla<\/p><\/div><div class=\"latest_post_two_info\" ><div class=\"latest_post_two_info_inner\" ><div class=\"post_info_author\"><img alt='Author Image' src='https:\/\/secure.gravatar.com\/avatar\/1c476992411e4ccf153da63b2b2f5ea0bb4cb1c85f3ceab8512f04325ad5579c?s=30&#038;d=mm&#038;r=g' srcset='https:\/\/secure.gravatar.com\/avatar\/1c476992411e4ccf153da63b2b2f5ea0bb4cb1c85f3ceab8512f04325ad5579c?s=60&#038;d=mm&#038;r=g 2x' class='avatar avatar-30 photo' height='30' width='30' \/><span class=\"post_info_author_name\">Corresponsal<\/span><\/div><div itemprop=\"dateCreated\" class=\"post_info_date entry_date updated\">24 julio, 2024<meta itemprop=\"interactionCount\" content=\"UserComments: <?php echo get_comments_number(qode_get_page_id()); ?>\"\/><\/div><\/div><\/div><\/div><\/li><li class=\"clearfix\"><div class=\"latest_post_two_image\"><a itemprop=\"url\" href=\"https:\/\/www.aridane.org\/city\/2024\/07\/24\/los-llanos-acoge-el-primer-campus-de-rugby-aridane\/\"><img loading=\"lazy\" decoding=\"async\" width=\"800\" height=\"600\" src=\"https:\/\/www.aridane.org\/city\/wp-content\/uploads\/2024\/07\/7-800x600.jpg\" class=\"attachment-portfolio-landscape size-portfolio-landscape wp-post-image\" alt=\"\" \/><\/a><\/div><div class=\"latest_post_two_inner\" ><div class=\"latest_post_two_text\"><h5 itemprop=\"name\" class=\"latest_post_two_title entry_title\"><a itemprop=\"url\" href=\"https:\/\/www.aridane.org\/city\/2024\/07\/24\/los-llanos-acoge-el-primer-campus-de-rugby-aridane\/\" >Los Llanos acoge el primer Campus de Rugby Aridane<\/a><\/h5><div class=\"separator small left \" ><\/div><p itemprop=\"description\" class=\"latest_post_two_excerpt\" >Del 6 al 10 de agosto, los ni\u00f1os y ni\u00f1as de entre 6 y 17 a\u00f1os podr\u00e1n acercarse a este deporte<\/p><\/div><div class=\"latest_post_two_info\" ><div class=\"latest_post_two_info_inner\" ><div class=\"post_info_author\"><img alt='Author Image' src='https:\/\/secure.gravatar.com\/avatar\/1c476992411e4ccf153da63b2b2f5ea0bb4cb1c85f3ceab8512f04325ad5579c?s=30&#038;d=mm&#038;r=g' srcset='https:\/\/secure.gravatar.com\/avatar\/1c476992411e4ccf153da63b2b2f5ea0bb4cb1c85f3ceab8512f04325ad5579c?s=60&#038;d=mm&#038;r=g 2x' class='avatar avatar-30 photo' height='30' width='30' \/><span class=\"post_info_author_name\">Corresponsal<\/span><\/div><div itemprop=\"dateCreated\" class=\"post_info_date entry_date updated\">24 julio, 2024<meta itemprop=\"interactionCount\" content=\"UserComments: <?php echo get_comments_number(qode_get_page_id()); ?>\"\/><\/div><\/div><\/div><\/div><\/li><li class=\"clearfix\"><div class=\"latest_post_two_image\"><a itemprop=\"url\" href=\"https:\/\/www.aridane.org\/city\/2024\/07\/22\/los-llanos-de-aridane-impulsa-la-remodelacion-del-mercado-municipal\/\"><img loading=\"lazy\" decoding=\"async\" width=\"800\" height=\"600\" src=\"https:\/\/www.aridane.org\/city\/wp-content\/uploads\/2024\/07\/Mercado-Municipal-1-800x600.jpeg\" class=\"attachment-portfolio-landscape size-portfolio-landscape wp-post-image\" alt=\"\" srcset=\"https:\/\/www.aridane.org\/city\/wp-content\/uploads\/2024\/07\/Mercado-Municipal-1-800x600.jpeg 800w, https:\/\/www.aridane.org\/city\/wp-content\/uploads\/2024\/07\/Mercado-Municipal-1-300x225.jpeg 300w, https:\/\/www.aridane.org\/city\/wp-content\/uploads\/2024\/07\/Mercado-Municipal-1-620x465.jpeg 620w, https:\/\/www.aridane.org\/city\/wp-content\/uploads\/2024\/07\/Mercado-Municipal-1-768x576.jpeg 768w, https:\/\/www.aridane.org\/city\/wp-content\/uploads\/2024\/07\/Mercado-Municipal-1-1536x1152.jpeg 1536w, https:\/\/www.aridane.org\/city\/wp-content\/uploads\/2024\/07\/Mercado-Municipal-1-700x525.jpeg 700w, https:\/\/www.aridane.org\/city\/wp-content\/uploads\/2024\/07\/Mercado-Municipal-1.jpeg 2048w\" sizes=\"auto, (max-width: 800px) 100vw, 800px\" \/><\/a><\/div><div class=\"latest_post_two_inner\" ><div class=\"latest_post_two_text\"><h5 itemprop=\"name\" class=\"latest_post_two_title entry_title\"><a itemprop=\"url\" href=\"https:\/\/www.aridane.org\/city\/2024\/07\/22\/los-llanos-de-aridane-impulsa-la-remodelacion-del-mercado-municipal\/\" >Los Llanos de Aridane impulsa la remodelaci\u00f3n del Mercado Municipal<\/a><\/h5><div class=\"separator small left \" ><\/div><p itemprop=\"description\" class=\"latest_post_two_excerpt\" >La licitaci\u00f3n de la primera fase del Mercado Municipal estar\u00e1 abierta hasta el 16 de agosto y cuenta con un presupuesto base de 2,12 millones de euros<\/p><\/div><div class=\"latest_post_two_info\" ><div class=\"latest_post_two_info_inner\" ><div class=\"post_info_author\"><img alt='Author Image' src='https:\/\/secure.gravatar.com\/avatar\/1c476992411e4ccf153da63b2b2f5ea0bb4cb1c85f3ceab8512f04325ad5579c?s=30&#038;d=mm&#038;r=g' srcset='https:\/\/secure.gravatar.com\/avatar\/1c476992411e4ccf153da63b2b2f5ea0bb4cb1c85f3ceab8512f04325ad5579c?s=60&#038;d=mm&#038;r=g 2x' class='avatar avatar-30 photo' height='30' width='30' \/><span class=\"post_info_author_name\">Corresponsal<\/span><\/div><div itemprop=\"dateCreated\" class=\"post_info_date entry_date updated\">22 julio, 2024<meta itemprop=\"interactionCount\" content=\"UserComments: <?php echo get_comments_number(qode_get_page_id()); ?>\"\/><\/div><\/div><\/div><\/div><\/li><li class=\"clearfix\"><div class=\"latest_post_two_image\"><a itemprop=\"url\" href=\"https:\/\/www.aridane.org\/city\/2024\/07\/18\/los-llanos-de-aridane-avanza-en-la-construccion-de-su-marca-ciudad-con-el-apoyo-de-expertos\/\"><img loading=\"lazy\" decoding=\"async\" width=\"800\" height=\"600\" src=\"https:\/\/www.aridane.org\/city\/wp-content\/uploads\/2024\/07\/Marca-Los-Llanos-de-Aridane-800x600.jpeg\" class=\"attachment-portfolio-landscape size-portfolio-landscape wp-post-image\" alt=\"\" srcset=\"https:\/\/www.aridane.org\/city\/wp-content\/uploads\/2024\/07\/Marca-Los-Llanos-de-Aridane-800x600.jpeg 800w, https:\/\/www.aridane.org\/city\/wp-content\/uploads\/2024\/07\/Marca-Los-Llanos-de-Aridane-300x225.jpeg 300w, https:\/\/www.aridane.org\/city\/wp-content\/uploads\/2024\/07\/Marca-Los-Llanos-de-Aridane-620x465.jpeg 620w, https:\/\/www.aridane.org\/city\/wp-content\/uploads\/2024\/07\/Marca-Los-Llanos-de-Aridane-768x576.jpeg 768w, https:\/\/www.aridane.org\/city\/wp-content\/uploads\/2024\/07\/Marca-Los-Llanos-de-Aridane-1536x1152.jpeg 1536w, https:\/\/www.aridane.org\/city\/wp-content\/uploads\/2024\/07\/Marca-Los-Llanos-de-Aridane-700x525.jpeg 700w, https:\/\/www.aridane.org\/city\/wp-content\/uploads\/2024\/07\/Marca-Los-Llanos-de-Aridane.jpeg 1600w\" sizes=\"auto, (max-width: 800px) 100vw, 800px\" \/><\/a><\/div><div class=\"latest_post_two_inner\" ><div class=\"latest_post_two_text\"><h5 itemprop=\"name\" class=\"latest_post_two_title entry_title\"><a itemprop=\"url\" href=\"https:\/\/www.aridane.org\/city\/2024\/07\/18\/los-llanos-de-aridane-avanza-en-la-construccion-de-su-marca-ciudad-con-el-apoyo-de-expertos\/\" >Los Llanos de Aridane avanza en la construcci\u00f3n de su Marca Ciudad con el apoyo de expertos<\/a><\/h5><div class=\"separator small left \" ><\/div><p itemprop=\"description\" class=\"latest_post_two_excerpt\" >Se han mantenido varias reuniones para desarrollar esta nueva identidad, acci\u00f3n perteneciente al Plan de Sostenibilidad Tur\u00edstica<\/p><\/div><div class=\"latest_post_two_info\" ><div class=\"latest_post_two_info_inner\" ><div class=\"post_info_author\"><img alt='Author Image' src='https:\/\/secure.gravatar.com\/avatar\/1c476992411e4ccf153da63b2b2f5ea0bb4cb1c85f3ceab8512f04325ad5579c?s=30&#038;d=mm&#038;r=g' srcset='https:\/\/secure.gravatar.com\/avatar\/1c476992411e4ccf153da63b2b2f5ea0bb4cb1c85f3ceab8512f04325ad5579c?s=60&#038;d=mm&#038;r=g 2x' class='avatar avatar-30 photo' height='30' width='30' \/><span class=\"post_info_author_name\">Corresponsal<\/span><\/div><div itemprop=\"dateCreated\" class=\"post_info_date entry_date updated\">18 julio, 2024<meta itemprop=\"interactionCount\" content=\"UserComments: <?php echo get_comments_number(qode_get_page_id()); ?>\"\/><\/div><\/div><\/div><\/div><\/li><li class=\"clearfix\"><div class=\"latest_post_two_image\"><a itemprop=\"url\" href=\"https:\/\/www.aridane.org\/city\/2024\/07\/17\/puerto-naos-vibrara-a-ritmo-de-tina-turner-este-viernes\/\"><img loading=\"lazy\" decoding=\"async\" width=\"800\" height=\"600\" src=\"https:\/\/www.aridane.org\/city\/wp-content\/uploads\/2024\/07\/Tributo-Tina-Turner-800x600.jpeg\" class=\"attachment-portfolio-landscape size-portfolio-landscape wp-post-image\" alt=\"\" \/><\/a><\/div><div class=\"latest_post_two_inner\" ><div class=\"latest_post_two_text\"><h5 itemprop=\"name\" class=\"latest_post_two_title entry_title\"><a itemprop=\"url\" href=\"https:\/\/www.aridane.org\/city\/2024\/07\/17\/puerto-naos-vibrara-a-ritmo-de-tina-turner-este-viernes\/\" >Puerto Naos vibrar\u00e1 a ritmo de Tina Turner este viernes<\/a><\/h5><div class=\"separator small left \" ><\/div><p itemprop=\"description\" class=\"latest_post_two_excerpt\" >Tina The Rock Show Experience es un espect\u00e1culo que celebra la impresionante carrera de Tina Turner<\/p><\/div><div class=\"latest_post_two_info\" ><div class=\"latest_post_two_info_inner\" ><div class=\"post_info_author\"><img alt='Author Image' src='https:\/\/secure.gravatar.com\/avatar\/1c476992411e4ccf153da63b2b2f5ea0bb4cb1c85f3ceab8512f04325ad5579c?s=30&#038;d=mm&#038;r=g' srcset='https:\/\/secure.gravatar.com\/avatar\/1c476992411e4ccf153da63b2b2f5ea0bb4cb1c85f3ceab8512f04325ad5579c?s=60&#038;d=mm&#038;r=g 2x' class='avatar avatar-30 photo' height='30' width='30' \/><span class=\"post_info_author_name\">Corresponsal<\/span><\/div><div itemprop=\"dateCreated\" class=\"post_info_date entry_date updated\">17 julio, 2024<meta itemprop=\"interactionCount\" content=\"UserComments: <?php echo get_comments_number(qode_get_page_id()); ?>\"\/><\/div><\/div><\/div><\/div><\/li><li class=\"clearfix\"><div class=\"latest_post_two_image\"><a itemprop=\"url\" href=\"https:\/\/www.aridane.org\/city\/2024\/07\/16\/los-llanos-de-aridane-convoca-ayudas-para-los-estudiantes-que-cursan-sus-estudios-fuera-de-la-palma\/\"><img loading=\"lazy\" decoding=\"async\" width=\"800\" height=\"600\" src=\"https:\/\/www.aridane.org\/city\/wp-content\/uploads\/2024\/07\/Ayudas-desplazamiento-800x600.png\" class=\"attachment-portfolio-landscape size-portfolio-landscape wp-post-image\" alt=\"\" \/><\/a><\/div><div class=\"latest_post_two_inner\" ><div class=\"latest_post_two_text\"><h5 itemprop=\"name\" class=\"latest_post_two_title entry_title\"><a itemprop=\"url\" href=\"https:\/\/www.aridane.org\/city\/2024\/07\/16\/los-llanos-de-aridane-convoca-ayudas-para-los-estudiantes-que-cursan-sus-estudios-fuera-de-la-palma\/\" >Los Llanos de Aridane convoca ayudas para los estudiantes que cursan sus estudios fuera de La Palma<\/a><\/h5><div class=\"separator small left \" ><\/div><p itemprop=\"description\" class=\"latest_post_two_excerpt\" >El plazo para presentar solicitudes finaliza el pr\u00f3ximo 16 de agosto<\/p><\/div><div class=\"latest_post_two_info\" ><div class=\"latest_post_two_info_inner\" ><div class=\"post_info_author\"><img alt='Author Image' src='https:\/\/secure.gravatar.com\/avatar\/1c476992411e4ccf153da63b2b2f5ea0bb4cb1c85f3ceab8512f04325ad5579c?s=30&#038;d=mm&#038;r=g' srcset='https:\/\/secure.gravatar.com\/avatar\/1c476992411e4ccf153da63b2b2f5ea0bb4cb1c85f3ceab8512f04325ad5579c?s=60&#038;d=mm&#038;r=g 2x' class='avatar avatar-30 photo' height='30' width='30' \/><span class=\"post_info_author_name\">Corresponsal<\/span><\/div><div itemprop=\"dateCreated\" class=\"post_info_date entry_date updated\">16 julio, 2024<meta itemprop=\"interactionCount\" content=\"UserComments: <?php echo get_comments_number(qode_get_page_id()); ?>\"\/><\/div><\/div><\/div><\/div><\/li><li class=\"clearfix\"><div class=\"latest_post_two_image\"><a itemprop=\"url\" href=\"https:\/\/www.aridane.org\/city\/2024\/07\/16\/los-llanos-de-aridane-fomenta-la-conciliacion-familiar-con-varios-campus-de-verano\/\"><img loading=\"lazy\" decoding=\"async\" width=\"800\" height=\"600\" src=\"https:\/\/www.aridane.org\/city\/wp-content\/uploads\/2024\/07\/Campus-de-verano-Plan-Corresponsable-800x600.jpeg\" class=\"attachment-portfolio-landscape size-portfolio-landscape wp-post-image\" alt=\"\" srcset=\"https:\/\/www.aridane.org\/city\/wp-content\/uploads\/2024\/07\/Campus-de-verano-Plan-Corresponsable-800x600.jpeg 800w, https:\/\/www.aridane.org\/city\/wp-content\/uploads\/2024\/07\/Campus-de-verano-Plan-Corresponsable-300x225.jpeg 300w, https:\/\/www.aridane.org\/city\/wp-content\/uploads\/2024\/07\/Campus-de-verano-Plan-Corresponsable-620x465.jpeg 620w, https:\/\/www.aridane.org\/city\/wp-content\/uploads\/2024\/07\/Campus-de-verano-Plan-Corresponsable-768x576.jpeg 768w, https:\/\/www.aridane.org\/city\/wp-content\/uploads\/2024\/07\/Campus-de-verano-Plan-Corresponsable-1536x1152.jpeg 1536w, https:\/\/www.aridane.org\/city\/wp-content\/uploads\/2024\/07\/Campus-de-verano-Plan-Corresponsable-2048x1536.jpeg 2048w, https:\/\/www.aridane.org\/city\/wp-content\/uploads\/2024\/07\/Campus-de-verano-Plan-Corresponsable-700x525.jpeg 700w\" sizes=\"auto, (max-width: 800px) 100vw, 800px\" \/><\/a><\/div><div class=\"latest_post_two_inner\" ><div class=\"latest_post_two_text\"><h5 itemprop=\"name\" class=\"latest_post_two_title entry_title\"><a itemprop=\"url\" href=\"https:\/\/www.aridane.org\/city\/2024\/07\/16\/los-llanos-de-aridane-fomenta-la-conciliacion-familiar-con-varios-campus-de-verano\/\" >Los Llanos de Aridane fomenta la conciliaci\u00f3n familiar con varios campus de verano<\/a><\/h5><div class=\"separator small left \" ><\/div><p itemprop=\"description\" class=\"latest_post_two_excerpt\" >Jungla Park, El Bosque Encantado, Asociaci\u00f3n Compartiendo Mesas, Nube y la Asociaci\u00f3n Mojo de Ca\u00f1a son las entidades con las que colabora el Ayuntamiento<\/p><\/div><div class=\"latest_post_two_info\" ><div class=\"latest_post_two_info_inner\" ><div class=\"post_info_author\"><img alt='Author Image' src='https:\/\/secure.gravatar.com\/avatar\/1c476992411e4ccf153da63b2b2f5ea0bb4cb1c85f3ceab8512f04325ad5579c?s=30&#038;d=mm&#038;r=g' srcset='https:\/\/secure.gravatar.com\/avatar\/1c476992411e4ccf153da63b2b2f5ea0bb4cb1c85f3ceab8512f04325ad5579c?s=60&#038;d=mm&#038;r=g 2x' class='avatar avatar-30 photo' height='30' width='30' \/><span class=\"post_info_author_name\">Corresponsal<\/span><\/div><div itemprop=\"dateCreated\" class=\"post_info_date entry_date updated\">16 julio, 2024<meta itemprop=\"interactionCount\" content=\"UserComments: <?php echo get_comments_number(qode_get_page_id()); ?>\"\/><\/div><\/div><\/div><\/div><\/li><li class=\"clearfix\"><div class=\"latest_post_two_image\"><a itemprop=\"url\" href=\"https:\/\/www.aridane.org\/city\/2024\/07\/15\/las-playas-de-los-llanos-de-aridane-acogeran-actividades-deportivas-durante-el-verano\/\"><img loading=\"lazy\" decoding=\"async\" width=\"800\" height=\"600\" src=\"https:\/\/www.aridane.org\/city\/wp-content\/uploads\/2024\/05\/Puerto-Naos-2-1-800x600.jpeg\" class=\"attachment-portfolio-landscape size-portfolio-landscape wp-post-image\" alt=\"\" \/><\/a><\/div><div class=\"latest_post_two_inner\" ><div class=\"latest_post_two_text\"><h5 itemprop=\"name\" class=\"latest_post_two_title entry_title\"><a itemprop=\"url\" href=\"https:\/\/www.aridane.org\/city\/2024\/07\/15\/las-playas-de-los-llanos-de-aridane-acogeran-actividades-deportivas-durante-el-verano\/\" >Las playas de Los Llanos de Aridane acoger\u00e1n actividades deportivas durante el verano<\/a><\/h5><div class=\"separator small left \" ><\/div><p itemprop=\"description\" class=\"latest_post_two_excerpt\" >Las actividades tendr\u00e1n lugar durante los meses de julio, agosto y septiembre en las playas de Puerto Naos y El Charco Verde<\/p><\/div><div class=\"latest_post_two_info\" ><div class=\"latest_post_two_info_inner\" ><div class=\"post_info_author\"><img alt='Author Image' src='https:\/\/secure.gravatar.com\/avatar\/1c476992411e4ccf153da63b2b2f5ea0bb4cb1c85f3ceab8512f04325ad5579c?s=30&#038;d=mm&#038;r=g' srcset='https:\/\/secure.gravatar.com\/avatar\/1c476992411e4ccf153da63b2b2f5ea0bb4cb1c85f3ceab8512f04325ad5579c?s=60&#038;d=mm&#038;r=g 2x' class='avatar avatar-30 photo' height='30' width='30' \/><span class=\"post_info_author_name\">Corresponsal<\/span><\/div><div itemprop=\"dateCreated\" class=\"post_info_date entry_date updated\">15 julio, 2024<meta itemprop=\"interactionCount\" content=\"UserComments: <?php echo get_comments_number(qode_get_page_id()); ?>\"\/><\/div><\/div><\/div><\/div><\/li><li class=\"clearfix\"><div class=\"latest_post_two_image\"><a itemprop=\"url\" href=\"https:\/\/www.aridane.org\/city\/2024\/07\/12\/los-llanos-de-aridane-retransmitira-la-final-de-la-eurocopa-en-la-plaza-del-museo-arqueologico-benahoarita\/\"><img loading=\"lazy\" decoding=\"async\" width=\"800\" height=\"575\" src=\"https:\/\/www.aridane.org\/city\/wp-content\/uploads\/2024\/07\/Museo-Arqueologico-800x575.jpeg\" class=\"attachment-portfolio-landscape size-portfolio-landscape wp-post-image\" alt=\"\" \/><\/a><\/div><div class=\"latest_post_two_inner\" ><div class=\"latest_post_two_text\"><h5 itemprop=\"name\" class=\"latest_post_two_title entry_title\"><a itemprop=\"url\" href=\"https:\/\/www.aridane.org\/city\/2024\/07\/12\/los-llanos-de-aridane-retransmitira-la-final-de-la-eurocopa-en-la-plaza-del-museo-arqueologico-benahoarita\/\" >Los Llanos de Aridane retransmitir\u00e1 la final de la Eurocopa en la plaza del Museo Arqueol\u00f3gico Benahoarita\u00a0<\/a><\/h5><div class=\"separator small left \" ><\/div><p itemprop=\"description\" class=\"latest_post_two_excerpt\" >El partido se podr\u00e1 ver en la fachada del museo, por la calle Las Adelfas,\u00a0 desde las 20:00 horas<\/p><\/div><div class=\"latest_post_two_info\" ><div class=\"latest_post_two_info_inner\" ><div class=\"post_info_author\"><img alt='Author Image' src='https:\/\/secure.gravatar.com\/avatar\/1c476992411e4ccf153da63b2b2f5ea0bb4cb1c85f3ceab8512f04325ad5579c?s=30&#038;d=mm&#038;r=g' srcset='https:\/\/secure.gravatar.com\/avatar\/1c476992411e4ccf153da63b2b2f5ea0bb4cb1c85f3ceab8512f04325ad5579c?s=60&#038;d=mm&#038;r=g 2x' class='avatar avatar-30 photo' height='30' width='30' \/><span class=\"post_info_author_name\">Corresponsal<\/span><\/div><div itemprop=\"dateCreated\" class=\"post_info_date entry_date updated\">12 julio, 2024<meta itemprop=\"interactionCount\" content=\"UserComments: <?php echo get_comments_number(qode_get_page_id()); ?>\"\/><\/div><\/div><\/div><\/div><\/li><li class=\"clearfix\"><div class=\"latest_post_two_image\"><a itemprop=\"url\" href=\"https:\/\/www.aridane.org\/city\/2024\/07\/12\/los-llanos-de-aridane-inicia-la-recuperacion-del-camino-cumplido\/\"><img loading=\"lazy\" decoding=\"async\" width=\"800\" height=\"600\" src=\"https:\/\/www.aridane.org\/city\/wp-content\/uploads\/2024\/07\/Camino-Cumplido-800x600.jpeg\" class=\"attachment-portfolio-landscape size-portfolio-landscape wp-post-image\" alt=\"\" srcset=\"https:\/\/www.aridane.org\/city\/wp-content\/uploads\/2024\/07\/Camino-Cumplido-800x600.jpeg 800w, https:\/\/www.aridane.org\/city\/wp-content\/uploads\/2024\/07\/Camino-Cumplido-300x225.jpeg 300w, https:\/\/www.aridane.org\/city\/wp-content\/uploads\/2024\/07\/Camino-Cumplido-620x465.jpeg 620w, https:\/\/www.aridane.org\/city\/wp-content\/uploads\/2024\/07\/Camino-Cumplido-768x576.jpeg 768w, https:\/\/www.aridane.org\/city\/wp-content\/uploads\/2024\/07\/Camino-Cumplido-1536x1152.jpeg 1536w, https:\/\/www.aridane.org\/city\/wp-content\/uploads\/2024\/07\/Camino-Cumplido-700x525.jpeg 700w, https:\/\/www.aridane.org\/city\/wp-content\/uploads\/2024\/07\/Camino-Cumplido.jpeg 1600w\" sizes=\"auto, (max-width: 800px) 100vw, 800px\" \/><\/a><\/div><div class=\"latest_post_two_inner\" ><div class=\"latest_post_two_text\"><h5 itemprop=\"name\" class=\"latest_post_two_title entry_title\"><a itemprop=\"url\" href=\"https:\/\/www.aridane.org\/city\/2024\/07\/12\/los-llanos-de-aridane-inicia-la-recuperacion-del-camino-cumplido\/\" >Los Llanos de Aridane inicia la recuperaci\u00f3n del camino Cumplido<\/a><\/h5><div class=\"separator small left \" ><\/div><p itemprop=\"description\" class=\"latest_post_two_excerpt\" >El alcalde Javier Llamas asegura que es el momento de \u201cmeterle una marcha m\u00e1s a la reconstrucci\u00f3n\u201d<\/p><\/div><div class=\"latest_post_two_info\" ><div class=\"latest_post_two_info_inner\" ><div class=\"post_info_author\"><img alt='Author Image' src='https:\/\/secure.gravatar.com\/avatar\/1c476992411e4ccf153da63b2b2f5ea0bb4cb1c85f3ceab8512f04325ad5579c?s=30&#038;d=mm&#038;r=g' srcset='https:\/\/secure.gravatar.com\/avatar\/1c476992411e4ccf153da63b2b2f5ea0bb4cb1c85f3ceab8512f04325ad5579c?s=60&#038;d=mm&#038;r=g 2x' class='avatar avatar-30 photo' height='30' width='30' \/><span class=\"post_info_author_name\">Corresponsal<\/span><\/div><div itemprop=\"dateCreated\" class=\"post_info_date entry_date updated\">12 julio, 2024<meta itemprop=\"interactionCount\" content=\"UserComments: <?php echo get_comments_number(qode_get_page_id()); ?>\"\/><\/div><\/div><\/div><\/div><\/li><li class=\"clearfix\"><div class=\"latest_post_two_image\"><a itemprop=\"url\" href=\"https:\/\/www.aridane.org\/city\/2024\/07\/10\/los-llanos-de-aridane-consigue-mas-de-340-000-euros-de-europa-para-el-desarrollo-sostenible-del-municipio\/\"><img loading=\"lazy\" decoding=\"async\" width=\"800\" height=\"600\" src=\"https:\/\/www.aridane.org\/city\/wp-content\/uploads\/2024\/07\/Macu-y-Virginia-e1721202534255-800x600.jpeg\" class=\"attachment-portfolio-landscape size-portfolio-landscape wp-post-image\" alt=\"\" \/><\/a><\/div><div class=\"latest_post_two_inner\" ><div class=\"latest_post_two_text\"><h5 itemprop=\"name\" class=\"latest_post_two_title entry_title\"><a itemprop=\"url\" href=\"https:\/\/www.aridane.org\/city\/2024\/07\/10\/los-llanos-de-aridane-consigue-mas-de-340-000-euros-de-europa-para-el-desarrollo-sostenible-del-municipio\/\" >Los Llanos de Aridane consigue m\u00e1s de 340.000 euros de Europa para el desarrollo sostenible del municipio<\/a><\/h5><div class=\"separator small left \" ><\/div><p itemprop=\"description\" class=\"latest_post_two_excerpt\" >El Ayuntamiento es uno de los seis consistorios de Canarias beneficiados por esta convocatoria<\/p><\/div><div class=\"latest_post_two_info\" ><div class=\"latest_post_two_info_inner\" ><div class=\"post_info_author\"><img alt='Author Image' src='https:\/\/secure.gravatar.com\/avatar\/1c476992411e4ccf153da63b2b2f5ea0bb4cb1c85f3ceab8512f04325ad5579c?s=30&#038;d=mm&#038;r=g' srcset='https:\/\/secure.gravatar.com\/avatar\/1c476992411e4ccf153da63b2b2f5ea0bb4cb1c85f3ceab8512f04325ad5579c?s=60&#038;d=mm&#038;r=g 2x' class='avatar avatar-30 photo' height='30' width='30' \/><span class=\"post_info_author_name\">Corresponsal<\/span><\/div><div itemprop=\"dateCreated\" class=\"post_info_date entry_date updated\">10 julio, 2024<meta itemprop=\"interactionCount\" content=\"UserComments: <?php echo get_comments_number(qode_get_page_id()); ?>\"\/><\/div><\/div><\/div><\/div><\/li><\/ul><\/div>[\/vc_column][\/vc_row]<\/p>\n<\/section>","protected":false},"excerpt":{"rendered":"<p>[vc_row css_animation=\u00bb\u00bb row_type=\u00bbrow\u00bb use_row_as_full_screen_section=\u00bbno\u00bb type=\u00bbgrid\u00bb angled_section=\u00bbno\u00bb text_align=\u00bbleft\u00bb background_image_as_pattern=\u00bbwithout_pattern\u00bb z_index=\u00bb\u00bb][vc_column][vc_empty_space height=\u00bb40px\u00bb][vc_column_text] Conoce la actualidad de tu municipio. [\/vc_column_text][vc_empty_space height=\u00bb20px\u00bb][vc_column_text] Informaci\u00f3n, comunicados, eventos e informaci\u00f3n relevante y de inter\u00e9s. [\/vc_column_text][vc_empty_space height=\u00bb20px\u00bb][\/vc_column][\/vc_row]<\/p>\n","protected":false},"author":1,"featured_media":0,"parent":0,"menu_order":0,"comment_status":"closed","ping_status":"closed","template":"full_width.php","meta":{"footnotes":""},"class_list":["post-813","page","type-page","status-publish","hentry"],"yoast_head":"<!-- This site is optimized with the Yoast SEO plugin v22.7 - https:\/\/yoast.com\/wordpress\/plugins\/seo\/ -->\n<title>Noticias - Ayuntamiento de Los Llanos de Aridane<\/title>\n<meta name=\"robots\" content=\"index, follow, max-snippet:-1, max-image-preview:large, max-video-preview:-1\" \/>\n<link rel=\"canonical\" href=\"https:\/\/www.aridane.org\/city\/noticias\/\" \/>\n<meta property=\"og:locale\" content=\"es_ES\" \/>\n<meta property=\"og:type\" content=\"article\" \/>\n<meta property=\"og:title\" content=\"Noticias - Ayuntamiento de Los Llanos de Aridane\" \/>\n<meta property=\"og:description\" content=\"[vc_row css_animation=\u00bb\u00bb row_type=\u00bbrow\u00bb use_row_as_full_screen_section=\u00bbno\u00bb type=\u00bbgrid\u00bb angled_section=\u00bbno\u00bb text_align=\u00bbleft\u00bb background_image_as_pattern=\u00bbwithout_pattern\u00bb z_index=\u00bb\u00bb][vc_column][vc_empty_space height=\u00bb40px\u00bb][vc_column_text] Conoce la actualidad de tu municipio. [\/vc_column_text][vc_empty_space height=\u00bb20px\u00bb][vc_column_text] Informaci\u00f3n, comunicados, eventos e informaci\u00f3n relevante y de inter\u00e9s. [\/vc_column_text][vc_empty_space height=\u00bb20px\u00bb][\/vc_column][\/vc_row]\" \/>\n<meta property=\"og:url\" content=\"https:\/\/www.aridane.org\/city\/noticias\/\" \/>\n<meta property=\"og:site_name\" content=\"Ayuntamiento de Los Llanos de Aridane\" \/>\n<meta property=\"article:modified_time\" content=\"2023-07-12T09:18:51+00:00\" \/>\n<meta name=\"twitter:card\" content=\"summary_large_image\" \/>\n<meta name=\"twitter:label1\" content=\"Tiempo de lectura\" \/>\n\t<meta name=\"twitter:data1\" content=\"1 minuto\" \/>\n<script type=\"application\/ld+json\" class=\"yoast-schema-graph\">{\"@context\":\"https:\/\/schema.org\",\"@graph\":[{\"@type\":\"WebPage\",\"@id\":\"https:\/\/www.aridane.org\/city\/noticias\/\",\"url\":\"https:\/\/www.aridane.org\/city\/noticias\/\",\"name\":\"Noticias - Ayuntamiento de Los Llanos de Aridane\",\"isPartOf\":{\"@id\":\"https:\/\/www.aridane.org\/city\/#website\"},\"datePublished\":\"2021-05-27T14:55:24+00:00\",\"dateModified\":\"2023-07-12T09:18:51+00:00\",\"breadcrumb\":{\"@id\":\"https:\/\/www.aridane.org\/city\/noticias\/#breadcrumb\"},\"inLanguage\":\"es\",\"potentialAction\":[{\"@type\":\"ReadAction\",\"target\":[\"https:\/\/www.aridane.org\/city\/noticias\/\"]}]},{\"@type\":\"BreadcrumbList\",\"@id\":\"https:\/\/www.aridane.org\/city\/noticias\/#breadcrumb\",\"itemListElement\":[{\"@type\":\"ListItem\",\"position\":1,\"name\":\"Portada\",\"item\":\"https:\/\/www.aridane.org\/city\/\"},{\"@type\":\"ListItem\",\"position\":2,\"name\":\"Noticias\"}]},{\"@type\":\"WebSite\",\"@id\":\"https:\/\/www.aridane.org\/city\/#website\",\"url\":\"https:\/\/www.aridane.org\/city\/\",\"name\":\"Ayuntamiento de Los Llanos de Aridane\",\"description\":\"\",\"potentialAction\":[{\"@type\":\"SearchAction\",\"target\":{\"@type\":\"EntryPoint\",\"urlTemplate\":\"https:\/\/www.aridane.org\/city\/?s={search_term_string}\"},\"query-input\":\"required name=search_term_string\"}],\"inLanguage\":\"es\"}]}<\/script>\n<!-- \/ Yoast SEO plugin. -->","yoast_head_json":{"title":"Noticias - Ayuntamiento de Los Llanos de Aridane","robots":{"index":"index","follow":"follow","max-snippet":"max-snippet:-1","max-image-preview":"max-image-preview:large","max-video-preview":"max-video-preview:-1"},"canonical":"https:\/\/www.aridane.org\/city\/noticias\/","og_locale":"es_ES","og_type":"article","og_title":"Noticias - Ayuntamiento de Los Llanos de Aridane","og_description":"[vc_row css_animation=\u00bb\u00bb row_type=\u00bbrow\u00bb use_row_as_full_screen_section=\u00bbno\u00bb type=\u00bbgrid\u00bb angled_section=\u00bbno\u00bb text_align=\u00bbleft\u00bb background_image_as_pattern=\u00bbwithout_pattern\u00bb z_index=\u00bb\u00bb][vc_column][vc_empty_space height=\u00bb40px\u00bb][vc_column_text] Conoce la actualidad de tu municipio. [\/vc_column_text][vc_empty_space height=\u00bb20px\u00bb][vc_column_text] Informaci\u00f3n, comunicados, eventos e informaci\u00f3n relevante y de inter\u00e9s. [\/vc_column_text][vc_empty_space height=\u00bb20px\u00bb][\/vc_column][\/vc_row]","og_url":"https:\/\/www.aridane.org\/city\/noticias\/","og_site_name":"Ayuntamiento de Los Llanos de Aridane","article_modified_time":"2023-07-12T09:18:51+00:00","twitter_card":"summary_large_image","twitter_misc":{"Tiempo de lectura":"1 minuto"},"schema":{"@context":"https:\/\/schema.org","@graph":[{"@type":"WebPage","@id":"https:\/\/www.aridane.org\/city\/noticias\/","url":"https:\/\/www.aridane.org\/city\/noticias\/","name":"Noticias - Ayuntamiento de Los Llanos de Aridane","isPartOf":{"@id":"https:\/\/www.aridane.org\/city\/#website"},"datePublished":"2021-05-27T14:55:24+00:00","dateModified":"2023-07-12T09:18:51+00:00","breadcrumb":{"@id":"https:\/\/www.aridane.org\/city\/noticias\/#breadcrumb"},"inLanguage":"es","potentialAction":[{"@type":"ReadAction","target":["https:\/\/www.aridane.org\/city\/noticias\/"]}]},{"@type":"BreadcrumbList","@id":"https:\/\/www.aridane.org\/city\/noticias\/#breadcrumb","itemListElement":[{"@type":"ListItem","position":1,"name":"Portada","item":"https:\/\/www.aridane.org\/city\/"},{"@type":"ListItem","position":2,"name":"Noticias"}]},{"@type":"WebSite","@id":"https:\/\/www.aridane.org\/city\/#website","url":"https:\/\/www.aridane.org\/city\/","name":"Ayuntamiento de Los Llanos de Aridane","description":"","potentialAction":[{"@type":"SearchAction","target":{"@type":"EntryPoint","urlTemplate":"https:\/\/www.aridane.org\/city\/?s={search_term_string}"},"query-input":"required name=search_term_string"}],"inLanguage":"es"}]}},"_links":{"self":[{"href":"https:\/\/www.aridane.org\/city\/wp-json\/wp\/v2\/pages\/813","targetHints":{"allow":["GET"]}}],"collection":[{"href":"https:\/\/www.aridane.org\/city\/wp-json\/wp\/v2\/pages"}],"about":[{"href":"https:\/\/www.aridane.org\/city\/wp-json\/wp\/v2\/types\/page"}],"author":[{"embeddable":true,"href":"https:\/\/www.aridane.org\/city\/wp-json\/wp\/v2\/users\/1"}],"replies":[{"embeddable":true,"href":"https:\/\/www.aridane.org\/city\/wp-json\/wp\/v2\/comments?post=813"}],"version-history":[{"count":17,"href":"https:\/\/www.aridane.org\/city\/wp-json\/wp\/v2\/pages\/813\/revisions"}],"predecessor-version":[{"id":3958,"href":"https:\/\/www.aridane.org\/city\/wp-json\/wp\/v2\/pages\/813\/revisions\/3958"}],"wp:attachment":[{"href":"https:\/\/www.aridane.org\/city\/wp-json\/wp\/v2\/media?parent=813"}],"curies":[{"name":"wp","href":"https:\/\/api.w.org\/{rel}","templated":true}]}}